{"id":223,"date":"2021-05-14T09:44:23","date_gmt":"2021-05-14T09:44:23","guid":{"rendered":"https:\/\/aptn.pt\/46congresso\/?page_id=223"},"modified":"2025-09-22T12:34:34","modified_gmt":"2025-09-22T12:34:34","slug":"comissoes","status":"publish","type":"page","link":"https:\/\/aptn.pt\/48congresso\/pt\/comissoes\/","title":{"rendered":"Comiss\u00f5es"},"content":{"rendered":"\t\t<div data-elementor-type=\"wp-page\" data-elementor-id=\"223\" class=\"elementor elementor-223\" data-elementor-settings=\"[]\">\n\t\t\t\t\t\t\t<div class=\"elementor-section-wrap\">\n\t\t\t\t\t\t\t<section class=\"elementor-section elementor-top-section elementor-element elementor-element-acae511 animated-fast elementor-section-boxed elementor-section-height-default elementor-section-height-default elementor-invisible\" data-id=\"acae511\" data-element_type=\"section\" data-settings=\"{&quot;background_background&quot;:&quot;classic&quot;,&quot;animation&quot;:&quot;fadeIn&quot;,&quot;animation_delay&quot;:600,&quot;_ha_eqh_enable&quot;:false}\">\n\t\t\t\t\t\t<div class=\"elementor-container elementor-column-gap-default\">\n\t\t\t\t\t<div class=\"elementor-column elementor-col-100 elementor-top-column elementor-element elementor-element-13fd278\" data-id=\"13fd278\" data-element_type=\"column\">\n\t\t\t<div class=\"elementor-widget-wrap elementor-element-populated\">\n\t\t\t\t\t\t\t\t<div class=\"elementor-element elementor-element-e77ac40 elementor-widget elementor-widget-heading\" data-id=\"e77ac40\" data-element_type=\"widget\" data-widget_type=\"heading.default\">\n\t\t\t\t<div class=\"elementor-widget-container\">\n\t\t\t<h2 class=\"elementor-heading-title elementor-size-default\">Comiss\u00e3o de Honra<\/h2>\t\t<\/div>\n\t\t\t\t<\/div>\n\t\t\t\t<section class=\"elementor-section elementor-inner-section elementor-element elementor-element-0417ab8 elementor-section-boxed elementor-section-height-default elementor-section-height-default\" data-id=\"0417ab8\" data-element_type=\"section\" data-settings=\"{&quot;_ha_eqh_enable&quot;:false}\">\n\t\t\t\t\t\t<div class=\"elementor-container elementor-column-gap-default\">\n\t\t\t\t\t<div class=\"elementor-column elementor-col-25 elementor-inner-column elementor-element elementor-element-14e159a\" data-id=\"14e159a\" data-element_type=\"column\">\n\t\t\t<div class=\"elementor-widget-wrap elementor-element-populated\">\n\t\t\t\t\t\t\t\t<div class=\"elementor-element elementor-element-a606f3e ha-card--top ha-card--tablet-top ha-card--mobile-top elementor-widget elementor-widget-ha-card happy-addon ha-card\" data-id=\"a606f3e\" data-element_type=\"widget\" data-widget_type=\"ha-card.default\">\n\t\t\t\t<div class=\"elementor-widget-container\">\n\t\t\t\n\t\t\t\t\t<figure class=\"ha-card-figure\">\n\t\t\t\t<img width=\"576\" height=\"576\" src=\"https:\/\/aptn.pt\/48congresso\/wp-content\/uploads\/2024\/06\/Pedro-Dias1.jpg\" class=\"attachment-large size-large\" alt=\"\" loading=\"lazy\" srcset=\"https:\/\/aptn.pt\/48congresso\/wp-content\/uploads\/2024\/06\/Pedro-Dias1.jpg 576w, https:\/\/aptn.pt\/48congresso\/wp-content\/uploads\/2024\/06\/Pedro-Dias1-300x300.jpg 300w, https:\/\/aptn.pt\/48congresso\/wp-content\/uploads\/2024\/06\/Pedro-Dias1-150x150.jpg 150w\" sizes=\"(max-width: 576px) 100vw, 576px\" \/>\t\t\t\t\t\t\t<\/figure>\n\t\t\n\t\t<div class=\"ha-card-body\">\n\n\t\t\t<h2 class=\"ha-card-title\">Pedro Dias<\/h2>\n\t\t\t\t\t\t\t<div class=\"ha-card-text\">\n\t\t\t\t\t<p>Secret\u00e1rio de Estado do Desporto<\/p>\n\t\t\t\t<\/div>\n\t\t\t\n\t\t\t\t\t<\/div>\n\t\t\t\t<\/div>\n\t\t\t\t<\/div>\n\t\t\t\t\t<\/div>\n\t\t<\/div>\n\t\t\t\t<div class=\"elementor-column elementor-col-25 elementor-inner-column elementor-element elementor-element-9ded732\" data-id=\"9ded732\" data-element_type=\"column\">\n\t\t\t<div class=\"elementor-widget-wrap elementor-element-populated\">\n\t\t\t\t\t\t\t\t<div class=\"elementor-element elementor-element-08dc46a ha-card--top ha-card--tablet-top ha-card--mobile-top elementor-widget elementor-widget-ha-card happy-addon ha-card\" data-id=\"08dc46a\" data-element_type=\"widget\" data-widget_type=\"ha-card.default\">\n\t\t\t\t<div class=\"elementor-widget-container\">\n\t\t\t\n\t\t\t\t\t<figure class=\"ha-card-figure\">\n\t\t\t\t<img width=\"1024\" height=\"1024\" src=\"https:\/\/aptn.pt\/48congresso\/wp-content\/uploads\/2025\/07\/Rio-Maior-Filipe-Santana-Dias-1024x1024.jpg\" class=\"attachment-large size-large\" alt=\"\" loading=\"lazy\" srcset=\"https:\/\/aptn.pt\/48congresso\/wp-content\/uploads\/2025\/07\/Rio-Maior-Filipe-Santana-Dias-1024x1024.jpg 1024w, https:\/\/aptn.pt\/48congresso\/wp-content\/uploads\/2025\/07\/Rio-Maior-Filipe-Santana-Dias-300x300.jpg 300w, https:\/\/aptn.pt\/48congresso\/wp-content\/uploads\/2025\/07\/Rio-Maior-Filipe-Santana-Dias-150x150.jpg 150w, https:\/\/aptn.pt\/48congresso\/wp-content\/uploads\/2025\/07\/Rio-Maior-Filipe-Santana-Dias-768x768.jpg 768w, https:\/\/aptn.pt\/48congresso\/wp-content\/uploads\/2025\/07\/Rio-Maior-Filipe-Santana-Dias-1536x1536.jpg 1536w, https:\/\/aptn.pt\/48congresso\/wp-content\/uploads\/2025\/07\/Rio-Maior-Filipe-Santana-Dias-2048x2048.jpg 2048w\" sizes=\"(max-width: 1024px) 100vw, 1024px\" \/>\t\t\t\t\t\t\t<\/figure>\n\t\t\n\t\t<div class=\"ha-card-body\">\n\n\t\t\t<h2 class=\"ha-card-title\">Filipe Santana Dias<\/h2>\n\t\t\t\t\t\t\t<div class=\"ha-card-text\">\n\t\t\t\t\t<p>Presidente da C\u00e2mara de Rio Maior\n(aguarda-se confirma\u00e7\u00e3o)<\/p>\n\t\t\t\t<\/div>\n\t\t\t\n\t\t\t\t\t<\/div>\n\t\t\t\t<\/div>\n\t\t\t\t<\/div>\n\t\t\t\t\t<\/div>\n\t\t<\/div>\n\t\t\t\t<div class=\"elementor-column elementor-col-25 elementor-inner-column elementor-element elementor-element-955972a\" data-id=\"955972a\" data-element_type=\"column\">\n\t\t\t<div class=\"elementor-widget-wrap elementor-element-populated\">\n\t\t\t\t\t\t\t\t<div class=\"elementor-element elementor-element-d5d8705 ha-card--top ha-card--tablet-top ha-card--mobile-top elementor-widget elementor-widget-ha-card happy-addon ha-card\" data-id=\"d5d8705\" data-element_type=\"widget\" data-widget_type=\"ha-card.default\">\n\t\t\t\t<div class=\"elementor-widget-container\">\n\t\t\t\n\t\t\t\t\t<figure class=\"ha-card-figure\">\n\t\t\t\t<img width=\"1024\" height=\"1024\" src=\"https:\/\/aptn.pt\/48congresso\/wp-content\/uploads\/2025\/07\/ricardo-goncalves-01-1024x1024.jpg\" class=\"attachment-large size-large\" alt=\"\" loading=\"lazy\" srcset=\"https:\/\/aptn.pt\/48congresso\/wp-content\/uploads\/2025\/07\/ricardo-goncalves-01-1024x1024.jpg 1024w, https:\/\/aptn.pt\/48congresso\/wp-content\/uploads\/2025\/07\/ricardo-goncalves-01-300x300.jpg 300w, https:\/\/aptn.pt\/48congresso\/wp-content\/uploads\/2025\/07\/ricardo-goncalves-01-150x150.jpg 150w, https:\/\/aptn.pt\/48congresso\/wp-content\/uploads\/2025\/07\/ricardo-goncalves-01-768x768.jpg 768w, https:\/\/aptn.pt\/48congresso\/wp-content\/uploads\/2025\/07\/ricardo-goncalves-01-1536x1536.jpg 1536w, https:\/\/aptn.pt\/48congresso\/wp-content\/uploads\/2025\/07\/ricardo-goncalves-01-2048x2048.jpg 2048w\" sizes=\"(max-width: 1024px) 100vw, 1024px\" \/>\t\t\t\t\t\t\t<\/figure>\n\t\t\n\t\t<div class=\"ha-card-body\">\n\n\t\t\t<h2 class=\"ha-card-title\">Ricardo Gon\u00e7alves<\/h2>\n\t\t\t\t\t\t\t<div class=\"ha-card-text\">\n\t\t\t\t\t<p>Presidente Instituto Portugu\u00eas do Desporto e da Juventude \n(aguarda-se confirma\u00e7\u00e3o)<\/p>\n\t\t\t\t<\/div>\n\t\t\t\n\t\t\t\t\t<\/div>\n\t\t\t\t<\/div>\n\t\t\t\t<\/div>\n\t\t\t\t\t<\/div>\n\t\t<\/div>\n\t\t\t\t<div class=\"elementor-column elementor-col-25 elementor-inner-column elementor-element elementor-element-87d1447\" data-id=\"87d1447\" data-element_type=\"column\">\n\t\t\t<div class=\"elementor-widget-wrap elementor-element-populated\">\n\t\t\t\t\t\t\t\t<div class=\"elementor-element elementor-element-ce74497 ha-card--top ha-card--tablet-top ha-card--mobile-top elementor-widget elementor-widget-ha-card happy-addon ha-card\" data-id=\"ce74497\" data-element_type=\"widget\" data-widget_type=\"ha-card.default\">\n\t\t\t\t<div class=\"elementor-widget-container\">\n\t\t\t\n\t\t\t\t\t<figure class=\"ha-card-figure\">\n\t\t\t\t<img width=\"1024\" height=\"1024\" src=\"https:\/\/aptn.pt\/48congresso\/wp-content\/uploads\/2025\/07\/nuno-pimenta-01-01-1024x1024.jpg\" class=\"attachment-large size-large\" alt=\"\" loading=\"lazy\" srcset=\"https:\/\/aptn.pt\/48congresso\/wp-content\/uploads\/2025\/07\/nuno-pimenta-01-01-1024x1024.jpg 1024w, https:\/\/aptn.pt\/48congresso\/wp-content\/uploads\/2025\/07\/nuno-pimenta-01-01-300x300.jpg 300w, https:\/\/aptn.pt\/48congresso\/wp-content\/uploads\/2025\/07\/nuno-pimenta-01-01-150x150.jpg 150w, https:\/\/aptn.pt\/48congresso\/wp-content\/uploads\/2025\/07\/nuno-pimenta-01-01-768x768.jpg 768w, https:\/\/aptn.pt\/48congresso\/wp-content\/uploads\/2025\/07\/nuno-pimenta-01-01-1536x1536.jpg 1536w, https:\/\/aptn.pt\/48congresso\/wp-content\/uploads\/2025\/07\/nuno-pimenta-01-01-2048x2048.jpg 2048w\" sizes=\"(max-width: 1024px) 100vw, 1024px\" \/>\t\t\t\t\t\t\t<\/figure>\n\t\t\n\t\t<div class=\"ha-card-body\">\n\n\t\t\t<h2 class=\"ha-card-title\">Nuno Pimenta<\/h2>\n\t\t\t\t\t\t\t<div class=\"ha-card-text\">\n\t\t\t\t\t<p>Diretor da Escola Superior de Desporto de Rio Maior<\/p>\n\t\t\t\t<\/div>\n\t\t\t\n\t\t\t\t\t<\/div>\n\t\t\t\t<\/div>\n\t\t\t\t<\/div>\n\t\t\t\t\t<\/div>\n\t\t<\/div>\n\t\t\t\t\t\t\t<\/div>\n\t\t<\/section>\n\t\t\t\t<section class=\"elementor-section elementor-inner-section elementor-element elementor-element-0a3393d elementor-section-boxed elementor-section-height-default elementor-section-height-default\" data-id=\"0a3393d\" data-element_type=\"section\" data-settings=\"{&quot;_ha_eqh_enable&quot;:false}\">\n\t\t\t\t\t\t<div class=\"elementor-container elementor-column-gap-default\">\n\t\t\t\t\t<div class=\"elementor-column elementor-col-25 elementor-inner-column elementor-element elementor-element-951f032\" data-id=\"951f032\" data-element_type=\"column\">\n\t\t\t<div class=\"elementor-widget-wrap elementor-element-populated\">\n\t\t\t\t\t\t\t\t<div class=\"elementor-element elementor-element-846c723 ha-card--top ha-card--tablet-top ha-card--mobile-top elementor-widget elementor-widget-ha-card happy-addon ha-card\" data-id=\"846c723\" data-element_type=\"widget\" data-widget_type=\"ha-card.default\">\n\t\t\t\t<div class=\"elementor-widget-container\">\n\t\t\t\n\t\t\t\t\t<figure class=\"ha-card-figure\">\n\t\t\t\t<img width=\"1024\" height=\"1024\" src=\"https:\/\/aptn.pt\/48congresso\/wp-content\/uploads\/2025\/07\/joao-moutao-01-1024x1024.jpg\" class=\"attachment-large size-large\" alt=\"\" loading=\"lazy\" srcset=\"https:\/\/aptn.pt\/48congresso\/wp-content\/uploads\/2025\/07\/joao-moutao-01-1024x1024.jpg 1024w, https:\/\/aptn.pt\/48congresso\/wp-content\/uploads\/2025\/07\/joao-moutao-01-300x300.jpg 300w, https:\/\/aptn.pt\/48congresso\/wp-content\/uploads\/2025\/07\/joao-moutao-01-150x150.jpg 150w, https:\/\/aptn.pt\/48congresso\/wp-content\/uploads\/2025\/07\/joao-moutao-01-768x768.jpg 768w, https:\/\/aptn.pt\/48congresso\/wp-content\/uploads\/2025\/07\/joao-moutao-01-1536x1536.jpg 1536w, https:\/\/aptn.pt\/48congresso\/wp-content\/uploads\/2025\/07\/joao-moutao-01-2048x2048.jpg 2048w\" sizes=\"(max-width: 1024px) 100vw, 1024px\" \/>\t\t\t\t\t\t\t<\/figure>\n\t\t\n\t\t<div class=\"ha-card-body\">\n\n\t\t\t<h2 class=\"ha-card-title\">Jo\u00e3o Mout\u00e3o<\/h2>\n\t\t\t\t\t\t\t<div class=\"ha-card-text\">\n\t\t\t\t\t<p>Presidente do Instituto Polit\u00e9cnico de Santar\u00e9m \n(aguarda-se confirma\u00e7\u00e3o)<\/p>\n\t\t\t\t<\/div>\n\t\t\t\n\t\t\t\t\t<\/div>\n\t\t\t\t<\/div>\n\t\t\t\t<\/div>\n\t\t\t\t\t<\/div>\n\t\t<\/div>\n\t\t\t\t<div class=\"elementor-column elementor-col-25 elementor-inner-column elementor-element elementor-element-43ab2ea\" data-id=\"43ab2ea\" data-element_type=\"column\">\n\t\t\t<div class=\"elementor-widget-wrap elementor-element-populated\">\n\t\t\t\t\t\t\t\t<div class=\"elementor-element elementor-element-be5e78f ha-card--top ha-card--tablet-top ha-card--mobile-top elementor-widget elementor-widget-ha-card happy-addon ha-card\" data-id=\"be5e78f\" data-element_type=\"widget\" data-widget_type=\"ha-card.default\">\n\t\t\t\t<div class=\"elementor-widget-container\">\n\t\t\t\n\t\t\t\t\t<figure class=\"ha-card-figure\">\n\t\t\t\t<img width=\"1024\" height=\"1024\" src=\"https:\/\/aptn.pt\/48congresso\/wp-content\/uploads\/2025\/07\/miguel-pacheco-01-1024x1024.jpg\" class=\"attachment-large size-large\" alt=\"\" loading=\"lazy\" srcset=\"https:\/\/aptn.pt\/48congresso\/wp-content\/uploads\/2025\/07\/miguel-pacheco-01-1024x1024.jpg 1024w, https:\/\/aptn.pt\/48congresso\/wp-content\/uploads\/2025\/07\/miguel-pacheco-01-300x300.jpg 300w, https:\/\/aptn.pt\/48congresso\/wp-content\/uploads\/2025\/07\/miguel-pacheco-01-150x150.jpg 150w, https:\/\/aptn.pt\/48congresso\/wp-content\/uploads\/2025\/07\/miguel-pacheco-01-768x768.jpg 768w, https:\/\/aptn.pt\/48congresso\/wp-content\/uploads\/2025\/07\/miguel-pacheco-01-1536x1536.jpg 1536w, https:\/\/aptn.pt\/48congresso\/wp-content\/uploads\/2025\/07\/miguel-pacheco-01-2048x2048.jpg 2048w\" sizes=\"(max-width: 1024px) 100vw, 1024px\" \/>\t\t\t\t\t\t\t<\/figure>\n\t\t\n\t\t<div class=\"ha-card-body\">\n\n\t\t\t<h2 class=\"ha-card-title\">Miguel Pacheco<\/h2>\n\t\t\t\t\t\t\t<div class=\"ha-card-text\">\n\t\t\t\t\t<p>Presidente do Conselho de Administra\u00e7\u00e3o da Desmor, EM, SA<\/p>\n\t\t\t\t<\/div>\n\t\t\t\n\t\t\t\t\t<\/div>\n\t\t\t\t<\/div>\n\t\t\t\t<\/div>\n\t\t\t\t\t<\/div>\n\t\t<\/div>\n\t\t\t\t<div class=\"elementor-column elementor-col-25 elementor-inner-column elementor-element elementor-element-1b7117c\" data-id=\"1b7117c\" data-element_type=\"column\">\n\t\t\t<div class=\"elementor-widget-wrap elementor-element-populated\">\n\t\t\t\t\t\t\t\t<div class=\"elementor-element elementor-element-8fb00c5 ha-card--top ha-card--tablet-top ha-card--mobile-top elementor-widget elementor-widget-ha-card happy-addon ha-card\" data-id=\"8fb00c5\" data-element_type=\"widget\" data-widget_type=\"ha-card.default\">\n\t\t\t\t<div class=\"elementor-widget-container\">\n\t\t\t\n\t\t\t\t\t<figure class=\"ha-card-figure\">\n\t\t\t\t<img width=\"992\" height=\"992\" src=\"https:\/\/aptn.pt\/48congresso\/wp-content\/uploads\/2025\/07\/miguel-arrobas.jpg\" class=\"attachment-large size-large\" alt=\"\" loading=\"lazy\" srcset=\"https:\/\/aptn.pt\/48congresso\/wp-content\/uploads\/2025\/07\/miguel-arrobas.jpg 992w, https:\/\/aptn.pt\/48congresso\/wp-content\/uploads\/2025\/07\/miguel-arrobas-300x300.jpg 300w, https:\/\/aptn.pt\/48congresso\/wp-content\/uploads\/2025\/07\/miguel-arrobas-150x150.jpg 150w, https:\/\/aptn.pt\/48congresso\/wp-content\/uploads\/2025\/07\/miguel-arrobas-768x768.jpg 768w\" sizes=\"(max-width: 992px) 100vw, 992px\" \/>\t\t\t\t\t\t\t<\/figure>\n\t\t\n\t\t<div class=\"ha-card-body\">\n\n\t\t\t<h2 class=\"ha-card-title\">Miguel Arrobas<\/h2>\n\t\t\t\t\t\t\t<div class=\"ha-card-text\">\n\t\t\t\t\t<p>Presidente da Federa\u00e7\u00e3o Portuguesa de Nata\u00e7\u00e3o \n(aguarda-se confirma\u00e7\u00e3o)<\/p>\n\t\t\t\t<\/div>\n\t\t\t\n\t\t\t\t\t<\/div>\n\t\t\t\t<\/div>\n\t\t\t\t<\/div>\n\t\t\t\t\t<\/div>\n\t\t<\/div>\n\t\t\t\t<div class=\"elementor-column elementor-col-25 elementor-inner-column elementor-element elementor-element-8812683\" data-id=\"8812683\" data-element_type=\"column\">\n\t\t\t<div class=\"elementor-widget-wrap elementor-element-populated\">\n\t\t\t\t\t\t\t\t<div class=\"elementor-element elementor-element-b24e456 ha-card--top ha-card--tablet-top ha-card--mobile-top elementor-widget elementor-widget-ha-card happy-addon ha-card\" data-id=\"b24e456\" data-element_type=\"widget\" data-widget_type=\"ha-card.default\">\n\t\t\t\t<div class=\"elementor-widget-container\">\n\t\t\t\n\t\t\t\t\t<figure class=\"ha-card-figure\">\n\t\t\t\t<img width=\"892\" height=\"892\" src=\"https:\/\/aptn.pt\/48congresso\/wp-content\/uploads\/2025\/07\/Pedro-Sequeira-1.jpg\" class=\"attachment-large size-large\" alt=\"\" loading=\"lazy\" srcset=\"https:\/\/aptn.pt\/48congresso\/wp-content\/uploads\/2025\/07\/Pedro-Sequeira-1.jpg 892w, https:\/\/aptn.pt\/48congresso\/wp-content\/uploads\/2025\/07\/Pedro-Sequeira-1-300x300.jpg 300w, https:\/\/aptn.pt\/48congresso\/wp-content\/uploads\/2025\/07\/Pedro-Sequeira-1-150x150.jpg 150w, https:\/\/aptn.pt\/48congresso\/wp-content\/uploads\/2025\/07\/Pedro-Sequeira-1-768x768.jpg 768w\" sizes=\"(max-width: 892px) 100vw, 892px\" \/>\t\t\t\t\t\t\t<\/figure>\n\t\t\n\t\t<div class=\"ha-card-body\">\n\n\t\t\t<h2 class=\"ha-card-title\">Pedro Sequeira<\/h2>\n\t\t\t\t\t\t\t<div class=\"ha-card-text\">\n\t\t\t\t\t<p>Presidente da Treinadores de Portugal <\/p>\n\t\t\t\t<\/div>\n\t\t\t\n\t\t\t\t\t<\/div>\n\t\t\t\t<\/div>\n\t\t\t\t<\/div>\n\t\t\t\t\t<\/div>\n\t\t<\/div>\n\t\t\t\t\t\t\t<\/div>\n\t\t<\/section>\n\t\t\t\t<section class=\"elementor-section elementor-inner-section elementor-element elementor-element-1e735d1 elementor-section-boxed elementor-section-height-default elementor-section-height-default\" data-id=\"1e735d1\" data-element_type=\"section\" data-settings=\"{&quot;_ha_eqh_enable&quot;:false}\">\n\t\t\t\t\t\t<div class=\"elementor-container elementor-column-gap-default\">\n\t\t\t\t\t<div class=\"elementor-column elementor-col-25 elementor-inner-column elementor-element elementor-element-d4b1eb7\" data-id=\"d4b1eb7\" data-element_type=\"column\">\n\t\t\t<div class=\"elementor-widget-wrap\">\n\t\t\t\t\t\t\t\t\t<\/div>\n\t\t<\/div>\n\t\t\t\t<div class=\"elementor-column elementor-col-25 elementor-inner-column elementor-element elementor-element-fe71e89\" data-id=\"fe71e89\" data-element_type=\"column\">\n\t\t\t<div class=\"elementor-widget-wrap elementor-element-populated\">\n\t\t\t\t\t\t\t\t<div class=\"elementor-element elementor-element-6e6ca51 ha-card--top ha-card--tablet-top ha-card--mobile-top elementor-widget elementor-widget-ha-card happy-addon ha-card\" data-id=\"6e6ca51\" data-element_type=\"widget\" data-widget_type=\"ha-card.default\">\n\t\t\t\t<div class=\"elementor-widget-container\">\n\t\t\t\n\t\t\t\t\t<figure class=\"ha-card-figure\">\n\t\t\t\t<img width=\"1024\" height=\"1024\" src=\"https:\/\/aptn.pt\/48congresso\/wp-content\/uploads\/2025\/07\/joao-loureiro-1024x1024.jpg\" class=\"attachment-large size-large\" alt=\"\" loading=\"lazy\" srcset=\"https:\/\/aptn.pt\/48congresso\/wp-content\/uploads\/2025\/07\/joao-loureiro-1024x1024.jpg 1024w, https:\/\/aptn.pt\/48congresso\/wp-content\/uploads\/2025\/07\/joao-loureiro-300x300.jpg 300w, https:\/\/aptn.pt\/48congresso\/wp-content\/uploads\/2025\/07\/joao-loureiro-150x150.jpg 150w, https:\/\/aptn.pt\/48congresso\/wp-content\/uploads\/2025\/07\/joao-loureiro-768x768.jpg 768w, https:\/\/aptn.pt\/48congresso\/wp-content\/uploads\/2025\/07\/joao-loureiro-1536x1536.jpg 1536w, https:\/\/aptn.pt\/48congresso\/wp-content\/uploads\/2025\/07\/joao-loureiro-2048x2048.jpg 2048w\" sizes=\"(max-width: 1024px) 100vw, 1024px\" \/>\t\t\t\t\t\t\t<\/figure>\n\t\t\n\t\t<div class=\"ha-card-body\">\n\n\t\t\t<h2 class=\"ha-card-title\">Jo\u00e3o Loureiro<\/h2>\n\t\t\t\t\t\t\t<div class=\"ha-card-text\">\n\t\t\t\t\t<p>Presidente da Associa\u00e7\u00e3o de Nata\u00e7\u00e3o do Distrito de Santar\u00e9m<\/p>\n\t\t\t\t<\/div>\n\t\t\t\n\t\t\t\t\t<\/div>\n\t\t\t\t<\/div>\n\t\t\t\t<\/div>\n\t\t\t\t\t<\/div>\n\t\t<\/div>\n\t\t\t\t<div class=\"elementor-column elementor-col-25 elementor-inner-column elementor-element elementor-element-9c50a21\" data-id=\"9c50a21\" data-element_type=\"column\">\n\t\t\t<div class=\"elementor-widget-wrap elementor-element-populated\">\n\t\t\t\t\t\t\t\t<div class=\"elementor-element elementor-element-f384a20 ha-card--top ha-card--tablet-top ha-card--mobile-top elementor-widget elementor-widget-ha-card happy-addon ha-card\" data-id=\"f384a20\" data-element_type=\"widget\" data-widget_type=\"ha-card.default\">\n\t\t\t\t<div class=\"elementor-widget-container\">\n\t\t\t\n\t\t\t\t\t<figure class=\"ha-card-figure\">\n\t\t\t\t<img width=\"1024\" height=\"1024\" src=\"https:\/\/aptn.pt\/48congresso\/wp-content\/uploads\/2025\/07\/susana-feitor-1024x1024.jpg\" class=\"attachment-large size-large\" alt=\"\" loading=\"lazy\" srcset=\"https:\/\/aptn.pt\/48congresso\/wp-content\/uploads\/2025\/07\/susana-feitor-1024x1024.jpg 1024w, https:\/\/aptn.pt\/48congresso\/wp-content\/uploads\/2025\/07\/susana-feitor-300x300.jpg 300w, https:\/\/aptn.pt\/48congresso\/wp-content\/uploads\/2025\/07\/susana-feitor-150x150.jpg 150w, https:\/\/aptn.pt\/48congresso\/wp-content\/uploads\/2025\/07\/susana-feitor-768x768.jpg 768w, https:\/\/aptn.pt\/48congresso\/wp-content\/uploads\/2025\/07\/susana-feitor.jpg 1080w\" sizes=\"(max-width: 1024px) 100vw, 1024px\" \/>\t\t\t\t\t\t\t<\/figure>\n\t\t\n\t\t<div class=\"ha-card-body\">\n\n\t\t\t<h2 class=\"ha-card-title\">Susana Feitor<\/h2>\n\t\t\t\t\t\t\t<div class=\"ha-card-text\">\n\t\t\t\t\t<p>Presidente da Funda\u00e7\u00e3o do Desporto (aguarda-se confirma\u00e7\u00e3o)<\/p>\n\t\t\t\t<\/div>\n\t\t\t\n\t\t\t\t\t<\/div>\n\t\t\t\t<\/div>\n\t\t\t\t<\/div>\n\t\t\t\t\t<\/div>\n\t\t<\/div>\n\t\t\t\t<div class=\"elementor-column elementor-col-25 elementor-inner-column elementor-element elementor-element-f1f51c6\" data-id=\"f1f51c6\" data-element_type=\"column\">\n\t\t\t<div class=\"elementor-widget-wrap\">\n\t\t\t\t\t\t\t\t\t<\/div>\n\t\t<\/div>\n\t\t\t\t\t\t\t<\/div>\n\t\t<\/section>\n\t\t\t\t\t<\/div>\n\t\t<\/div>\n\t\t\t\t\t\t\t<\/div>\n\t\t<\/section>\n\t\t\t\t<section class=\"elementor-section elementor-top-section elementor-element elementor-element-912fbe5 animated-fast elementor-hidden-desktop elementor-hidden-tablet elementor-hidden-mobile elementor-section-boxed elementor-section-height-default elementor-section-height-default elementor-invisible\" data-id=\"912fbe5\" data-element_type=\"section\" data-settings=\"{&quot;background_background&quot;:&quot;classic&quot;,&quot;animation&quot;:&quot;fadeIn&quot;,&quot;animation_delay&quot;:600,&quot;_ha_eqh_enable&quot;:false}\">\n\t\t\t\t\t\t<div class=\"elementor-container elementor-column-gap-default\">\n\t\t\t\t\t<div class=\"elementor-column elementor-col-100 elementor-top-column elementor-element elementor-element-28beb4a\" data-id=\"28beb4a\" data-element_type=\"column\">\n\t\t\t<div class=\"elementor-widget-wrap elementor-element-populated\">\n\t\t\t\t\t\t\t\t<div class=\"elementor-element elementor-element-f7d01d3 elementor-widget elementor-widget-spacer\" data-id=\"f7d01d3\" data-element_type=\"widget\" data-widget_type=\"spacer.default\">\n\t\t\t\t<div class=\"elementor-widget-container\">\n\t\t\t\t\t<div class=\"elementor-spacer\">\n\t\t\t<div class=\"elementor-spacer-inner\"><\/div>\n\t\t<\/div>\n\t\t\t\t<\/div>\n\t\t\t\t<\/div>\n\t\t\t\t<div class=\"elementor-element elementor-element-22176d3 elementor-widget elementor-widget-heading\" data-id=\"22176d3\" data-element_type=\"widget\" data-widget_type=\"heading.default\">\n\t\t\t\t<div class=\"elementor-widget-container\">\n\t\t\t<h2 class=\"elementor-heading-title elementor-size-default\">Comiss\u00e3o de honra<\/h2>\t\t<\/div>\n\t\t\t\t<\/div>\n\t\t\t\t<section class=\"elementor-section elementor-inner-section elementor-element elementor-element-daadb1a elementor-section-boxed elementor-section-height-default elementor-section-height-default\" data-id=\"daadb1a\" data-element_type=\"section\" data-settings=\"{&quot;_ha_eqh_enable&quot;:false}\">\n\t\t\t\t\t\t<div class=\"elementor-container elementor-column-gap-default\">\n\t\t\t\t\t<div class=\"elementor-column elementor-col-25 elementor-inner-column elementor-element elementor-element-38df20f\" data-id=\"38df20f\" data-element_type=\"column\">\n\t\t\t<div class=\"elementor-widget-wrap\">\n\t\t\t\t\t\t\t\t\t<\/div>\n\t\t<\/div>\n\t\t\t\t<div class=\"elementor-column elementor-col-25 elementor-inner-column elementor-element elementor-element-10d02c3\" data-id=\"10d02c3\" data-element_type=\"column\">\n\t\t\t<div class=\"elementor-widget-wrap elementor-element-populated\">\n\t\t\t\t\t\t\t\t<div class=\"elementor-element elementor-element-8b148a5 ha-card--top ha-card--tablet-top ha-card--mobile-top elementor-widget elementor-widget-ha-card happy-addon ha-card\" data-id=\"8b148a5\" data-element_type=\"widget\" data-widget_type=\"ha-card.default\">\n\t\t\t\t<div class=\"elementor-widget-container\">\n\t\t\t\n\t\t\t\t\t<figure class=\"ha-card-figure\">\n\t\t\t\t<img width=\"827\" height=\"595\" src=\"https:\/\/aptn.pt\/48congresso\/wp-content\/uploads\/2023\/06\/110642_msedge_oOeW.png\" class=\"attachment-large size-large\" alt=\"\" loading=\"lazy\" srcset=\"https:\/\/aptn.pt\/48congresso\/wp-content\/uploads\/2023\/06\/110642_msedge_oOeW.png 827w, https:\/\/aptn.pt\/48congresso\/wp-content\/uploads\/2023\/06\/110642_msedge_oOeW-300x216.png 300w, https:\/\/aptn.pt\/48congresso\/wp-content\/uploads\/2023\/06\/110642_msedge_oOeW-768x553.png 768w\" sizes=\"(max-width: 827px) 100vw, 827px\" \/>\t\t\t\t\t\t\t<\/figure>\n\t\t\n\t\t<div class=\"ha-card-body\">\n\n\t\t\t<h2 class=\"ha-card-title\">Jo\u00e3o Paulo Correia<br><\/h2>\n\t\t\t\t\t\t\t<div class=\"ha-card-text\">\n\t\t\t\t\t<p>(a confirmar)\n\nSecret\u00e1rio de Estado da Juventude e do Desporto <\/p>\n\t\t\t\t<\/div>\n\t\t\t\n\t\t\t\t\t<\/div>\n\t\t\t\t<\/div>\n\t\t\t\t<\/div>\n\t\t\t\t\t<\/div>\n\t\t<\/div>\n\t\t\t\t<div class=\"elementor-column elementor-col-25 elementor-inner-column elementor-element elementor-element-9f6b83f\" data-id=\"9f6b83f\" data-element_type=\"column\">\n\t\t\t<div class=\"elementor-widget-wrap elementor-element-populated\">\n\t\t\t\t\t\t\t\t<div class=\"elementor-element elementor-element-4ecddfb ha-card--top ha-card--tablet-top ha-card--mobile-top elementor-widget elementor-widget-ha-card happy-addon ha-card\" data-id=\"4ecddfb\" data-element_type=\"widget\" data-widget_type=\"ha-card.default\">\n\t\t\t\t<div class=\"elementor-widget-container\">\n\t\t\t\n\t\t\t\t\t<figure class=\"ha-card-figure\">\n\t\t\t\t<img width=\"572\" height=\"566\" src=\"https:\/\/aptn.pt\/48congresso\/wp-content\/uploads\/2023\/06\/110824_msedge_pvFt.png\" class=\"attachment-large size-large\" alt=\"\" loading=\"lazy\" srcset=\"https:\/\/aptn.pt\/48congresso\/wp-content\/uploads\/2023\/06\/110824_msedge_pvFt.png 572w, https:\/\/aptn.pt\/48congresso\/wp-content\/uploads\/2023\/06\/110824_msedge_pvFt-300x297.png 300w\" sizes=\"(max-width: 572px) 100vw, 572px\" \/>\t\t\t\t\t\t\t<\/figure>\n\t\t\n\t\t<div class=\"ha-card-body\">\n\n\t\t\t<h2 class=\"ha-card-title\">Lu\u00eds Nobre<br><\/h2>\n\t\t\t\t\t\t\t<div class=\"ha-card-text\">\n\t\t\t\t\t<p>(a confirmar)\n\nPresidente da C\u00e2mara Municipal de Viana do Castelo<\/p>\n\t\t\t\t<\/div>\n\t\t\t\n\t\t\t\t\t<\/div>\n\t\t\t\t<\/div>\n\t\t\t\t<\/div>\n\t\t\t\t\t<\/div>\n\t\t<\/div>\n\t\t\t\t<div class=\"elementor-column elementor-col-25 elementor-inner-column elementor-element elementor-element-696aede\" data-id=\"696aede\" data-element_type=\"column\">\n\t\t\t<div class=\"elementor-widget-wrap\">\n\t\t\t\t\t\t\t\t\t<\/div>\n\t\t<\/div>\n\t\t\t\t\t\t\t<\/div>\n\t\t<\/section>\n\t\t\t\t<div class=\"elementor-element elementor-element-d7b7038 elementor-widget elementor-widget-spacer\" data-id=\"d7b7038\" data-element_type=\"widget\" data-widget_type=\"spacer.default\">\n\t\t\t\t<div class=\"elementor-widget-container\">\n\t\t\t\t\t<div class=\"elementor-spacer\">\n\t\t\t<div class=\"elementor-spacer-inner\"><\/div>\n\t\t<\/div>\n\t\t\t\t<\/div>\n\t\t\t\t<\/div>\n\t\t\t\t\t<\/div>\n\t\t<\/div>\n\t\t\t\t\t\t\t<\/div>\n\t\t<\/section>\n\t\t\t\t<section class=\"elementor-section elementor-top-section elementor-element elementor-element-eaea33a animated-fast elementor-section-boxed elementor-section-height-default elementor-section-height-default elementor-invisible\" data-id=\"eaea33a\" data-element_type=\"section\" data-settings=\"{&quot;background_background&quot;:&quot;classic&quot;,&quot;animation&quot;:&quot;fadeIn&quot;,&quot;animation_delay&quot;:600,&quot;_ha_eqh_enable&quot;:false}\">\n\t\t\t\t\t\t<div class=\"elementor-container elementor-column-gap-default\">\n\t\t\t\t\t<div class=\"elementor-column elementor-col-100 elementor-top-column elementor-element elementor-element-efa628e\" data-id=\"efa628e\" data-element_type=\"column\">\n\t\t\t<div class=\"elementor-widget-wrap elementor-element-populated\">\n\t\t\t\t\t\t\t\t<div class=\"elementor-element elementor-element-9f220b3 elementor-widget elementor-widget-heading\" data-id=\"9f220b3\" data-element_type=\"widget\" data-widget_type=\"heading.default\">\n\t\t\t\t<div class=\"elementor-widget-container\">\n\t\t\t<h2 class=\"elementor-heading-title elementor-size-default\">Comiss\u00e3o Organizadora<\/h2>\t\t<\/div>\n\t\t\t\t<\/div>\n\t\t\t\t<div class=\"elementor-element elementor-element-e2cf572 elementor-widget elementor-widget-heading\" data-id=\"e2cf572\" data-element_type=\"widget\" data-widget_type=\"heading.default\">\n\t\t\t\t<div class=\"elementor-widget-container\">\n\t\t\t<h2 class=\"elementor-heading-title elementor-size-default\">Presidente do Congresso<\/h2>\t\t<\/div>\n\t\t\t\t<\/div>\n\t\t\t\t<div class=\"elementor-element elementor-element-f137d06 elementor-widget elementor-widget-spacer\" data-id=\"f137d06\" data-element_type=\"widget\" data-widget_type=\"spacer.default\">\n\t\t\t\t<div class=\"elementor-widget-container\">\n\t\t\t\t\t<div class=\"elementor-spacer\">\n\t\t\t<div class=\"elementor-spacer-inner\"><\/div>\n\t\t<\/div>\n\t\t\t\t<\/div>\n\t\t\t\t<\/div>\n\t\t\t\t<section class=\"elementor-section elementor-inner-section elementor-element elementor-element-92dc21d elementor-section-boxed elementor-section-height-default elementor-section-height-default\" data-id=\"92dc21d\" data-element_type=\"section\" data-settings=\"{&quot;_ha_eqh_enable&quot;:false}\">\n\t\t\t\t\t\t<div class=\"elementor-container elementor-column-gap-default\">\n\t\t\t\t\t<div class=\"elementor-column elementor-col-20 elementor-inner-column elementor-element elementor-element-377b308\" data-id=\"377b308\" data-element_type=\"column\">\n\t\t\t<div class=\"elementor-widget-wrap\">\n\t\t\t\t\t\t\t\t\t<\/div>\n\t\t<\/div>\n\t\t\t\t<div class=\"elementor-column elementor-col-20 elementor-inner-column elementor-element elementor-element-1f0dfb7\" data-id=\"1f0dfb7\" data-element_type=\"column\">\n\t\t\t<div class=\"elementor-widget-wrap\">\n\t\t\t\t\t\t\t\t\t<\/div>\n\t\t<\/div>\n\t\t\t\t<div class=\"elementor-column elementor-col-20 elementor-inner-column elementor-element elementor-element-c8c357c\" data-id=\"c8c357c\" data-element_type=\"column\">\n\t\t\t<div class=\"elementor-widget-wrap elementor-element-populated\">\n\t\t\t\t\t\t\t\t<div class=\"elementor-element elementor-element-4823453 ha-card--top ha-card--tablet-top ha-card--mobile-top elementor-widget elementor-widget-ha-card happy-addon ha-card\" data-id=\"4823453\" data-element_type=\"widget\" data-widget_type=\"ha-card.default\">\n\t\t\t\t<div class=\"elementor-widget-container\">\n\t\t\t\n\t\t\t\t\t<figure class=\"ha-card-figure\">\n\t\t\t\t<img width=\"340\" height=\"340\" src=\"https:\/\/aptn.pt\/48congresso\/wp-content\/uploads\/2021\/06\/Aldo.jpg\" class=\"attachment-large size-large\" alt=\"\" loading=\"lazy\" srcset=\"https:\/\/aptn.pt\/48congresso\/wp-content\/uploads\/2021\/06\/Aldo.jpg 340w, https:\/\/aptn.pt\/48congresso\/wp-content\/uploads\/2021\/06\/Aldo-300x300.jpg 300w, https:\/\/aptn.pt\/48congresso\/wp-content\/uploads\/2021\/06\/Aldo-150x150.jpg 150w\" sizes=\"(max-width: 340px) 100vw, 340px\" \/>\t\t\t\t\t\t\t<\/figure>\n\t\t\n\t\t<div class=\"ha-card-body\">\n\n\t\t\t<h2 class=\"ha-card-title\">Aldo Costa<\/h2>\n\t\t\t\t\t\t\t<div class=\"ha-card-text\">\n\t\t\t\t\t<p>Presidente da Associa\u00e7\u00e3o Portuguesa de T\u00e9cnicos de  Nata\u00e7\u00e3o<\/p>\n\t\t\t\t<\/div>\n\t\t\t\n\t\t\t\t\t<\/div>\n\t\t\t\t<\/div>\n\t\t\t\t<\/div>\n\t\t\t\t\t<\/div>\n\t\t<\/div>\n\t\t\t\t<div class=\"elementor-column elementor-col-20 elementor-inner-column elementor-element elementor-element-231e574\" data-id=\"231e574\" data-element_type=\"column\">\n\t\t\t<div class=\"elementor-widget-wrap\">\n\t\t\t\t\t\t\t\t\t<\/div>\n\t\t<\/div>\n\t\t\t\t<div class=\"elementor-column elementor-col-20 elementor-inner-column elementor-element elementor-element-e4fb111\" data-id=\"e4fb111\" data-element_type=\"column\">\n\t\t\t<div class=\"elementor-widget-wrap\">\n\t\t\t\t\t\t\t\t\t<\/div>\n\t\t<\/div>\n\t\t\t\t\t\t\t<\/div>\n\t\t<\/section>\n\t\t\t\t\t<\/div>\n\t\t<\/div>\n\t\t\t\t\t\t\t<\/div>\n\t\t<\/section>\n\t\t\t\t<section class=\"elementor-section elementor-top-section elementor-element elementor-element-154c1f5 animated-fast elementor-section-boxed elementor-section-height-default elementor-section-height-default elementor-invisible\" data-id=\"154c1f5\" data-element_type=\"section\" data-settings=\"{&quot;background_background&quot;:&quot;classic&quot;,&quot;animation&quot;:&quot;fadeIn&quot;,&quot;animation_delay&quot;:600,&quot;_ha_eqh_enable&quot;:false}\">\n\t\t\t\t\t\t<div class=\"elementor-container elementor-column-gap-default\">\n\t\t\t\t\t<div class=\"elementor-column elementor-col-100 elementor-top-column elementor-element elementor-element-de83f11\" data-id=\"de83f11\" data-element_type=\"column\">\n\t\t\t<div class=\"elementor-widget-wrap elementor-element-populated\">\n\t\t\t\t\t\t\t\t<div class=\"elementor-element elementor-element-36416ff elementor-widget elementor-widget-heading\" data-id=\"36416ff\" data-element_type=\"widget\" data-widget_type=\"heading.default\">\n\t\t\t\t<div class=\"elementor-widget-container\">\n\t\t\t<h2 class=\"elementor-heading-title elementor-size-default\">Comiss\u00e3o organizadora<\/h2>\t\t<\/div>\n\t\t\t\t<\/div>\n\t\t\t\t<section class=\"elementor-section elementor-inner-section elementor-element elementor-element-6245d11 elementor-section-boxed elementor-section-height-default elementor-section-height-default\" data-id=\"6245d11\" data-element_type=\"section\" data-settings=\"{&quot;_ha_eqh_enable&quot;:false}\">\n\t\t\t\t\t\t<div class=\"elementor-container elementor-column-gap-default\">\n\t\t\t\t\t<div class=\"elementor-column elementor-col-25 elementor-inner-column elementor-element elementor-element-5e940c1\" data-id=\"5e940c1\" data-element_type=\"column\">\n\t\t\t<div class=\"elementor-widget-wrap elementor-element-populated\">\n\t\t\t\t\t\t\t\t<div class=\"elementor-element elementor-element-b7ab1ef ha-card--top ha-card--tablet-top ha-card--mobile-top elementor-widget elementor-widget-ha-card happy-addon ha-card\" data-id=\"b7ab1ef\" data-element_type=\"widget\" data-widget_type=\"ha-card.default\">\n\t\t\t\t<div class=\"elementor-widget-container\">\n\t\t\t\n\t\t\t\t\t<figure class=\"ha-card-figure\">\n\t\t\t\t<img width=\"1024\" height=\"1024\" src=\"https:\/\/aptn.pt\/48congresso\/wp-content\/uploads\/2024\/06\/Mario-Costa-1024x1024.jpg\" class=\"attachment-large size-large\" alt=\"\" loading=\"lazy\" srcset=\"https:\/\/aptn.pt\/48congresso\/wp-content\/uploads\/2024\/06\/Mario-Costa-1024x1024.jpg 1024w, https:\/\/aptn.pt\/48congresso\/wp-content\/uploads\/2024\/06\/Mario-Costa-300x300.jpg 300w, https:\/\/aptn.pt\/48congresso\/wp-content\/uploads\/2024\/06\/Mario-Costa-150x150.jpg 150w, https:\/\/aptn.pt\/48congresso\/wp-content\/uploads\/2024\/06\/Mario-Costa-768x768.jpg 768w, https:\/\/aptn.pt\/48congresso\/wp-content\/uploads\/2024\/06\/Mario-Costa-1536x1536.jpg 1536w, https:\/\/aptn.pt\/48congresso\/wp-content\/uploads\/2024\/06\/Mario-Costa-2048x2048.jpg 2048w\" sizes=\"(max-width: 1024px) 100vw, 1024px\" \/>\t\t\t\t\t\t\t<\/figure>\n\t\t\n\t\t<div class=\"ha-card-body\">\n\n\t\t\t<h2 class=\"ha-card-title\">M\u00e1rio Costa<\/h2>\n\t\t\t\t\t\t\t<div class=\"ha-card-text\">\n\t\t\t\t\t<p>Vice-Presidente da Associa\u00e7\u00e3o Portuguesa de T\u00e9cnicos de  Nata\u00e7\u00e3o<\/p>\n\t\t\t\t<\/div>\n\t\t\t\n\t\t\t\t\t<\/div>\n\t\t\t\t<\/div>\n\t\t\t\t<\/div>\n\t\t\t\t\t<\/div>\n\t\t<\/div>\n\t\t\t\t<div class=\"elementor-column elementor-col-25 elementor-inner-column elementor-element elementor-element-142bfe5\" data-id=\"142bfe5\" data-element_type=\"column\">\n\t\t\t<div class=\"elementor-widget-wrap elementor-element-populated\">\n\t\t\t\t\t\t\t\t<div class=\"elementor-element elementor-element-0186ca9 ha-card--top ha-card--tablet-top ha-card--mobile-top elementor-widget elementor-widget-ha-card happy-addon ha-card\" data-id=\"0186ca9\" data-element_type=\"widget\" data-widget_type=\"ha-card.default\">\n\t\t\t\t<div class=\"elementor-widget-container\">\n\t\t\t\n\t\t\t\t\t<figure class=\"ha-card-figure\">\n\t\t\t\t<img width=\"1024\" height=\"1024\" src=\"https:\/\/aptn.pt\/48congresso\/wp-content\/uploads\/2025\/07\/rui-ribeiro-1024x1024.jpg\" class=\"attachment-large size-large\" alt=\"\" loading=\"lazy\" srcset=\"https:\/\/aptn.pt\/48congresso\/wp-content\/uploads\/2025\/07\/rui-ribeiro-1024x1024.jpg 1024w, https:\/\/aptn.pt\/48congresso\/wp-content\/uploads\/2025\/07\/rui-ribeiro-300x300.jpg 300w, https:\/\/aptn.pt\/48congresso\/wp-content\/uploads\/2025\/07\/rui-ribeiro-150x150.jpg 150w, https:\/\/aptn.pt\/48congresso\/wp-content\/uploads\/2025\/07\/rui-ribeiro-768x768.jpg 768w, https:\/\/aptn.pt\/48congresso\/wp-content\/uploads\/2025\/07\/rui-ribeiro.jpg 1536w\" sizes=\"(max-width: 1024px) 100vw, 1024px\" \/>\t\t\t\t\t\t\t<\/figure>\n\t\t\n\t\t<div class=\"ha-card-body\">\n\n\t\t\t<h2 class=\"ha-card-title\">Rui Ribeiro<\/h2>\n\t\t\t\t\t\t\t<div class=\"ha-card-text\">\n\t\t\t\t\t<p>Vice-Presidente da Associa\u00e7\u00e3o Portuguesa de T\u00e9cnicos de  Nata\u00e7\u00e3o<\/p>\n\t\t\t\t<\/div>\n\t\t\t\n\t\t\t\t\t<\/div>\n\t\t\t\t<\/div>\n\t\t\t\t<\/div>\n\t\t\t\t\t<\/div>\n\t\t<\/div>\n\t\t\t\t<div class=\"elementor-column elementor-col-25 elementor-inner-column elementor-element elementor-element-c805c3b\" data-id=\"c805c3b\" data-element_type=\"column\">\n\t\t\t<div class=\"elementor-widget-wrap elementor-element-populated\">\n\t\t\t\t\t\t\t\t<div class=\"elementor-element elementor-element-dec0022 ha-card--top ha-card--tablet-top ha-card--mobile-top elementor-widget elementor-widget-ha-card happy-addon ha-card\" data-id=\"dec0022\" data-element_type=\"widget\" data-widget_type=\"ha-card.default\">\n\t\t\t\t<div class=\"elementor-widget-container\">\n\t\t\t\n\t\t\t\t\t<figure class=\"ha-card-figure\">\n\t\t\t\t<img width=\"1024\" height=\"1024\" src=\"https:\/\/aptn.pt\/48congresso\/wp-content\/uploads\/2025\/07\/garrido-1024x1024.jpg\" class=\"attachment-large size-large\" alt=\"\" loading=\"lazy\" srcset=\"https:\/\/aptn.pt\/48congresso\/wp-content\/uploads\/2025\/07\/garrido-1024x1024.jpg 1024w, https:\/\/aptn.pt\/48congresso\/wp-content\/uploads\/2025\/07\/garrido-300x300.jpg 300w, https:\/\/aptn.pt\/48congresso\/wp-content\/uploads\/2025\/07\/garrido-150x150.jpg 150w, https:\/\/aptn.pt\/48congresso\/wp-content\/uploads\/2025\/07\/garrido-768x768.jpg 768w, https:\/\/aptn.pt\/48congresso\/wp-content\/uploads\/2025\/07\/garrido-1536x1536.jpg 1536w, https:\/\/aptn.pt\/48congresso\/wp-content\/uploads\/2025\/07\/garrido-2048x2048.jpg 2048w\" sizes=\"(max-width: 1024px) 100vw, 1024px\" \/>\t\t\t\t\t\t\t<\/figure>\n\t\t\n\t\t<div class=\"ha-card-body\">\n\n\t\t\t<h2 class=\"ha-card-title\">Nuno Garrido<\/h2>\n\t\t\t\t\t\t\t<div class=\"ha-card-text\">\n\t\t\t\t\t<p>Tesoureiro da Associa\u00e7\u00e3o Portuguesa de T\u00e9cnicos de  Nata\u00e7\u00e3o<\/p>\n\t\t\t\t<\/div>\n\t\t\t\n\t\t\t\t\t<\/div>\n\t\t\t\t<\/div>\n\t\t\t\t<\/div>\n\t\t\t\t\t<\/div>\n\t\t<\/div>\n\t\t\t\t<div class=\"elementor-column elementor-col-25 elementor-inner-column elementor-element elementor-element-6939e8f\" data-id=\"6939e8f\" data-element_type=\"column\">\n\t\t\t<div class=\"elementor-widget-wrap elementor-element-populated\">\n\t\t\t\t\t\t\t\t<div class=\"elementor-element elementor-element-19024e0 ha-card--top ha-card--tablet-top ha-card--mobile-top elementor-widget elementor-widget-ha-card happy-addon ha-card\" data-id=\"19024e0\" data-element_type=\"widget\" data-widget_type=\"ha-card.default\">\n\t\t\t\t<div class=\"elementor-widget-container\">\n\t\t\t\n\t\t\t\t\t<figure class=\"ha-card-figure\">\n\t\t\t\t<img width=\"296\" height=\"296\" src=\"https:\/\/aptn.pt\/48congresso\/wp-content\/uploads\/2021\/06\/Tania_Mira.jpg\" class=\"attachment-large size-large\" alt=\"\" loading=\"lazy\" srcset=\"https:\/\/aptn.pt\/48congresso\/wp-content\/uploads\/2021\/06\/Tania_Mira.jpg 296w, https:\/\/aptn.pt\/48congresso\/wp-content\/uploads\/2021\/06\/Tania_Mira-150x150.jpg 150w\" sizes=\"(max-width: 296px) 100vw, 296px\" \/>\t\t\t\t\t\t\t<\/figure>\n\t\t\n\t\t<div class=\"ha-card-body\">\n\n\t\t\t<h2 class=\"ha-card-title\">T\u00e2nia Mira<\/h2>\n\t\t\t\t\t\t\t<div class=\"ha-card-text\">\n\t\t\t\t\t<p>Secret\u00e1ria Executiva da Associa\u00e7\u00e3o Portuguesa de T\u00e9cnicos de  Nata\u00e7\u00e3o<\/p>\n\t\t\t\t<\/div>\n\t\t\t\n\t\t\t\t\t<\/div>\n\t\t\t\t<\/div>\n\t\t\t\t<\/div>\n\t\t\t\t\t<\/div>\n\t\t<\/div>\n\t\t\t\t\t\t\t<\/div>\n\t\t<\/section>\n\t\t\t\t<section class=\"elementor-section elementor-inner-section elementor-element elementor-element-3efecdb elementor-section-boxed elementor-section-height-default elementor-section-height-default\" data-id=\"3efecdb\" data-element_type=\"section\" data-settings=\"{&quot;_ha_eqh_enable&quot;:false}\">\n\t\t\t\t\t\t<div class=\"elementor-container elementor-column-gap-default\">\n\t\t\t\t\t<div class=\"elementor-column elementor-col-25 elementor-inner-column elementor-element elementor-element-541c6c7\" data-id=\"541c6c7\" data-element_type=\"column\">\n\t\t\t<div class=\"elementor-widget-wrap elementor-element-populated\">\n\t\t\t\t\t\t\t\t<div class=\"elementor-element elementor-element-93101ff ha-card--top ha-card--tablet-top ha-card--mobile-top elementor-widget elementor-widget-ha-card happy-addon ha-card\" data-id=\"93101ff\" data-element_type=\"widget\" data-widget_type=\"ha-card.default\">\n\t\t\t\t<div class=\"elementor-widget-container\">\n\t\t\t\n\t\t\t\t\t<figure class=\"ha-card-figure\">\n\t\t\t\t<img width=\"1024\" height=\"1024\" src=\"https:\/\/aptn.pt\/48congresso\/wp-content\/uploads\/2025\/07\/pedro-soares-1024x1024.jpg\" class=\"attachment-large size-large\" alt=\"\" loading=\"lazy\" srcset=\"https:\/\/aptn.pt\/48congresso\/wp-content\/uploads\/2025\/07\/pedro-soares-1024x1024.jpg 1024w, https:\/\/aptn.pt\/48congresso\/wp-content\/uploads\/2025\/07\/pedro-soares-300x300.jpg 300w, https:\/\/aptn.pt\/48congresso\/wp-content\/uploads\/2025\/07\/pedro-soares-150x150.jpg 150w, https:\/\/aptn.pt\/48congresso\/wp-content\/uploads\/2025\/07\/pedro-soares-768x768.jpg 768w, https:\/\/aptn.pt\/48congresso\/wp-content\/uploads\/2025\/07\/pedro-soares-1536x1536.jpg 1536w, https:\/\/aptn.pt\/48congresso\/wp-content\/uploads\/2025\/07\/pedro-soares-2048x2048.jpg 2048w\" sizes=\"(max-width: 1024px) 100vw, 1024px\" \/>\t\t\t\t\t\t\t<\/figure>\n\t\t\n\t\t<div class=\"ha-card-body\">\n\n\t\t\t<h2 class=\"ha-card-title\">Pedro Soares<\/h2>\n\t\t\t\t\t\t\t<div class=\"ha-card-text\">\n\t\t\t\t\t<p>APTN OS<\/p>\n\t\t\t\t<\/div>\n\t\t\t\n\t\t\t\t\t<\/div>\n\t\t\t\t<\/div>\n\t\t\t\t<\/div>\n\t\t\t\t\t<\/div>\n\t\t<\/div>\n\t\t\t\t<div class=\"elementor-column elementor-col-25 elementor-inner-column elementor-element elementor-element-54f54b2\" data-id=\"54f54b2\" data-element_type=\"column\">\n\t\t\t<div class=\"elementor-widget-wrap elementor-element-populated\">\n\t\t\t\t\t\t\t\t<div class=\"elementor-element elementor-element-b29082e ha-card--top ha-card--tablet-top ha-card--mobile-top elementor-widget elementor-widget-ha-card happy-addon ha-card\" data-id=\"b29082e\" data-element_type=\"widget\" data-widget_type=\"ha-card.default\">\n\t\t\t\t<div class=\"elementor-widget-container\">\n\t\t\t\n\t\t\t\t\t<figure class=\"ha-card-figure\">\n\t\t\t\t<img width=\"483\" height=\"483\" src=\"https:\/\/aptn.pt\/48congresso\/wp-content\/uploads\/2025\/07\/diva-cobra.jpg\" class=\"attachment-large size-large\" alt=\"\" loading=\"lazy\" srcset=\"https:\/\/aptn.pt\/48congresso\/wp-content\/uploads\/2025\/07\/diva-cobra.jpg 483w, https:\/\/aptn.pt\/48congresso\/wp-content\/uploads\/2025\/07\/diva-cobra-300x300.jpg 300w, https:\/\/aptn.pt\/48congresso\/wp-content\/uploads\/2025\/07\/diva-cobra-150x150.jpg 150w\" sizes=\"(max-width: 483px) 100vw, 483px\" \/>\t\t\t\t\t\t\t<\/figure>\n\t\t\n\t\t<div class=\"ha-card-body\">\n\n\t\t\t<h2 class=\"ha-card-title\">Diva Cobra<\/h2>\n\t\t\t\t\t\t\t<div class=\"ha-card-text\">\n\t\t\t\t\t<p>APTN OS (aguarda-se confirma\u00e7\u00e3o)<\/p>\n\t\t\t\t<\/div>\n\t\t\t\n\t\t\t\t\t<\/div>\n\t\t\t\t<\/div>\n\t\t\t\t<\/div>\n\t\t\t\t\t<\/div>\n\t\t<\/div>\n\t\t\t\t<div class=\"elementor-column elementor-col-25 elementor-inner-column elementor-element elementor-element-a787f08\" data-id=\"a787f08\" data-element_type=\"column\">\n\t\t\t<div class=\"elementor-widget-wrap elementor-element-populated\">\n\t\t\t\t\t\t\t\t<div class=\"elementor-element elementor-element-d221cb8 ha-card--top ha-card--tablet-top ha-card--mobile-top elementor-widget elementor-widget-ha-card happy-addon ha-card\" data-id=\"d221cb8\" data-element_type=\"widget\" data-widget_type=\"ha-card.default\">\n\t\t\t\t<div class=\"elementor-widget-container\">\n\t\t\t\n\t\t\t\t\t<figure class=\"ha-card-figure\">\n\t\t\t\t<img width=\"756\" height=\"756\" src=\"https:\/\/aptn.pt\/48congresso\/wp-content\/uploads\/2025\/07\/pedro-guedes.jpg\" class=\"attachment-large size-large\" alt=\"\" loading=\"lazy\" srcset=\"https:\/\/aptn.pt\/48congresso\/wp-content\/uploads\/2025\/07\/pedro-guedes.jpg 756w, https:\/\/aptn.pt\/48congresso\/wp-content\/uploads\/2025\/07\/pedro-guedes-300x300.jpg 300w, https:\/\/aptn.pt\/48congresso\/wp-content\/uploads\/2025\/07\/pedro-guedes-150x150.jpg 150w\" sizes=\"(max-width: 756px) 100vw, 756px\" \/>\t\t\t\t\t\t\t<\/figure>\n\t\t\n\t\t<div class=\"ha-card-body\">\n\n\t\t\t<h2 class=\"ha-card-title\">Pedro Guedes de Carvalho<\/h2>\n\t\t\t\t\t\t\t<div class=\"ha-card-text\">\n\t\t\t\t\t<p>APTN OS (aguarda-se confirma\u00e7\u00e3o)<\/p>\n\t\t\t\t<\/div>\n\t\t\t\n\t\t\t\t\t<\/div>\n\t\t\t\t<\/div>\n\t\t\t\t<\/div>\n\t\t\t\t\t<\/div>\n\t\t<\/div>\n\t\t\t\t<div class=\"elementor-column elementor-col-25 elementor-inner-column elementor-element elementor-element-f6a37b0\" data-id=\"f6a37b0\" data-element_type=\"column\">\n\t\t\t<div class=\"elementor-widget-wrap elementor-element-populated\">\n\t\t\t\t\t\t\t\t<div class=\"elementor-element elementor-element-a9f1b91 ha-card--top ha-card--tablet-top ha-card--mobile-top elementor-widget elementor-widget-ha-card happy-addon ha-card\" data-id=\"a9f1b91\" data-element_type=\"widget\" data-widget_type=\"ha-card.default\">\n\t\t\t\t<div class=\"elementor-widget-container\">\n\t\t\t\n\t\t\t\t\t<figure class=\"ha-card-figure\">\n\t\t\t\t<img width=\"1024\" height=\"1024\" src=\"https:\/\/aptn.pt\/48congresso\/wp-content\/uploads\/2025\/07\/mario-espada-1024x1024.jpg\" class=\"attachment-large size-large\" alt=\"\" loading=\"lazy\" srcset=\"https:\/\/aptn.pt\/48congresso\/wp-content\/uploads\/2025\/07\/mario-espada-1024x1024.jpg 1024w, https:\/\/aptn.pt\/48congresso\/wp-content\/uploads\/2025\/07\/mario-espada-300x300.jpg 300w, https:\/\/aptn.pt\/48congresso\/wp-content\/uploads\/2025\/07\/mario-espada-150x150.jpg 150w, https:\/\/aptn.pt\/48congresso\/wp-content\/uploads\/2025\/07\/mario-espada-768x768.jpg 768w, https:\/\/aptn.pt\/48congresso\/wp-content\/uploads\/2025\/07\/mario-espada-1536x1536.jpg 1536w, https:\/\/aptn.pt\/48congresso\/wp-content\/uploads\/2025\/07\/mario-espada-2048x2048.jpg 2048w\" sizes=\"(max-width: 1024px) 100vw, 1024px\" \/>\t\t\t\t\t\t\t<\/figure>\n\t\t\n\t\t<div class=\"ha-card-body\">\n\n\t\t\t<h2 class=\"ha-card-title\">M\u00e1rio Espada<\/h2>\n\t\t\t\t\t\t\t<div class=\"ha-card-text\">\n\t\t\t\t\t<p>APTN OS<\/p>\n\t\t\t\t<\/div>\n\t\t\t\n\t\t\t\t\t<\/div>\n\t\t\t\t<\/div>\n\t\t\t\t<\/div>\n\t\t\t\t\t<\/div>\n\t\t<\/div>\n\t\t\t\t\t\t\t<\/div>\n\t\t<\/section>\n\t\t\t\t<section class=\"elementor-section elementor-inner-section elementor-element elementor-element-6fd2bb3 elementor-section-boxed elementor-section-height-default elementor-section-height-default\" data-id=\"6fd2bb3\" data-element_type=\"section\" data-settings=\"{&quot;_ha_eqh_enable&quot;:false}\">\n\t\t\t\t\t\t<div class=\"elementor-container elementor-column-gap-default\">\n\t\t\t\t\t<div class=\"elementor-column elementor-col-25 elementor-inner-column elementor-element elementor-element-c02a1bd\" data-id=\"c02a1bd\" data-element_type=\"column\">\n\t\t\t<div class=\"elementor-widget-wrap elementor-element-populated\">\n\t\t\t\t\t\t\t\t<div class=\"elementor-element elementor-element-2f8f170 ha-card--top ha-card--tablet-top ha-card--mobile-top elementor-widget elementor-widget-ha-card happy-addon ha-card\" data-id=\"2f8f170\" data-element_type=\"widget\" data-widget_type=\"ha-card.default\">\n\t\t\t\t<div class=\"elementor-widget-container\">\n\t\t\t\n\t\t\t\t\t<figure class=\"ha-card-figure\">\n\t\t\t\t<img width=\"1024\" height=\"1024\" src=\"https:\/\/aptn.pt\/48congresso\/wp-content\/uploads\/2025\/07\/catarina-santos-1024x1024.jpg\" class=\"attachment-large size-large\" alt=\"\" loading=\"lazy\" srcset=\"https:\/\/aptn.pt\/48congresso\/wp-content\/uploads\/2025\/07\/catarina-santos-1024x1024.jpg 1024w, https:\/\/aptn.pt\/48congresso\/wp-content\/uploads\/2025\/07\/catarina-santos-300x300.jpg 300w, https:\/\/aptn.pt\/48congresso\/wp-content\/uploads\/2025\/07\/catarina-santos-150x150.jpg 150w, https:\/\/aptn.pt\/48congresso\/wp-content\/uploads\/2025\/07\/catarina-santos-768x768.jpg 768w, https:\/\/aptn.pt\/48congresso\/wp-content\/uploads\/2025\/07\/catarina-santos-1536x1536.jpg 1536w, https:\/\/aptn.pt\/48congresso\/wp-content\/uploads\/2025\/07\/catarina-santos.jpg 1680w\" sizes=\"(max-width: 1024px) 100vw, 1024px\" \/>\t\t\t\t\t\t\t<\/figure>\n\t\t\n\t\t<div class=\"ha-card-body\">\n\n\t\t\t<h2 class=\"ha-card-title\">Catarina Santos<\/h2>\n\t\t\t\t\t\t\t<div class=\"ha-card-text\">\n\t\t\t\t\t<p>APTN OS, projetos<\/p>\n\t\t\t\t<\/div>\n\t\t\t\n\t\t\t\t\t<\/div>\n\t\t\t\t<\/div>\n\t\t\t\t<\/div>\n\t\t\t\t\t<\/div>\n\t\t<\/div>\n\t\t\t\t<div class=\"elementor-column elementor-col-25 elementor-inner-column elementor-element elementor-element-7063612\" data-id=\"7063612\" data-element_type=\"column\">\n\t\t\t<div class=\"elementor-widget-wrap elementor-element-populated\">\n\t\t\t\t\t\t\t\t<div class=\"elementor-element elementor-element-216a6c0 ha-card--top ha-card--tablet-top ha-card--mobile-top elementor-widget elementor-widget-ha-card happy-addon ha-card\" data-id=\"216a6c0\" data-element_type=\"widget\" data-widget_type=\"ha-card.default\">\n\t\t\t\t<div class=\"elementor-widget-container\">\n\t\t\t\n\t\t\t\t\t<figure class=\"ha-card-figure\">\n\t\t\t\t<img width=\"325\" height=\"325\" src=\"https:\/\/aptn.pt\/48congresso\/wp-content\/uploads\/2025\/07\/julio-santos.jpg\" class=\"attachment-large size-large\" alt=\"\" loading=\"lazy\" srcset=\"https:\/\/aptn.pt\/48congresso\/wp-content\/uploads\/2025\/07\/julio-santos.jpg 325w, https:\/\/aptn.pt\/48congresso\/wp-content\/uploads\/2025\/07\/julio-santos-300x300.jpg 300w, https:\/\/aptn.pt\/48congresso\/wp-content\/uploads\/2025\/07\/julio-santos-150x150.jpg 150w\" sizes=\"(max-width: 325px) 100vw, 325px\" \/>\t\t\t\t\t\t\t<\/figure>\n\t\t\n\t\t<div class=\"ha-card-body\">\n\n\t\t\t<h2 class=\"ha-card-title\">J\u00falio Martins <\/h2>\n\t\t\t\t\t\t\t<div class=\"ha-card-text\">\n\t\t\t\t\t<p>APTN OS, ensino<\/p>\n\t\t\t\t<\/div>\n\t\t\t\n\t\t\t\t\t<\/div>\n\t\t\t\t<\/div>\n\t\t\t\t<\/div>\n\t\t\t\t\t<\/div>\n\t\t<\/div>\n\t\t\t\t<div class=\"elementor-column elementor-col-25 elementor-inner-column elementor-element elementor-element-20afaf6\" data-id=\"20afaf6\" data-element_type=\"column\">\n\t\t\t<div class=\"elementor-widget-wrap elementor-element-populated\">\n\t\t\t\t\t\t\t\t<div class=\"elementor-element elementor-element-b5e91c4 ha-card--top ha-card--tablet-top ha-card--mobile-top elementor-widget elementor-widget-ha-card happy-addon ha-card\" data-id=\"b5e91c4\" data-element_type=\"widget\" data-widget_type=\"ha-card.default\">\n\t\t\t\t<div class=\"elementor-widget-container\">\n\t\t\t\n\t\t\t\t\t<figure class=\"ha-card-figure\">\n\t\t\t\t<img width=\"800\" height=\"800\" src=\"https:\/\/aptn.pt\/48congresso\/wp-content\/uploads\/2025\/07\/tatiana-fazenda.png\" class=\"attachment-large size-large\" alt=\"\" loading=\"lazy\" srcset=\"https:\/\/aptn.pt\/48congresso\/wp-content\/uploads\/2025\/07\/tatiana-fazenda.png 800w, https:\/\/aptn.pt\/48congresso\/wp-content\/uploads\/2025\/07\/tatiana-fazenda-300x300.png 300w, https:\/\/aptn.pt\/48congresso\/wp-content\/uploads\/2025\/07\/tatiana-fazenda-150x150.png 150w, https:\/\/aptn.pt\/48congresso\/wp-content\/uploads\/2025\/07\/tatiana-fazenda-768x768.png 768w\" sizes=\"(max-width: 800px) 100vw, 800px\" \/>\t\t\t\t\t\t\t<\/figure>\n\t\t\n\t\t<div class=\"ha-card-body\">\n\n\t\t\t<h2 class=\"ha-card-title\">Tatiana Fazenda<\/h2>\n\t\t\t\t\t\t\t<div class=\"ha-card-text\">\n\t\t\t\t\t<p>APTN Comunica\u00e7\u00e3o<\/p>\n\t\t\t\t<\/div>\n\t\t\t\n\t\t\t\t\t<\/div>\n\t\t\t\t<\/div>\n\t\t\t\t<\/div>\n\t\t\t\t\t<\/div>\n\t\t<\/div>\n\t\t\t\t<div class=\"elementor-column elementor-col-25 elementor-inner-column elementor-element elementor-element-e72a536\" data-id=\"e72a536\" data-element_type=\"column\">\n\t\t\t<div class=\"elementor-widget-wrap elementor-element-populated\">\n\t\t\t\t\t\t\t\t<div class=\"elementor-element elementor-element-36fce39 ha-card--top ha-card--tablet-top ha-card--mobile-top elementor-widget elementor-widget-ha-card happy-addon ha-card\" data-id=\"36fce39\" data-element_type=\"widget\" data-widget_type=\"ha-card.default\">\n\t\t\t\t<div class=\"elementor-widget-container\">\n\t\t\t\n\t\t\t\t\t<figure class=\"ha-card-figure\">\n\t\t\t\t<img width=\"572\" height=\"573\" src=\"https:\/\/aptn.pt\/48congresso\/wp-content\/uploads\/2025\/07\/David-Gorgulhosite.jpg\" class=\"attachment-large size-large\" alt=\"\" loading=\"lazy\" srcset=\"https:\/\/aptn.pt\/48congresso\/wp-content\/uploads\/2025\/07\/David-Gorgulhosite.jpg 572w, https:\/\/aptn.pt\/48congresso\/wp-content\/uploads\/2025\/07\/David-Gorgulhosite-300x300.jpg 300w, https:\/\/aptn.pt\/48congresso\/wp-content\/uploads\/2025\/07\/David-Gorgulhosite-150x150.jpg 150w\" sizes=\"(max-width: 572px) 100vw, 572px\" \/>\t\t\t\t\t\t\t<\/figure>\n\t\t\n\t\t<div class=\"ha-card-body\">\n\n\t\t\t<h2 class=\"ha-card-title\">David Gorgulho<\/h2>\n\t\t\t\t\t\t\t<div class=\"ha-card-text\">\n\t\t\t\t\t<p>APTN Comunica\u00e7\u00e3o<\/p>\n\t\t\t\t<\/div>\n\t\t\t\n\t\t\t\t\t<\/div>\n\t\t\t\t<\/div>\n\t\t\t\t<\/div>\n\t\t\t\t\t<\/div>\n\t\t<\/div>\n\t\t\t\t\t\t\t<\/div>\n\t\t<\/section>\n\t\t\t\t<section class=\"elementor-section elementor-inner-section elementor-element elementor-element-86f2615 elementor-section-boxed elementor-section-height-default elementor-section-height-default\" data-id=\"86f2615\" data-element_type=\"section\" data-settings=\"{&quot;_ha_eqh_enable&quot;:false}\">\n\t\t\t\t\t\t<div class=\"elementor-container elementor-column-gap-default\">\n\t\t\t\t\t<div class=\"elementor-column elementor-col-25 elementor-inner-column elementor-element elementor-element-a5eb0be\" data-id=\"a5eb0be\" data-element_type=\"column\">\n\t\t\t<div class=\"elementor-widget-wrap elementor-element-populated\">\n\t\t\t\t\t\t\t\t<div class=\"elementor-element elementor-element-bf76ad3 ha-card--top ha-card--tablet-top ha-card--mobile-top elementor-widget elementor-widget-ha-card happy-addon ha-card\" data-id=\"bf76ad3\" data-element_type=\"widget\" data-widget_type=\"ha-card.default\">\n\t\t\t\t<div class=\"elementor-widget-container\">\n\t\t\t\n\t\t\t\t\t<figure class=\"ha-card-figure\">\n\t\t\t\t<img width=\"512\" height=\"512\" src=\"https:\/\/aptn.pt\/48congresso\/wp-content\/uploads\/2025\/07\/flavia-yazigi.jpg\" class=\"attachment-large size-large\" alt=\"\" loading=\"lazy\" srcset=\"https:\/\/aptn.pt\/48congresso\/wp-content\/uploads\/2025\/07\/flavia-yazigi.jpg 512w, https:\/\/aptn.pt\/48congresso\/wp-content\/uploads\/2025\/07\/flavia-yazigi-300x300.jpg 300w, https:\/\/aptn.pt\/48congresso\/wp-content\/uploads\/2025\/07\/flavia-yazigi-150x150.jpg 150w\" sizes=\"(max-width: 512px) 100vw, 512px\" \/>\t\t\t\t\t\t\t<\/figure>\n\t\t\n\t\t<div class=\"ha-card-body\">\n\n\t\t\t<h2 class=\"ha-card-title\">Fl\u00e1via Yazigi<\/h2>\n\t\t\t\t\t\t\t<div class=\"ha-card-text\">\n\t\t\t\t\t<p>APTN Fitness Aqu\u00e1tico<\/p>\n\t\t\t\t<\/div>\n\t\t\t\n\t\t\t\t\t<\/div>\n\t\t\t\t<\/div>\n\t\t\t\t<\/div>\n\t\t\t\t\t<\/div>\n\t\t<\/div>\n\t\t\t\t<div class=\"elementor-column elementor-col-25 elementor-inner-column elementor-element elementor-element-c7c9d5b\" data-id=\"c7c9d5b\" data-element_type=\"column\">\n\t\t\t<div class=\"elementor-widget-wrap elementor-element-populated\">\n\t\t\t\t\t\t\t\t<div class=\"elementor-element elementor-element-c687ad7 ha-card--top ha-card--tablet-top ha-card--mobile-top elementor-widget elementor-widget-ha-card happy-addon ha-card\" data-id=\"c687ad7\" data-element_type=\"widget\" data-widget_type=\"ha-card.default\">\n\t\t\t\t<div class=\"elementor-widget-container\">\n\t\t\t\n\t\t\t\t\t<figure class=\"ha-card-figure\">\n\t\t\t\t<img width=\"1024\" height=\"1024\" src=\"https:\/\/aptn.pt\/48congresso\/wp-content\/uploads\/2025\/07\/rui-santos-1024x1024.jpg\" class=\"attachment-large size-large\" alt=\"\" loading=\"lazy\" srcset=\"https:\/\/aptn.pt\/48congresso\/wp-content\/uploads\/2025\/07\/rui-santos-1024x1024.jpg 1024w, https:\/\/aptn.pt\/48congresso\/wp-content\/uploads\/2025\/07\/rui-santos-300x300.jpg 300w, https:\/\/aptn.pt\/48congresso\/wp-content\/uploads\/2025\/07\/rui-santos-150x150.jpg 150w, https:\/\/aptn.pt\/48congresso\/wp-content\/uploads\/2025\/07\/rui-santos-768x768.jpg 768w, https:\/\/aptn.pt\/48congresso\/wp-content\/uploads\/2025\/07\/rui-santos-1536x1536.jpg 1536w, https:\/\/aptn.pt\/48congresso\/wp-content\/uploads\/2025\/07\/rui-santos.jpg 2000w\" sizes=\"(max-width: 1024px) 100vw, 1024px\" \/>\t\t\t\t\t\t\t<\/figure>\n\t\t\n\t\t<div class=\"ha-card-body\">\n\n\t\t\t<h2 class=\"ha-card-title\">Rui Santos<\/h2>\n\t\t\t\t\t\t\t<div class=\"ha-card-text\">\n\t\t\t\t\t<p>APTN Gest\u00e3o<\/p>\n\t\t\t\t<\/div>\n\t\t\t\n\t\t\t\t\t<\/div>\n\t\t\t\t<\/div>\n\t\t\t\t<\/div>\n\t\t\t\t\t<\/div>\n\t\t<\/div>\n\t\t\t\t<div class=\"elementor-column elementor-col-25 elementor-inner-column elementor-element elementor-element-3c610e7\" data-id=\"3c610e7\" data-element_type=\"column\">\n\t\t\t<div class=\"elementor-widget-wrap elementor-element-populated\">\n\t\t\t\t\t\t\t\t<div class=\"elementor-element elementor-element-b6417e9 ha-card--top ha-card--tablet-top ha-card--mobile-top elementor-widget elementor-widget-ha-card happy-addon ha-card\" data-id=\"b6417e9\" data-element_type=\"widget\" data-widget_type=\"ha-card.default\">\n\t\t\t\t<div class=\"elementor-widget-container\">\n\t\t\t\n\t\t\t\t\t<figure class=\"ha-card-figure\">\n\t\t\t\t<img width=\"800\" height=\"800\" src=\"https:\/\/aptn.pt\/48congresso\/wp-content\/uploads\/2025\/07\/carlos-custodio.jpg\" class=\"attachment-large size-large\" alt=\"\" loading=\"lazy\" srcset=\"https:\/\/aptn.pt\/48congresso\/wp-content\/uploads\/2025\/07\/carlos-custodio.jpg 800w, https:\/\/aptn.pt\/48congresso\/wp-content\/uploads\/2025\/07\/carlos-custodio-300x300.jpg 300w, https:\/\/aptn.pt\/48congresso\/wp-content\/uploads\/2025\/07\/carlos-custodio-150x150.jpg 150w, https:\/\/aptn.pt\/48congresso\/wp-content\/uploads\/2025\/07\/carlos-custodio-768x768.jpg 768w\" sizes=\"(max-width: 800px) 100vw, 800px\" \/>\t\t\t\t\t\t\t<\/figure>\n\t\t\n\t\t<div class=\"ha-card-body\">\n\n\t\t\t<h2 class=\"ha-card-title\">Carlos Cust\u00f3dio<\/h2>\n\t\t\t\t\t\t\t<div class=\"ha-card-text\">\n\t\t\t\t\t<p>APTN Gest\u00e3o<\/p>\n\t\t\t\t<\/div>\n\t\t\t\n\t\t\t\t\t<\/div>\n\t\t\t\t<\/div>\n\t\t\t\t<\/div>\n\t\t\t\t\t<\/div>\n\t\t<\/div>\n\t\t\t\t<div class=\"elementor-column elementor-col-25 elementor-inner-column elementor-element elementor-element-3b1c7b6\" data-id=\"3b1c7b6\" data-element_type=\"column\">\n\t\t\t<div class=\"elementor-widget-wrap elementor-element-populated\">\n\t\t\t\t\t\t\t\t<div class=\"elementor-element elementor-element-d305f4b ha-card--top ha-card--tablet-top ha-card--mobile-top elementor-widget elementor-widget-ha-card happy-addon ha-card\" data-id=\"d305f4b\" data-element_type=\"widget\" data-widget_type=\"ha-card.default\">\n\t\t\t\t<div class=\"elementor-widget-container\">\n\t\t\t\n\t\t\t\t\t<figure class=\"ha-card-figure\">\n\t\t\t\t<img width=\"720\" height=\"720\" src=\"https:\/\/aptn.pt\/48congresso\/wp-content\/uploads\/2025\/07\/helder-freitas.jpg\" class=\"attachment-large size-large\" alt=\"\" loading=\"lazy\" srcset=\"https:\/\/aptn.pt\/48congresso\/wp-content\/uploads\/2025\/07\/helder-freitas.jpg 720w, https:\/\/aptn.pt\/48congresso\/wp-content\/uploads\/2025\/07\/helder-freitas-300x300.jpg 300w, https:\/\/aptn.pt\/48congresso\/wp-content\/uploads\/2025\/07\/helder-freitas-150x150.jpg 150w\" sizes=\"(max-width: 720px) 100vw, 720px\" \/>\t\t\t\t\t\t\t<\/figure>\n\t\t\n\t\t<div class=\"ha-card-body\">\n\n\t\t\t<h2 class=\"ha-card-title\">H\u00e9lder Freitas <\/h2>\n\t\t\t\t\t\t\t<div class=\"ha-card-text\">\n\t\t\t\t\t<p>APTN Polo-Aqu\u00e1tico<\/p>\n\t\t\t\t<\/div>\n\t\t\t\n\t\t\t\t\t<\/div>\n\t\t\t\t<\/div>\n\t\t\t\t<\/div>\n\t\t\t\t\t<\/div>\n\t\t<\/div>\n\t\t\t\t\t\t\t<\/div>\n\t\t<\/section>\n\t\t\t\t<section class=\"elementor-section elementor-inner-section elementor-element elementor-element-b589beb elementor-section-boxed elementor-section-height-default elementor-section-height-default\" data-id=\"b589beb\" data-element_type=\"section\" data-settings=\"{&quot;_ha_eqh_enable&quot;:false}\">\n\t\t\t\t\t\t<div class=\"elementor-container elementor-column-gap-default\">\n\t\t\t\t\t<div class=\"elementor-column elementor-col-25 elementor-inner-column elementor-element elementor-element-4d2ba6c\" data-id=\"4d2ba6c\" data-element_type=\"column\">\n\t\t\t<div class=\"elementor-widget-wrap elementor-element-populated\">\n\t\t\t\t\t\t\t\t<div class=\"elementor-element elementor-element-5260555 ha-card--top ha-card--tablet-top ha-card--mobile-top elementor-widget elementor-widget-ha-card happy-addon ha-card\" data-id=\"5260555\" data-element_type=\"widget\" data-widget_type=\"ha-card.default\">\n\t\t\t\t<div class=\"elementor-widget-container\">\n\t\t\t\n\t\t\t\t\t<figure class=\"ha-card-figure\">\n\t\t\t\t<img width=\"1000\" height=\"1000\" src=\"https:\/\/aptn.pt\/48congresso\/wp-content\/uploads\/2025\/07\/Vania-Neves-1-1000x1000-1.jpg\" class=\"attachment-large size-large\" alt=\"\" loading=\"lazy\" srcset=\"https:\/\/aptn.pt\/48congresso\/wp-content\/uploads\/2025\/07\/Vania-Neves-1-1000x1000-1.jpg 1000w, https:\/\/aptn.pt\/48congresso\/wp-content\/uploads\/2025\/07\/Vania-Neves-1-1000x1000-1-300x300.jpg 300w, https:\/\/aptn.pt\/48congresso\/wp-content\/uploads\/2025\/07\/Vania-Neves-1-1000x1000-1-150x150.jpg 150w, https:\/\/aptn.pt\/48congresso\/wp-content\/uploads\/2025\/07\/Vania-Neves-1-1000x1000-1-768x768.jpg 768w\" sizes=\"(max-width: 1000px) 100vw, 1000px\" \/>\t\t\t\t\t\t\t<\/figure>\n\t\t\n\t\t<div class=\"ha-card-body\">\n\n\t\t\t<h2 class=\"ha-card-title\">V\u00e2nia Neves<\/h2>\n\t\t\t\t\t\t\t<div class=\"ha-card-text\">\n\t\t\t\t\t<p>APTN \u00c1guas Abertas (aguarda-se confirma\u00e7\u00e3o)<\/p>\n\t\t\t\t<\/div>\n\t\t\t\n\t\t\t\t\t<\/div>\n\t\t\t\t<\/div>\n\t\t\t\t<\/div>\n\t\t\t\t\t<\/div>\n\t\t<\/div>\n\t\t\t\t<div class=\"elementor-column elementor-col-25 elementor-inner-column elementor-element elementor-element-aee02d6\" data-id=\"aee02d6\" data-element_type=\"column\">\n\t\t\t<div class=\"elementor-widget-wrap elementor-element-populated\">\n\t\t\t\t\t\t\t\t<div class=\"elementor-element elementor-element-bbe2348 ha-card--top ha-card--tablet-top ha-card--mobile-top elementor-widget elementor-widget-ha-card happy-addon ha-card\" data-id=\"bbe2348\" data-element_type=\"widget\" data-widget_type=\"ha-card.default\">\n\t\t\t\t<div class=\"elementor-widget-container\">\n\t\t\t\n\t\t\t\t\t<figure class=\"ha-card-figure\">\n\t\t\t\t<img width=\"544\" height=\"544\" src=\"https:\/\/aptn.pt\/48congresso\/wp-content\/uploads\/2025\/07\/Carla-Cardoso-.jpg\" class=\"attachment-large size-large\" alt=\"\" loading=\"lazy\" srcset=\"https:\/\/aptn.pt\/48congresso\/wp-content\/uploads\/2025\/07\/Carla-Cardoso-.jpg 544w, https:\/\/aptn.pt\/48congresso\/wp-content\/uploads\/2025\/07\/Carla-Cardoso--300x300.jpg 300w, https:\/\/aptn.pt\/48congresso\/wp-content\/uploads\/2025\/07\/Carla-Cardoso--150x150.jpg 150w\" sizes=\"(max-width: 544px) 100vw, 544px\" \/>\t\t\t\t\t\t\t<\/figure>\n\t\t\n\t\t<div class=\"ha-card-body\">\n\n\t\t\t<h2 class=\"ha-card-title\">Carla Cardoso<\/h2>\n\t\t\t\t\t\t\t<div class=\"ha-card-text\">\n\t\t\t\t\t<p>APTN Adaptada<\/p>\n\t\t\t\t<\/div>\n\t\t\t\n\t\t\t\t\t<\/div>\n\t\t\t\t<\/div>\n\t\t\t\t<\/div>\n\t\t\t\t\t<\/div>\n\t\t<\/div>\n\t\t\t\t<div class=\"elementor-column elementor-col-25 elementor-inner-column elementor-element elementor-element-79d766d\" data-id=\"79d766d\" data-element_type=\"column\">\n\t\t\t<div class=\"elementor-widget-wrap elementor-element-populated\">\n\t\t\t\t\t\t\t\t<div class=\"elementor-element elementor-element-d2034c2 ha-card--top ha-card--tablet-top ha-card--mobile-top elementor-widget elementor-widget-ha-card happy-addon ha-card\" data-id=\"d2034c2\" data-element_type=\"widget\" data-widget_type=\"ha-card.default\">\n\t\t\t\t<div class=\"elementor-widget-container\">\n\t\t\t\n\t\t\t\t\t<figure class=\"ha-card-figure\">\n\t\t\t\t<img width=\"1024\" height=\"1024\" src=\"https:\/\/aptn.pt\/48congresso\/wp-content\/uploads\/2025\/07\/silvia-pinto-1024x1024.jpg\" class=\"attachment-large size-large\" alt=\"\" loading=\"lazy\" srcset=\"https:\/\/aptn.pt\/48congresso\/wp-content\/uploads\/2025\/07\/silvia-pinto-1024x1024.jpg 1024w, https:\/\/aptn.pt\/48congresso\/wp-content\/uploads\/2025\/07\/silvia-pinto-300x300.jpg 300w, https:\/\/aptn.pt\/48congresso\/wp-content\/uploads\/2025\/07\/silvia-pinto-150x150.jpg 150w, https:\/\/aptn.pt\/48congresso\/wp-content\/uploads\/2025\/07\/silvia-pinto-768x768.jpg 768w, https:\/\/aptn.pt\/48congresso\/wp-content\/uploads\/2025\/07\/silvia-pinto-1536x1536.jpg 1536w, https:\/\/aptn.pt\/48congresso\/wp-content\/uploads\/2025\/07\/silvia-pinto-2048x2048.jpg 2048w\" sizes=\"(max-width: 1024px) 100vw, 1024px\" \/>\t\t\t\t\t\t\t<\/figure>\n\t\t\n\t\t<div class=\"ha-card-body\">\n\n\t\t\t<h2 class=\"ha-card-title\">S\u00edlvia Pinto<\/h2>\n\t\t\t\t\t\t\t<div class=\"ha-card-text\">\n\t\t\t\t\t<p>APTN Art\u00edstica<\/p>\n\t\t\t\t<\/div>\n\t\t\t\n\t\t\t\t\t<\/div>\n\t\t\t\t<\/div>\n\t\t\t\t<\/div>\n\t\t\t\t\t<\/div>\n\t\t<\/div>\n\t\t\t\t<div class=\"elementor-column elementor-col-25 elementor-inner-column elementor-element elementor-element-6157959\" data-id=\"6157959\" data-element_type=\"column\">\n\t\t\t<div class=\"elementor-widget-wrap elementor-element-populated\">\n\t\t\t\t\t\t\t\t<div class=\"elementor-element elementor-element-e6aa66a ha-card--top ha-card--tablet-top ha-card--mobile-top elementor-widget elementor-widget-ha-card happy-addon ha-card\" data-id=\"e6aa66a\" data-element_type=\"widget\" data-widget_type=\"ha-card.default\">\n\t\t\t\t<div class=\"elementor-widget-container\">\n\t\t\t\n\t\t\t\t\t<figure class=\"ha-card-figure\">\n\t\t\t\t<img width=\"382\" height=\"382\" src=\"https:\/\/aptn.pt\/48congresso\/wp-content\/uploads\/2025\/07\/marc-moreira.jpg\" class=\"attachment-large size-large\" alt=\"\" loading=\"lazy\" srcset=\"https:\/\/aptn.pt\/48congresso\/wp-content\/uploads\/2025\/07\/marc-moreira.jpg 382w, https:\/\/aptn.pt\/48congresso\/wp-content\/uploads\/2025\/07\/marc-moreira-300x300.jpg 300w, https:\/\/aptn.pt\/48congresso\/wp-content\/uploads\/2025\/07\/marc-moreira-150x150.jpg 150w\" sizes=\"(max-width: 382px) 100vw, 382px\" \/>\t\t\t\t\t\t\t<\/figure>\n\t\t\n\t\t<div class=\"ha-card-body\">\n\n\t\t\t<h2 class=\"ha-card-title\">Marc Moreira<\/h2>\n\t\t\t\t\t\t\t<div class=\"ha-card-text\">\n\t\t\t\t\t<p>APTN nata\u00e7\u00e3o pura (aguarda-se confirma\u00e7\u00e3o)<\/p>\n\t\t\t\t<\/div>\n\t\t\t\n\t\t\t\t\t<\/div>\n\t\t\t\t<\/div>\n\t\t\t\t<\/div>\n\t\t\t\t\t<\/div>\n\t\t<\/div>\n\t\t\t\t\t\t\t<\/div>\n\t\t<\/section>\n\t\t\t\t<section class=\"elementor-section elementor-inner-section elementor-element elementor-element-f059c42 elementor-section-boxed elementor-section-height-default elementor-section-height-default\" data-id=\"f059c42\" data-element_type=\"section\" data-settings=\"{&quot;_ha_eqh_enable&quot;:false}\">\n\t\t\t\t\t\t<div class=\"elementor-container elementor-column-gap-default\">\n\t\t\t\t\t<div class=\"elementor-column elementor-col-25 elementor-inner-column elementor-element elementor-element-091da32\" data-id=\"091da32\" data-element_type=\"column\">\n\t\t\t<div class=\"elementor-widget-wrap\">\n\t\t\t\t\t\t\t\t\t<\/div>\n\t\t<\/div>\n\t\t\t\t<div class=\"elementor-column elementor-col-25 elementor-inner-column elementor-element elementor-element-093cf9d\" data-id=\"093cf9d\" data-element_type=\"column\">\n\t\t\t<div class=\"elementor-widget-wrap elementor-element-populated\">\n\t\t\t\t\t\t\t\t<div class=\"elementor-element elementor-element-8c7a7ee ha-card--top ha-card--tablet-top ha-card--mobile-top elementor-widget elementor-widget-ha-card happy-addon ha-card\" data-id=\"8c7a7ee\" data-element_type=\"widget\" data-widget_type=\"ha-card.default\">\n\t\t\t\t<div class=\"elementor-widget-container\">\n\t\t\t\n\t\t\t\t\t<figure class=\"ha-card-figure\">\n\t\t\t\t<img width=\"345\" height=\"345\" src=\"https:\/\/aptn.pt\/48congresso\/wp-content\/uploads\/2025\/07\/Teresa-Rocha2.jpg\" class=\"attachment-large size-large\" alt=\"\" loading=\"lazy\" srcset=\"https:\/\/aptn.pt\/48congresso\/wp-content\/uploads\/2025\/07\/Teresa-Rocha2.jpg 345w, https:\/\/aptn.pt\/48congresso\/wp-content\/uploads\/2025\/07\/Teresa-Rocha2-300x300.jpg 300w, https:\/\/aptn.pt\/48congresso\/wp-content\/uploads\/2025\/07\/Teresa-Rocha2-150x150.jpg 150w\" sizes=\"(max-width: 345px) 100vw, 345px\" \/>\t\t\t\t\t\t\t<\/figure>\n\t\t\n\t\t<div class=\"ha-card-body\">\n\n\t\t\t<h2 class=\"ha-card-title\">Teresa Rocha<\/h2>\n\t\t\t\t\t\t\t<div class=\"ha-card-text\">\n\t\t\t\t\t<p>APTN \u00c9tica<\/p>\n\t\t\t\t<\/div>\n\t\t\t\n\t\t\t\t\t<\/div>\n\t\t\t\t<\/div>\n\t\t\t\t<\/div>\n\t\t\t\t\t<\/div>\n\t\t<\/div>\n\t\t\t\t<div class=\"elementor-column elementor-col-25 elementor-inner-column elementor-element elementor-element-723dc1e\" data-id=\"723dc1e\" data-element_type=\"column\">\n\t\t\t<div class=\"elementor-widget-wrap elementor-element-populated\">\n\t\t\t\t\t\t\t\t<div class=\"elementor-element elementor-element-75bf0d1 ha-card--top ha-card--tablet-top ha-card--mobile-top elementor-widget elementor-widget-ha-card happy-addon ha-card\" data-id=\"75bf0d1\" data-element_type=\"widget\" data-widget_type=\"ha-card.default\">\n\t\t\t\t<div class=\"elementor-widget-container\">\n\t\t\t\n\t\t\t\t\t<figure class=\"ha-card-figure\">\n\t\t\t\t<img width=\"674\" height=\"674\" src=\"https:\/\/aptn.pt\/48congresso\/wp-content\/uploads\/2025\/07\/tiago-venancio.jpg\" class=\"attachment-large size-large\" alt=\"\" loading=\"lazy\" srcset=\"https:\/\/aptn.pt\/48congresso\/wp-content\/uploads\/2025\/07\/tiago-venancio.jpg 674w, https:\/\/aptn.pt\/48congresso\/wp-content\/uploads\/2025\/07\/tiago-venancio-300x300.jpg 300w, https:\/\/aptn.pt\/48congresso\/wp-content\/uploads\/2025\/07\/tiago-venancio-150x150.jpg 150w\" sizes=\"(max-width: 674px) 100vw, 674px\" \/>\t\t\t\t\t\t\t<\/figure>\n\t\t\n\t\t<div class=\"ha-card-body\">\n\n\t\t\t<h2 class=\"ha-card-title\">Tiago Ven\u00e2ncio<\/h2>\n\t\t\t\t\t\t\t<div class=\"ha-card-text\">\n\t\t\t\t\t<p>APTN \u00c9tica<\/p>\n\t\t\t\t<\/div>\n\t\t\t\n\t\t\t\t\t<\/div>\n\t\t\t\t<\/div>\n\t\t\t\t<\/div>\n\t\t\t\t\t<\/div>\n\t\t<\/div>\n\t\t\t\t<div class=\"elementor-column elementor-col-25 elementor-inner-column elementor-element elementor-element-5cde2eb\" data-id=\"5cde2eb\" data-element_type=\"column\">\n\t\t\t<div class=\"elementor-widget-wrap\">\n\t\t\t\t\t\t\t\t\t<\/div>\n\t\t<\/div>\n\t\t\t\t\t\t\t<\/div>\n\t\t<\/section>\n\t\t\t\t<div class=\"elementor-element elementor-element-0802192 elementor-widget elementor-widget-spacer\" data-id=\"0802192\" data-element_type=\"widget\" data-widget_type=\"spacer.default\">\n\t\t\t\t<div class=\"elementor-widget-container\">\n\t\t\t\t\t<div class=\"elementor-spacer\">\n\t\t\t<div class=\"elementor-spacer-inner\"><\/div>\n\t\t<\/div>\n\t\t\t\t<\/div>\n\t\t\t\t<\/div>\n\t\t\t\t<div class=\"elementor-element elementor-element-5481c11 elementor-widget elementor-widget-heading\" data-id=\"5481c11\" data-element_type=\"widget\" data-widget_type=\"heading.default\">\n\t\t\t\t<div class=\"elementor-widget-container\">\n\t\t\t<h2 class=\"elementor-heading-title elementor-size-default\">Comiss\u00e3o organizadora LOCAL<\/h2>\t\t<\/div>\n\t\t\t\t<\/div>\n\t\t\t\t<section class=\"elementor-section elementor-inner-section elementor-element elementor-element-9ffe56c elementor-section-boxed elementor-section-height-default elementor-section-height-default\" data-id=\"9ffe56c\" data-element_type=\"section\" data-settings=\"{&quot;_ha_eqh_enable&quot;:false}\">\n\t\t\t\t\t\t<div class=\"elementor-container elementor-column-gap-default\">\n\t\t\t\t\t<div class=\"elementor-column elementor-col-25 elementor-inner-column elementor-element elementor-element-bb436b1\" data-id=\"bb436b1\" data-element_type=\"column\">\n\t\t\t<div class=\"elementor-widget-wrap elementor-element-populated\">\n\t\t\t\t\t\t\t\t<div class=\"elementor-element elementor-element-6765e68 ha-card--top ha-card--tablet-top ha-card--mobile-top elementor-widget elementor-widget-ha-card happy-addon ha-card\" data-id=\"6765e68\" data-element_type=\"widget\" data-widget_type=\"ha-card.default\">\n\t\t\t\t<div class=\"elementor-widget-container\">\n\t\t\t\n\t\t\t\t\t<figure class=\"ha-card-figure\">\n\t\t\t\t<img width=\"425\" height=\"425\" src=\"https:\/\/aptn.pt\/48congresso\/wp-content\/uploads\/2025\/07\/MARTA-MARTINS.jpg\" class=\"attachment-large size-large\" alt=\"\" loading=\"lazy\" srcset=\"https:\/\/aptn.pt\/48congresso\/wp-content\/uploads\/2025\/07\/MARTA-MARTINS.jpg 425w, https:\/\/aptn.pt\/48congresso\/wp-content\/uploads\/2025\/07\/MARTA-MARTINS-300x300.jpg 300w, https:\/\/aptn.pt\/48congresso\/wp-content\/uploads\/2025\/07\/MARTA-MARTINS-150x150.jpg 150w\" sizes=\"(max-width: 425px) 100vw, 425px\" \/>\t\t\t\t\t\t\t<\/figure>\n\t\t\n\t\t<div class=\"ha-card-body\">\n\n\t\t\t<h2 class=\"ha-card-title\">Marta Martins<\/h2>\n\t\t\t\t\t\t\t<div class=\"ha-card-text\">\n\t\t\t\t\t<p>Escola Superior de Desporto de Rio Maior<\/p>\n\t\t\t\t<\/div>\n\t\t\t\n\t\t\t\t\t<\/div>\n\t\t\t\t<\/div>\n\t\t\t\t<\/div>\n\t\t\t\t\t<\/div>\n\t\t<\/div>\n\t\t\t\t<div class=\"elementor-column elementor-col-25 elementor-inner-column elementor-element elementor-element-7800934\" data-id=\"7800934\" data-element_type=\"column\">\n\t\t\t<div class=\"elementor-widget-wrap elementor-element-populated\">\n\t\t\t\t\t\t\t\t<div class=\"elementor-element elementor-element-8c12492 ha-card--top ha-card--tablet-top ha-card--mobile-top elementor-widget elementor-widget-ha-card happy-addon ha-card\" data-id=\"8c12492\" data-element_type=\"widget\" data-widget_type=\"ha-card.default\">\n\t\t\t\t<div class=\"elementor-widget-container\">\n\t\t\t\n\t\t\t\t\t<figure class=\"ha-card-figure\">\n\t\t\t\t<img width=\"800\" height=\"800\" src=\"https:\/\/aptn.pt\/48congresso\/wp-content\/uploads\/2025\/07\/ana-conceicao.png\" class=\"attachment-large size-large\" alt=\"\" loading=\"lazy\" srcset=\"https:\/\/aptn.pt\/48congresso\/wp-content\/uploads\/2025\/07\/ana-conceicao.png 800w, https:\/\/aptn.pt\/48congresso\/wp-content\/uploads\/2025\/07\/ana-conceicao-300x300.png 300w, https:\/\/aptn.pt\/48congresso\/wp-content\/uploads\/2025\/07\/ana-conceicao-150x150.png 150w, https:\/\/aptn.pt\/48congresso\/wp-content\/uploads\/2025\/07\/ana-conceicao-768x768.png 768w\" sizes=\"(max-width: 800px) 100vw, 800px\" \/>\t\t\t\t\t\t\t<\/figure>\n\t\t\n\t\t<div class=\"ha-card-body\">\n\n\t\t\t<h2 class=\"ha-card-title\">Ana Concei\u00e7\u00e3o<\/h2>\n\t\t\t\t\t\t\t<div class=\"ha-card-text\">\n\t\t\t\t\t<p>Escola Superior de Desporto de Rio Maior (aguarda-se confirma\u00e7\u00e3o)<\/p>\n\t\t\t\t<\/div>\n\t\t\t\n\t\t\t\t\t<\/div>\n\t\t\t\t<\/div>\n\t\t\t\t<\/div>\n\t\t\t\t\t<\/div>\n\t\t<\/div>\n\t\t\t\t<div class=\"elementor-column elementor-col-25 elementor-inner-column elementor-element elementor-element-12703bc\" data-id=\"12703bc\" data-element_type=\"column\">\n\t\t\t<div class=\"elementor-widget-wrap elementor-element-populated\">\n\t\t\t\t\t\t\t\t<div class=\"elementor-element elementor-element-5e82258 ha-card--top ha-card--tablet-top ha-card--mobile-top elementor-widget elementor-widget-ha-card happy-addon ha-card\" data-id=\"5e82258\" data-element_type=\"widget\" data-widget_type=\"ha-card.default\">\n\t\t\t\t<div class=\"elementor-widget-container\">\n\t\t\t\n\t\t\t\t\t<figure class=\"ha-card-figure\">\n\t\t\t\t<img width=\"800\" height=\"800\" src=\"https:\/\/aptn.pt\/48congresso\/wp-content\/uploads\/2025\/07\/hugo-louro.png\" class=\"attachment-large size-large\" alt=\"\" loading=\"lazy\" srcset=\"https:\/\/aptn.pt\/48congresso\/wp-content\/uploads\/2025\/07\/hugo-louro.png 800w, https:\/\/aptn.pt\/48congresso\/wp-content\/uploads\/2025\/07\/hugo-louro-300x300.png 300w, https:\/\/aptn.pt\/48congresso\/wp-content\/uploads\/2025\/07\/hugo-louro-150x150.png 150w, https:\/\/aptn.pt\/48congresso\/wp-content\/uploads\/2025\/07\/hugo-louro-768x768.png 768w\" sizes=\"(max-width: 800px) 100vw, 800px\" \/>\t\t\t\t\t\t\t<\/figure>\n\t\t\n\t\t<div class=\"ha-card-body\">\n\n\t\t\t<h2 class=\"ha-card-title\">Hugo Louro<\/h2>\n\t\t\t\t\t\t\t<div class=\"ha-card-text\">\n\t\t\t\t\t<p>Escola Superior de Desporto de Rio Maior (aguarda-se confirma\u00e7\u00e3o)<\/p>\n\t\t\t\t<\/div>\n\t\t\t\n\t\t\t\t\t<\/div>\n\t\t\t\t<\/div>\n\t\t\t\t<\/div>\n\t\t\t\t\t<\/div>\n\t\t<\/div>\n\t\t\t\t<div class=\"elementor-column elementor-col-25 elementor-inner-column elementor-element elementor-element-992c77a\" data-id=\"992c77a\" data-element_type=\"column\">\n\t\t\t<div class=\"elementor-widget-wrap elementor-element-populated\">\n\t\t\t\t\t\t\t\t<div class=\"elementor-element elementor-element-de5fde3 ha-card--top ha-card--tablet-top ha-card--mobile-top elementor-widget elementor-widget-ha-card happy-addon ha-card\" data-id=\"de5fde3\" data-element_type=\"widget\" data-widget_type=\"ha-card.default\">\n\t\t\t\t<div class=\"elementor-widget-container\">\n\t\t\t\n\t\t\t\t\t<figure class=\"ha-card-figure\">\n\t\t\t\t<img width=\"1024\" height=\"1024\" src=\"https:\/\/aptn.pt\/48congresso\/wp-content\/uploads\/2025\/07\/Antonio-Moreira.png\" class=\"attachment-large size-large\" alt=\"\" loading=\"lazy\" srcset=\"https:\/\/aptn.pt\/48congresso\/wp-content\/uploads\/2025\/07\/Antonio-Moreira.png 1024w, https:\/\/aptn.pt\/48congresso\/wp-content\/uploads\/2025\/07\/Antonio-Moreira-300x300.png 300w, https:\/\/aptn.pt\/48congresso\/wp-content\/uploads\/2025\/07\/Antonio-Moreira-150x150.png 150w, https:\/\/aptn.pt\/48congresso\/wp-content\/uploads\/2025\/07\/Antonio-Moreira-768x768.png 768w\" sizes=\"(max-width: 1024px) 100vw, 1024px\" \/>\t\t\t\t\t\t\t<\/figure>\n\t\t\n\t\t<div class=\"ha-card-body\">\n\n\t\t\t<h2 class=\"ha-card-title\">Ant\u00f3nio Moreira<\/h2>\n\t\t\t\t\t\t\t<div class=\"ha-card-text\">\n\t\t\t\t\t<p>Escola Superior de Desporto de Rio Maior (aguarda-se confirma\u00e7\u00e3o)<\/p>\n\t\t\t\t<\/div>\n\t\t\t\n\t\t\t\t\t<\/div>\n\t\t\t\t<\/div>\n\t\t\t\t<\/div>\n\t\t\t\t\t<\/div>\n\t\t<\/div>\n\t\t\t\t\t\t\t<\/div>\n\t\t<\/section>\n\t\t\t\t<div class=\"elementor-element elementor-element-006f0b8 elementor-widget elementor-widget-heading\" data-id=\"006f0b8\" data-element_type=\"widget\" data-widget_type=\"heading.default\">\n\t\t\t\t<div class=\"elementor-widget-container\">\n\t\t\t<h2 class=\"elementor-heading-title elementor-size-default\">Comiss\u00e3o cient\u00edfica<\/h2>\t\t<\/div>\n\t\t\t\t<\/div>\n\t\t\t\t<section class=\"elementor-section elementor-inner-section elementor-element elementor-element-ad814ef elementor-hidden-desktop elementor-hidden-tablet elementor-hidden-mobile elementor-section-boxed elementor-section-height-default elementor-section-height-default\" data-id=\"ad814ef\" data-element_type=\"section\" data-settings=\"{&quot;_ha_eqh_enable&quot;:false}\">\n\t\t\t\t\t\t<div class=\"elementor-container elementor-column-gap-default\">\n\t\t\t\t\t<div class=\"elementor-column elementor-col-25 elementor-inner-column elementor-element elementor-element-e9333a7\" data-id=\"e9333a7\" data-element_type=\"column\">\n\t\t\t<div class=\"elementor-widget-wrap elementor-element-populated\">\n\t\t\t\t\t\t\t\t<div class=\"elementor-element elementor-element-63ca304 ha-card--top ha-card--tablet-top ha-card--mobile-top elementor-widget elementor-widget-ha-card happy-addon ha-card\" data-id=\"63ca304\" data-element_type=\"widget\" data-widget_type=\"ha-card.default\">\n\t\t\t\t<div class=\"elementor-widget-container\">\n\t\t\t\n\t\t\t\t\t<figure class=\"ha-card-figure\">\n\t\t\t\t<img width=\"600\" height=\"600\" src=\"https:\/\/aptn.pt\/48congresso\/wp-content\/uploads\/2022\/05\/PEDRO-MOROUCO.jpg\" class=\"attachment-large size-large\" alt=\"\" loading=\"lazy\" srcset=\"https:\/\/aptn.pt\/48congresso\/wp-content\/uploads\/2022\/05\/PEDRO-MOROUCO.jpg 600w, https:\/\/aptn.pt\/48congresso\/wp-content\/uploads\/2022\/05\/PEDRO-MOROUCO-300x300.jpg 300w, https:\/\/aptn.pt\/48congresso\/wp-content\/uploads\/2022\/05\/PEDRO-MOROUCO-150x150.jpg 150w\" sizes=\"(max-width: 600px) 100vw, 600px\" \/>\t\t\t\t\t\t\t<\/figure>\n\t\t\n\t\t<div class=\"ha-card-body\">\n\n\t\t\t<h2 class=\"ha-card-title\">Pedro Morou\u00e7o<\/h2>\n\t\t\t\t\t\t\t<div class=\"ha-card-text\">\n\t\t\t\t\t<p>Diretor da Escola Superior de Educa\u00e7\u00e3o e Ci\u00eancias Sociais<\/p>\n\t\t\t\t<\/div>\n\t\t\t\n\t\t\t\t\t<\/div>\n\t\t\t\t<\/div>\n\t\t\t\t<\/div>\n\t\t\t\t\t<\/div>\n\t\t<\/div>\n\t\t\t\t<div class=\"elementor-column elementor-col-25 elementor-inner-column elementor-element elementor-element-8cb6f80\" data-id=\"8cb6f80\" data-element_type=\"column\">\n\t\t\t<div class=\"elementor-widget-wrap elementor-element-populated\">\n\t\t\t\t\t\t\t\t<div class=\"elementor-element elementor-element-9a9cc6e ha-card--top ha-card--tablet-top ha-card--mobile-top elementor-widget elementor-widget-ha-card happy-addon ha-card\" data-id=\"9a9cc6e\" data-element_type=\"widget\" data-widget_type=\"ha-card.default\">\n\t\t\t\t<div class=\"elementor-widget-container\">\n\t\t\t\n\t\t\t\t\t<figure class=\"ha-card-figure\">\n\t\t\t\t<img width=\"270\" height=\"270\" src=\"https:\/\/aptn.pt\/48congresso\/wp-content\/uploads\/2021\/06\/Francisco_Alves.jpg\" class=\"attachment-large size-large\" alt=\"\" loading=\"lazy\" srcset=\"https:\/\/aptn.pt\/48congresso\/wp-content\/uploads\/2021\/06\/Francisco_Alves.jpg 270w, https:\/\/aptn.pt\/48congresso\/wp-content\/uploads\/2021\/06\/Francisco_Alves-150x150.jpg 150w\" sizes=\"(max-width: 270px) 100vw, 270px\" \/>\t\t\t\t\t\t\t<\/figure>\n\t\t\n\t\t<div class=\"ha-card-body\">\n\n\t\t\t<h2 class=\"ha-card-title\">Rui Matos<\/h2>\n\t\t\t\t\t\t\t<div class=\"ha-card-text\">\n\t\t\t\t\t<p>Coordenador do CIEQV<\/p>\n\t\t\t\t<\/div>\n\t\t\t\n\t\t\t\t\t<\/div>\n\t\t\t\t<\/div>\n\t\t\t\t<\/div>\n\t\t\t\t\t<\/div>\n\t\t<\/div>\n\t\t\t\t<div class=\"elementor-column elementor-col-25 elementor-inner-column elementor-element elementor-element-3c87d65\" data-id=\"3c87d65\" data-element_type=\"column\">\n\t\t\t<div class=\"elementor-widget-wrap elementor-element-populated\">\n\t\t\t\t\t\t\t\t<div class=\"elementor-element elementor-element-c492ccc ha-card--top ha-card--tablet-top ha-card--mobile-top elementor-widget elementor-widget-ha-card happy-addon ha-card\" data-id=\"c492ccc\" data-element_type=\"widget\" data-widget_type=\"ha-card.default\">\n\t\t\t\t<div class=\"elementor-widget-container\">\n\t\t\t\n\t\t\t\t\t<figure class=\"ha-card-figure\">\n\t\t\t\t<img width=\"512\" height=\"512\" src=\"https:\/\/aptn.pt\/48congresso\/wp-content\/uploads\/2022\/05\/Raul-Antunes.jpg\" class=\"attachment-large size-large\" alt=\"\" loading=\"lazy\" srcset=\"https:\/\/aptn.pt\/48congresso\/wp-content\/uploads\/2022\/05\/Raul-Antunes.jpg 512w, https:\/\/aptn.pt\/48congresso\/wp-content\/uploads\/2022\/05\/Raul-Antunes-300x300.jpg 300w, https:\/\/aptn.pt\/48congresso\/wp-content\/uploads\/2022\/05\/Raul-Antunes-150x150.jpg 150w\" sizes=\"(max-width: 512px) 100vw, 512px\" \/>\t\t\t\t\t\t\t<\/figure>\n\t\t\n\t\t<div class=\"ha-card-body\">\n\n\t\t\t<h2 class=\"ha-card-title\">Raul Antunes<\/h2>\n\t\t\t\t\t\t\t<div class=\"ha-card-text\">\n\t\t\t\t\t<p>Coordenador de sec\u00e7\u00e3o, ESECS<\/p>\n\t\t\t\t<\/div>\n\t\t\t\n\t\t\t\t\t<\/div>\n\t\t\t\t<\/div>\n\t\t\t\t<\/div>\n\t\t\t\t\t<\/div>\n\t\t<\/div>\n\t\t\t\t<div class=\"elementor-column elementor-col-25 elementor-inner-column elementor-element elementor-element-6614f93\" data-id=\"6614f93\" data-element_type=\"column\">\n\t\t\t<div class=\"elementor-widget-wrap elementor-element-populated\">\n\t\t\t\t\t\t\t\t<div class=\"elementor-element elementor-element-6316038 ha-card--top ha-card--tablet-top ha-card--mobile-top elementor-widget elementor-widget-ha-card happy-addon ha-card\" data-id=\"6316038\" data-element_type=\"widget\" data-widget_type=\"ha-card.default\">\n\t\t\t\t<div class=\"elementor-widget-container\">\n\t\t\t\n\t\t\t\t\t<figure class=\"ha-card-figure\">\n\t\t\t\t<img width=\"225\" height=\"225\" src=\"https:\/\/aptn.pt\/48congresso\/wp-content\/uploads\/2022\/05\/diogo-monteiro.jpg\" class=\"attachment-large size-large\" alt=\"\" loading=\"lazy\" srcset=\"https:\/\/aptn.pt\/48congresso\/wp-content\/uploads\/2022\/05\/diogo-monteiro.jpg 225w, https:\/\/aptn.pt\/48congresso\/wp-content\/uploads\/2022\/05\/diogo-monteiro-150x150.jpg 150w\" sizes=\"(max-width: 225px) 100vw, 225px\" \/>\t\t\t\t\t\t\t<\/figure>\n\t\t\n\t\t<div class=\"ha-card-body\">\n\n\t\t\t<h2 class=\"ha-card-title\">Diogo Monteiro<\/h2>\n\t\t\t\t\t\t\t<div class=\"ha-card-text\">\n\t\t\t\t\t<p>Coordenador da Licenciatura DBE, ESECS<\/p>\n\t\t\t\t<\/div>\n\t\t\t\n\t\t\t\t\t<\/div>\n\t\t\t\t<\/div>\n\t\t\t\t<\/div>\n\t\t\t\t\t<\/div>\n\t\t<\/div>\n\t\t\t\t\t\t\t<\/div>\n\t\t<\/section>\n\t\t\t\t<section class=\"elementor-section elementor-inner-section elementor-element elementor-element-e2f293c elementor-hidden-desktop elementor-hidden-tablet elementor-hidden-mobile elementor-section-boxed elementor-section-height-default elementor-section-height-default\" data-id=\"e2f293c\" data-element_type=\"section\" data-settings=\"{&quot;_ha_eqh_enable&quot;:false}\">\n\t\t\t\t\t\t<div class=\"elementor-container elementor-column-gap-default\">\n\t\t\t\t\t<div class=\"elementor-column elementor-col-25 elementor-inner-column elementor-element elementor-element-73d1f3b\" data-id=\"73d1f3b\" data-element_type=\"column\">\n\t\t\t<div class=\"elementor-widget-wrap elementor-element-populated\">\n\t\t\t\t\t\t\t\t<div class=\"elementor-element elementor-element-3b5b365 ha-card--top ha-card--tablet-top ha-card--mobile-top elementor-widget elementor-widget-ha-card happy-addon ha-card\" data-id=\"3b5b365\" data-element_type=\"widget\" data-widget_type=\"ha-card.default\">\n\t\t\t\t<div class=\"elementor-widget-container\">\n\t\t\t\n\t\t\t\t\t<figure class=\"ha-card-figure\">\n\t\t\t\t<img width=\"270\" height=\"270\" src=\"https:\/\/aptn.pt\/48congresso\/wp-content\/uploads\/2021\/06\/Francisco_Alves.jpg\" class=\"attachment-large size-large\" alt=\"\" loading=\"lazy\" srcset=\"https:\/\/aptn.pt\/48congresso\/wp-content\/uploads\/2021\/06\/Francisco_Alves.jpg 270w, https:\/\/aptn.pt\/48congresso\/wp-content\/uploads\/2021\/06\/Francisco_Alves-150x150.jpg 150w\" sizes=\"(max-width: 270px) 100vw, 270px\" \/>\t\t\t\t\t\t\t<\/figure>\n\t\t\n\t\t<div class=\"ha-card-body\">\n\n\t\t\t<h2 class=\"ha-card-title\">Rog\u00e9rio Salvador<\/h2>\n\t\t\t\t\t\t\t<div class=\"ha-card-text\">\n\t\t\t\t\t<p>Coordenador MPEPS<\/p>\n\t\t\t\t<\/div>\n\t\t\t\n\t\t\t\t\t<\/div>\n\t\t\t\t<\/div>\n\t\t\t\t<\/div>\n\t\t\t\t\t<\/div>\n\t\t<\/div>\n\t\t\t\t<div class=\"elementor-column elementor-col-25 elementor-inner-column elementor-element elementor-element-b5efb9e\" data-id=\"b5efb9e\" data-element_type=\"column\">\n\t\t\t<div class=\"elementor-widget-wrap elementor-element-populated\">\n\t\t\t\t\t\t\t\t<div class=\"elementor-element elementor-element-5b7857b ha-card--top ha-card--tablet-top ha-card--mobile-top elementor-widget elementor-widget-ha-card happy-addon ha-card\" data-id=\"5b7857b\" data-element_type=\"widget\" data-widget_type=\"ha-card.default\">\n\t\t\t\t<div class=\"elementor-widget-container\">\n\t\t\t\n\t\t\t\t\t<figure class=\"ha-card-figure\">\n\t\t\t\t<img width=\"512\" height=\"512\" src=\"https:\/\/aptn.pt\/48congresso\/wp-content\/uploads\/2022\/05\/Nuno-Amaro.jpg\" class=\"attachment-large size-large\" alt=\"\" loading=\"lazy\" srcset=\"https:\/\/aptn.pt\/48congresso\/wp-content\/uploads\/2022\/05\/Nuno-Amaro.jpg 512w, https:\/\/aptn.pt\/48congresso\/wp-content\/uploads\/2022\/05\/Nuno-Amaro-300x300.jpg 300w, https:\/\/aptn.pt\/48congresso\/wp-content\/uploads\/2022\/05\/Nuno-Amaro-150x150.jpg 150w\" sizes=\"(max-width: 512px) 100vw, 512px\" \/>\t\t\t\t\t\t\t<\/figure>\n\t\t\n\t\t<div class=\"ha-card-body\">\n\n\t\t\t<h2 class=\"ha-card-title\">Nuno Amaro<\/h2>\n\t\t\t\t\t\t\t<div class=\"ha-card-text\">\n\t\t\t\t\t<p>Regente das Unidades curriculares de Atividades aqu\u00e1ticas, ESECS<\/p>\n\t\t\t\t<\/div>\n\t\t\t\n\t\t\t\t\t<\/div>\n\t\t\t\t<\/div>\n\t\t\t\t<\/div>\n\t\t\t\t\t<\/div>\n\t\t<\/div>\n\t\t\t\t<div class=\"elementor-column elementor-col-25 elementor-inner-column elementor-element elementor-element-0253d7d\" data-id=\"0253d7d\" data-element_type=\"column\">\n\t\t\t<div class=\"elementor-widget-wrap\">\n\t\t\t\t\t\t\t\t\t<\/div>\n\t\t<\/div>\n\t\t\t\t<div class=\"elementor-column elementor-col-25 elementor-inner-column elementor-element elementor-element-67f60f1\" data-id=\"67f60f1\" data-element_type=\"column\">\n\t\t\t<div class=\"elementor-widget-wrap\">\n\t\t\t\t\t\t\t\t\t<\/div>\n\t\t<\/div>\n\t\t\t\t\t\t\t<\/div>\n\t\t<\/section>\n\t\t\t\t<div class=\"elementor-element elementor-element-ecfa614 elementor-widget elementor-widget-spacer\" data-id=\"ecfa614\" data-element_type=\"widget\" data-widget_type=\"spacer.default\">\n\t\t\t\t<div class=\"elementor-widget-container\">\n\t\t\t\t\t<div class=\"elementor-spacer\">\n\t\t\t<div class=\"elementor-spacer-inner\"><\/div>\n\t\t<\/div>\n\t\t\t\t<\/div>\n\t\t\t\t<\/div>\n\t\t\t\t<section class=\"elementor-section elementor-inner-section elementor-element elementor-element-e36dc55 elementor-section-boxed elementor-section-height-default elementor-section-height-default\" data-id=\"e36dc55\" data-element_type=\"section\" data-settings=\"{&quot;_ha_eqh_enable&quot;:false}\">\n\t\t\t\t\t\t<div class=\"elementor-container elementor-column-gap-default\">\n\t\t\t\t\t<div class=\"elementor-column elementor-col-25 elementor-inner-column elementor-element elementor-element-6546d9a\" data-id=\"6546d9a\" data-element_type=\"column\">\n\t\t\t<div class=\"elementor-widget-wrap elementor-element-populated\">\n\t\t\t\t\t\t\t\t<div class=\"elementor-element elementor-element-e2833cc ha-card--top ha-card--tablet-top ha-card--mobile-top elementor-widget elementor-widget-ha-card happy-addon ha-card\" data-id=\"e2833cc\" data-element_type=\"widget\" data-widget_type=\"ha-card.default\">\n\t\t\t\t<div class=\"elementor-widget-container\">\n\t\t\t\n\t\t\t\t\t<figure class=\"ha-card-figure\">\n\t\t\t\t<img width=\"1024\" height=\"1024\" src=\"https:\/\/aptn.pt\/48congresso\/wp-content\/uploads\/2024\/06\/Mario-Costa-1024x1024.jpg\" class=\"attachment-large size-large\" alt=\"\" loading=\"lazy\" srcset=\"https:\/\/aptn.pt\/48congresso\/wp-content\/uploads\/2024\/06\/Mario-Costa-1024x1024.jpg 1024w, https:\/\/aptn.pt\/48congresso\/wp-content\/uploads\/2024\/06\/Mario-Costa-300x300.jpg 300w, https:\/\/aptn.pt\/48congresso\/wp-content\/uploads\/2024\/06\/Mario-Costa-150x150.jpg 150w, https:\/\/aptn.pt\/48congresso\/wp-content\/uploads\/2024\/06\/Mario-Costa-768x768.jpg 768w, https:\/\/aptn.pt\/48congresso\/wp-content\/uploads\/2024\/06\/Mario-Costa-1536x1536.jpg 1536w, https:\/\/aptn.pt\/48congresso\/wp-content\/uploads\/2024\/06\/Mario-Costa-2048x2048.jpg 2048w\" sizes=\"(max-width: 1024px) 100vw, 1024px\" \/>\t\t\t\t\t\t\t<\/figure>\n\t\t\n\t\t<div class=\"ha-card-body\">\n\n\t\t\t<h2 class=\"ha-card-title\">M\u00e1rio Costa<\/h2>\n\t\t\t\t\t\t\t<div class=\"ha-card-text\">\n\t\t\t\t\t<p>APTN; Faculdade de Desporto da Universidade do Porto<\/p>\n\t\t\t\t<\/div>\n\t\t\t\n\t\t\t\t\t<\/div>\n\t\t\t\t<\/div>\n\t\t\t\t<\/div>\n\t\t\t\t\t<\/div>\n\t\t<\/div>\n\t\t\t\t<div class=\"elementor-column elementor-col-25 elementor-inner-column elementor-element elementor-element-6649fbc\" data-id=\"6649fbc\" data-element_type=\"column\">\n\t\t\t<div class=\"elementor-widget-wrap elementor-element-populated\">\n\t\t\t\t\t\t\t\t<div class=\"elementor-element elementor-element-77a999e ha-card--top ha-card--tablet-top ha-card--mobile-top elementor-widget elementor-widget-ha-card happy-addon ha-card\" data-id=\"77a999e\" data-element_type=\"widget\" data-widget_type=\"ha-card.default\">\n\t\t\t\t<div class=\"elementor-widget-container\">\n\t\t\t\n\t\t\t\t\t<figure class=\"ha-card-figure\">\n\t\t\t\t<img width=\"1024\" height=\"1024\" src=\"https:\/\/aptn.pt\/48congresso\/wp-content\/uploads\/2025\/07\/catarina-santos-1024x1024.jpg\" class=\"attachment-large size-large\" alt=\"\" loading=\"lazy\" srcset=\"https:\/\/aptn.pt\/48congresso\/wp-content\/uploads\/2025\/07\/catarina-santos-1024x1024.jpg 1024w, https:\/\/aptn.pt\/48congresso\/wp-content\/uploads\/2025\/07\/catarina-santos-300x300.jpg 300w, https:\/\/aptn.pt\/48congresso\/wp-content\/uploads\/2025\/07\/catarina-santos-150x150.jpg 150w, https:\/\/aptn.pt\/48congresso\/wp-content\/uploads\/2025\/07\/catarina-santos-768x768.jpg 768w, https:\/\/aptn.pt\/48congresso\/wp-content\/uploads\/2025\/07\/catarina-santos-1536x1536.jpg 1536w, https:\/\/aptn.pt\/48congresso\/wp-content\/uploads\/2025\/07\/catarina-santos.jpg 1680w\" sizes=\"(max-width: 1024px) 100vw, 1024px\" \/>\t\t\t\t\t\t\t<\/figure>\n\t\t\n\t\t<div class=\"ha-card-body\">\n\n\t\t\t<h2 class=\"ha-card-title\">Catarina Santos<\/h2>\n\t\t\t\t\t\t\t<div class=\"ha-card-text\">\n\t\t\t\t\t<p>APTN, Universidade de Tr\u00e1s-os-Montes e Alto Douro<\/p>\n\t\t\t\t<\/div>\n\t\t\t\n\t\t\t\t\t<\/div>\n\t\t\t\t<\/div>\n\t\t\t\t<\/div>\n\t\t\t\t\t<\/div>\n\t\t<\/div>\n\t\t\t\t<div class=\"elementor-column elementor-col-25 elementor-inner-column elementor-element elementor-element-1f6daa1\" data-id=\"1f6daa1\" data-element_type=\"column\">\n\t\t\t<div class=\"elementor-widget-wrap elementor-element-populated\">\n\t\t\t\t\t\t\t\t<div class=\"elementor-element elementor-element-e416c91 ha-card--top ha-card--tablet-top ha-card--mobile-top elementor-widget elementor-widget-ha-card happy-addon ha-card\" data-id=\"e416c91\" data-element_type=\"widget\" data-widget_type=\"ha-card.default\">\n\t\t\t\t<div class=\"elementor-widget-container\">\n\t\t\t\n\t\t\t\t\t<figure class=\"ha-card-figure\">\n\t\t\t\t<img width=\"325\" height=\"325\" src=\"https:\/\/aptn.pt\/48congresso\/wp-content\/uploads\/2025\/07\/julio-santos.jpg\" class=\"attachment-large size-large\" alt=\"\" loading=\"lazy\" srcset=\"https:\/\/aptn.pt\/48congresso\/wp-content\/uploads\/2025\/07\/julio-santos.jpg 325w, https:\/\/aptn.pt\/48congresso\/wp-content\/uploads\/2025\/07\/julio-santos-300x300.jpg 300w, https:\/\/aptn.pt\/48congresso\/wp-content\/uploads\/2025\/07\/julio-santos-150x150.jpg 150w\" sizes=\"(max-width: 325px) 100vw, 325px\" \/>\t\t\t\t\t\t\t<\/figure>\n\t\t\n\t\t<div class=\"ha-card-body\">\n\n\t\t\t<h2 class=\"ha-card-title\">J\u00falio Martins<\/h2>\n\t\t\t\t\t\t\t<div class=\"ha-card-text\">\n\t\t\t\t\t<p>APTN<\/p>\n\t\t\t\t<\/div>\n\t\t\t\n\t\t\t\t\t<\/div>\n\t\t\t\t<\/div>\n\t\t\t\t<\/div>\n\t\t\t\t\t<\/div>\n\t\t<\/div>\n\t\t\t\t<div class=\"elementor-column elementor-col-25 elementor-inner-column elementor-element elementor-element-053ba9f\" data-id=\"053ba9f\" data-element_type=\"column\">\n\t\t\t<div class=\"elementor-widget-wrap elementor-element-populated\">\n\t\t\t\t\t\t\t\t<div class=\"elementor-element elementor-element-e65a800 ha-card--top ha-card--tablet-top ha-card--mobile-top elementor-widget elementor-widget-ha-card happy-addon ha-card\" data-id=\"e65a800\" data-element_type=\"widget\" data-widget_type=\"ha-card.default\">\n\t\t\t\t<div class=\"elementor-widget-container\">\n\t\t\t\n\t\t\t\t\t<figure class=\"ha-card-figure\">\n\t\t\t\t<img width=\"1024\" height=\"1024\" src=\"https:\/\/aptn.pt\/48congresso\/wp-content\/uploads\/2025\/07\/garrido-1024x1024.jpg\" class=\"attachment-large size-large\" alt=\"\" loading=\"lazy\" srcset=\"https:\/\/aptn.pt\/48congresso\/wp-content\/uploads\/2025\/07\/garrido-1024x1024.jpg 1024w, https:\/\/aptn.pt\/48congresso\/wp-content\/uploads\/2025\/07\/garrido-300x300.jpg 300w, https:\/\/aptn.pt\/48congresso\/wp-content\/uploads\/2025\/07\/garrido-150x150.jpg 150w, https:\/\/aptn.pt\/48congresso\/wp-content\/uploads\/2025\/07\/garrido-768x768.jpg 768w, https:\/\/aptn.pt\/48congresso\/wp-content\/uploads\/2025\/07\/garrido-1536x1536.jpg 1536w, https:\/\/aptn.pt\/48congresso\/wp-content\/uploads\/2025\/07\/garrido-2048x2048.jpg 2048w\" sizes=\"(max-width: 1024px) 100vw, 1024px\" \/>\t\t\t\t\t\t\t<\/figure>\n\t\t\n\t\t<div class=\"ha-card-body\">\n\n\t\t\t<h2 class=\"ha-card-title\">Nuno Garrido<\/h2>\n\t\t\t\t\t\t\t<div class=\"ha-card-text\">\n\t\t\t\t\t<p>APTN, Universidade de Tr\u00e1s-os-Montes e Alto Douro<\/p>\n\t\t\t\t<\/div>\n\t\t\t\n\t\t\t\t\t<\/div>\n\t\t\t\t<\/div>\n\t\t\t\t<\/div>\n\t\t\t\t\t<\/div>\n\t\t<\/div>\n\t\t\t\t\t\t\t<\/div>\n\t\t<\/section>\n\t\t\t\t<section class=\"elementor-section elementor-inner-section elementor-element elementor-element-d2d82e7 elementor-section-boxed elementor-section-height-default elementor-section-height-default\" data-id=\"d2d82e7\" data-element_type=\"section\" data-settings=\"{&quot;_ha_eqh_enable&quot;:false}\">\n\t\t\t\t\t\t<div class=\"elementor-container elementor-column-gap-default\">\n\t\t\t\t\t<div class=\"elementor-column elementor-col-25 elementor-inner-column elementor-element elementor-element-a854f03\" data-id=\"a854f03\" data-element_type=\"column\">\n\t\t\t<div class=\"elementor-widget-wrap\">\n\t\t\t\t\t\t\t\t\t<\/div>\n\t\t<\/div>\n\t\t\t\t<div class=\"elementor-column elementor-col-25 elementor-inner-column elementor-element elementor-element-0fd403f\" data-id=\"0fd403f\" data-element_type=\"column\">\n\t\t\t<div class=\"elementor-widget-wrap elementor-element-populated\">\n\t\t\t\t\t\t\t\t<div class=\"elementor-element elementor-element-bd38e49 ha-card--top ha-card--tablet-top ha-card--mobile-top elementor-widget elementor-widget-ha-card happy-addon ha-card\" data-id=\"bd38e49\" data-element_type=\"widget\" data-widget_type=\"ha-card.default\">\n\t\t\t\t<div class=\"elementor-widget-container\">\n\t\t\t\n\t\t\t\t\t<figure class=\"ha-card-figure\">\n\t\t\t\t<img width=\"1024\" height=\"1024\" src=\"https:\/\/aptn.pt\/48congresso\/wp-content\/uploads\/2025\/07\/mario-espada-1024x1024.jpg\" class=\"attachment-large size-large\" alt=\"\" loading=\"lazy\" srcset=\"https:\/\/aptn.pt\/48congresso\/wp-content\/uploads\/2025\/07\/mario-espada-1024x1024.jpg 1024w, https:\/\/aptn.pt\/48congresso\/wp-content\/uploads\/2025\/07\/mario-espada-300x300.jpg 300w, https:\/\/aptn.pt\/48congresso\/wp-content\/uploads\/2025\/07\/mario-espada-150x150.jpg 150w, https:\/\/aptn.pt\/48congresso\/wp-content\/uploads\/2025\/07\/mario-espada-768x768.jpg 768w, https:\/\/aptn.pt\/48congresso\/wp-content\/uploads\/2025\/07\/mario-espada-1536x1536.jpg 1536w, https:\/\/aptn.pt\/48congresso\/wp-content\/uploads\/2025\/07\/mario-espada-2048x2048.jpg 2048w\" sizes=\"(max-width: 1024px) 100vw, 1024px\" \/>\t\t\t\t\t\t\t<\/figure>\n\t\t\n\t\t<div class=\"ha-card-body\">\n\n\t\t\t<h2 class=\"ha-card-title\">M\u00e1rio Espada<\/h2>\n\t\t\t\t\t\t\t<div class=\"ha-card-text\">\n\t\t\t\t\t<p>APTN, Instituto Polit\u00e9cnico de Set\u00fabal<\/p>\n\t\t\t\t<\/div>\n\t\t\t\n\t\t\t\t\t<\/div>\n\t\t\t\t<\/div>\n\t\t\t\t<\/div>\n\t\t\t\t\t<\/div>\n\t\t<\/div>\n\t\t\t\t<div class=\"elementor-column elementor-col-25 elementor-inner-column elementor-element elementor-element-2238cae\" data-id=\"2238cae\" data-element_type=\"column\">\n\t\t\t<div class=\"elementor-widget-wrap elementor-element-populated\">\n\t\t\t\t\t\t\t\t<div class=\"elementor-element elementor-element-bbf272c ha-card--top ha-card--tablet-top ha-card--mobile-top elementor-widget elementor-widget-ha-card happy-addon ha-card\" data-id=\"bbf272c\" data-element_type=\"widget\" data-widget_type=\"ha-card.default\">\n\t\t\t\t<div class=\"elementor-widget-container\">\n\t\t\t\n\t\t\t\t\t<figure class=\"ha-card-figure\">\n\t\t\t\t<img width=\"340\" height=\"340\" src=\"https:\/\/aptn.pt\/48congresso\/wp-content\/uploads\/2021\/06\/Aldo.jpg\" class=\"attachment-large size-large\" alt=\"\" loading=\"lazy\" srcset=\"https:\/\/aptn.pt\/48congresso\/wp-content\/uploads\/2021\/06\/Aldo.jpg 340w, https:\/\/aptn.pt\/48congresso\/wp-content\/uploads\/2021\/06\/Aldo-300x300.jpg 300w, https:\/\/aptn.pt\/48congresso\/wp-content\/uploads\/2021\/06\/Aldo-150x150.jpg 150w\" sizes=\"(max-width: 340px) 100vw, 340px\" \/>\t\t\t\t\t\t\t<\/figure>\n\t\t\n\t\t<div class=\"ha-card-body\">\n\n\t\t\t<h2 class=\"ha-card-title\">Aldo Costa<\/h2>\n\t\t\t\t\t\t\t<div class=\"ha-card-text\">\n\t\t\t\t\t<p>APTN, Universidade da Beira Interior<\/p>\n\t\t\t\t<\/div>\n\t\t\t\n\t\t\t\t\t<\/div>\n\t\t\t\t<\/div>\n\t\t\t\t<\/div>\n\t\t\t\t\t<\/div>\n\t\t<\/div>\n\t\t\t\t<div class=\"elementor-column elementor-col-25 elementor-inner-column elementor-element elementor-element-5a3ecd0\" data-id=\"5a3ecd0\" data-element_type=\"column\">\n\t\t\t<div class=\"elementor-widget-wrap\">\n\t\t\t\t\t\t\t\t\t<\/div>\n\t\t<\/div>\n\t\t\t\t\t\t\t<\/div>\n\t\t<\/section>\n\t\t\t\t<div class=\"elementor-element elementor-element-91b38a1 elementor-widget elementor-widget-spacer\" data-id=\"91b38a1\" data-element_type=\"widget\" data-widget_type=\"spacer.default\">\n\t\t\t\t<div class=\"elementor-widget-container\">\n\t\t\t\t\t<div class=\"elementor-spacer\">\n\t\t\t<div class=\"elementor-spacer-inner\"><\/div>\n\t\t<\/div>\n\t\t\t\t<\/div>\n\t\t\t\t<\/div>\n\t\t\t\t<div class=\"elementor-element elementor-element-d24b13d elementor-widget elementor-widget-heading\" data-id=\"d24b13d\" data-element_type=\"widget\" data-widget_type=\"heading.default\">\n\t\t\t\t<div class=\"elementor-widget-container\">\n\t\t\t<h2 class=\"elementor-heading-title elementor-size-default\">APOIO T\u00c9CNICO<\/h2>\t\t<\/div>\n\t\t\t\t<\/div>\n\t\t\t\t<section class=\"elementor-section elementor-inner-section elementor-element elementor-element-24da7dc elementor-section-boxed elementor-section-height-default elementor-section-height-default\" data-id=\"24da7dc\" data-element_type=\"section\" data-settings=\"{&quot;_ha_eqh_enable&quot;:false}\">\n\t\t\t\t\t\t<div class=\"elementor-container elementor-column-gap-default\">\n\t\t\t\t\t<div class=\"elementor-column elementor-col-25 elementor-inner-column elementor-element elementor-element-71675e1\" data-id=\"71675e1\" data-element_type=\"column\">\n\t\t\t<div class=\"elementor-widget-wrap elementor-element-populated\">\n\t\t\t\t\t\t\t\t<div class=\"elementor-element elementor-element-87e587e ha-card--top ha-card--tablet-top ha-card--mobile-top elementor-widget elementor-widget-ha-card happy-addon ha-card\" data-id=\"87e587e\" data-element_type=\"widget\" data-widget_type=\"ha-card.default\">\n\t\t\t\t<div class=\"elementor-widget-container\">\n\t\t\t\n\t\t\t\t\t<figure class=\"ha-card-figure\">\n\t\t\t\t<img width=\"572\" height=\"573\" src=\"https:\/\/aptn.pt\/48congresso\/wp-content\/uploads\/2025\/07\/David-Gorgulhosite.jpg\" class=\"attachment-large size-large\" alt=\"\" loading=\"lazy\" srcset=\"https:\/\/aptn.pt\/48congresso\/wp-content\/uploads\/2025\/07\/David-Gorgulhosite.jpg 572w, https:\/\/aptn.pt\/48congresso\/wp-content\/uploads\/2025\/07\/David-Gorgulhosite-300x300.jpg 300w, https:\/\/aptn.pt\/48congresso\/wp-content\/uploads\/2025\/07\/David-Gorgulhosite-150x150.jpg 150w\" sizes=\"(max-width: 572px) 100vw, 572px\" \/>\t\t\t\t\t\t\t<\/figure>\n\t\t\n\t\t<div class=\"ha-card-body\">\n\n\t\t\t<h2 class=\"ha-card-title\">David Gorgulho<\/h2>\n\t\t\t\t\t\t\t<div class=\"ha-card-text\">\n\t\t\t\t\t<p>APTN Comunica\u00e7\u00e3o; Marketing e redes sociais <\/p>\n\t\t\t\t<\/div>\n\t\t\t\n\t\t\t\t\t<\/div>\n\t\t\t\t<\/div>\n\t\t\t\t<\/div>\n\t\t\t\t\t<\/div>\n\t\t<\/div>\n\t\t\t\t<div class=\"elementor-column elementor-col-25 elementor-inner-column elementor-element elementor-element-8251cd4\" data-id=\"8251cd4\" data-element_type=\"column\">\n\t\t\t<div class=\"elementor-widget-wrap elementor-element-populated\">\n\t\t\t\t\t\t\t\t<div class=\"elementor-element elementor-element-e39db52 ha-card--top ha-card--tablet-top ha-card--mobile-top elementor-widget elementor-widget-ha-card happy-addon ha-card\" data-id=\"e39db52\" data-element_type=\"widget\" data-widget_type=\"ha-card.default\">\n\t\t\t\t<div class=\"elementor-widget-container\">\n\t\t\t\n\t\t\t\t\t<figure class=\"ha-card-figure\">\n\t\t\t\t<img width=\"800\" height=\"800\" src=\"https:\/\/aptn.pt\/48congresso\/wp-content\/uploads\/2025\/07\/tatiana-fazenda.png\" class=\"attachment-large size-large\" alt=\"\" loading=\"lazy\" srcset=\"https:\/\/aptn.pt\/48congresso\/wp-content\/uploads\/2025\/07\/tatiana-fazenda.png 800w, https:\/\/aptn.pt\/48congresso\/wp-content\/uploads\/2025\/07\/tatiana-fazenda-300x300.png 300w, https:\/\/aptn.pt\/48congresso\/wp-content\/uploads\/2025\/07\/tatiana-fazenda-150x150.png 150w, https:\/\/aptn.pt\/48congresso\/wp-content\/uploads\/2025\/07\/tatiana-fazenda-768x768.png 768w\" sizes=\"(max-width: 800px) 100vw, 800px\" \/>\t\t\t\t\t\t\t<\/figure>\n\t\t\n\t\t<div class=\"ha-card-body\">\n\n\t\t\t<h2 class=\"ha-card-title\">Tatiana Fazenda<\/h2>\n\t\t\t\t\t\t\t<div class=\"ha-card-text\">\n\t\t\t\t\t<p>APTN Comunica\u00e7\u00e3o; Marketing e redes sociais<\/p>\n\t\t\t\t<\/div>\n\t\t\t\n\t\t\t\t\t<\/div>\n\t\t\t\t<\/div>\n\t\t\t\t<\/div>\n\t\t\t\t\t<\/div>\n\t\t<\/div>\n\t\t\t\t<div class=\"elementor-column elementor-col-25 elementor-inner-column elementor-element elementor-element-59bb643\" data-id=\"59bb643\" data-element_type=\"column\">\n\t\t\t<div class=\"elementor-widget-wrap elementor-element-populated\">\n\t\t\t\t\t\t\t\t<div class=\"elementor-element elementor-element-bdb9d20 ha-card--top ha-card--tablet-top ha-card--mobile-top elementor-widget elementor-widget-ha-card happy-addon ha-card\" data-id=\"bdb9d20\" data-element_type=\"widget\" data-widget_type=\"ha-card.default\">\n\t\t\t\t<div class=\"elementor-widget-container\">\n\t\t\t\n\t\t\t\t\t<figure class=\"ha-card-figure\">\n\t\t\t\t<img width=\"289\" height=\"289\" src=\"https:\/\/aptn.pt\/48congresso\/wp-content\/uploads\/2021\/06\/Vera.jpg\" class=\"attachment-large size-large\" alt=\"\" loading=\"lazy\" srcset=\"https:\/\/aptn.pt\/48congresso\/wp-content\/uploads\/2021\/06\/Vera.jpg 289w, https:\/\/aptn.pt\/48congresso\/wp-content\/uploads\/2021\/06\/Vera-150x150.jpg 150w\" sizes=\"(max-width: 289px) 100vw, 289px\" \/>\t\t\t\t\t\t\t<\/figure>\n\t\t\n\t\t<div class=\"ha-card-body\">\n\n\t\t\t<h2 class=\"ha-card-title\">Vera Baptista<\/h2>\n\t\t\t\t\t\t\t<div class=\"ha-card-text\">\n\t\t\t\t\t<p>Secretariado da Associa\u00e7\u00e3o Portuguesa de T\u00e9cnicos de Nata\u00e7\u00e3o<\/p>\n\t\t\t\t<\/div>\n\t\t\t\n\t\t\t\t\t<\/div>\n\t\t\t\t<\/div>\n\t\t\t\t<\/div>\n\t\t\t\t\t<\/div>\n\t\t<\/div>\n\t\t\t\t<div class=\"elementor-column elementor-col-25 elementor-inner-column elementor-element elementor-element-976adda\" data-id=\"976adda\" data-element_type=\"column\">\n\t\t\t<div class=\"elementor-widget-wrap elementor-element-populated\">\n\t\t\t\t\t\t\t\t<div class=\"elementor-element elementor-element-ff2b26d ha-card--top ha-card--tablet-top ha-card--mobile-top elementor-widget elementor-widget-ha-card happy-addon ha-card\" data-id=\"ff2b26d\" data-element_type=\"widget\" data-widget_type=\"ha-card.default\">\n\t\t\t\t<div class=\"elementor-widget-container\">\n\t\t\t\n\t\t\t\t\t<figure class=\"ha-card-figure\">\n\t\t\t\t<img width=\"1024\" height=\"1024\" src=\"https:\/\/aptn.pt\/48congresso\/wp-content\/uploads\/2022\/05\/RE-2015-1024x1024.jpg\" class=\"attachment-large size-large\" alt=\"\" loading=\"lazy\" srcset=\"https:\/\/aptn.pt\/48congresso\/wp-content\/uploads\/2022\/05\/RE-2015-1024x1024.jpg 1024w, https:\/\/aptn.pt\/48congresso\/wp-content\/uploads\/2022\/05\/RE-2015-300x300.jpg 300w, https:\/\/aptn.pt\/48congresso\/wp-content\/uploads\/2022\/05\/RE-2015-150x150.jpg 150w, https:\/\/aptn.pt\/48congresso\/wp-content\/uploads\/2022\/05\/RE-2015-768x768.jpg 768w, https:\/\/aptn.pt\/48congresso\/wp-content\/uploads\/2022\/05\/RE-2015.jpg 1033w\" sizes=\"(max-width: 1024px) 100vw, 1024px\" \/>\t\t\t\t\t\t\t<\/figure>\n\t\t\n\t\t<div class=\"ha-card-body\">\n\n\t\t\t<h2 class=\"ha-card-title\">Rui Espinho<\/h2>\n\t\t\t\t\t\t\t<div class=\"ha-card-text\">\n\t\t\t\t\t<p>Comunica\u00e7\u00e3o: INCIPIT - Produ\u00e7\u00e3o de Conte\u00fados, Lda.<\/p>\n\t\t\t\t<\/div>\n\t\t\t\n\t\t\t\t\t<\/div>\n\t\t\t\t<\/div>\n\t\t\t\t<\/div>\n\t\t\t\t\t<\/div>\n\t\t<\/div>\n\t\t\t\t\t\t\t<\/div>\n\t\t<\/section>\n\t\t\t\t\t<\/div>\n\t\t<\/div>\n\t\t\t\t\t\t\t<\/div>\n\t\t<\/section>\n\t\t\t\t<section class=\"elementor-section elementor-top-section elementor-element elementor-element-6961de4 animated-fast elementor-hidden-desktop elementor-hidden-tablet elementor-hidden-mobile elementor-section-boxed elementor-section-height-default elementor-section-height-default elementor-invisible\" data-id=\"6961de4\" data-element_type=\"section\" data-settings=\"{&quot;background_background&quot;:&quot;classic&quot;,&quot;animation&quot;:&quot;fadeIn&quot;,&quot;animation_delay&quot;:600,&quot;_ha_eqh_enable&quot;:false}\">\n\t\t\t\t\t\t<div class=\"elementor-container elementor-column-gap-default\">\n\t\t\t\t\t<div class=\"elementor-column elementor-col-100 elementor-top-column elementor-element elementor-element-4de134b\" data-id=\"4de134b\" data-element_type=\"column\">\n\t\t\t<div class=\"elementor-widget-wrap elementor-element-populated\">\n\t\t\t\t\t\t\t\t<div class=\"elementor-element elementor-element-feaec1b elementor-widget elementor-widget-heading\" data-id=\"feaec1b\" data-element_type=\"widget\" data-widget_type=\"heading.default\">\n\t\t\t\t<div class=\"elementor-widget-container\">\n\t\t\t<h2 class=\"elementor-heading-title elementor-size-default\">Presidente DA Comiss\u00e3o Cient\u00edfica<\/h2>\t\t<\/div>\n\t\t\t\t<\/div>\n\t\t\t\t<section class=\"elementor-section elementor-inner-section elementor-element elementor-element-85db206 elementor-section-boxed elementor-section-height-default elementor-section-height-default\" data-id=\"85db206\" data-element_type=\"section\" data-settings=\"{&quot;_ha_eqh_enable&quot;:false}\">\n\t\t\t\t\t\t<div class=\"elementor-container elementor-column-gap-default\">\n\t\t\t\t\t<div class=\"elementor-column elementor-col-20 elementor-inner-column elementor-element elementor-element-f56add1\" data-id=\"f56add1\" data-element_type=\"column\">\n\t\t\t<div class=\"elementor-widget-wrap\">\n\t\t\t\t\t\t\t\t\t<\/div>\n\t\t<\/div>\n\t\t\t\t<div class=\"elementor-column elementor-col-20 elementor-inner-column elementor-element elementor-element-6aa1563\" data-id=\"6aa1563\" data-element_type=\"column\">\n\t\t\t<div class=\"elementor-widget-wrap\">\n\t\t\t\t\t\t\t\t\t<\/div>\n\t\t<\/div>\n\t\t\t\t<div class=\"elementor-column elementor-col-20 elementor-inner-column elementor-element elementor-element-42aec9b\" data-id=\"42aec9b\" data-element_type=\"column\">\n\t\t\t<div class=\"elementor-widget-wrap elementor-element-populated\">\n\t\t\t\t\t\t\t\t<div class=\"elementor-element elementor-element-69416a8 ha-card--top ha-card--tablet-top ha-card--mobile-top elementor-widget elementor-widget-ha-card happy-addon ha-card\" data-id=\"69416a8\" data-element_type=\"widget\" data-widget_type=\"ha-card.default\">\n\t\t\t\t<div class=\"elementor-widget-container\">\n\t\t\t\n\t\t\t\t\t<figure class=\"ha-card-figure\">\n\t\t\t\t<img width=\"512\" height=\"512\" src=\"https:\/\/aptn.pt\/48congresso\/wp-content\/uploads\/2023\/06\/Ricardo-Fernandes-23.jpg\" class=\"attachment-large size-large\" alt=\"\" loading=\"lazy\" srcset=\"https:\/\/aptn.pt\/48congresso\/wp-content\/uploads\/2023\/06\/Ricardo-Fernandes-23.jpg 512w, https:\/\/aptn.pt\/48congresso\/wp-content\/uploads\/2023\/06\/Ricardo-Fernandes-23-300x300.jpg 300w, https:\/\/aptn.pt\/48congresso\/wp-content\/uploads\/2023\/06\/Ricardo-Fernandes-23-150x150.jpg 150w\" sizes=\"(max-width: 512px) 100vw, 512px\" \/>\t\t\t\t\t\t\t<\/figure>\n\t\t\n\t\t<div class=\"ha-card-body\">\n\n\t\t\t<h2 class=\"ha-card-title\">Ricardo Fernandes<\/h2>\n\t\t\t\t\t\t\t<div class=\"ha-card-text\">\n\t\t\t\t\t<p>Director da comunidade APTN-Ci\u00eancia;\nProfessor Associado na Universidade do Porto\n<\/p>\n\t\t\t\t<\/div>\n\t\t\t\n\t\t\t\t\t<\/div>\n\t\t\t\t<\/div>\n\t\t\t\t<\/div>\n\t\t\t\t\t<\/div>\n\t\t<\/div>\n\t\t\t\t<div class=\"elementor-column elementor-col-20 elementor-inner-column elementor-element elementor-element-69f6c28\" data-id=\"69f6c28\" data-element_type=\"column\">\n\t\t\t<div class=\"elementor-widget-wrap\">\n\t\t\t\t\t\t\t\t\t<\/div>\n\t\t<\/div>\n\t\t\t\t<div class=\"elementor-column elementor-col-20 elementor-inner-column elementor-element elementor-element-4edbb49\" data-id=\"4edbb49\" data-element_type=\"column\">\n\t\t\t<div class=\"elementor-widget-wrap\">\n\t\t\t\t\t\t\t\t\t<\/div>\n\t\t<\/div>\n\t\t\t\t\t\t\t<\/div>\n\t\t<\/section>\n\t\t\t\t<div class=\"elementor-element elementor-element-58d19cf elementor-widget elementor-widget-spacer\" data-id=\"58d19cf\" data-element_type=\"widget\" data-widget_type=\"spacer.default\">\n\t\t\t\t<div class=\"elementor-widget-container\">\n\t\t\t\t\t<div class=\"elementor-spacer\">\n\t\t\t<div class=\"elementor-spacer-inner\"><\/div>\n\t\t<\/div>\n\t\t\t\t<\/div>\n\t\t\t\t<\/div>\n\t\t\t\t\t<\/div>\n\t\t<\/div>\n\t\t\t\t\t\t\t<\/div>\n\t\t<\/section>\n\t\t\t\t<section class=\"elementor-section elementor-top-section elementor-element elementor-element-8c07220 animated-fast elementor-hidden-desktop elementor-hidden-tablet elementor-hidden-mobile elementor-section-boxed elementor-section-height-default elementor-section-height-default elementor-invisible\" data-id=\"8c07220\" data-element_type=\"section\" data-settings=\"{&quot;background_background&quot;:&quot;classic&quot;,&quot;animation&quot;:&quot;fadeIn&quot;,&quot;animation_delay&quot;:600,&quot;_ha_eqh_enable&quot;:false}\">\n\t\t\t\t\t\t<div class=\"elementor-container elementor-column-gap-default\">\n\t\t\t\t\t<div class=\"elementor-column elementor-col-100 elementor-top-column elementor-element elementor-element-14e8e0e\" data-id=\"14e8e0e\" data-element_type=\"column\">\n\t\t\t<div class=\"elementor-widget-wrap elementor-element-populated\">\n\t\t\t\t\t\t\t\t<div class=\"elementor-element elementor-element-f5c2aed elementor-widget elementor-widget-heading\" data-id=\"f5c2aed\" data-element_type=\"widget\" data-widget_type=\"heading.default\">\n\t\t\t\t<div class=\"elementor-widget-container\">\n\t\t\t<h2 class=\"elementor-heading-title elementor-size-default\">Comiss\u00e3o Cient\u00edfica<\/h2>\t\t<\/div>\n\t\t\t\t<\/div>\n\t\t\t\t<section class=\"elementor-section elementor-inner-section elementor-element elementor-element-cf28465 elementor-section-boxed elementor-section-height-default elementor-section-height-default\" data-id=\"cf28465\" data-element_type=\"section\" data-settings=\"{&quot;_ha_eqh_enable&quot;:false}\">\n\t\t\t\t\t\t<div class=\"elementor-container elementor-column-gap-default\">\n\t\t\t\t\t<div class=\"elementor-column elementor-col-20 elementor-inner-column elementor-element elementor-element-fd4f383\" data-id=\"fd4f383\" data-element_type=\"column\">\n\t\t\t<div class=\"elementor-widget-wrap\">\n\t\t\t\t\t\t\t\t\t<\/div>\n\t\t<\/div>\n\t\t\t\t<div class=\"elementor-column elementor-col-20 elementor-inner-column elementor-element elementor-element-e12995b\" data-id=\"e12995b\" data-element_type=\"column\">\n\t\t\t<div class=\"elementor-widget-wrap elementor-element-populated\">\n\t\t\t\t\t\t\t\t<div class=\"elementor-element elementor-element-4c4252f ha-card--top ha-card--tablet-top ha-card--mobile-top elementor-widget elementor-widget-ha-card happy-addon ha-card\" data-id=\"4c4252f\" data-element_type=\"widget\" data-widget_type=\"ha-card.default\">\n\t\t\t\t<div class=\"elementor-widget-container\">\n\t\t\t\n\t\t\t\t\t<figure class=\"ha-card-figure\">\n\t\t\t\t<img width=\"384\" height=\"383\" src=\"https:\/\/aptn.pt\/48congresso\/wp-content\/uploads\/2023\/06\/Ana-Filipa-Silva_Escola-Superior-Desporto-e-Lazer-Instituto-Politecnico-de-Viana-do-Castelo.png\" class=\"attachment-large size-large\" alt=\"\" loading=\"lazy\" srcset=\"https:\/\/aptn.pt\/48congresso\/wp-content\/uploads\/2023\/06\/Ana-Filipa-Silva_Escola-Superior-Desporto-e-Lazer-Instituto-Politecnico-de-Viana-do-Castelo.png 384w, https:\/\/aptn.pt\/48congresso\/wp-content\/uploads\/2023\/06\/Ana-Filipa-Silva_Escola-Superior-Desporto-e-Lazer-Instituto-Politecnico-de-Viana-do-Castelo-300x300.png 300w, https:\/\/aptn.pt\/48congresso\/wp-content\/uploads\/2023\/06\/Ana-Filipa-Silva_Escola-Superior-Desporto-e-Lazer-Instituto-Politecnico-de-Viana-do-Castelo-150x150.png 150w\" sizes=\"(max-width: 384px) 100vw, 384px\" \/>\t\t\t\t\t\t\t<\/figure>\n\t\t\n\t\t<div class=\"ha-card-body\">\n\n\t\t\t<h2 class=\"ha-card-title\">Ana Filipa Silva<\/h2>\n\t\t\t\t\t\t\t<div class=\"ha-card-text\">\n\t\t\t\t\t<p>Escola Superior Desporto e Lazer do Instituto Polit\u00e9cnico de Viana do Castelo\n\n<\/p>\n\t\t\t\t<\/div>\n\t\t\t\n\t\t\t\t\t<\/div>\n\t\t\t\t<\/div>\n\t\t\t\t<\/div>\n\t\t\t\t\t<\/div>\n\t\t<\/div>\n\t\t\t\t<div class=\"elementor-column elementor-col-20 elementor-inner-column elementor-element elementor-element-3398a10\" data-id=\"3398a10\" data-element_type=\"column\">\n\t\t\t<div class=\"elementor-widget-wrap elementor-element-populated\">\n\t\t\t\t\t\t\t\t<div class=\"elementor-element elementor-element-be363c1 ha-card--top ha-card--tablet-top ha-card--mobile-top elementor-widget elementor-widget-ha-card happy-addon ha-card\" data-id=\"be363c1\" data-element_type=\"widget\" data-widget_type=\"ha-card.default\">\n\t\t\t\t<div class=\"elementor-widget-container\">\n\t\t\t\n\t\t\t\t\t<figure class=\"ha-card-figure\">\n\t\t\t\t<img width=\"280\" height=\"280\" src=\"https:\/\/aptn.pt\/48congresso\/wp-content\/uploads\/2021\/06\/Luis_Rana.jpg\" class=\"attachment-large size-large\" alt=\"\" loading=\"lazy\" srcset=\"https:\/\/aptn.pt\/48congresso\/wp-content\/uploads\/2021\/06\/Luis_Rana.jpg 280w, https:\/\/aptn.pt\/48congresso\/wp-content\/uploads\/2021\/06\/Luis_Rana-150x150.jpg 150w\" sizes=\"(max-width: 280px) 100vw, 280px\" \/>\t\t\t\t\t\t\t<\/figure>\n\t\t\n\t\t<div class=\"ha-card-body\">\n\n\t\t\t<h2 class=\"ha-card-title\">Lu\u00eds Rama<\/h2>\n\t\t\t\t\t\t\t<div class=\"ha-card-text\">\n\t\t\t\t\t<p>Faculdade de Ci\u00eancias do Desporto e Educa\u00e7\u00e3o F\u00edsica, Universidade de Coimbra\n\u200b\n<\/p>\n\t\t\t\t<\/div>\n\t\t\t\n\t\t\t\t\t<\/div>\n\t\t\t\t<\/div>\n\t\t\t\t<\/div>\n\t\t\t\t\t<\/div>\n\t\t<\/div>\n\t\t\t\t<div class=\"elementor-column elementor-col-20 elementor-inner-column elementor-element elementor-element-412a59a\" data-id=\"412a59a\" data-element_type=\"column\">\n\t\t\t<div class=\"elementor-widget-wrap elementor-element-populated\">\n\t\t\t\t\t\t\t\t<div class=\"elementor-element elementor-element-d3d3a74 ha-card--top ha-card--tablet-top ha-card--mobile-top elementor-widget elementor-widget-ha-card happy-addon ha-card\" data-id=\"d3d3a74\" data-element_type=\"widget\" data-widget_type=\"ha-card.default\">\n\t\t\t\t<div class=\"elementor-widget-container\">\n\t\t\t\n\t\t\t\t\t<figure class=\"ha-card-figure\">\n\t\t\t\t<img width=\"723\" height=\"569\" src=\"https:\/\/aptn.pt\/48congresso\/wp-content\/uploads\/2023\/06\/Joana-Reis-UL.png\" class=\"attachment-large size-large\" alt=\"\" loading=\"lazy\" srcset=\"https:\/\/aptn.pt\/48congresso\/wp-content\/uploads\/2023\/06\/Joana-Reis-UL.png 723w, https:\/\/aptn.pt\/48congresso\/wp-content\/uploads\/2023\/06\/Joana-Reis-UL-300x236.png 300w\" sizes=\"(max-width: 723px) 100vw, 723px\" \/>\t\t\t\t\t\t\t<\/figure>\n\t\t\n\t\t<div class=\"ha-card-body\">\n\n\t\t\t<h2 class=\"ha-card-title\">Joana Reis<\/h2>\n\t\t\t\t\t\t\t<div class=\"ha-card-text\">\n\t\t\t\t\t<p>Escola Superior Desporto e Lazer do Instituto Polit\u00e9cnico de Viana do Castelo\n\u200b\n<\/p>\n\t\t\t\t<\/div>\n\t\t\t\n\t\t\t\t\t<\/div>\n\t\t\t\t<\/div>\n\t\t\t\t<\/div>\n\t\t\t\t\t<\/div>\n\t\t<\/div>\n\t\t\t\t<div class=\"elementor-column elementor-col-20 elementor-inner-column elementor-element elementor-element-0c2b297\" data-id=\"0c2b297\" data-element_type=\"column\">\n\t\t\t<div class=\"elementor-widget-wrap\">\n\t\t\t\t\t\t\t\t\t<\/div>\n\t\t<\/div>\n\t\t\t\t\t\t\t<\/div>\n\t\t<\/section>\n\t\t\t\t<div class=\"elementor-element elementor-element-efa573b elementor-widget elementor-widget-spacer\" data-id=\"efa573b\" data-element_type=\"widget\" data-widget_type=\"spacer.default\">\n\t\t\t\t<div class=\"elementor-widget-container\">\n\t\t\t\t\t<div class=\"elementor-spacer\">\n\t\t\t<div class=\"elementor-spacer-inner\"><\/div>\n\t\t<\/div>\n\t\t\t\t<\/div>\n\t\t\t\t<\/div>\n\t\t\t\t<div class=\"elementor-element elementor-element-475dc7d elementor-widget elementor-widget-heading\" data-id=\"475dc7d\" data-element_type=\"widget\" data-widget_type=\"heading.default\">\n\t\t\t\t<div class=\"elementor-widget-container\">\n\t\t\t<h2 class=\"elementor-heading-title elementor-size-default\">em atualiza\u00e7\u00e3o<\/h2>\t\t<\/div>\n\t\t\t\t<\/div>\n\t\t\t\t<section class=\"elementor-section elementor-inner-section elementor-element elementor-element-76ccbfb elementor-hidden-desktop elementor-hidden-tablet elementor-hidden-mobile elementor-section-boxed elementor-section-height-default elementor-section-height-default\" data-id=\"76ccbfb\" data-element_type=\"section\" data-settings=\"{&quot;_ha_eqh_enable&quot;:false}\">\n\t\t\t\t\t\t<div class=\"elementor-container elementor-column-gap-default\">\n\t\t\t\t\t<div class=\"elementor-column elementor-col-25 elementor-inner-column elementor-element elementor-element-1059ea4\" data-id=\"1059ea4\" data-element_type=\"column\">\n\t\t\t<div class=\"elementor-widget-wrap elementor-element-populated\">\n\t\t\t\t\t\t\t\t<div class=\"elementor-element elementor-element-179422e ha-card--top ha-card--tablet-top ha-card--mobile-top elementor-widget elementor-widget-ha-card happy-addon ha-card\" data-id=\"179422e\" data-element_type=\"widget\" data-widget_type=\"ha-card.default\">\n\t\t\t\t<div class=\"elementor-widget-container\">\n\t\t\t\n\t\t\t\t\t<figure class=\"ha-card-figure\">\n\t\t\t\t<img width=\"600\" height=\"600\" src=\"https:\/\/aptn.pt\/48congresso\/wp-content\/uploads\/2022\/05\/PEDRO-MOROUCO.jpg\" class=\"attachment-large size-large\" alt=\"\" loading=\"lazy\" srcset=\"https:\/\/aptn.pt\/48congresso\/wp-content\/uploads\/2022\/05\/PEDRO-MOROUCO.jpg 600w, https:\/\/aptn.pt\/48congresso\/wp-content\/uploads\/2022\/05\/PEDRO-MOROUCO-300x300.jpg 300w, https:\/\/aptn.pt\/48congresso\/wp-content\/uploads\/2022\/05\/PEDRO-MOROUCO-150x150.jpg 150w\" sizes=\"(max-width: 600px) 100vw, 600px\" \/>\t\t\t\t\t\t\t<\/figure>\n\t\t\n\t\t<div class=\"ha-card-body\">\n\n\t\t\t<h2 class=\"ha-card-title\">Pedro Morou\u00e7o<\/h2>\n\t\t\t\t\t\t\t<div class=\"ha-card-text\">\n\t\t\t\t\t<p>Diretor da Escola Superior de Educa\u00e7\u00e3o e Ci\u00eancias Sociais<\/p>\n\t\t\t\t<\/div>\n\t\t\t\n\t\t\t\t\t<\/div>\n\t\t\t\t<\/div>\n\t\t\t\t<\/div>\n\t\t\t\t\t<\/div>\n\t\t<\/div>\n\t\t\t\t<div class=\"elementor-column elementor-col-25 elementor-inner-column elementor-element elementor-element-8bdf511\" data-id=\"8bdf511\" data-element_type=\"column\">\n\t\t\t<div class=\"elementor-widget-wrap elementor-element-populated\">\n\t\t\t\t\t\t\t\t<div class=\"elementor-element elementor-element-de48f68 ha-card--top ha-card--tablet-top ha-card--mobile-top elementor-widget elementor-widget-ha-card happy-addon ha-card\" data-id=\"de48f68\" data-element_type=\"widget\" data-widget_type=\"ha-card.default\">\n\t\t\t\t<div class=\"elementor-widget-container\">\n\t\t\t\n\t\t\t\t\t<figure class=\"ha-card-figure\">\n\t\t\t\t<img width=\"270\" height=\"270\" src=\"https:\/\/aptn.pt\/48congresso\/wp-content\/uploads\/2021\/06\/Francisco_Alves.jpg\" class=\"attachment-large size-large\" alt=\"\" loading=\"lazy\" srcset=\"https:\/\/aptn.pt\/48congresso\/wp-content\/uploads\/2021\/06\/Francisco_Alves.jpg 270w, https:\/\/aptn.pt\/48congresso\/wp-content\/uploads\/2021\/06\/Francisco_Alves-150x150.jpg 150w\" sizes=\"(max-width: 270px) 100vw, 270px\" \/>\t\t\t\t\t\t\t<\/figure>\n\t\t\n\t\t<div class=\"ha-card-body\">\n\n\t\t\t<h2 class=\"ha-card-title\">Rui Matos<\/h2>\n\t\t\t\t\t\t\t<div class=\"ha-card-text\">\n\t\t\t\t\t<p>Coordenador do CIEQV<\/p>\n\t\t\t\t<\/div>\n\t\t\t\n\t\t\t\t\t<\/div>\n\t\t\t\t<\/div>\n\t\t\t\t<\/div>\n\t\t\t\t\t<\/div>\n\t\t<\/div>\n\t\t\t\t<div class=\"elementor-column elementor-col-25 elementor-inner-column elementor-element elementor-element-12d69a8\" data-id=\"12d69a8\" data-element_type=\"column\">\n\t\t\t<div class=\"elementor-widget-wrap elementor-element-populated\">\n\t\t\t\t\t\t\t\t<div class=\"elementor-element elementor-element-2995d5c ha-card--top ha-card--tablet-top ha-card--mobile-top elementor-widget elementor-widget-ha-card happy-addon ha-card\" data-id=\"2995d5c\" data-element_type=\"widget\" data-widget_type=\"ha-card.default\">\n\t\t\t\t<div class=\"elementor-widget-container\">\n\t\t\t\n\t\t\t\t\t<figure class=\"ha-card-figure\">\n\t\t\t\t<img width=\"512\" height=\"512\" src=\"https:\/\/aptn.pt\/48congresso\/wp-content\/uploads\/2022\/05\/Raul-Antunes.jpg\" class=\"attachment-large size-large\" alt=\"\" loading=\"lazy\" srcset=\"https:\/\/aptn.pt\/48congresso\/wp-content\/uploads\/2022\/05\/Raul-Antunes.jpg 512w, https:\/\/aptn.pt\/48congresso\/wp-content\/uploads\/2022\/05\/Raul-Antunes-300x300.jpg 300w, https:\/\/aptn.pt\/48congresso\/wp-content\/uploads\/2022\/05\/Raul-Antunes-150x150.jpg 150w\" sizes=\"(max-width: 512px) 100vw, 512px\" \/>\t\t\t\t\t\t\t<\/figure>\n\t\t\n\t\t<div class=\"ha-card-body\">\n\n\t\t\t<h2 class=\"ha-card-title\">Raul Antunes<\/h2>\n\t\t\t\t\t\t\t<div class=\"ha-card-text\">\n\t\t\t\t\t<p>Coordenador de sec\u00e7\u00e3o, ESECS<\/p>\n\t\t\t\t<\/div>\n\t\t\t\n\t\t\t\t\t<\/div>\n\t\t\t\t<\/div>\n\t\t\t\t<\/div>\n\t\t\t\t\t<\/div>\n\t\t<\/div>\n\t\t\t\t<div class=\"elementor-column elementor-col-25 elementor-inner-column elementor-element elementor-element-c997dbe\" data-id=\"c997dbe\" data-element_type=\"column\">\n\t\t\t<div class=\"elementor-widget-wrap elementor-element-populated\">\n\t\t\t\t\t\t\t\t<div class=\"elementor-element elementor-element-8c4954d ha-card--top ha-card--tablet-top ha-card--mobile-top elementor-widget elementor-widget-ha-card happy-addon ha-card\" data-id=\"8c4954d\" data-element_type=\"widget\" data-widget_type=\"ha-card.default\">\n\t\t\t\t<div class=\"elementor-widget-container\">\n\t\t\t\n\t\t\t\t\t<figure class=\"ha-card-figure\">\n\t\t\t\t<img width=\"225\" height=\"225\" src=\"https:\/\/aptn.pt\/48congresso\/wp-content\/uploads\/2022\/05\/diogo-monteiro.jpg\" class=\"attachment-large size-large\" alt=\"\" loading=\"lazy\" srcset=\"https:\/\/aptn.pt\/48congresso\/wp-content\/uploads\/2022\/05\/diogo-monteiro.jpg 225w, https:\/\/aptn.pt\/48congresso\/wp-content\/uploads\/2022\/05\/diogo-monteiro-150x150.jpg 150w\" sizes=\"(max-width: 225px) 100vw, 225px\" \/>\t\t\t\t\t\t\t<\/figure>\n\t\t\n\t\t<div class=\"ha-card-body\">\n\n\t\t\t<h2 class=\"ha-card-title\">Diogo Monteiro<\/h2>\n\t\t\t\t\t\t\t<div class=\"ha-card-text\">\n\t\t\t\t\t<p>Coordenador da Licenciatura DBE, ESECS<\/p>\n\t\t\t\t<\/div>\n\t\t\t\n\t\t\t\t\t<\/div>\n\t\t\t\t<\/div>\n\t\t\t\t<\/div>\n\t\t\t\t\t<\/div>\n\t\t<\/div>\n\t\t\t\t\t\t\t<\/div>\n\t\t<\/section>\n\t\t\t\t<section class=\"elementor-section elementor-inner-section elementor-element elementor-element-38d618f elementor-hidden-desktop elementor-hidden-tablet elementor-hidden-mobile elementor-section-boxed elementor-section-height-default elementor-section-height-default\" data-id=\"38d618f\" data-element_type=\"section\" data-settings=\"{&quot;_ha_eqh_enable&quot;:false}\">\n\t\t\t\t\t\t<div class=\"elementor-container elementor-column-gap-default\">\n\t\t\t\t\t<div class=\"elementor-column elementor-col-25 elementor-inner-column elementor-element elementor-element-8a1f927\" data-id=\"8a1f927\" data-element_type=\"column\">\n\t\t\t<div class=\"elementor-widget-wrap elementor-element-populated\">\n\t\t\t\t\t\t\t\t<div class=\"elementor-element elementor-element-d0c320c ha-card--top ha-card--tablet-top ha-card--mobile-top elementor-widget elementor-widget-ha-card happy-addon ha-card\" data-id=\"d0c320c\" data-element_type=\"widget\" data-widget_type=\"ha-card.default\">\n\t\t\t\t<div class=\"elementor-widget-container\">\n\t\t\t\n\t\t\t\t\t<figure class=\"ha-card-figure\">\n\t\t\t\t<img width=\"270\" height=\"270\" src=\"https:\/\/aptn.pt\/48congresso\/wp-content\/uploads\/2021\/06\/Francisco_Alves.jpg\" class=\"attachment-large size-large\" alt=\"\" loading=\"lazy\" srcset=\"https:\/\/aptn.pt\/48congresso\/wp-content\/uploads\/2021\/06\/Francisco_Alves.jpg 270w, https:\/\/aptn.pt\/48congresso\/wp-content\/uploads\/2021\/06\/Francisco_Alves-150x150.jpg 150w\" sizes=\"(max-width: 270px) 100vw, 270px\" \/>\t\t\t\t\t\t\t<\/figure>\n\t\t\n\t\t<div class=\"ha-card-body\">\n\n\t\t\t<h2 class=\"ha-card-title\">Rog\u00e9rio Salvador<\/h2>\n\t\t\t\t\t\t\t<div class=\"ha-card-text\">\n\t\t\t\t\t<p>Coordenador MPEPS<\/p>\n\t\t\t\t<\/div>\n\t\t\t\n\t\t\t\t\t<\/div>\n\t\t\t\t<\/div>\n\t\t\t\t<\/div>\n\t\t\t\t\t<\/div>\n\t\t<\/div>\n\t\t\t\t<div class=\"elementor-column elementor-col-25 elementor-inner-column elementor-element elementor-element-47fb743\" data-id=\"47fb743\" data-element_type=\"column\">\n\t\t\t<div class=\"elementor-widget-wrap elementor-element-populated\">\n\t\t\t\t\t\t\t\t<div class=\"elementor-element elementor-element-760435c ha-card--top ha-card--tablet-top ha-card--mobile-top elementor-widget elementor-widget-ha-card happy-addon ha-card\" data-id=\"760435c\" data-element_type=\"widget\" data-widget_type=\"ha-card.default\">\n\t\t\t\t<div class=\"elementor-widget-container\">\n\t\t\t\n\t\t\t\t\t<figure class=\"ha-card-figure\">\n\t\t\t\t<img width=\"512\" height=\"512\" src=\"https:\/\/aptn.pt\/48congresso\/wp-content\/uploads\/2022\/05\/Nuno-Amaro.jpg\" class=\"attachment-large size-large\" alt=\"\" loading=\"lazy\" srcset=\"https:\/\/aptn.pt\/48congresso\/wp-content\/uploads\/2022\/05\/Nuno-Amaro.jpg 512w, https:\/\/aptn.pt\/48congresso\/wp-content\/uploads\/2022\/05\/Nuno-Amaro-300x300.jpg 300w, https:\/\/aptn.pt\/48congresso\/wp-content\/uploads\/2022\/05\/Nuno-Amaro-150x150.jpg 150w\" sizes=\"(max-width: 512px) 100vw, 512px\" \/>\t\t\t\t\t\t\t<\/figure>\n\t\t\n\t\t<div class=\"ha-card-body\">\n\n\t\t\t<h2 class=\"ha-card-title\">Nuno Amaro<\/h2>\n\t\t\t\t\t\t\t<div class=\"ha-card-text\">\n\t\t\t\t\t<p>Regente das Unidades curriculares de Atividades aqu\u00e1ticas, ESECS<\/p>\n\t\t\t\t<\/div>\n\t\t\t\n\t\t\t\t\t<\/div>\n\t\t\t\t<\/div>\n\t\t\t\t<\/div>\n\t\t\t\t\t<\/div>\n\t\t<\/div>\n\t\t\t\t<div class=\"elementor-column elementor-col-25 elementor-inner-column elementor-element elementor-element-17ee184\" data-id=\"17ee184\" data-element_type=\"column\">\n\t\t\t<div class=\"elementor-widget-wrap\">\n\t\t\t\t\t\t\t\t\t<\/div>\n\t\t<\/div>\n\t\t\t\t<div class=\"elementor-column elementor-col-25 elementor-inner-column elementor-element elementor-element-7c77ea3\" data-id=\"7c77ea3\" data-element_type=\"column\">\n\t\t\t<div class=\"elementor-widget-wrap\">\n\t\t\t\t\t\t\t\t\t<\/div>\n\t\t<\/div>\n\t\t\t\t\t\t\t<\/div>\n\t\t<\/section>\n\t\t\t\t<div class=\"elementor-element elementor-element-53d5932 elementor-widget elementor-widget-spacer\" data-id=\"53d5932\" data-element_type=\"widget\" data-widget_type=\"spacer.default\">\n\t\t\t\t<div class=\"elementor-widget-container\">\n\t\t\t\t\t<div class=\"elementor-spacer\">\n\t\t\t<div class=\"elementor-spacer-inner\"><\/div>\n\t\t<\/div>\n\t\t\t\t<\/div>\n\t\t\t\t<\/div>\n\t\t\t\t<section class=\"elementor-section elementor-inner-section elementor-element elementor-element-eee958c elementor-section-boxed elementor-section-height-default elementor-section-height-default\" data-id=\"eee958c\" data-element_type=\"section\" data-settings=\"{&quot;_ha_eqh_enable&quot;:false}\">\n\t\t\t\t\t\t<div class=\"elementor-container elementor-column-gap-default\">\n\t\t\t\t\t<div class=\"elementor-column elementor-col-100 elementor-inner-column elementor-element elementor-element-64bc473\" data-id=\"64bc473\" data-element_type=\"column\">\n\t\t\t<div class=\"elementor-widget-wrap elementor-element-populated\">\n\t\t\t\t\t\t\t\t<div class=\"elementor-element elementor-element-bfb9b4c elementor-widget elementor-widget-text-editor\" data-id=\"bfb9b4c\" data-element_type=\"widget\" data-widget_type=\"text-editor.default\">\n\t\t\t\t<div class=\"elementor-widget-container\">\n\t\t\t\t\t\t\t<h1><strong>Promotor<\/strong><\/h1><ul><li><span style=\"color: #333333;\">Associa\u00e7\u00e3o Portuguesa de T\u00e9cnicos de Nata\u00e7\u00e3o (APTN)<\/span><\/li><\/ul><h4><strong>Parceiros<\/strong><\/h4><h1><strong>Co-promotores<\/strong><\/h1><ul><li><span style=\"color: #333300;\">C\u00e2mara Municipal de Viana do Castelo<\/span><\/li><li><span style=\"color: #333300;\">ACES Portugal \/ ACES Europe<\/span><\/li><\/ul><h1><strong>Parcerias institucionais<\/strong><\/h1><ul><li><span style=\"color: #333300;\">Instituto Portugu\u00eas do Desporto e Juventude<\/span><\/li><li><span style=\"color: #333300;\">Comit\u00e9 Ol\u00edmpico de Portugal <em>(a confirmar)<\/em><\/span><\/li><li><span style=\"color: #333300;\">Comit\u00e9 Paral\u00edmpico de Portugal <em>(a confirmar)<\/em><\/span><\/li><li><span style=\"color: #333300;\">Federa\u00e7\u00e3o Portuguesa de Nata\u00e7\u00e3o<\/span><\/li><li><span style=\"color: #333300;\">Confedera\u00e7\u00e3o Portuguesa das Associa\u00e7\u00f5es de Treinadores<\/span><\/li><li><span style=\"color: #333300;\">Associa\u00e7\u00e3o de Nata\u00e7\u00e3o do Minho<\/span><\/li><\/ul><h1><strong>Parceiro cient\u00edfico<\/strong><\/h1><ul><li><span style=\"color: #333300;\">Universidade da Beira Interior<\/span><\/li><li><span style=\"color: #333300;\">Jornal Motricidade<\/span><\/li><\/ul><h1><strong>Media partners<\/strong><\/h1><ul><li><span style=\"color: #333300;\">Chlorus<\/span><\/li><li><span style=\"color: #333300;\">SportMagazine<\/span><\/li><\/ul><h1><strong>Sponsors<\/strong><\/h1><p><span style=\"color: #333300;\">(em atualiza\u00e7\u00e3o)<\/span><\/p>\t\t\t\t\t\t<\/div>\n\t\t\t\t<\/div>\n\t\t\t\t\t<\/div>\n\t\t<\/div>\n\t\t\t\t\t\t\t<\/div>\n\t\t<\/section>\n\t\t\t\t\t<\/div>\n\t\t<\/div>\n\t\t\t\t\t\t\t<\/div>\n\t\t<\/section>\n\t\t\t\t<section class=\"elementor-section elementor-top-section elementor-element elementor-element-1e801ec animated-fast elementor-hidden-desktop elementor-hidden-tablet elementor-hidden-mobile elementor-section-boxed elementor-section-height-default elementor-section-height-default elementor-invisible\" data-id=\"1e801ec\" data-element_type=\"section\" data-settings=\"{&quot;background_background&quot;:&quot;classic&quot;,&quot;animation&quot;:&quot;fadeIn&quot;,&quot;animation_delay&quot;:600,&quot;_ha_eqh_enable&quot;:false}\">\n\t\t\t\t\t\t<div class=\"elementor-container elementor-column-gap-default\">\n\t\t\t\t\t<div class=\"elementor-column elementor-col-100 elementor-top-column elementor-element elementor-element-24e7892\" data-id=\"24e7892\" data-element_type=\"column\">\n\t\t\t<div class=\"elementor-widget-wrap elementor-element-populated\">\n\t\t\t\t\t\t\t\t<div class=\"elementor-element elementor-element-2c4cd7f elementor-widget elementor-widget-heading\" data-id=\"2c4cd7f\" data-element_type=\"widget\" data-widget_type=\"heading.default\">\n\t\t\t\t<div class=\"elementor-widget-container\">\n\t\t\t<h2 class=\"elementor-heading-title elementor-size-default\">Comiss\u00e3o Cient\u00edfica<\/h2>\t\t<\/div>\n\t\t\t\t<\/div>\n\t\t\t\t<div class=\"elementor-element elementor-element-93252ad elementor-widget elementor-widget-heading\" data-id=\"93252ad\" data-element_type=\"widget\" data-widget_type=\"heading.default\">\n\t\t\t\t<div class=\"elementor-widget-container\">\n\t\t\t<h2 class=\"elementor-heading-title elementor-size-default\">Presidente da comiss\u00e3o cient\u00edfica<\/h2>\t\t<\/div>\n\t\t\t\t<\/div>\n\t\t\t\t<section class=\"elementor-section elementor-inner-section elementor-element elementor-element-18ed481 elementor-section-boxed elementor-section-height-default elementor-section-height-default\" data-id=\"18ed481\" data-element_type=\"section\" data-settings=\"{&quot;_ha_eqh_enable&quot;:false}\">\n\t\t\t\t\t\t<div class=\"elementor-container elementor-column-gap-default\">\n\t\t\t\t\t<div class=\"elementor-column elementor-col-20 elementor-inner-column elementor-element elementor-element-4cf4d2d\" data-id=\"4cf4d2d\" data-element_type=\"column\">\n\t\t\t<div class=\"elementor-widget-wrap\">\n\t\t\t\t\t\t\t\t\t<\/div>\n\t\t<\/div>\n\t\t\t\t<div class=\"elementor-column elementor-col-20 elementor-inner-column elementor-element elementor-element-7ade025\" data-id=\"7ade025\" data-element_type=\"column\">\n\t\t\t<div class=\"elementor-widget-wrap\">\n\t\t\t\t\t\t\t\t\t<\/div>\n\t\t<\/div>\n\t\t\t\t<div class=\"elementor-column elementor-col-20 elementor-inner-column elementor-element elementor-element-279f322\" data-id=\"279f322\" data-element_type=\"column\">\n\t\t\t<div class=\"elementor-widget-wrap elementor-element-populated\">\n\t\t\t\t\t\t\t\t<div class=\"elementor-element elementor-element-bafc293 ha-card--top ha-card--tablet-top ha-card--mobile-top elementor-widget elementor-widget-ha-card happy-addon ha-card\" data-id=\"bafc293\" data-element_type=\"widget\" data-widget_type=\"ha-card.default\">\n\t\t\t\t<div class=\"elementor-widget-container\">\n\t\t\t\n\t\t\t\t\t<figure class=\"ha-card-figure\">\n\t\t\t\t<img width=\"296\" height=\"296\" src=\"https:\/\/aptn.pt\/48congresso\/wp-content\/uploads\/2021\/06\/Ricardo_Fernandes.jpg\" class=\"attachment-large size-large\" alt=\"\" loading=\"lazy\" srcset=\"https:\/\/aptn.pt\/48congresso\/wp-content\/uploads\/2021\/06\/Ricardo_Fernandes.jpg 296w, https:\/\/aptn.pt\/48congresso\/wp-content\/uploads\/2021\/06\/Ricardo_Fernandes-150x150.jpg 150w\" sizes=\"(max-width: 296px) 100vw, 296px\" \/>\t\t\t\t\t\t\t<\/figure>\n\t\t\n\t\t<div class=\"ha-card-body\">\n\n\t\t\t<h2 class=\"ha-card-title\">Ricardo Fernandes<\/h2>\n\t\t\t\t\t\t\t<div class=\"ha-card-text\">\n\t\t\t\t\t<p>Dir. da Comunidade APTN-Ci\u00eancia;\nProf. Associado na Univ. Porto<\/p>\n\t\t\t\t<\/div>\n\t\t\t\n\t\t\t\t\t<\/div>\n\t\t\t\t<\/div>\n\t\t\t\t<\/div>\n\t\t\t\t\t<\/div>\n\t\t<\/div>\n\t\t\t\t<div class=\"elementor-column elementor-col-20 elementor-inner-column elementor-element elementor-element-4a46e23\" data-id=\"4a46e23\" data-element_type=\"column\">\n\t\t\t<div class=\"elementor-widget-wrap\">\n\t\t\t\t\t\t\t\t\t<\/div>\n\t\t<\/div>\n\t\t\t\t<div class=\"elementor-column elementor-col-20 elementor-inner-column elementor-element elementor-element-50628ad\" data-id=\"50628ad\" data-element_type=\"column\">\n\t\t\t<div class=\"elementor-widget-wrap\">\n\t\t\t\t\t\t\t\t\t<\/div>\n\t\t<\/div>\n\t\t\t\t\t\t\t<\/div>\n\t\t<\/section>\n\t\t\t\t<div class=\"elementor-element elementor-element-3acf224 elementor-widget elementor-widget-heading\" data-id=\"3acf224\" data-element_type=\"widget\" data-widget_type=\"heading.default\">\n\t\t\t\t<div class=\"elementor-widget-container\">\n\t\t\t<h2 class=\"elementor-heading-title elementor-size-default\">Membros da comiss\u00e3o cient\u00edfica<\/h2>\t\t<\/div>\n\t\t\t\t<\/div>\n\t\t\t\t<section class=\"elementor-section elementor-inner-section elementor-element elementor-element-98f22ac elementor-section-boxed elementor-section-height-default elementor-section-height-default\" data-id=\"98f22ac\" data-element_type=\"section\" data-settings=\"{&quot;_ha_eqh_enable&quot;:false}\">\n\t\t\t\t\t\t<div class=\"elementor-container elementor-column-gap-default\">\n\t\t\t\t\t<div class=\"elementor-column elementor-col-25 elementor-inner-column elementor-element elementor-element-df2e840\" data-id=\"df2e840\" data-element_type=\"column\">\n\t\t\t<div class=\"elementor-widget-wrap\">\n\t\t\t\t\t\t\t\t\t<\/div>\n\t\t<\/div>\n\t\t\t\t<div class=\"elementor-column elementor-col-25 elementor-inner-column elementor-element elementor-element-bae9f55\" data-id=\"bae9f55\" data-element_type=\"column\">\n\t\t\t<div class=\"elementor-widget-wrap elementor-element-populated\">\n\t\t\t\t\t\t\t\t<div class=\"elementor-element elementor-element-442f5e6 ha-card--top ha-card--tablet-top ha-card--mobile-top elementor-widget elementor-widget-ha-card happy-addon ha-card\" data-id=\"442f5e6\" data-element_type=\"widget\" data-widget_type=\"ha-card.default\">\n\t\t\t\t<div class=\"elementor-widget-container\">\n\t\t\t\n\t\t\t\t\t<figure class=\"ha-card-figure\">\n\t\t\t\t<img width=\"554\" height=\"554\" src=\"https:\/\/aptn.pt\/48congresso\/wp-content\/uploads\/2022\/05\/joana_reis.jpg\" class=\"attachment-large size-large\" alt=\"\" loading=\"lazy\" srcset=\"https:\/\/aptn.pt\/48congresso\/wp-content\/uploads\/2022\/05\/joana_reis.jpg 554w, https:\/\/aptn.pt\/48congresso\/wp-content\/uploads\/2022\/05\/joana_reis-300x300.jpg 300w, https:\/\/aptn.pt\/48congresso\/wp-content\/uploads\/2022\/05\/joana_reis-150x150.jpg 150w\" sizes=\"(max-width: 554px) 100vw, 554px\" \/>\t\t\t\t\t\t\t<\/figure>\n\t\t\n\t\t<div class=\"ha-card-body\">\n\n\t\t\t<h2 class=\"ha-card-title\">Joana Reis<\/h2>\n\t\t\t\t\t\t\t<div class=\"ha-card-text\">\n\t\t\t\t\t<p>Professor auxiliar na Faculdade de Motricidade Humana<\/p>\n\t\t\t\t<\/div>\n\t\t\t\n\t\t\t\t\t<\/div>\n\t\t\t\t<\/div>\n\t\t\t\t<\/div>\n\t\t\t\t\t<\/div>\n\t\t<\/div>\n\t\t\t\t<div class=\"elementor-column elementor-col-25 elementor-inner-column elementor-element elementor-element-fdeb060\" data-id=\"fdeb060\" data-element_type=\"column\">\n\t\t\t<div class=\"elementor-widget-wrap elementor-element-populated\">\n\t\t\t\t\t\t\t\t<div class=\"elementor-element elementor-element-1a85341 ha-card--top ha-card--tablet-top ha-card--mobile-top elementor-widget elementor-widget-ha-card happy-addon ha-card\" data-id=\"1a85341\" data-element_type=\"widget\" data-widget_type=\"ha-card.default\">\n\t\t\t\t<div class=\"elementor-widget-container\">\n\t\t\t\n\t\t\t\t\t<figure class=\"ha-card-figure\">\n\t\t\t\t<img width=\"280\" height=\"280\" src=\"https:\/\/aptn.pt\/48congresso\/wp-content\/uploads\/2021\/06\/Luis_Rana.jpg\" class=\"attachment-large size-large\" alt=\"\" loading=\"lazy\" srcset=\"https:\/\/aptn.pt\/48congresso\/wp-content\/uploads\/2021\/06\/Luis_Rana.jpg 280w, https:\/\/aptn.pt\/48congresso\/wp-content\/uploads\/2021\/06\/Luis_Rana-150x150.jpg 150w\" sizes=\"(max-width: 280px) 100vw, 280px\" \/>\t\t\t\t\t\t\t<\/figure>\n\t\t\n\t\t<div class=\"ha-card-body\">\n\n\t\t\t<h2 class=\"ha-card-title\">Lu\u00eds Rana<\/h2>\n\t\t\t\t\t\t\t<div class=\"ha-card-text\">\n\t\t\t\t\t<p>Prof. Associado da Universidade de Coimbra<\/p>\n\t\t\t\t<\/div>\n\t\t\t\n\t\t\t\t\t<\/div>\n\t\t\t\t<\/div>\n\t\t\t\t<\/div>\n\t\t\t\t\t<\/div>\n\t\t<\/div>\n\t\t\t\t<div class=\"elementor-column elementor-col-25 elementor-inner-column elementor-element elementor-element-cfda2ce\" data-id=\"cfda2ce\" data-element_type=\"column\">\n\t\t\t<div class=\"elementor-widget-wrap\">\n\t\t\t\t\t\t\t\t\t<\/div>\n\t\t<\/div>\n\t\t\t\t\t\t\t<\/div>\n\t\t<\/section>\n\t\t\t\t\t<\/div>\n\t\t<\/div>\n\t\t\t\t\t\t\t<\/div>\n\t\t<\/section>\n\t\t\t\t\t\t<\/div>\n\t\t\t\t\t<\/div>\n\t\t","protected":false},"excerpt":{"rendered":"<p>Comiss\u00e3o de Honra Pedro Dias Secret\u00e1rio de Estado do Desporto Filipe Santana Dias Presidente da C\u00e2mara de Rio Maior (aguarda-se confirma\u00e7\u00e3o) Ricardo Gon\u00e7alves Presidente Instituto Portugu\u00eas do Desporto e da Juventude (aguarda-se confirma\u00e7\u00e3o) Nuno Pimenta Diretor da Escola Superior de Desporto de Rio Maior Jo\u00e3o Mout\u00e3o Presidente do Instituto Polit\u00e9cnico de Santar\u00e9m (aguarda-se confirma\u00e7\u00e3o) Miguel [&hellip;]<\/p>\n","protected":false},"author":1,"featured_media":0,"parent":0,"menu_order":3,"comment_status":"closed","ping_status":"closed","template":"elementor_canvas","meta":[],"_links":{"self":[{"href":"https:\/\/aptn.pt\/48congresso\/wp-json\/wp\/v2\/pages\/223"}],"collection":[{"href":"https:\/\/aptn.pt\/48congresso\/wp-json\/wp\/v2\/pages"}],"about":[{"href":"https:\/\/aptn.pt\/48congresso\/wp-json\/wp\/v2\/types\/page"}],"author":[{"embeddable":true,"href":"https:\/\/aptn.pt\/48congresso\/wp-json\/wp\/v2\/users\/1"}],"replies":[{"embeddable":true,"href":"https:\/\/aptn.pt\/48congresso\/wp-json\/wp\/v2\/comments?post=223"}],"version-history":[{"count":148,"href":"https:\/\/aptn.pt\/48congresso\/wp-json\/wp\/v2\/pages\/223\/revisions"}],"predecessor-version":[{"id":6068,"href":"https:\/\/aptn.pt\/48congresso\/wp-json\/wp\/v2\/pages\/223\/revisions\/6068"}],"wp:attachment":[{"href":"https:\/\/aptn.pt\/48congresso\/wp-json\/wp\/v2\/media?parent=223"}],"curies":[{"name":"wp","href":"https:\/\/api.w.org\/{rel}","templated":true}]}}