{"id":1491,"date":"2021-07-01T22:00:55","date_gmt":"2021-07-01T22:00:55","guid":{"rendered":"https:\/\/aptn.pt\/46congresso\/?page_id=1491"},"modified":"2025-10-19T19:48:12","modified_gmt":"2025-10-19T19:48:12","slug":"oradores","status":"publish","type":"page","link":"https:\/\/aptn.pt\/48congresso\/pt\/oradores\/","title":{"rendered":"Oradores"},"content":{"rendered":"\t\t<div data-elementor-type=\"wp-page\" data-elementor-id=\"1491\" class=\"elementor elementor-1491\" data-elementor-settings=\"[]\">\n\t\t\t\t\t\t\t<div class=\"elementor-section-wrap\">\n\t\t\t\t\t\t\t<section class=\"elementor-section elementor-top-section elementor-element elementor-element-70c9606 elementor-hidden-desktop elementor-hidden-tablet elementor-hidden-mobile elementor-section-boxed elementor-section-height-default elementor-section-height-default\" data-id=\"70c9606\" data-element_type=\"section\" data-settings=\"{&quot;_ha_eqh_enable&quot;:false}\">\n\t\t\t\t\t\t<div class=\"elementor-container elementor-column-gap-default\">\n\t\t\t\t\t<div class=\"elementor-column elementor-col-33 elementor-top-column elementor-element elementor-element-5d31a5e\" data-id=\"5d31a5e\" data-element_type=\"column\">\n\t\t\t<div class=\"elementor-widget-wrap elementor-element-populated\">\n\t\t\t\t\t\t\t\t<div class=\"elementor-element elementor-element-6dda2a8 elementor-widget elementor-widget-image\" data-id=\"6dda2a8\" data-element_type=\"widget\" data-widget_type=\"image.default\">\n\t\t\t\t<div class=\"elementor-widget-container\">\n\t\t\t\t\t\t\t\t\t\t\t\t\t\t\t<img width=\"200\" height=\"300\" src=\"https:\/\/aptn.pt\/48congresso\/wp-content\/uploads\/2023\/07\/adrian-200x300.jpeg\" class=\"attachment-medium size-medium\" alt=\"\" loading=\"lazy\" srcset=\"https:\/\/aptn.pt\/48congresso\/wp-content\/uploads\/2023\/07\/adrian-200x300.jpeg 200w, https:\/\/aptn.pt\/48congresso\/wp-content\/uploads\/2023\/07\/adrian.jpeg 300w\" sizes=\"(max-width: 200px) 100vw, 200px\" \/>\t\t\t\t\t\t\t\t\t\t\t\t\t\t\t<\/div>\n\t\t\t\t<\/div>\n\t\t\t\t\t<\/div>\n\t\t<\/div>\n\t\t\t\t<div class=\"elementor-column elementor-col-66 elementor-top-column elementor-element elementor-element-181fc45\" data-id=\"181fc45\" data-element_type=\"column\">\n\t\t\t<div class=\"elementor-widget-wrap elementor-element-populated\">\n\t\t\t\t\t\t\t\t<div class=\"elementor-element elementor-element-dea9cb5 elementor-widget elementor-widget-heading\" data-id=\"dea9cb5\" data-element_type=\"widget\" data-widget_type=\"heading.default\">\n\t\t\t\t<div class=\"elementor-widget-container\">\n\t\t\t<h2 class=\"elementor-heading-title elementor-size-default\">Adrian Radulescu<\/h2>\t\t<\/div>\n\t\t\t\t<\/div>\n\t\t\t\t<div class=\"elementor-element elementor-element-2ccf43d elementor-widget elementor-widget-text-editor\" data-id=\"2ccf43d\" data-element_type=\"widget\" data-widget_type=\"text-editor.default\">\n\t\t\t\t<div class=\"elementor-widget-container\">\n\t\t\t\t\t\t\t<p>Treinador de nata\u00e7\u00e3o de alto rendimento (CS Dinamo Bucuresti); Treinador da Selec\u00e7\u00e3o Nacional S\u00e9nior e J\u00fanior (Federa\u00e7\u00e1o Romena de Nata\u00e7\u00e3o); Professor da Universidade Nacional de Educa\u00e7\u00e3o F\u00edsica e Esporte de Bucareste, Rom\u00eania; Doutorado em Fisiologia e Ci\u00eancias do Desporto<\/p>\t\t\t\t\t\t<\/div>\n\t\t\t\t<\/div>\n\t\t\t\t<div class=\"elementor-element elementor-element-3057c78 elementor-widget elementor-widget-text-editor\" data-id=\"3057c78\" data-element_type=\"widget\" data-widget_type=\"text-editor.default\">\n\t\t\t\t<div class=\"elementor-widget-container\">\n\t\t\t\t\t\t\t<p><strong>DIA:<\/strong> <span style=\"color: #349e86;\">14 de outubro<\/span><br \/><strong>SESS\u00c3O: <span style=\"color: #ff0000;\"><span style=\"color: #349e86;\">Centro Cultural<\/span> <\/span><\/strong>&#8211; 10.15h | 11.00h<br \/><strong>APRESENTA\u00c7\u00c3O: <span style=\"color: #349e86;\"><b><i> O Treino de Alta Performance de David Popovici<\/i><\/b><\/span><\/strong><\/p><p>Apoio institucional do Comit\u00e9 Ol\u00edmpico de Portugal<\/p><p><strong>Moderador:<\/strong>Jo\u00e3o Paulo Vilas Boas<\/p>\t\t\t\t\t\t<\/div>\n\t\t\t\t<\/div>\n\t\t\t\t\t<\/div>\n\t\t<\/div>\n\t\t\t\t\t\t\t<\/div>\n\t\t<\/section>\n\t\t\t\t<section class=\"elementor-section elementor-top-section elementor-element elementor-element-19789ba elementor-section-full_width elementor-section-height-default elementor-section-height-default\" data-id=\"19789ba\" data-element_type=\"section\" data-settings=\"{&quot;_ha_eqh_enable&quot;:false}\">\n\t\t\t\t\t\t\t<div class=\"elementor-background-overlay\"><\/div>\n\t\t\t\t\t\t\t<div class=\"elementor-container elementor-column-gap-default\">\n\t\t\t\t\t<div class=\"elementor-column elementor-col-100 elementor-top-column elementor-element elementor-element-b77c87d\" data-id=\"b77c87d\" data-element_type=\"column\" data-settings=\"{&quot;background_background&quot;:&quot;classic&quot;}\">\n\t\t\t<div class=\"elementor-widget-wrap elementor-element-populated\">\n\t\t\t\t\t\t\t\t<div class=\"elementor-element elementor-element-1db1afd elementor-widget elementor-widget-heading\" data-id=\"1db1afd\" data-element_type=\"widget\" data-widget_type=\"heading.default\">\n\t\t\t\t<div class=\"elementor-widget-container\">\n\t\t\t<h1 class=\"elementor-heading-title elementor-size-default\">ORADORES<\/h1>\t\t<\/div>\n\t\t\t\t<\/div>\n\t\t\t\t<div class=\"elementor-element elementor-element-42550bf elementor-widget elementor-widget-spacer\" data-id=\"42550bf\" data-element_type=\"widget\" data-widget_type=\"spacer.default\">\n\t\t\t\t<div class=\"elementor-widget-container\">\n\t\t\t\t\t<div class=\"elementor-spacer\">\n\t\t\t<div class=\"elementor-spacer-inner\"><\/div>\n\t\t<\/div>\n\t\t\t\t<\/div>\n\t\t\t\t<\/div>\n\t\t\t\t\t<\/div>\n\t\t<\/div>\n\t\t\t\t\t\t\t<\/div>\n\t\t<\/section>\n\t\t\t\t<section class=\"elementor-section elementor-top-section elementor-element elementor-element-7a39704 elementor-section-boxed elementor-section-height-default elementor-section-height-default\" data-id=\"7a39704\" data-element_type=\"section\" data-settings=\"{&quot;_ha_eqh_enable&quot;:false}\">\n\t\t\t\t\t\t<div class=\"elementor-container elementor-column-gap-default\">\n\t\t\t\t\t<div class=\"elementor-column elementor-col-33 elementor-top-column elementor-element elementor-element-c3eb407\" data-id=\"c3eb407\" data-element_type=\"column\">\n\t\t\t<div class=\"elementor-widget-wrap elementor-element-populated\">\n\t\t\t\t\t\t\t\t<div class=\"elementor-element elementor-element-5516add elementor-invisible elementor-widget elementor-widget-heading\" data-id=\"5516add\" data-element_type=\"widget\" data-settings=\"{&quot;_animation&quot;:&quot;fadeInLeft&quot;}\" data-widget_type=\"heading.default\">\n\t\t\t\t<div class=\"elementor-widget-container\">\n\t\t\t<h2 class=\"elementor-heading-title elementor-size-medium\">Andi Manley<\/h2>\t\t<\/div>\n\t\t\t\t<\/div>\n\t\t\t\t\t<\/div>\n\t\t<\/div>\n\t\t\t\t<div class=\"elementor-column elementor-col-66 elementor-top-column elementor-element elementor-element-2ca4e57\" data-id=\"2ca4e57\" data-element_type=\"column\">\n\t\t\t<div class=\"elementor-widget-wrap elementor-element-populated\">\n\t\t\t\t\t\t\t\t<div class=\"elementor-element elementor-element-b26af59 elementor-widget elementor-widget-text-editor\" data-id=\"b26af59\" data-element_type=\"widget\" data-widget_type=\"text-editor.default\">\n\t\t\t\t<div class=\"elementor-widget-container\">\n\t\t\t\t\t\t\t<p>Andi Manley lidera o renomado programa de nata\u00e7\u00e3o da Universidade de Loughborough, orientando atletas e treinadores rumo ao sucesso no cen\u00e1rio global. Com 22 anos de experi\u00eancia em treinamento, Andi construiu uma reputa\u00e7\u00e3o s\u00f3lida no treino de nadadores de longa dist\u00e2ncia desde que ingressou em Loughborough, em 2016. Sob sua lideran\u00e7a, os nadadores de Loughborough, incluindo Daniel Wiffen, conquistaram medalhas em todos os principais campeonatos internacionais.<br \/>Al\u00e9m das provas em piscina, o trabalho de Andi tamb\u00e9m se estende \u00e0 nata\u00e7\u00e3o em \u00e1guas abertas, tendo Hector Pardoe conquistado uma medalha de bronze no Campeonato Mundial de 2024 e alcan\u00e7ado o 8.\u00ba lugar nos Jogos Ol\u00edmpicos de Paris. A abordagem hol\u00edstica de Andi enfatiza o sucesso acad\u00eamico e o desenvolvimento pessoal, promovendo estudantes-atletas completos e consolidando a Universidade de Loughborough como um farol de excel\u00eancia esportiva e acad\u00e9mica. Apresentar\u00e1 neste congresso a confer\u00eanica plen\u00e1ria sobre &#8220;Development of Daniel Wiffen to Paris Olympic Gold&#8221;.<\/p>\t\t\t\t\t\t<\/div>\n\t\t\t\t<\/div>\n\t\t\t\t\t<\/div>\n\t\t<\/div>\n\t\t\t\t\t\t\t<\/div>\n\t\t<\/section>\n\t\t\t\t<section class=\"elementor-section elementor-top-section elementor-element elementor-element-70e6170 elementor-hidden-desktop elementor-hidden-tablet elementor-hidden-mobile elementor-section-boxed elementor-section-height-default elementor-section-height-default\" data-id=\"70e6170\" data-element_type=\"section\" data-settings=\"{&quot;_ha_eqh_enable&quot;:false}\">\n\t\t\t\t\t\t<div class=\"elementor-container elementor-column-gap-default\">\n\t\t\t\t\t<div class=\"elementor-column elementor-col-33 elementor-top-column elementor-element elementor-element-bab527d\" data-id=\"bab527d\" data-element_type=\"column\">\n\t\t\t<div class=\"elementor-widget-wrap elementor-element-populated\">\n\t\t\t\t\t\t\t\t<div class=\"elementor-element elementor-element-48b2450 elementor-widget elementor-widget-image\" data-id=\"48b2450\" data-element_type=\"widget\" data-widget_type=\"image.default\">\n\t\t\t\t<div class=\"elementor-widget-container\">\n\t\t\t\t\t\t\t\t\t\t\t\t\t\t\t<img width=\"300\" height=\"245\" src=\"https:\/\/aptn.pt\/48congresso\/wp-content\/uploads\/2023\/07\/nuno_batalha.png\" class=\"attachment-medium size-medium\" alt=\"\" loading=\"lazy\" \/>\t\t\t\t\t\t\t\t\t\t\t\t\t\t\t<\/div>\n\t\t\t\t<\/div>\n\t\t\t\t\t<\/div>\n\t\t<\/div>\n\t\t\t\t<div class=\"elementor-column elementor-col-66 elementor-top-column elementor-element elementor-element-32bba38\" data-id=\"32bba38\" data-element_type=\"column\">\n\t\t\t<div class=\"elementor-widget-wrap elementor-element-populated\">\n\t\t\t\t\t\t\t\t<div class=\"elementor-element elementor-element-536ae45 elementor-widget elementor-widget-heading\" data-id=\"536ae45\" data-element_type=\"widget\" data-widget_type=\"heading.default\">\n\t\t\t\t<div class=\"elementor-widget-container\">\n\t\t\t<h2 class=\"elementor-heading-title elementor-size-default\">Nuno Batalha<\/h2>\t\t<\/div>\n\t\t\t\t<\/div>\n\t\t\t\t<div class=\"elementor-element elementor-element-85b467c elementor-widget elementor-widget-text-editor\" data-id=\"85b467c\" data-element_type=\"widget\" data-widget_type=\"text-editor.default\">\n\t\t\t\t<div class=\"elementor-widget-container\">\n\t\t\t\t\t\t\tVice-Presidente da FPN; Doutorado de C. Desporto, Mestre em treino desportivo e Lic. em Educa\u00e7\u00e3o F\u00edsica e Desporto; Prof. Associado do Dep. Desporto e Sa\u00fade da Universidade de \u00c9vora\n\t\t\t\t\t\t<\/div>\n\t\t\t\t<\/div>\n\t\t\t\t<div class=\"elementor-element elementor-element-de687e1 elementor-widget elementor-widget-text-editor\" data-id=\"de687e1\" data-element_type=\"widget\" data-widget_type=\"text-editor.default\">\n\t\t\t\t<div class=\"elementor-widget-container\">\n\t\t\t\t\t\t\t<p><strong>DIA:<\/strong><span style=\"color: #349e86;\"> 14 de outubro<\/span><br \/><strong>SESS\u00c3O: <\/strong><span style=\"color: #349e86;\">Biblioteca Municipal<\/span> &#8211; 11.15h | 12.30h<br \/><strong>APRESENTA\u00c7\u00c3O: <span style=\"color: #349e86;\"><i> Programa \u201cEnsino Multidisciplinar\u201d FPN: :diagn\u00f3stico e desafios futuros<\/i><\/span><\/strong><\/p>\t\t\t\t\t\t<\/div>\n\t\t\t\t<\/div>\n\t\t\t\t\t<\/div>\n\t\t<\/div>\n\t\t\t\t\t\t\t<\/div>\n\t\t<\/section>\n\t\t\t\t<section class=\"elementor-section elementor-top-section elementor-element elementor-element-572ba04 elementor-section-boxed elementor-section-height-default elementor-section-height-default\" data-id=\"572ba04\" data-element_type=\"section\" data-settings=\"{&quot;_ha_eqh_enable&quot;:false}\">\n\t\t\t\t\t\t<div class=\"elementor-container elementor-column-gap-default\">\n\t\t\t\t\t<div class=\"elementor-column elementor-col-33 elementor-top-column elementor-element elementor-element-0f809ba\" data-id=\"0f809ba\" data-element_type=\"column\">\n\t\t\t<div class=\"elementor-widget-wrap elementor-element-populated\">\n\t\t\t\t\t\t\t\t<div class=\"elementor-element elementor-element-b1f607d elementor-invisible elementor-widget elementor-widget-heading\" data-id=\"b1f607d\" data-element_type=\"widget\" data-settings=\"{&quot;_animation&quot;:&quot;fadeInLeft&quot;}\" data-widget_type=\"heading.default\">\n\t\t\t\t<div class=\"elementor-widget-container\">\n\t\t\t<h2 class=\"elementor-heading-title elementor-size-medium\">Ant\u00f3nio Rosado<\/h2>\t\t<\/div>\n\t\t\t\t<\/div>\n\t\t\t\t\t<\/div>\n\t\t<\/div>\n\t\t\t\t<div class=\"elementor-column elementor-col-66 elementor-top-column elementor-element elementor-element-b4d8301\" data-id=\"b4d8301\" data-element_type=\"column\">\n\t\t\t<div class=\"elementor-widget-wrap elementor-element-populated\">\n\t\t\t\t\t\t\t\t<div class=\"elementor-element elementor-element-88c4cf1 elementor-widget elementor-widget-text-editor\" data-id=\"88c4cf1\" data-element_type=\"widget\" data-widget_type=\"text-editor.default\">\n\t\t\t\t<div class=\"elementor-widget-container\">\n\t\t\t\t\t\t\t\t\t\t\t\t\t<\/div>\n\t\t\t\t<\/div>\n\t\t\t\t\t<\/div>\n\t\t<\/div>\n\t\t\t\t\t\t\t<\/div>\n\t\t<\/section>\n\t\t\t\t<section class=\"elementor-section elementor-top-section elementor-element elementor-element-49ce910 elementor-section-boxed elementor-section-height-default elementor-section-height-default\" data-id=\"49ce910\" data-element_type=\"section\" data-settings=\"{&quot;_ha_eqh_enable&quot;:false}\">\n\t\t\t\t\t\t<div class=\"elementor-container elementor-column-gap-default\">\n\t\t\t\t\t<div class=\"elementor-column elementor-col-33 elementor-top-column elementor-element elementor-element-10a37bd\" data-id=\"10a37bd\" data-element_type=\"column\">\n\t\t\t<div class=\"elementor-widget-wrap elementor-element-populated\">\n\t\t\t\t\t\t\t\t<div class=\"elementor-element elementor-element-4ff1899 elementor-invisible elementor-widget elementor-widget-heading\" data-id=\"4ff1899\" data-element_type=\"widget\" data-settings=\"{&quot;_animation&quot;:&quot;fadeInLeft&quot;}\" data-widget_type=\"heading.default\">\n\t\t\t\t<div class=\"elementor-widget-container\">\n\t\t\t<h2 class=\"elementor-heading-title elementor-size-medium\">Bruno Avelar Rosa<\/h2>\t\t<\/div>\n\t\t\t\t<\/div>\n\t\t\t\t\t<\/div>\n\t\t<\/div>\n\t\t\t\t<div class=\"elementor-column elementor-col-66 elementor-top-column elementor-element elementor-element-95905f9\" data-id=\"95905f9\" data-element_type=\"column\">\n\t\t\t<div class=\"elementor-widget-wrap elementor-element-populated\">\n\t\t\t\t\t\t\t\t<div class=\"elementor-element elementor-element-753a775 elementor-widget elementor-widget-text-editor\" data-id=\"753a775\" data-element_type=\"widget\" data-widget_type=\"text-editor.default\">\n\t\t\t\t<div class=\"elementor-widget-container\">\n\t\t\t\t\t\t\t<p>Bruno Avelar Rosa \u00e9 Executive Partner na Qantara Sports e Professor Auxiliar na Universidade Lus\u00f3fona, com uma trajet\u00f3ria dedicada \u00e0 promo\u00e7\u00e3o do bem-estar, da sa\u00fade mental e da integridade no desporto. Com experi\u00eancia em projetos de governan\u00e7a desportiva e pol\u00edticas de prote\u00e7\u00e3o a atletas, Bruno atua na constru\u00e7\u00e3o de ambientes desportivos mais seguros, inclusivos e saud\u00e1veis.<br \/>No congresso, o professor Bruno participar\u00e1 na mesa redonda \u201cBem-estar e Sa\u00fade Mental dos Atletas: Como prevenir a viol\u00eancia, o abuso e a discrimina\u00e7\u00e3o no desporto\u201d, destacando estrat\u00e9gias pr\u00e1ticas e pol\u00edticas eficazes para garantir a prote\u00e7\u00e3o e o desenvolvimento integral dos atletas.<\/p>\t\t\t\t\t\t<\/div>\n\t\t\t\t<\/div>\n\t\t\t\t\t<\/div>\n\t\t<\/div>\n\t\t\t\t\t\t\t<\/div>\n\t\t<\/section>\n\t\t\t\t<section class=\"elementor-section elementor-top-section elementor-element elementor-element-5cd874d elementor-section-boxed elementor-section-height-default elementor-section-height-default\" data-id=\"5cd874d\" data-element_type=\"section\" data-settings=\"{&quot;_ha_eqh_enable&quot;:false}\">\n\t\t\t\t\t\t<div class=\"elementor-container elementor-column-gap-default\">\n\t\t\t\t\t<div class=\"elementor-column elementor-col-33 elementor-top-column elementor-element elementor-element-3905c3c\" data-id=\"3905c3c\" data-element_type=\"column\">\n\t\t\t<div class=\"elementor-widget-wrap elementor-element-populated\">\n\t\t\t\t\t\t\t\t<div class=\"elementor-element elementor-element-04b07ac elementor-invisible elementor-widget elementor-widget-heading\" data-id=\"04b07ac\" data-element_type=\"widget\" data-settings=\"{&quot;_animation&quot;:&quot;fadeInLeft&quot;}\" data-widget_type=\"heading.default\">\n\t\t\t\t<div class=\"elementor-widget-container\">\n\t\t\t<h2 class=\"elementor-heading-title elementor-size-medium\">Catarina Santos<\/h2>\t\t<\/div>\n\t\t\t\t<\/div>\n\t\t\t\t\t<\/div>\n\t\t<\/div>\n\t\t\t\t<div class=\"elementor-column elementor-col-66 elementor-top-column elementor-element elementor-element-02fe2c7\" data-id=\"02fe2c7\" data-element_type=\"column\">\n\t\t\t<div class=\"elementor-widget-wrap elementor-element-populated\">\n\t\t\t\t\t\t\t\t<div class=\"elementor-element elementor-element-3821427 elementor-widget elementor-widget-text-editor\" data-id=\"3821427\" data-element_type=\"widget\" data-widget_type=\"text-editor.default\">\n\t\t\t\t<div class=\"elementor-widget-container\">\n\t\t\t\t\t\t\t<p class=\"gmail_default\"><span style=\"font-family: georgia, serif;\">Doutorada em Ci\u00eancias do Desporto pela Universidade da Beira Interior; <\/span><span style=\"font-family: georgia, serif;\">Doutora em Ci\u00eancias do Desporto pela UBI; Professora Auxiliar convidada da Universidade de Tr\u00e1s-os-Montes e Alto Douro<\/span><\/p>\t\t\t\t\t\t<\/div>\n\t\t\t\t<\/div>\n\t\t\t\t\t<\/div>\n\t\t<\/div>\n\t\t\t\t\t\t\t<\/div>\n\t\t<\/section>\n\t\t\t\t<section class=\"elementor-section elementor-top-section elementor-element elementor-element-daea516 elementor-section-boxed elementor-section-height-default elementor-section-height-default\" data-id=\"daea516\" data-element_type=\"section\" data-settings=\"{&quot;_ha_eqh_enable&quot;:false}\">\n\t\t\t\t\t\t<div class=\"elementor-container elementor-column-gap-default\">\n\t\t\t\t\t<div class=\"elementor-column elementor-col-33 elementor-top-column elementor-element elementor-element-2da5522\" data-id=\"2da5522\" data-element_type=\"column\">\n\t\t\t<div class=\"elementor-widget-wrap elementor-element-populated\">\n\t\t\t\t\t\t\t\t<div class=\"elementor-element elementor-element-63a6912 elementor-invisible elementor-widget elementor-widget-heading\" data-id=\"63a6912\" data-element_type=\"widget\" data-settings=\"{&quot;_animation&quot;:&quot;fadeInLeft&quot;}\" data-widget_type=\"heading.default\">\n\t\t\t\t<div class=\"elementor-widget-container\">\n\t\t\t<h2 class=\"elementor-heading-title elementor-size-medium\">David Gorgulho<\/h2>\t\t<\/div>\n\t\t\t\t<\/div>\n\t\t\t\t\t<\/div>\n\t\t<\/div>\n\t\t\t\t<div class=\"elementor-column elementor-col-66 elementor-top-column elementor-element elementor-element-4b81be0\" data-id=\"4b81be0\" data-element_type=\"column\">\n\t\t\t<div class=\"elementor-widget-wrap elementor-element-populated\">\n\t\t\t\t\t\t\t\t<div class=\"elementor-element elementor-element-c54cf7d elementor-widget elementor-widget-text-editor\" data-id=\"c54cf7d\" data-element_type=\"widget\" data-widget_type=\"text-editor.default\">\n\t\t\t\t<div class=\"elementor-widget-container\">\n\t\t\t\t\t\t\t\t\t\t\t\t\t<\/div>\n\t\t\t\t<\/div>\n\t\t\t\t\t<\/div>\n\t\t<\/div>\n\t\t\t\t\t\t\t<\/div>\n\t\t<\/section>\n\t\t\t\t<section class=\"elementor-section elementor-top-section elementor-element elementor-element-798871c elementor-section-boxed elementor-section-height-default elementor-section-height-default\" data-id=\"798871c\" data-element_type=\"section\" data-settings=\"{&quot;_ha_eqh_enable&quot;:false}\">\n\t\t\t\t\t\t<div class=\"elementor-container elementor-column-gap-default\">\n\t\t\t\t\t<div class=\"elementor-column elementor-col-33 elementor-top-column elementor-element elementor-element-9679978\" data-id=\"9679978\" data-element_type=\"column\">\n\t\t\t<div class=\"elementor-widget-wrap elementor-element-populated\">\n\t\t\t\t\t\t\t\t<div class=\"elementor-element elementor-element-081bc1c elementor-invisible elementor-widget elementor-widget-heading\" data-id=\"081bc1c\" data-element_type=\"widget\" data-settings=\"{&quot;_animation&quot;:&quot;fadeInLeft&quot;}\" data-widget_type=\"heading.default\">\n\t\t\t\t<div class=\"elementor-widget-container\">\n\t\t\t<h2 class=\"elementor-heading-title elementor-size-medium\">Fl\u00e1via Y\u00e1zigi<\/h2>\t\t<\/div>\n\t\t\t\t<\/div>\n\t\t\t\t\t<\/div>\n\t\t<\/div>\n\t\t\t\t<div class=\"elementor-column elementor-col-66 elementor-top-column elementor-element elementor-element-8e07ca2\" data-id=\"8e07ca2\" data-element_type=\"column\">\n\t\t\t<div class=\"elementor-widget-wrap elementor-element-populated\">\n\t\t\t\t\t\t\t\t<div class=\"elementor-element elementor-element-93ae422 elementor-widget elementor-widget-text-editor\" data-id=\"93ae422\" data-element_type=\"widget\" data-widget_type=\"text-editor.default\">\n\t\t\t\t<div class=\"elementor-widget-container\">\n\t\t\t\t\t\t\t<p>Fl\u00e1via Y\u00e1zigi \u00e9 docente na Faculdade de Motricidade Humana da Universidade de Lisboa (FMH-UL), doutorada em Atividade F\u00edsica e Sa\u00fade, com uma trajet\u00f3ria voltada para o desenvolvimento de programas direcionados a popula\u00e7\u00f5es especiais. Coordena a comunidade de Fitness Aqu\u00e1tico da APTN e \u00e9 colaboradora da AIDEA e da International Aquatic Exercise Association (EUA), sendo uma refer\u00eancia no ensino e na promo\u00e7\u00e3o de boas pr\u00e1ticas no meio aqu\u00e1tico.<\/p><p>No congresso, a professora Fl\u00e1via, em parceria com Cristina Senra (Tinoca), ser\u00e1 oradora do workshop \u201cHidro 70+\u201d, focado em como criar programas de exerc\u00edcios atrativos, eficientes e seguros para idosos, com base nos componentes essenciais para um envelhecimento ativo e saud\u00e1vel. O workshop abordar\u00e1 desde a conce\u00e7\u00e3o das aulas at\u00e9 estrat\u00e9gias de lideran\u00e7a, movimentos e sequ\u00eancias prontas para aplica\u00e7\u00e3o pr\u00e1tica, tudo em prol de uma \u201cHidro melhor\u201d.<\/p>\t\t\t\t\t\t<\/div>\n\t\t\t\t<\/div>\n\t\t\t\t\t<\/div>\n\t\t<\/div>\n\t\t\t\t\t\t\t<\/div>\n\t\t<\/section>\n\t\t\t\t<section class=\"elementor-section elementor-top-section elementor-element elementor-element-c58fcdb elementor-section-boxed elementor-section-height-default elementor-section-height-default\" data-id=\"c58fcdb\" data-element_type=\"section\" data-settings=\"{&quot;_ha_eqh_enable&quot;:false}\">\n\t\t\t\t\t\t<div class=\"elementor-container elementor-column-gap-default\">\n\t\t\t\t\t<div class=\"elementor-column elementor-col-33 elementor-top-column elementor-element elementor-element-4a673fc\" data-id=\"4a673fc\" data-element_type=\"column\">\n\t\t\t<div class=\"elementor-widget-wrap elementor-element-populated\">\n\t\t\t\t\t\t\t\t<div class=\"elementor-element elementor-element-c2f1e49 elementor-invisible elementor-widget elementor-widget-heading\" data-id=\"c2f1e49\" data-element_type=\"widget\" data-settings=\"{&quot;_animation&quot;:&quot;fadeInLeft&quot;}\" data-widget_type=\"heading.default\">\n\t\t\t\t<div class=\"elementor-widget-container\">\n\t\t\t<h2 class=\"elementor-heading-title elementor-size-medium\">Guilherme Tucher<\/h2>\t\t<\/div>\n\t\t\t\t<\/div>\n\t\t\t\t\t<\/div>\n\t\t<\/div>\n\t\t\t\t<div class=\"elementor-column elementor-col-66 elementor-top-column elementor-element elementor-element-03d97f1\" data-id=\"03d97f1\" data-element_type=\"column\">\n\t\t\t<div class=\"elementor-widget-wrap elementor-element-populated\">\n\t\t\t\t\t\t\t\t<div class=\"elementor-element elementor-element-2760e3c elementor-widget elementor-widget-text-editor\" data-id=\"2760e3c\" data-element_type=\"widget\" data-widget_type=\"text-editor.default\">\n\t\t\t\t<div class=\"elementor-widget-container\">\n\t\t\t\t\t\t\t<p>Guilherme Tucher \u00e9 docente da Escola de Educa\u00e7\u00e3o F\u00edsica e Desportos da Universidade Federal do Rio de Janeiro (UFRJ), com atua\u00e7\u00e3o voltada para a forma\u00e7\u00e3o de professores e treinadores, tendo como principal foco o ensino da nata\u00e7\u00e3o e os processos pedag\u00f3gicos relacionados \u00e0 adapta\u00e7\u00e3o ao meio aqu\u00e1tico.<br \/>No congresso, o professor Guilherme apresentar\u00e1 o tema \u201cAdapta\u00e7\u00e3o ao Meio Aqu\u00e1tico com Prop\u00f3sito: Conte\u00fados, Compet\u00eancias e Complexidade das Tarefas\u201d, trazendo um enfoque te\u00f3rico-pr\u00e1tico sobre estrat\u00e9gias eficazes para o ensino e a aprendizagem na nata\u00e7\u00e3o, desde as bases at\u00e9 a especializa\u00e7\u00e3o.<\/p>\t\t\t\t\t\t<\/div>\n\t\t\t\t<\/div>\n\t\t\t\t\t<\/div>\n\t\t<\/div>\n\t\t\t\t\t\t\t<\/div>\n\t\t<\/section>\n\t\t\t\t<section class=\"elementor-section elementor-top-section elementor-element elementor-element-ddfbfbc elementor-section-boxed elementor-section-height-default elementor-section-height-default\" data-id=\"ddfbfbc\" data-element_type=\"section\" data-settings=\"{&quot;_ha_eqh_enable&quot;:false}\">\n\t\t\t\t\t\t<div class=\"elementor-container elementor-column-gap-default\">\n\t\t\t\t\t<div class=\"elementor-column elementor-col-33 elementor-top-column elementor-element elementor-element-b4a8502\" data-id=\"b4a8502\" data-element_type=\"column\">\n\t\t\t<div class=\"elementor-widget-wrap elementor-element-populated\">\n\t\t\t\t\t\t\t\t<div class=\"elementor-element elementor-element-3fab0aa elementor-invisible elementor-widget elementor-widget-heading\" data-id=\"3fab0aa\" data-element_type=\"widget\" data-settings=\"{&quot;_animation&quot;:&quot;fadeInLeft&quot;}\" data-widget_type=\"heading.default\">\n\t\t\t\t<div class=\"elementor-widget-container\">\n\t\t\t<h2 class=\"elementor-heading-title elementor-size-medium\">Isabel Vieira<\/h2>\t\t<\/div>\n\t\t\t\t<\/div>\n\t\t\t\t\t<\/div>\n\t\t<\/div>\n\t\t\t\t<div class=\"elementor-column elementor-col-66 elementor-top-column elementor-element elementor-element-5719f1b\" data-id=\"5719f1b\" data-element_type=\"column\">\n\t\t\t<div class=\"elementor-widget-wrap elementor-element-populated\">\n\t\t\t\t\t\t\t\t<div class=\"elementor-element elementor-element-48b15c4 elementor-widget elementor-widget-text-editor\" data-id=\"48b15c4\" data-element_type=\"widget\" data-widget_type=\"text-editor.default\">\n\t\t\t\t<div class=\"elementor-widget-container\">\n\t\t\t\t\t\t\t<p>Isabel Vieira \u00e9 docente na Escola Superior de Desporto de Rio Maior (IPSantar\u00e9m), com o T\u00edtulo de Especialista em Fitness \u2013 Periodiza\u00e7\u00e3o do Treino em Aulas de Grupo e Mestrado em Atividade F\u00edsica em Popula\u00e7\u00f5es Especiais. Sua atua\u00e7\u00e3o destaca-se pela inova\u00e7\u00e3o no fitness aqu\u00e1tico e na cria\u00e7\u00e3o de metodologias din\u00e2micas para diferentes p\u00fablicos.<br \/>No congresso, a professora Isabel ir\u00e1 liderar a mini-master \u201cHidro Coreo Combo\u201d, uma experi\u00eancia pr\u00e1tica focada em novas abordagens de coreografias aqu\u00e1ticas, combinando ritmo, t\u00e9cnica e intensidade para o desenvolvimento f\u00edsico e bem-estar.<\/p>\t\t\t\t\t\t<\/div>\n\t\t\t\t<\/div>\n\t\t\t\t\t<\/div>\n\t\t<\/div>\n\t\t\t\t\t\t\t<\/div>\n\t\t<\/section>\n\t\t\t\t<section class=\"elementor-section elementor-top-section elementor-element elementor-element-626ea2a elementor-section-boxed elementor-section-height-default elementor-section-height-default\" data-id=\"626ea2a\" data-element_type=\"section\" data-settings=\"{&quot;_ha_eqh_enable&quot;:false}\">\n\t\t\t\t\t\t<div class=\"elementor-container elementor-column-gap-default\">\n\t\t\t\t\t<div class=\"elementor-column elementor-col-33 elementor-top-column elementor-element elementor-element-d6b0274\" data-id=\"d6b0274\" data-element_type=\"column\">\n\t\t\t<div class=\"elementor-widget-wrap elementor-element-populated\">\n\t\t\t\t\t\t\t\t<div class=\"elementor-element elementor-element-bb4b771 elementor-invisible elementor-widget elementor-widget-heading\" data-id=\"bb4b771\" data-element_type=\"widget\" data-settings=\"{&quot;_animation&quot;:&quot;fadeInLeft&quot;}\" data-widget_type=\"heading.default\">\n\t\t\t\t<div class=\"elementor-widget-container\">\n\t\t\t<h2 class=\"elementor-heading-title elementor-size-medium\">Jo\u00e3o Loureiro<\/h2>\t\t<\/div>\n\t\t\t\t<\/div>\n\t\t\t\t\t<\/div>\n\t\t<\/div>\n\t\t\t\t<div class=\"elementor-column elementor-col-66 elementor-top-column elementor-element elementor-element-a8abae5\" data-id=\"a8abae5\" data-element_type=\"column\">\n\t\t\t<div class=\"elementor-widget-wrap elementor-element-populated\">\n\t\t\t\t\t\t\t\t<div class=\"elementor-element elementor-element-5e10409 elementor-widget elementor-widget-text-editor\" data-id=\"5e10409\" data-element_type=\"widget\" data-widget_type=\"text-editor.default\">\n\t\t\t\t<div class=\"elementor-widget-container\">\n\t\t\t\t\t\t\t\t\t\t\t\t\t<\/div>\n\t\t\t\t<\/div>\n\t\t\t\t\t<\/div>\n\t\t<\/div>\n\t\t\t\t\t\t\t<\/div>\n\t\t<\/section>\n\t\t\t\t<section class=\"elementor-section elementor-top-section elementor-element elementor-element-076c8af elementor-section-boxed elementor-section-height-default elementor-section-height-default\" data-id=\"076c8af\" data-element_type=\"section\" data-settings=\"{&quot;_ha_eqh_enable&quot;:false}\">\n\t\t\t\t\t\t<div class=\"elementor-container elementor-column-gap-default\">\n\t\t\t\t\t<div class=\"elementor-column elementor-col-33 elementor-top-column elementor-element elementor-element-e482d81\" data-id=\"e482d81\" data-element_type=\"column\">\n\t\t\t<div class=\"elementor-widget-wrap elementor-element-populated\">\n\t\t\t\t\t\t\t\t<div class=\"elementor-element elementor-element-ce9de05 elementor-invisible elementor-widget elementor-widget-heading\" data-id=\"ce9de05\" data-element_type=\"widget\" data-settings=\"{&quot;_animation&quot;:&quot;fadeInLeft&quot;}\" data-widget_type=\"heading.default\">\n\t\t\t\t<div class=\"elementor-widget-container\">\n\t\t\t<h2 class=\"elementor-heading-title elementor-size-medium\">Jos\u00e9 Maria Rav\u00e9<\/h2>\t\t<\/div>\n\t\t\t\t<\/div>\n\t\t\t\t\t<\/div>\n\t\t<\/div>\n\t\t\t\t<div class=\"elementor-column elementor-col-66 elementor-top-column elementor-element elementor-element-526582f\" data-id=\"526582f\" data-element_type=\"column\">\n\t\t\t<div class=\"elementor-widget-wrap elementor-element-populated\">\n\t\t\t\t\t\t\t\t<div class=\"elementor-element elementor-element-fe8100c elementor-widget elementor-widget-text-editor\" data-id=\"fe8100c\" data-element_type=\"widget\" data-widget_type=\"text-editor.default\">\n\t\t\t\t<div class=\"elementor-widget-container\">\n\t\t\t\t\t\t\t<p>Jos\u00e9 Mar\u00eda Gonz\u00e1lez Rav\u00e9 \u00e9 professor titular de Treinamento de For\u00e7a e Condicionamento na Universidad de Castilla-La Mancha, na Espanha, onde tamb\u00e9m atua como Diretor do Laborat\u00f3rio de Treinamento Esportivo e do grupo de pesquisa em Desempenho Esportivo. Al\u00e9m de seu trabalho acad\u00eamico, lidera a Swimming Classroom (UCLM-FNCLM) e \u00e9 Presidente da Federa\u00e7\u00e3o Regional de Nata\u00e7\u00e3o de Castilla-La Mancha, contribuindo ativamente para o desenvolvimento da nata\u00e7\u00e3o tanto em \u00e2mbito cient\u00edfico quanto institucional.<br \/>No congresso, Jos\u00e9 Mar\u00eda apresentar\u00e1 a confer\u00eancia \u201cEUSWIM: European Network of Swimming Performance \u2013 Joining forces across Europe in swimming science\u201d, destacando como a coopera\u00e7\u00e3o entre pesquisadores e profissionais em toda a Europa pode impulsionar avan\u00e7os na ci\u00eancia da nata\u00e7\u00e3o e no desempenho de atletas de elite.<\/p>\t\t\t\t\t\t<\/div>\n\t\t\t\t<\/div>\n\t\t\t\t\t<\/div>\n\t\t<\/div>\n\t\t\t\t\t\t\t<\/div>\n\t\t<\/section>\n\t\t\t\t<section class=\"elementor-section elementor-top-section elementor-element elementor-element-b9fcd4c elementor-section-boxed elementor-section-height-default elementor-section-height-default\" data-id=\"b9fcd4c\" data-element_type=\"section\" data-settings=\"{&quot;_ha_eqh_enable&quot;:false}\">\n\t\t\t\t\t\t<div class=\"elementor-container elementor-column-gap-default\">\n\t\t\t\t\t<div class=\"elementor-column elementor-col-33 elementor-top-column elementor-element elementor-element-a4f5fd0\" data-id=\"a4f5fd0\" data-element_type=\"column\">\n\t\t\t<div class=\"elementor-widget-wrap elementor-element-populated\">\n\t\t\t\t\t\t\t\t<div class=\"elementor-element elementor-element-65d104f elementor-invisible elementor-widget elementor-widget-heading\" data-id=\"65d104f\" data-element_type=\"widget\" data-settings=\"{&quot;_animation&quot;:&quot;fadeInLeft&quot;}\" data-widget_type=\"heading.default\">\n\t\t\t\t<div class=\"elementor-widget-container\">\n\t\t\t<h2 class=\"elementor-heading-title elementor-size-medium\">Kristy Howells<\/h2>\t\t<\/div>\n\t\t\t\t<\/div>\n\t\t\t\t\t<\/div>\n\t\t<\/div>\n\t\t\t\t<div class=\"elementor-column elementor-col-66 elementor-top-column elementor-element elementor-element-e7154c4\" data-id=\"e7154c4\" data-element_type=\"column\">\n\t\t\t<div class=\"elementor-widget-wrap elementor-element-populated\">\n\t\t\t\t\t\t\t\t<div class=\"elementor-element elementor-element-275fef4 elementor-widget elementor-widget-text-editor\" data-id=\"275fef4\" data-element_type=\"widget\" data-widget_type=\"text-editor.default\">\n\t\t\t\t<div class=\"elementor-widget-container\">\n\t\t\t\t\t\t\t\t\t\t\t\t\t<\/div>\n\t\t\t\t<\/div>\n\t\t\t\t\t<\/div>\n\t\t<\/div>\n\t\t\t\t\t\t\t<\/div>\n\t\t<\/section>\n\t\t\t\t<section class=\"elementor-section elementor-top-section elementor-element elementor-element-b715a8b elementor-section-boxed elementor-section-height-default elementor-section-height-default\" data-id=\"b715a8b\" data-element_type=\"section\" data-settings=\"{&quot;_ha_eqh_enable&quot;:false}\">\n\t\t\t\t\t\t<div class=\"elementor-container elementor-column-gap-default\">\n\t\t\t\t\t<div class=\"elementor-column elementor-col-33 elementor-top-column elementor-element elementor-element-49a6046\" data-id=\"49a6046\" data-element_type=\"column\">\n\t\t\t<div class=\"elementor-widget-wrap elementor-element-populated\">\n\t\t\t\t\t\t\t\t<div class=\"elementor-element elementor-element-71eb591 elementor-invisible elementor-widget elementor-widget-heading\" data-id=\"71eb591\" data-element_type=\"widget\" data-settings=\"{&quot;_animation&quot;:&quot;fadeInLeft&quot;}\" data-widget_type=\"heading.default\">\n\t\t\t\t<div class=\"elementor-widget-container\">\n\t\t\t<h2 class=\"elementor-heading-title elementor-size-medium\">Luciano Sales Prado<\/h2>\t\t<\/div>\n\t\t\t\t<\/div>\n\t\t\t\t\t<\/div>\n\t\t<\/div>\n\t\t\t\t<div class=\"elementor-column elementor-col-66 elementor-top-column elementor-element elementor-element-390e280\" data-id=\"390e280\" data-element_type=\"column\">\n\t\t\t<div class=\"elementor-widget-wrap elementor-element-populated\">\n\t\t\t\t\t\t\t\t<div class=\"elementor-element elementor-element-8395ab9 elementor-widget elementor-widget-text-editor\" data-id=\"8395ab9\" data-element_type=\"widget\" data-widget_type=\"text-editor.default\">\n\t\t\t\t<div class=\"elementor-widget-container\">\n\t\t\t\t\t\t\t<p>Luciano Saltes Prado \u00e9 um dos principais nomes da pesquisa em Ci\u00eancias do Desporto no Brasil, unindo excel\u00eancia acad\u00e9mica e aplica\u00e7\u00e3o pr\u00e1tica no alto rendimento. Doutor pela Universidade de Konstanz, na Alemanha, Luciano lidera o Departamento de Educa\u00e7\u00e3o F\u00edsica da Universidade Federal de Minas Gerais (UFMG) e coordena os programas de Desportos Aqu\u00e1ticos e de Ci\u00eancia e Tecnologia no Centro de Treinamento Esportivo (CTE-UFMG), onde atua na forma\u00e7\u00e3o de atletas e treinadores com base cient\u00edfica s\u00f3lida.<br \/>Reconhecido por suas investiga\u00e7\u00f5es sobre desempenho e recupera\u00e7\u00e3o, o professor Luciano ir\u00e1 apresentar, neste congresso, o tema \u201cFadiga mental e recupera\u00e7\u00e3o na nata\u00e7\u00e3o: aspectos fisiol\u00f3gicos, perceptivos e desafios da pesquisa\u201d, compartilhando perspectivas inovadoras que conectam ci\u00eancia, pr\u00e1tica esportiva e estrat\u00e9gias de desenvolvimento para atletas de elite.<\/p>\t\t\t\t\t\t<\/div>\n\t\t\t\t<\/div>\n\t\t\t\t\t<\/div>\n\t\t<\/div>\n\t\t\t\t\t\t\t<\/div>\n\t\t<\/section>\n\t\t\t\t<section class=\"elementor-section elementor-top-section elementor-element elementor-element-7444e7a elementor-section-boxed elementor-section-height-default elementor-section-height-default\" data-id=\"7444e7a\" data-element_type=\"section\" data-settings=\"{&quot;_ha_eqh_enable&quot;:false}\">\n\t\t\t\t\t\t<div class=\"elementor-container elementor-column-gap-default\">\n\t\t\t\t\t<div class=\"elementor-column elementor-col-33 elementor-top-column elementor-element elementor-element-b50d6ec\" data-id=\"b50d6ec\" data-element_type=\"column\">\n\t\t\t<div class=\"elementor-widget-wrap elementor-element-populated\">\n\t\t\t\t\t\t\t\t<div class=\"elementor-element elementor-element-6efeff5 elementor-invisible elementor-widget elementor-widget-heading\" data-id=\"6efeff5\" data-element_type=\"widget\" data-settings=\"{&quot;_animation&quot;:&quot;fadeInLeft&quot;}\" data-widget_type=\"heading.default\">\n\t\t\t\t<div class=\"elementor-widget-container\">\n\t\t\t<h2 class=\"elementor-heading-title elementor-size-medium\">Marek Rejman<\/h2>\t\t<\/div>\n\t\t\t\t<\/div>\n\t\t\t\t\t<\/div>\n\t\t<\/div>\n\t\t\t\t<div class=\"elementor-column elementor-col-66 elementor-top-column elementor-element elementor-element-30de01d\" data-id=\"30de01d\" data-element_type=\"column\">\n\t\t\t<div class=\"elementor-widget-wrap elementor-element-populated\">\n\t\t\t\t\t\t\t\t<div class=\"elementor-element elementor-element-fb71e14 elementor-widget elementor-widget-text-editor\" data-id=\"fb71e14\" data-element_type=\"widget\" data-widget_type=\"text-editor.default\">\n\t\t\t\t<div class=\"elementor-widget-container\">\n\t\t\t\t\t\t\t<p>Diretor do Departamento de Nata\u00e7\u00e3o\u00a0e Professor Associado\u00a0na Universidade Ci\u00eancias da Sa\u00fade e do\u00a0Desporto de Wroclaw.\u00a0Cientista do desporto e antigo treinador t\u00e9cnico da Universidade de Ci\u00eancias da Sa\u00fade e do Desporto de Wroc\u0142aw (Pol\u00f3nia). Investigador da biomec\u00e2nica da pernada de golfinho (monofin), atualmente centra o seu trabalho na efici\u00eancia da nata\u00e7\u00e3o e na antropometria. Promove ainda a seguran\u00e7a aqu\u00e1tica no \u00e2mbito do cons\u00f3rcio ALFA\u00a0\u00a0<\/p>\t\t\t\t\t\t<\/div>\n\t\t\t\t<\/div>\n\t\t\t\t\t<\/div>\n\t\t<\/div>\n\t\t\t\t\t\t\t<\/div>\n\t\t<\/section>\n\t\t\t\t<section class=\"elementor-section elementor-top-section elementor-element elementor-element-eed48dd elementor-section-boxed elementor-section-height-default elementor-section-height-default\" data-id=\"eed48dd\" data-element_type=\"section\" data-settings=\"{&quot;_ha_eqh_enable&quot;:false}\">\n\t\t\t\t\t\t<div class=\"elementor-container elementor-column-gap-default\">\n\t\t\t\t\t<div class=\"elementor-column elementor-col-33 elementor-top-column elementor-element elementor-element-3aaaa6b\" data-id=\"3aaaa6b\" data-element_type=\"column\">\n\t\t\t<div class=\"elementor-widget-wrap elementor-element-populated\">\n\t\t\t\t\t\t\t\t<div class=\"elementor-element elementor-element-e58fda6 elementor-invisible elementor-widget elementor-widget-heading\" data-id=\"e58fda6\" data-element_type=\"widget\" data-settings=\"{&quot;_animation&quot;:&quot;fadeInLeft&quot;}\" data-widget_type=\"heading.default\">\n\t\t\t\t<div class=\"elementor-widget-container\">\n\t\t\t<h2 class=\"elementor-heading-title elementor-size-medium\">Nuno Lobo<\/h2>\t\t<\/div>\n\t\t\t\t<\/div>\n\t\t\t\t\t<\/div>\n\t\t<\/div>\n\t\t\t\t<div class=\"elementor-column elementor-col-66 elementor-top-column elementor-element elementor-element-ea158e6\" data-id=\"ea158e6\" data-element_type=\"column\">\n\t\t\t<div class=\"elementor-widget-wrap elementor-element-populated\">\n\t\t\t\t\t\t\t\t<div class=\"elementor-element elementor-element-c6b81b9 elementor-widget elementor-widget-text-editor\" data-id=\"c6b81b9\" data-element_type=\"widget\" data-widget_type=\"text-editor.default\">\n\t\t\t\t<div class=\"elementor-widget-container\">\n\t\t\t\t\t\t\t\t\t\t\t\t\t<\/div>\n\t\t\t\t<\/div>\n\t\t\t\t\t<\/div>\n\t\t<\/div>\n\t\t\t\t\t\t\t<\/div>\n\t\t<\/section>\n\t\t\t\t<section class=\"elementor-section elementor-top-section elementor-element elementor-element-06e9132 elementor-section-boxed elementor-section-height-default elementor-section-height-default\" data-id=\"06e9132\" data-element_type=\"section\" data-settings=\"{&quot;_ha_eqh_enable&quot;:false}\">\n\t\t\t\t\t\t<div class=\"elementor-container elementor-column-gap-default\">\n\t\t\t\t\t<div class=\"elementor-column elementor-col-33 elementor-top-column elementor-element elementor-element-fa63878\" data-id=\"fa63878\" data-element_type=\"column\">\n\t\t\t<div class=\"elementor-widget-wrap elementor-element-populated\">\n\t\t\t\t\t\t\t\t<div class=\"elementor-element elementor-element-f4352c1 elementor-invisible elementor-widget elementor-widget-heading\" data-id=\"f4352c1\" data-element_type=\"widget\" data-settings=\"{&quot;_animation&quot;:&quot;fadeInLeft&quot;}\" data-widget_type=\"heading.default\">\n\t\t\t\t<div class=\"elementor-widget-container\">\n\t\t\t<h2 class=\"elementor-heading-title elementor-size-medium\">Ricardo Antunes<\/h2>\t\t<\/div>\n\t\t\t\t<\/div>\n\t\t\t\t\t<\/div>\n\t\t<\/div>\n\t\t\t\t<div class=\"elementor-column elementor-col-66 elementor-top-column elementor-element elementor-element-42dcd69\" data-id=\"42dcd69\" data-element_type=\"column\">\n\t\t\t<div class=\"elementor-widget-wrap elementor-element-populated\">\n\t\t\t\t\t\t\t\t<div class=\"elementor-element elementor-element-c3263ce elementor-widget elementor-widget-text-editor\" data-id=\"c3263ce\" data-element_type=\"widget\" data-widget_type=\"text-editor.default\">\n\t\t\t\t<div class=\"elementor-widget-container\">\n\t\t\t\t\t\t\t<p>Diretor T\u00e9cnico Nacional &#8211;\u00a0Nata\u00e7\u00e3o\u00a0Pura, Federa\u00e7\u00e3o Portuguesa de Nata\u00e7\u00e3o<\/p>\t\t\t\t\t\t<\/div>\n\t\t\t\t<\/div>\n\t\t\t\t\t<\/div>\n\t\t<\/div>\n\t\t\t\t\t\t\t<\/div>\n\t\t<\/section>\n\t\t\t\t<section class=\"elementor-section elementor-top-section elementor-element elementor-element-337abdf elementor-section-boxed elementor-section-height-default elementor-section-height-default\" data-id=\"337abdf\" data-element_type=\"section\" data-settings=\"{&quot;_ha_eqh_enable&quot;:false}\">\n\t\t\t\t\t\t<div class=\"elementor-container elementor-column-gap-default\">\n\t\t\t\t\t<div class=\"elementor-column elementor-col-33 elementor-top-column elementor-element elementor-element-c7fd3f9\" data-id=\"c7fd3f9\" data-element_type=\"column\">\n\t\t\t<div class=\"elementor-widget-wrap elementor-element-populated\">\n\t\t\t\t\t\t\t\t<div class=\"elementor-element elementor-element-2b3643b elementor-invisible elementor-widget elementor-widget-heading\" data-id=\"2b3643b\" data-element_type=\"widget\" data-settings=\"{&quot;_animation&quot;:&quot;fadeInLeft&quot;}\" data-widget_type=\"heading.default\">\n\t\t\t\t<div class=\"elementor-widget-container\">\n\t\t\t<h2 class=\"elementor-heading-title elementor-size-medium\">Ricardo Maia<\/h2>\t\t<\/div>\n\t\t\t\t<\/div>\n\t\t\t\t\t<\/div>\n\t\t<\/div>\n\t\t\t\t<div class=\"elementor-column elementor-col-66 elementor-top-column elementor-element elementor-element-7329193\" data-id=\"7329193\" data-element_type=\"column\">\n\t\t\t<div class=\"elementor-widget-wrap elementor-element-populated\">\n\t\t\t\t\t\t\t\t<div class=\"elementor-element elementor-element-92bd199 elementor-widget elementor-widget-text-editor\" data-id=\"92bd199\" data-element_type=\"widget\" data-widget_type=\"text-editor.default\">\n\t\t\t\t<div class=\"elementor-widget-container\">\n\t\t\t\t\t\t\t<p>Ricardo Maia \u00e9 um profissional apaixonado pela vida e pelas atividades aqu\u00e1ticas, entregando diariamente o melhor de si em cada aula, treino ou forma\u00e7\u00e3o. Acredita na melhoria cont\u00ednua e no poder de fazer a diferen\u00e7a na vida das pessoas que confiam no seu trabalho, transmitindo energia, t\u00e9cnica e inspira\u00e7\u00e3o em cada intera\u00e7\u00e3o.<br \/>No congresso, o professor Ricardo ser\u00e1 orador do workshop \u201cStrength through Water\u201d, onde ser\u00e3o apresentadas estrat\u00e9gias, m\u00e9todos e solu\u00e7\u00f5es pr\u00e1ticas para o desenvolvimento da for\u00e7a no meio aqu\u00e1tico, adapt\u00e1veis a diferentes n\u00edveis e objetivos.<br \/>Al\u00e9m disso, ir\u00e1 conduzir a mini-master \u201cXplore &amp; Feel\u201d, uma experi\u00eancia imersiva que promete desafiar os participantes a explorar novas sensa\u00e7\u00f5es e possibilidades de movimento no ambiente aqu\u00e1tico.<\/p>\t\t\t\t\t\t<\/div>\n\t\t\t\t<\/div>\n\t\t\t\t\t<\/div>\n\t\t<\/div>\n\t\t\t\t\t\t\t<\/div>\n\t\t<\/section>\n\t\t\t\t<section class=\"elementor-section elementor-top-section elementor-element elementor-element-c3245a2 elementor-section-boxed elementor-section-height-default elementor-section-height-default\" data-id=\"c3245a2\" data-element_type=\"section\" data-settings=\"{&quot;_ha_eqh_enable&quot;:false}\">\n\t\t\t\t\t\t<div class=\"elementor-container elementor-column-gap-default\">\n\t\t\t\t\t<div class=\"elementor-column elementor-col-33 elementor-top-column elementor-element elementor-element-b6b28bd\" data-id=\"b6b28bd\" data-element_type=\"column\">\n\t\t\t<div class=\"elementor-widget-wrap elementor-element-populated\">\n\t\t\t\t\t\t\t\t<div class=\"elementor-element elementor-element-8ad035f elementor-invisible elementor-widget elementor-widget-heading\" data-id=\"8ad035f\" data-element_type=\"widget\" data-settings=\"{&quot;_animation&quot;:&quot;fadeInLeft&quot;}\" data-widget_type=\"heading.default\">\n\t\t\t\t<div class=\"elementor-widget-container\">\n\t\t\t<h2 class=\"elementor-heading-title elementor-size-medium\">Ricardo Moura<\/h2>\t\t<\/div>\n\t\t\t\t<\/div>\n\t\t\t\t\t<\/div>\n\t\t<\/div>\n\t\t\t\t<div class=\"elementor-column elementor-col-66 elementor-top-column elementor-element elementor-element-9489f55\" data-id=\"9489f55\" data-element_type=\"column\">\n\t\t\t<div class=\"elementor-widget-wrap elementor-element-populated\">\n\t\t\t\t\t\t\t\t<div class=\"elementor-element elementor-element-8c3dd32 elementor-widget elementor-widget-text-editor\" data-id=\"8c3dd32\" data-element_type=\"widget\" data-widget_type=\"text-editor.default\">\n\t\t\t\t<div class=\"elementor-widget-container\">\n\t\t\t\t\t\t\t<p>Ricardo de Moura \u00e9 uma das figuras mais influentes da nata\u00e7\u00e3o brasileira e internacional, com uma trajet\u00f3ria marcada por experi\u00eancia ol\u00edmpica, lideran\u00e7a desportiva e forma\u00e7\u00e3o de novos gestores. Com participa\u00e7\u00e3o em 7 edi\u00e7\u00f5es dos Jogos Ol\u00edmpicos, 6 Jogos Pan-Americanos e 25 Campeonatos Mundiais, Ricardo acumulou uma viv\u00eancia \u00fanica no alto rendimento.<br \/>Ao longo de 27 anos como Gerente de Nata\u00e7\u00e3o da CBDA, atuou diretamente na cria\u00e7\u00e3o e execu\u00e7\u00e3o de projetos que levaram o Brasil a resultados hist\u00f3ricos, incluindo a conquista de 10 medalhas ol\u00edmpicas. Seu impacto vai al\u00e9m das piscinas, com 12 anos como membro do Comit\u00ea T\u00e9cnico de Nata\u00e7\u00e3o da Federa\u00e7\u00e3o Internacional de Nata\u00e7\u00e3o (World Aquatics) e fun\u00e7\u00f5es de lideran\u00e7a como Secret\u00e1rio Tesoureiro em confedera\u00e7\u00f5es sul-americanas e latinas.<br \/>Como educador, Ricardo exerceu papel fundamental na forma\u00e7\u00e3o de l\u00edderes desportivos, sendo professor do Curso Avan\u00e7ado de Gest\u00e3o Esportiva do Instituto Ol\u00edmpico Brasileiro (IOB\/COB) entre 2009 e 2017. \u00c9 tamb\u00e9m autor do livro Gotas Ol\u00edmpicas e mant\u00e9m ativa a coluna hom\u00f4nima nas redes sociais (Facebook, Instagram e LinkedIn), compartilhando reflex\u00f5es e aprendizados sobre o esporte de alto rendimento<\/p>\t\t\t\t\t\t<\/div>\n\t\t\t\t<\/div>\n\t\t\t\t\t<\/div>\n\t\t<\/div>\n\t\t\t\t\t\t\t<\/div>\n\t\t<\/section>\n\t\t\t\t<section class=\"elementor-section elementor-top-section elementor-element elementor-element-eb5a19f elementor-section-boxed elementor-section-height-default elementor-section-height-default\" data-id=\"eb5a19f\" data-element_type=\"section\" data-settings=\"{&quot;_ha_eqh_enable&quot;:false}\">\n\t\t\t\t\t\t<div class=\"elementor-container elementor-column-gap-default\">\n\t\t\t\t\t<div class=\"elementor-column elementor-col-33 elementor-top-column elementor-element elementor-element-02eb6e3\" data-id=\"02eb6e3\" data-element_type=\"column\">\n\t\t\t<div class=\"elementor-widget-wrap elementor-element-populated\">\n\t\t\t\t\t\t\t\t<div class=\"elementor-element elementor-element-ffe74a2 elementor-invisible elementor-widget elementor-widget-heading\" data-id=\"ffe74a2\" data-element_type=\"widget\" data-settings=\"{&quot;_animation&quot;:&quot;fadeInLeft&quot;}\" data-widget_type=\"heading.default\">\n\t\t\t\t<div class=\"elementor-widget-container\">\n\t\t\t<h2 class=\"elementor-heading-title elementor-size-medium\">Rita Pinto<\/h2>\t\t<\/div>\n\t\t\t\t<\/div>\n\t\t\t\t\t<\/div>\n\t\t<\/div>\n\t\t\t\t<div class=\"elementor-column elementor-col-66 elementor-top-column elementor-element elementor-element-b97ee48\" data-id=\"b97ee48\" data-element_type=\"column\">\n\t\t\t<div class=\"elementor-widget-wrap elementor-element-populated\">\n\t\t\t\t\t\t\t\t<div class=\"elementor-element elementor-element-b86057f elementor-widget elementor-widget-text-editor\" data-id=\"b86057f\" data-element_type=\"widget\" data-widget_type=\"text-editor.default\">\n\t\t\t\t<div class=\"elementor-widget-container\">\n\t\t\t\t\t\t\t<p>Professora da UMH, Espanha; Professora de Nata\u00e7\u00e3o Infantil desde 1998; Coordenadora das publica\u00e7\u00f5es recursos pedag\u00f3gicos da AIDEA; Conferencista convidada em eventos nacionais e internacionais sobre educa\u00e7\u00e3o aqu\u00e1tica.<\/p>\t\t\t\t\t\t<\/div>\n\t\t\t\t<\/div>\n\t\t\t\t\t<\/div>\n\t\t<\/div>\n\t\t\t\t\t\t\t<\/div>\n\t\t<\/section>\n\t\t\t\t<section class=\"elementor-section elementor-top-section elementor-element elementor-element-0a56bf3 elementor-section-boxed elementor-section-height-default elementor-section-height-default\" data-id=\"0a56bf3\" data-element_type=\"section\" data-settings=\"{&quot;_ha_eqh_enable&quot;:false}\">\n\t\t\t\t\t\t<div class=\"elementor-container elementor-column-gap-default\">\n\t\t\t\t\t<div class=\"elementor-column elementor-col-33 elementor-top-column elementor-element elementor-element-958f228\" data-id=\"958f228\" data-element_type=\"column\">\n\t\t\t<div class=\"elementor-widget-wrap elementor-element-populated\">\n\t\t\t\t\t\t\t\t<div class=\"elementor-element elementor-element-37d8355 elementor-invisible elementor-widget elementor-widget-heading\" data-id=\"37d8355\" data-element_type=\"widget\" data-settings=\"{&quot;_animation&quot;:&quot;fadeInLeft&quot;}\" data-widget_type=\"heading.default\">\n\t\t\t\t<div class=\"elementor-widget-container\">\n\t\t\t<h2 class=\"elementor-heading-title elementor-size-medium\">T\u00e2nia Mira<\/h2>\t\t<\/div>\n\t\t\t\t<\/div>\n\t\t\t\t\t<\/div>\n\t\t<\/div>\n\t\t\t\t<div class=\"elementor-column elementor-col-66 elementor-top-column elementor-element elementor-element-a89c161\" data-id=\"a89c161\" data-element_type=\"column\">\n\t\t\t<div class=\"elementor-widget-wrap elementor-element-populated\">\n\t\t\t\t\t\t\t\t<div class=\"elementor-element elementor-element-cc35aaa elementor-widget elementor-widget-text-editor\" data-id=\"cc35aaa\" data-element_type=\"widget\" data-widget_type=\"text-editor.default\">\n\t\t\t\t<div class=\"elementor-widget-container\">\n\t\t\t\t\t\t\t<p style=\"font-weight: 400;\">Doutorada em Ci\u00eancias do Desporto; Professora Adjunta no ISCE \u2013 Instituto Superior de Lisboa e Vale do Tejo;\u00a0Formadora; Membro da dire\u00e7\u00e3o da APTN desde 2020.<\/p>\t\t\t\t\t\t<\/div>\n\t\t\t\t<\/div>\n\t\t\t\t\t<\/div>\n\t\t<\/div>\n\t\t\t\t\t\t\t<\/div>\n\t\t<\/section>\n\t\t\t\t<section class=\"elementor-section elementor-top-section elementor-element elementor-element-8276d11 elementor-section-boxed elementor-section-height-default elementor-section-height-default\" data-id=\"8276d11\" data-element_type=\"section\" data-settings=\"{&quot;_ha_eqh_enable&quot;:false}\">\n\t\t\t\t\t\t<div class=\"elementor-container elementor-column-gap-default\">\n\t\t\t\t\t<div class=\"elementor-column elementor-col-33 elementor-top-column elementor-element elementor-element-9f559f2\" data-id=\"9f559f2\" data-element_type=\"column\">\n\t\t\t<div class=\"elementor-widget-wrap elementor-element-populated\">\n\t\t\t\t\t\t\t\t<div class=\"elementor-element elementor-element-745ae4d elementor-invisible elementor-widget elementor-widget-heading\" data-id=\"745ae4d\" data-element_type=\"widget\" data-settings=\"{&quot;_animation&quot;:&quot;fadeInLeft&quot;}\" data-widget_type=\"heading.default\">\n\t\t\t\t<div class=\"elementor-widget-container\">\n\t\t\t<h2 class=\"elementor-heading-title elementor-size-medium\">Tatiana Fazenda<\/h2>\t\t<\/div>\n\t\t\t\t<\/div>\n\t\t\t\t\t<\/div>\n\t\t<\/div>\n\t\t\t\t<div class=\"elementor-column elementor-col-66 elementor-top-column elementor-element elementor-element-5e9b676\" data-id=\"5e9b676\" data-element_type=\"column\">\n\t\t\t<div class=\"elementor-widget-wrap elementor-element-populated\">\n\t\t\t\t\t\t\t\t<div class=\"elementor-element elementor-element-42a444d elementor-widget elementor-widget-text-editor\" data-id=\"42a444d\" data-element_type=\"widget\" data-widget_type=\"text-editor.default\">\n\t\t\t\t<div class=\"elementor-widget-container\">\n\t\t\t\t\t\t\t<p>Tatiana Fazenda \u00e9 licenciada em Ci\u00eancias da Comunica\u00e7\u00e3o: Publicidade e Rela\u00e7\u00f5es P\u00fablicas, mestre em Comunica\u00e7\u00e3o Estrat\u00e9gica e doutorada em Ci\u00eancias do Desporto pela Universidade da Beira Interior. Atua como Professora Auxiliar na Universidade Lus\u00edada de Lisboa, no curso de Gest\u00e3o das Organiza\u00e7\u00f5es Desportivas, unindo a comunica\u00e7\u00e3o estrat\u00e9gica ao universo do desporto.<\/p><p>No congresso, juntamente com David Gorgulho, a professora Tatiana ir\u00e1 conduzir o workshop curto \u201cMais do que Palavras: O Poder da Comunica\u00e7\u00e3o no Desporto\u201d, explorando como a comunica\u00e7\u00e3o eficaz pode potencializar o desempenho, a imagem e a gest\u00e3o de organiza\u00e7\u00f5es esportivas.<\/p>\t\t\t\t\t\t<\/div>\n\t\t\t\t<\/div>\n\t\t\t\t\t<\/div>\n\t\t<\/div>\n\t\t\t\t\t\t\t<\/div>\n\t\t<\/section>\n\t\t\t\t<section class=\"elementor-section elementor-top-section elementor-element elementor-element-f823468 elementor-section-boxed elementor-section-height-default elementor-section-height-default\" data-id=\"f823468\" data-element_type=\"section\" data-settings=\"{&quot;_ha_eqh_enable&quot;:false}\">\n\t\t\t\t\t\t<div class=\"elementor-container elementor-column-gap-default\">\n\t\t\t\t\t<div class=\"elementor-column elementor-col-33 elementor-top-column elementor-element elementor-element-fef886e\" data-id=\"fef886e\" data-element_type=\"column\">\n\t\t\t<div class=\"elementor-widget-wrap elementor-element-populated\">\n\t\t\t\t\t\t\t\t<div class=\"elementor-element elementor-element-3914a87 elementor-invisible elementor-widget elementor-widget-heading\" data-id=\"3914a87\" data-element_type=\"widget\" data-settings=\"{&quot;_animation&quot;:&quot;fadeInLeft&quot;}\" data-widget_type=\"heading.default\">\n\t\t\t\t<div class=\"elementor-widget-container\">\n\t\t\t<h2 class=\"elementor-heading-title elementor-size-medium\">Tiago Barbosa<\/h2>\t\t<\/div>\n\t\t\t\t<\/div>\n\t\t\t\t\t<\/div>\n\t\t<\/div>\n\t\t\t\t<div class=\"elementor-column elementor-col-66 elementor-top-column elementor-element elementor-element-29f535d\" data-id=\"29f535d\" data-element_type=\"column\">\n\t\t\t<div class=\"elementor-widget-wrap elementor-element-populated\">\n\t\t\t\t\t\t\t\t<div class=\"elementor-element elementor-element-7e91d6d elementor-widget elementor-widget-text-editor\" data-id=\"7e91d6d\" data-element_type=\"widget\" data-widget_type=\"text-editor.default\">\n\t\t\t\t<div class=\"elementor-widget-container\">\n\t\t\t\t\t\t\t<p>Tiago M. Barbosa \u00e9 professor da Universidade Polit\u00e9cnica de Bragan\u00e7a, onde se destaca como diretor do LiveWell \u2013 Research Centre for Active Living and Wellbeing. Al\u00e9m de sua atua\u00e7\u00e3o acad\u00e9mica e cient\u00edfica internacionalmente reconhecida,no \u00e2mbito das ci\u00eancias do desporto e em particular da nata\u00e7\u00e3o e das atividades aqu\u00e1ticas, \u00e9 exerce altualmente fun\u00e7\u00f5es junto da European Aquatics (Academy), integrando inova\u00e7\u00e3o tecnol\u00f3gica e desempenho desportivo.<br \/>No congresso, o professor Tiago Barbosa abordar\u00e1 o tema \u201cTechnological innovations in swimming powered by Artificial Intelligence\u201d, explorando como as tecnologias emergentes e a intelig\u00eancia artificial est\u00e3o revolucionando o treino, a an\u00e1lise de desempenho e o futuro da nata\u00e7\u00e3o.<\/p>\t\t\t\t\t\t<\/div>\n\t\t\t\t<\/div>\n\t\t\t\t\t<\/div>\n\t\t<\/div>\n\t\t\t\t\t\t\t<\/div>\n\t\t<\/section>\n\t\t\t\t<section class=\"elementor-section elementor-top-section elementor-element elementor-element-7f4609c elementor-section-boxed elementor-section-height-default elementor-section-height-default\" data-id=\"7f4609c\" data-element_type=\"section\" data-settings=\"{&quot;_ha_eqh_enable&quot;:false}\">\n\t\t\t\t\t\t<div class=\"elementor-container elementor-column-gap-default\">\n\t\t\t\t\t<div class=\"elementor-column elementor-col-33 elementor-top-column elementor-element elementor-element-af35876\" data-id=\"af35876\" data-element_type=\"column\">\n\t\t\t<div class=\"elementor-widget-wrap elementor-element-populated\">\n\t\t\t\t\t\t\t\t<div class=\"elementor-element elementor-element-70017d4 elementor-invisible elementor-widget elementor-widget-heading\" data-id=\"70017d4\" data-element_type=\"widget\" data-settings=\"{&quot;_animation&quot;:&quot;fadeInLeft&quot;}\" data-widget_type=\"heading.default\">\n\t\t\t\t<div class=\"elementor-widget-container\">\n\t\t\t<h2 class=\"elementor-heading-title elementor-size-medium\">Tiago Ven\u00e2ncio<\/h2>\t\t<\/div>\n\t\t\t\t<\/div>\n\t\t\t\t\t<\/div>\n\t\t<\/div>\n\t\t\t\t<div class=\"elementor-column elementor-col-66 elementor-top-column elementor-element elementor-element-aae920e\" data-id=\"aae920e\" data-element_type=\"column\">\n\t\t\t<div class=\"elementor-widget-wrap elementor-element-populated\">\n\t\t\t\t\t\t\t\t<div class=\"elementor-element elementor-element-4b11072 elementor-widget elementor-widget-text-editor\" data-id=\"4b11072\" data-element_type=\"widget\" data-widget_type=\"text-editor.default\">\n\t\t\t\t<div class=\"elementor-widget-container\">\n\t\t\t\t\t\t\t\t\t\t\t\t\t<\/div>\n\t\t\t\t<\/div>\n\t\t\t\t\t<\/div>\n\t\t<\/div>\n\t\t\t\t\t\t\t<\/div>\n\t\t<\/section>\n\t\t\t\t<section class=\"elementor-section elementor-top-section elementor-element elementor-element-508f212 elementor-section-boxed elementor-section-height-default elementor-section-height-default\" data-id=\"508f212\" data-element_type=\"section\" data-settings=\"{&quot;_ha_eqh_enable&quot;:false}\">\n\t\t\t\t\t\t<div class=\"elementor-container elementor-column-gap-default\">\n\t\t\t\t\t<div class=\"elementor-column elementor-col-33 elementor-top-column elementor-element elementor-element-e55b936\" data-id=\"e55b936\" data-element_type=\"column\">\n\t\t\t<div class=\"elementor-widget-wrap elementor-element-populated\">\n\t\t\t\t\t\t\t\t<div class=\"elementor-element elementor-element-88eb107 elementor-invisible elementor-widget elementor-widget-heading\" data-id=\"88eb107\" data-element_type=\"widget\" data-settings=\"{&quot;_animation&quot;:&quot;fadeInLeft&quot;}\" data-widget_type=\"heading.default\">\n\t\t\t\t<div class=\"elementor-widget-container\">\n\t\t\t<h2 class=\"elementor-heading-title elementor-size-medium\">Tinoca \u2013 Cristina Senra<\/h2>\t\t<\/div>\n\t\t\t\t<\/div>\n\t\t\t\t\t<\/div>\n\t\t<\/div>\n\t\t\t\t<div class=\"elementor-column elementor-col-66 elementor-top-column elementor-element elementor-element-1aa2a8e\" data-id=\"1aa2a8e\" data-element_type=\"column\">\n\t\t\t<div class=\"elementor-widget-wrap elementor-element-populated\">\n\t\t\t\t\t\t\t\t<div class=\"elementor-element elementor-element-f17d6cc elementor-widget elementor-widget-text-editor\" data-id=\"f17d6cc\" data-element_type=\"widget\" data-widget_type=\"text-editor.default\">\n\t\t\t\t<div class=\"elementor-widget-container\">\n\t\t\t\t\t\t\t<p>Cristina Senra, carinhosamente conhecida como Tinoca, \u00e9 uma profissional apaixonada e carism\u00e1tica, com mais de 30 anos de experi\u00eancia no fitness aqu\u00e1tico. Mestre em Psicologia do Desporto e do Exerc\u00edcio, \u00e9 AEA International Trainer, criadora do Mundo Hidro e diretora pedag\u00f3gica da Fitness Academy. Reconhecida internacionalmente, \u00e9 autora de diversos livros e DVDs pedag\u00f3gicos e uma das principais refer\u00eancias mundiais em inova\u00e7\u00e3o e qualidade no ensino do fitness aqu\u00e1tico.<br \/>No congresso, a professora Tinoca, em parceria com a professora Fl\u00e1via Y\u00e1zigi, conduzir\u00e1 o workshop \u201cWS Hidro 70+\u201d, focado em estrat\u00e9gias para desenvolver programas de exerc\u00edcios atrativos, eficientes e seguros para idosos, com base nos principais componentes apontados pela ci\u00eancia para um envelhecimento ativo e saud\u00e1vel. Durante o workshop, ser\u00e3o exploradas metodologias de ensino, conce\u00e7\u00e3o de aulas, estrat\u00e9gias de lideran\u00e7a e propostas de movimentos e sequ\u00eancias prontas para aplica\u00e7\u00e3o.<br \/>Al\u00e9m disso, Tinoca ir\u00e1 liderar a mini-master \u201cYin &amp; Yang \u2013 A for\u00e7a dos opostos\u201d, uma experi\u00eancia inovadora que combina diferentes energias e ritmos para um treino aqu\u00e1tico equilibrado e transformador.<\/p>\t\t\t\t\t\t<\/div>\n\t\t\t\t<\/div>\n\t\t\t\t\t<\/div>\n\t\t<\/div>\n\t\t\t\t\t\t\t<\/div>\n\t\t<\/section>\n\t\t\t\t<section class=\"elementor-section elementor-top-section elementor-element elementor-element-492be33 elementor-section-boxed elementor-section-height-default elementor-section-height-default\" data-id=\"492be33\" data-element_type=\"section\" data-settings=\"{&quot;_ha_eqh_enable&quot;:false}\">\n\t\t\t\t\t\t<div class=\"elementor-container elementor-column-gap-default\">\n\t\t\t\t\t<div class=\"elementor-column elementor-col-33 elementor-top-column elementor-element elementor-element-7f2316d\" data-id=\"7f2316d\" data-element_type=\"column\">\n\t\t\t<div class=\"elementor-widget-wrap elementor-element-populated\">\n\t\t\t\t\t\t\t\t<div class=\"elementor-element elementor-element-2dae143 elementor-invisible elementor-widget elementor-widget-heading\" data-id=\"2dae143\" data-element_type=\"widget\" data-settings=\"{&quot;_animation&quot;:&quot;fadeInLeft&quot;}\" data-widget_type=\"heading.default\">\n\t\t\t\t<div class=\"elementor-widget-container\">\n\t\t\t<h2 class=\"elementor-heading-title elementor-size-medium\">Vanessa Fernandes<\/h2>\t\t<\/div>\n\t\t\t\t<\/div>\n\t\t\t\t\t<\/div>\n\t\t<\/div>\n\t\t\t\t<div class=\"elementor-column elementor-col-66 elementor-top-column elementor-element elementor-element-83f11da\" data-id=\"83f11da\" data-element_type=\"column\">\n\t\t\t<div class=\"elementor-widget-wrap elementor-element-populated\">\n\t\t\t\t\t\t\t\t<div class=\"elementor-element elementor-element-01be575 elementor-widget elementor-widget-text-editor\" data-id=\"01be575\" data-element_type=\"widget\" data-widget_type=\"text-editor.default\">\n\t\t\t\t<div class=\"elementor-widget-container\">\n\t\t\t\t\t\t\t\t\t\t\t\t\t<\/div>\n\t\t\t\t<\/div>\n\t\t\t\t\t<\/div>\n\t\t<\/div>\n\t\t\t\t\t\t\t<\/div>\n\t\t<\/section>\n\t\t\t\t\t\t<\/div>\n\t\t\t\t\t<\/div>\n\t\t","protected":false},"excerpt":{"rendered":"<p>Adrian Radulescu Treinador de nata\u00e7\u00e3o de alto rendimento (CS Dinamo Bucuresti); Treinador da Selec\u00e7\u00e3o Nacional S\u00e9nior e J\u00fanior (Federa\u00e7\u00e1o Romena de Nata\u00e7\u00e3o); Professor da Universidade Nacional de Educa\u00e7\u00e3o F\u00edsica e Esporte de Bucareste, Rom\u00eania; Doutorado em Fisiologia e Ci\u00eancias do Desporto DIA: 14 de outubroSESS\u00c3O: Centro Cultural &#8211; 10.15h | 11.00hAPRESENTA\u00c7\u00c3O: O Treino de Alta [&hellip;]<\/p>\n","protected":false},"author":1,"featured_media":0,"parent":0,"menu_order":0,"comment_status":"closed","ping_status":"closed","template":"elementor_canvas","meta":[],"_links":{"self":[{"href":"https:\/\/aptn.pt\/48congresso\/wp-json\/wp\/v2\/pages\/1491"}],"collection":[{"href":"https:\/\/aptn.pt\/48congresso\/wp-json\/wp\/v2\/pages"}],"about":[{"href":"https:\/\/aptn.pt\/48congresso\/wp-json\/wp\/v2\/types\/page"}],"author":[{"embeddable":true,"href":"https:\/\/aptn.pt\/48congresso\/wp-json\/wp\/v2\/users\/1"}],"replies":[{"embeddable":true,"href":"https:\/\/aptn.pt\/48congresso\/wp-json\/wp\/v2\/comments?post=1491"}],"version-history":[{"count":334,"href":"https:\/\/aptn.pt\/48congresso\/wp-json\/wp\/v2\/pages\/1491\/revisions"}],"predecessor-version":[{"id":6454,"href":"https:\/\/aptn.pt\/48congresso\/wp-json\/wp\/v2\/pages\/1491\/revisions\/6454"}],"wp:attachment":[{"href":"https:\/\/aptn.pt\/48congresso\/wp-json\/wp\/v2\/media?parent=1491"}],"curies":[{"name":"wp","href":"https:\/\/api.w.org\/{rel}","templated":true}]}}