{"id":225,"date":"2021-05-14T09:45:08","date_gmt":"2021-05-14T09:45:08","guid":{"rendered":"https:\/\/aptn.pt\/46congresso\/?page_id=225"},"modified":"2023-10-17T18:34:23","modified_gmt":"2023-10-17T18:34:23","slug":"programa","status":"publish","type":"page","link":"https:\/\/aptn.pt\/46congresso\/pt\/programa\/","title":{"rendered":"Programa"},"content":{"rendered":"\t\t<div data-elementor-type=\"wp-page\" data-elementor-id=\"225\" class=\"elementor elementor-225\" data-elementor-settings=\"[]\">\n\t\t\t\t\t\t\t<div class=\"elementor-section-wrap\">\n\t\t\t\t\t\t\t<section class=\"elementor-section elementor-top-section elementor-element elementor-element-ed9d281 animated-fast elementor-section-full_width elementor-section-height-default elementor-section-height-default elementor-invisible\" data-id=\"ed9d281\" data-element_type=\"section\" data-settings=\"{&quot;background_background&quot;:&quot;classic&quot;,&quot;animation&quot;:&quot;fadeIn&quot;,&quot;animation_delay&quot;:600,&quot;_ha_eqh_enable&quot;:false}\">\n\t\t\t\t\t\t<div class=\"elementor-container elementor-column-gap-default\">\n\t\t\t\t\t<div class=\"elementor-column elementor-col-100 elementor-top-column elementor-element elementor-element-bc5f9aa\" data-id=\"bc5f9aa\" data-element_type=\"column\">\n\t\t\t<div class=\"elementor-widget-wrap elementor-element-populated\">\n\t\t\t\t\t\t\t\t<div class=\"elementor-element elementor-element-d7b0770 elementor-widget elementor-widget-heading\" data-id=\"d7b0770\" data-element_type=\"widget\" data-widget_type=\"heading.default\">\n\t\t\t\t<div class=\"elementor-widget-container\">\n\t\t\t<h1 class=\"elementor-heading-title elementor-size-default\">46\u00ba Congresso APTN \n& 16\u00ba Congresso Ib\u00e9rico de Nata\u00e7\u00e3o<\/h1>\t\t<\/div>\n\t\t\t\t<\/div>\n\t\t\t\t<div class=\"elementor-element elementor-element-94f1af8 elementor-widget elementor-widget-heading\" data-id=\"94f1af8\" data-element_type=\"widget\" data-widget_type=\"heading.default\">\n\t\t\t\t<div class=\"elementor-widget-container\">\n\t\t\t<h2 class=\"elementor-heading-title elementor-size-default\">Centro Cultural & Antigos Pa\u00e7os do Concelho  |  Viana do Castelo<\/h2>\t\t<\/div>\n\t\t\t\t<\/div>\n\t\t\t\t<div class=\"elementor-element elementor-element-633bb19 elementor-widget-divider--view-line elementor-widget elementor-widget-divider\" data-id=\"633bb19\" data-element_type=\"widget\" data-widget_type=\"divider.default\">\n\t\t\t\t<div class=\"elementor-widget-container\">\n\t\t\t\t\t<div class=\"elementor-divider\">\n\t\t\t<span class=\"elementor-divider-separator\">\n\t\t\t\t\t\t<\/span>\n\t\t<\/div>\n\t\t\t\t<\/div>\n\t\t\t\t<\/div>\n\t\t\t\t<div class=\"elementor-element elementor-element-7ca778f elementor-widget elementor-widget-heading\" data-id=\"7ca778f\" data-element_type=\"widget\" data-widget_type=\"heading.default\">\n\t\t\t\t<div class=\"elementor-widget-container\">\n\t\t\t<h2 class=\"elementor-heading-title elementor-size-default\">14 E 15 DE OUTUBRO DE 2023<\/h2>\t\t<\/div>\n\t\t\t\t<\/div>\n\t\t\t\t<div class=\"elementor-element elementor-element-fd13429 elementor-widget-divider--view-line elementor-widget elementor-widget-divider\" data-id=\"fd13429\" data-element_type=\"widget\" data-widget_type=\"divider.default\">\n\t\t\t\t<div class=\"elementor-widget-container\">\n\t\t\t\t\t<div class=\"elementor-divider\">\n\t\t\t<span class=\"elementor-divider-separator\">\n\t\t\t\t\t\t<\/span>\n\t\t<\/div>\n\t\t\t\t<\/div>\n\t\t\t\t<\/div>\n\t\t\t\t<div class=\"elementor-element elementor-element-9cdff08 elementor-invisible elementor-widget elementor-widget-heading\" data-id=\"9cdff08\" data-element_type=\"widget\" data-settings=\"{&quot;_animation&quot;:&quot;bounceIn&quot;}\" data-widget_type=\"heading.default\">\n\t\t\t\t<div class=\"elementor-widget-container\">\n\t\t\t<h1 class=\"elementor-heading-title elementor-size-default\">PROGRAMA<\/h1>\t\t<\/div>\n\t\t\t\t<\/div>\n\t\t\t\t\t<\/div>\n\t\t<\/div>\n\t\t\t\t\t\t\t<\/div>\n\t\t<\/section>\n\t\t\t\t<section class=\"elementor-section elementor-top-section elementor-element elementor-element-0d446e3 elementor-hidden-desktop elementor-hidden-tablet elementor-hidden-mobile elementor-section-boxed elementor-section-height-default elementor-section-height-default\" data-id=\"0d446e3\" data-element_type=\"section\" data-settings=\"{&quot;background_background&quot;:&quot;classic&quot;,&quot;_ha_eqh_enable&quot;:false}\">\n\t\t\t\t\t\t<div class=\"elementor-container elementor-column-gap-default\">\n\t\t\t\t\t<div class=\"elementor-column elementor-col-100 elementor-top-column elementor-element elementor-element-d8968ed\" data-id=\"d8968ed\" data-element_type=\"column\">\n\t\t\t<div class=\"elementor-widget-wrap elementor-element-populated\">\n\t\t\t\t\t\t\t\t<div class=\"elementor-element elementor-element-a6070a2 elementor-widget elementor-widget-heading\" data-id=\"a6070a2\" data-element_type=\"widget\" data-widget_type=\"heading.default\">\n\t\t\t\t<div class=\"elementor-widget-container\">\n\t\t\t<h2 class=\"elementor-heading-title elementor-size-default\">15 DE OUTUBRO<\/h2>\t\t<\/div>\n\t\t\t\t<\/div>\n\t\t\t\t<div class=\"elementor-element elementor-element-7cdde98 elementor-widget elementor-widget-spacer\" data-id=\"7cdde98\" data-element_type=\"widget\" data-widget_type=\"spacer.default\">\n\t\t\t\t<div class=\"elementor-widget-container\">\n\t\t\t\t\t<div class=\"elementor-spacer\">\n\t\t\t<div class=\"elementor-spacer-inner\"><\/div>\n\t\t<\/div>\n\t\t\t\t<\/div>\n\t\t\t\t<\/div>\n\t\t\t\t<div class=\"elementor-element elementor-element-0e87e7d elementor-widget elementor-widget-heading\" data-id=\"0e87e7d\" data-element_type=\"widget\" data-widget_type=\"heading.default\">\n\t\t\t\t<div class=\"elementor-widget-container\">\n\t\t\t<h2 class=\"elementor-heading-title elementor-size-default\">09.00 | Rece\u00e7\u00e3o e acredita\u00e7\u00e3o<\/h2>\t\t<\/div>\n\t\t\t\t<\/div>\n\t\t\t\t<div class=\"elementor-element elementor-element-41e95bd elementor-widget elementor-widget-heading\" data-id=\"41e95bd\" data-element_type=\"widget\" data-widget_type=\"heading.default\">\n\t\t\t\t<div class=\"elementor-widget-container\">\n\t\t\t<h2 class=\"elementor-heading-title elementor-size-default\">10.00 | Mensagem de Boas Vindas e Abertura     |     Audit\u00f3rio A<\/h2>\t\t<\/div>\n\t\t\t\t<\/div>\n\t\t\t\t<div class=\"elementor-element elementor-element-4bff0f4 elementor-widget elementor-widget-spacer\" data-id=\"4bff0f4\" data-element_type=\"widget\" data-widget_type=\"spacer.default\">\n\t\t\t\t<div class=\"elementor-widget-container\">\n\t\t\t\t\t<div class=\"elementor-spacer\">\n\t\t\t<div class=\"elementor-spacer-inner\"><\/div>\n\t\t<\/div>\n\t\t\t\t<\/div>\n\t\t\t\t<\/div>\n\t\t\t\t<section class=\"elementor-section elementor-inner-section elementor-element elementor-element-0d80604 elementor-section-boxed elementor-section-height-default elementor-section-height-default\" data-id=\"0d80604\" data-element_type=\"section\" data-settings=\"{&quot;_ha_eqh_enable&quot;:false}\">\n\t\t\t\t\t\t<div class=\"elementor-container elementor-column-gap-default\">\n\t\t\t\t\t<div class=\"elementor-column elementor-col-50 elementor-inner-column elementor-element elementor-element-852a081\" data-id=\"852a081\" data-element_type=\"column\">\n\t\t\t<div class=\"elementor-widget-wrap elementor-element-populated\">\n\t\t\t\t\t\t\t\t<div class=\"elementor-element elementor-element-762d27a elementor-widget elementor-widget-heading\" data-id=\"762d27a\" data-element_type=\"widget\" data-widget_type=\"heading.default\">\n\t\t\t\t<div class=\"elementor-widget-container\">\n\t\t\t<h2 class=\"elementor-heading-title elementor-size-default\">AUDIT\u00d3RIO A<\/h2>\t\t<\/div>\n\t\t\t\t<\/div>\n\t\t\t\t<div class=\"elementor-element elementor-element-c135f8e elementor-widget elementor-widget-heading\" data-id=\"c135f8e\" data-element_type=\"widget\" data-widget_type=\"heading.default\">\n\t\t\t\t<div class=\"elementor-widget-container\">\n\t\t\t<h2 class=\"elementor-heading-title elementor-size-default\">10.15 - 11.30 | Sess\u00e3o A1<\/h2>\t\t<\/div>\n\t\t\t\t<\/div>\n\t\t\t\t<div class=\"elementor-element elementor-element-a08ad83 elementor-widget elementor-widget-text-editor\" data-id=\"a08ad83\" data-element_type=\"widget\" data-widget_type=\"text-editor.default\">\n\t\t\t\t<div class=\"elementor-widget-container\">\n\t\t\t\t\t\t\t<p><i><b>Abandono e Persist\u00eancia na Nata\u00e7\u00e3o: o que sabemos\u00a0e para onde queremos ir?<\/b><\/i><\/p><p>Modera\u00e7\u00e3o: Raul Antunes | <span style=\"color: #ff0000;\">ESECS<\/span><\/p><p>Confer\u00eancia: Diogo Monteiro | <span style=\"color: #ff0000;\">ESECS, IPL<\/span><\/p><p>Apoio institucional da ESECS, IPL<\/p>\t\t\t\t\t\t<\/div>\n\t\t\t\t<\/div>\n\t\t\t\t\t<\/div>\n\t\t<\/div>\n\t\t\t\t<div class=\"elementor-column elementor-col-50 elementor-inner-column elementor-element elementor-element-ff87392\" data-id=\"ff87392\" data-element_type=\"column\">\n\t\t\t<div class=\"elementor-widget-wrap elementor-element-populated\">\n\t\t\t\t\t\t\t\t<div class=\"elementor-element elementor-element-adf0654 elementor-widget elementor-widget-heading\" data-id=\"adf0654\" data-element_type=\"widget\" data-widget_type=\"heading.default\">\n\t\t\t\t<div class=\"elementor-widget-container\">\n\t\t\t<h2 class=\"elementor-heading-title elementor-size-default\">AUDIT\u00d3RIO B<\/h2>\t\t<\/div>\n\t\t\t\t<\/div>\n\t\t\t\t<div class=\"elementor-element elementor-element-d2359e6 elementor-widget elementor-widget-heading\" data-id=\"d2359e6\" data-element_type=\"widget\" data-widget_type=\"heading.default\">\n\t\t\t\t<div class=\"elementor-widget-container\">\n\t\t\t<h2 class=\"elementor-heading-title elementor-size-default\">10.15 - 11.30 | Sess\u00e3o B1<\/h2>\t\t<\/div>\n\t\t\t\t<\/div>\n\t\t\t\t<div class=\"elementor-element elementor-element-7ab9c81 elementor-widget elementor-widget-text-editor\" data-id=\"7ab9c81\" data-element_type=\"widget\" data-widget_type=\"text-editor.default\">\n\t\t\t\t<div class=\"elementor-widget-container\">\n\t\t\t\t\t\t\t<p><em><strong>Que tend\u00eancias e boas pr\u00e1ticas de comunica\u00e7\u00e3o e marketing para as nossas organiza\u00e7\u00f5es desportivas?<\/strong><\/em><\/p><p>Modera\u00e7\u00e3o: C\u00e9sar Santos | <span style=\"color: #ff0000;\">SportMagazine<\/span><\/p><p>Mesa redonda: Nuno Albuquerque | <span style=\"color: #ff0000;\">Swim Channel Portugal<\/span>; Miguel Candeias | <span style=\"color: #ff0000;\">Jornal A Bola<\/span> ; Joaquim Sousa | <span style=\"color: #ff0000;\">Chlorus ; <span style=\"color: #ffffff;\">Susana Costa |<\/span> Clube Fluvial Portuense<\/span><\/p><p>Apoio institucional da Chlorus &amp; SportMagazine<\/p>\t\t\t\t\t\t<\/div>\n\t\t\t\t<\/div>\n\t\t\t\t\t<\/div>\n\t\t<\/div>\n\t\t\t\t\t\t\t<\/div>\n\t\t<\/section>\n\t\t\t\t<div class=\"elementor-element elementor-element-6fedc37 elementor-widget elementor-widget-spacer\" data-id=\"6fedc37\" data-element_type=\"widget\" data-widget_type=\"spacer.default\">\n\t\t\t\t<div class=\"elementor-widget-container\">\n\t\t\t\t\t<div class=\"elementor-spacer\">\n\t\t\t<div class=\"elementor-spacer-inner\"><\/div>\n\t\t<\/div>\n\t\t\t\t<\/div>\n\t\t\t\t<\/div>\n\t\t\t\t<div class=\"elementor-element elementor-element-a409e5c elementor-widget elementor-widget-heading\" data-id=\"a409e5c\" data-element_type=\"widget\" data-widget_type=\"heading.default\">\n\t\t\t\t<div class=\"elementor-widget-container\">\n\t\t\t<h2 class=\"elementor-heading-title elementor-size-default\">11.30 - 11.45 | Pausa<\/h2>\t\t<\/div>\n\t\t\t\t<\/div>\n\t\t\t\t<div class=\"elementor-element elementor-element-2f742bb elementor-widget elementor-widget-spacer\" data-id=\"2f742bb\" data-element_type=\"widget\" data-widget_type=\"spacer.default\">\n\t\t\t\t<div class=\"elementor-widget-container\">\n\t\t\t\t\t<div class=\"elementor-spacer\">\n\t\t\t<div class=\"elementor-spacer-inner\"><\/div>\n\t\t<\/div>\n\t\t\t\t<\/div>\n\t\t\t\t<\/div>\n\t\t\t\t<section class=\"elementor-section elementor-inner-section elementor-element elementor-element-fd11305 elementor-section-boxed elementor-section-height-default elementor-section-height-default\" data-id=\"fd11305\" data-element_type=\"section\" data-settings=\"{&quot;_ha_eqh_enable&quot;:false}\">\n\t\t\t\t\t\t<div class=\"elementor-container elementor-column-gap-default\">\n\t\t\t\t\t<div class=\"elementor-column elementor-col-50 elementor-inner-column elementor-element elementor-element-46cad22\" data-id=\"46cad22\" data-element_type=\"column\">\n\t\t\t<div class=\"elementor-widget-wrap elementor-element-populated\">\n\t\t\t\t\t\t\t\t<div class=\"elementor-element elementor-element-55598bd elementor-widget elementor-widget-heading\" data-id=\"55598bd\" data-element_type=\"widget\" data-widget_type=\"heading.default\">\n\t\t\t\t<div class=\"elementor-widget-container\">\n\t\t\t<h2 class=\"elementor-heading-title elementor-size-default\">AUDIT\u00d3RIO A <\/h2>\t\t<\/div>\n\t\t\t\t<\/div>\n\t\t\t\t<div class=\"elementor-element elementor-element-15dfe80 elementor-widget elementor-widget-heading\" data-id=\"15dfe80\" data-element_type=\"widget\" data-widget_type=\"heading.default\">\n\t\t\t\t<div class=\"elementor-widget-container\">\n\t\t\t<h2 class=\"elementor-heading-title elementor-size-default\">11.45 - 13.00 | Sess\u00e3o A2<\/h2>\t\t<\/div>\n\t\t\t\t<\/div>\n\t\t\t\t<div class=\"elementor-element elementor-element-c8c3d71 elementor-widget elementor-widget-text-editor\" data-id=\"c8c3d71\" data-element_type=\"widget\" data-widget_type=\"text-editor.default\">\n\t\t\t\t<div class=\"elementor-widget-container\">\n\t\t\t\t\t\t\t<p><em><strong>O que se ouve na voz dos nossos nadadores?<\/strong><\/em><\/p><p>Modera\u00e7\u00e3o: Diana Gomes | <span style=\"color: #ff0000;\">Comiss\u00e3o de atletas Ol\u00edmpicos<\/span><\/p><p>Mesa redonda: Tiago Campos | <span style=\"color: #ff0000;\">Clube de Nata\u00e7\u00e3o de Rio Maior<\/span>; Alexis Santos | <span style=\"color: #ff0000;\">Sporting CP<\/span>; Cheila Vieira | <span style=\"color: #ff0000;\">GESLoures; <span style=\"color: #ffffff;\">Tiago Parati |<\/span> Clube Fluvial Portuense;\u00a0<\/span><\/p><p>Apoio institucional da Comiss\u00e3o de Atletas Ol\u00edmpicos<\/p>\t\t\t\t\t\t<\/div>\n\t\t\t\t<\/div>\n\t\t\t\t\t<\/div>\n\t\t<\/div>\n\t\t\t\t<div class=\"elementor-column elementor-col-50 elementor-inner-column elementor-element elementor-element-286f6fe\" data-id=\"286f6fe\" data-element_type=\"column\">\n\t\t\t<div class=\"elementor-widget-wrap elementor-element-populated\">\n\t\t\t\t\t\t\t\t<div class=\"elementor-element elementor-element-e986661 elementor-widget elementor-widget-heading\" data-id=\"e986661\" data-element_type=\"widget\" data-widget_type=\"heading.default\">\n\t\t\t\t<div class=\"elementor-widget-container\">\n\t\t\t<h2 class=\"elementor-heading-title elementor-size-default\">AUDIT\u00d3RIO B<\/h2>\t\t<\/div>\n\t\t\t\t<\/div>\n\t\t\t\t<div class=\"elementor-element elementor-element-886eb89 elementor-widget elementor-widget-heading\" data-id=\"886eb89\" data-element_type=\"widget\" data-widget_type=\"heading.default\">\n\t\t\t\t<div class=\"elementor-widget-container\">\n\t\t\t<h2 class=\"elementor-heading-title elementor-size-default\">11.45 - 13.00 | Sess\u00e3o B2<\/h2>\t\t<\/div>\n\t\t\t\t<\/div>\n\t\t\t\t<div class=\"elementor-element elementor-element-ad1b539 elementor-widget elementor-widget-text-editor\" data-id=\"ad1b539\" data-element_type=\"widget\" data-widget_type=\"text-editor.default\">\n\t\t\t\t<div class=\"elementor-widget-container\">\n\t\t\t\t\t\t\t<p><em><strong>Que potencial (e identidade) para o turismo desportivo nacional das atividades aqu\u00e1ticas?<\/strong><\/em><\/p><p>Confer\u00eancia <span style=\"color: #ff0000;\">B2.1<\/span> <b>Impactos sociais, econ\u00f3micos e desportivos de grandes eventos desportivos: a experi\u00eancia da Associa\u00e7\u00e3o de Nata\u00e7\u00e3o da Madeira<\/b><\/p><p>Confer\u00eancia <span style=\"color: #ff0000;\">B2.2<\/span> <b>Que requisitos e potencial para o alto rendimento?<\/b><\/p><p>Modera\u00e7\u00e3o: Pedro Soares | <span style=\"color: #ff0000;\">APTN<\/span><\/p><p>Confer\u00eancia <span style=\"color: #ff0000;\">B2.1<\/span>\u00a0Avelino Silva | <span style=\"color: #ff0000;\">Associa\u00e7\u00e3o de Nata\u00e7\u00e3o da Madeira<\/span><\/p><p>Confer\u00eancia <span style=\"color: #ff0000;\">B2.2<\/span> Diva Cobra | <span style=\"color: #ff0000;\">C\u00e2mara Municipal de Tomar<\/span><\/p>\t\t\t\t\t\t<\/div>\n\t\t\t\t<\/div>\n\t\t\t\t\t<\/div>\n\t\t<\/div>\n\t\t\t\t\t\t\t<\/div>\n\t\t<\/section>\n\t\t\t\t<div class=\"elementor-element elementor-element-19bb18b elementor-widget elementor-widget-spacer\" data-id=\"19bb18b\" data-element_type=\"widget\" data-widget_type=\"spacer.default\">\n\t\t\t\t<div class=\"elementor-widget-container\">\n\t\t\t\t\t<div class=\"elementor-spacer\">\n\t\t\t<div class=\"elementor-spacer-inner\"><\/div>\n\t\t<\/div>\n\t\t\t\t<\/div>\n\t\t\t\t<\/div>\n\t\t\t\t<div class=\"elementor-element elementor-element-45ebeba elementor-widget elementor-widget-heading\" data-id=\"45ebeba\" data-element_type=\"widget\" data-widget_type=\"heading.default\">\n\t\t\t\t<div class=\"elementor-widget-container\">\n\t\t\t<h2 class=\"elementor-heading-title elementor-size-default\">13.00 | Almo\u00e7o<\/h2>\t\t<\/div>\n\t\t\t\t<\/div>\n\t\t\t\t<div class=\"elementor-element elementor-element-fe2c559 elementor-widget elementor-widget-spacer\" data-id=\"fe2c559\" data-element_type=\"widget\" data-widget_type=\"spacer.default\">\n\t\t\t\t<div class=\"elementor-widget-container\">\n\t\t\t\t\t<div class=\"elementor-spacer\">\n\t\t\t<div class=\"elementor-spacer-inner\"><\/div>\n\t\t<\/div>\n\t\t\t\t<\/div>\n\t\t\t\t<\/div>\n\t\t\t\t<section class=\"elementor-section elementor-inner-section elementor-element elementor-element-0a58552 elementor-section-boxed elementor-section-height-default elementor-section-height-default\" data-id=\"0a58552\" data-element_type=\"section\" data-settings=\"{&quot;_ha_eqh_enable&quot;:false}\">\n\t\t\t\t\t\t<div class=\"elementor-container elementor-column-gap-default\">\n\t\t\t\t\t<div class=\"elementor-column elementor-col-25 elementor-inner-column elementor-element elementor-element-ff298c0\" data-id=\"ff298c0\" data-element_type=\"column\">\n\t\t\t<div class=\"elementor-widget-wrap elementor-element-populated\">\n\t\t\t\t\t\t\t\t<div class=\"elementor-element elementor-element-3eab8f9 elementor-widget elementor-widget-heading\" data-id=\"3eab8f9\" data-element_type=\"widget\" data-widget_type=\"heading.default\">\n\t\t\t\t<div class=\"elementor-widget-container\">\n\t\t\t<h2 class=\"elementor-heading-title elementor-size-default\">AUDIT\u00d3RIO A <\/h2>\t\t<\/div>\n\t\t\t\t<\/div>\n\t\t\t\t<div class=\"elementor-element elementor-element-98fadcb elementor-widget elementor-widget-heading\" data-id=\"98fadcb\" data-element_type=\"widget\" data-widget_type=\"heading.default\">\n\t\t\t\t<div class=\"elementor-widget-container\">\n\t\t\t<h2 class=\"elementor-heading-title elementor-size-default\">14.30 - 15.30 | Sess\u00e3o A3<\/h2>\t\t<\/div>\n\t\t\t\t<\/div>\n\t\t\t\t<div class=\"elementor-element elementor-element-edb0029 elementor-widget elementor-widget-text-editor\" data-id=\"edb0029\" data-element_type=\"widget\" data-widget_type=\"text-editor.default\">\n\t\t\t\t<div class=\"elementor-widget-container\">\n\t\t\t\t\t\t\t<p><b><i>Comunica\u00e7\u00f5es orais livres<\/i><\/b><\/p><p><strong><span style=\"color: #ff0000;\">Treino_efeitos<\/span><\/strong><\/p><p>Confer\u00eancia <span style=\"color: #ff0000;\">A3.1 <\/span><em><strong>Follow-up of young swimmers\u2019 kinematics and kinetics during the winter season macrocycle<\/strong><\/em> | Catarina C. Santos, Daniel A. Marinho,Tiago Campos, Marcelo Pinto, M\u00e1rio J. Costa<\/p><p>Confer\u00eancia <span style=\"color: #ff0000;\">A3.2<\/span> <em><strong>Efeitos do Treino dos M\u00fasculos Respirat\u00f3rios na Performance<\/strong><\/em> | Ana Lourido, Nuno Batalha, M\u00e1rio Espada, Mar\u00eda Apolo-Arenas, Jos\u00e9 Parra\u00e7a<\/p><p>Confer\u00eancia <span style=\"color: #ff0000;\">A3.3<\/span> <em><strong>Autonomic modulation response to the lockdown period (Covid-19) in young swimmers<\/strong><\/em> | Jo\u00e3o Viola, Jos\u00e9 Manuel Borges, Lu\u00eds Rama<\/p><p>Confer\u00eancia <span style=\"color: #ff0000;\">A3.4<\/span> <em><strong>A influ\u00eancia do batimento de pernas no tempo de partida (15m) em nadadores juvenis e infantis<\/strong><\/em> | S\u00edlvia Mendon\u00e7a, Hugo Louro, Daniel A. Marinho, Henrique Neiva<\/p>\t\t\t\t\t\t<\/div>\n\t\t\t\t<\/div>\n\t\t\t\t\t<\/div>\n\t\t<\/div>\n\t\t\t\t<div class=\"elementor-column elementor-col-25 elementor-inner-column elementor-element elementor-element-cbadb77\" data-id=\"cbadb77\" data-element_type=\"column\">\n\t\t\t<div class=\"elementor-widget-wrap elementor-element-populated\">\n\t\t\t\t\t\t\t\t<div class=\"elementor-element elementor-element-4122b4c elementor-widget elementor-widget-heading\" data-id=\"4122b4c\" data-element_type=\"widget\" data-widget_type=\"heading.default\">\n\t\t\t\t<div class=\"elementor-widget-container\">\n\t\t\t<h2 class=\"elementor-heading-title elementor-size-default\">AUDIT\u00d3RIO B<\/h2>\t\t<\/div>\n\t\t\t\t<\/div>\n\t\t\t\t<div class=\"elementor-element elementor-element-d07a28b elementor-widget elementor-widget-heading\" data-id=\"d07a28b\" data-element_type=\"widget\" data-widget_type=\"heading.default\">\n\t\t\t\t<div class=\"elementor-widget-container\">\n\t\t\t<h2 class=\"elementor-heading-title elementor-size-default\">14.30 - 15.30 | Sess\u00e3o B3<\/h2>\t\t<\/div>\n\t\t\t\t<\/div>\n\t\t\t\t<div class=\"elementor-element elementor-element-330b954 elementor-widget elementor-widget-text-editor\" data-id=\"330b954\" data-element_type=\"widget\" data-widget_type=\"text-editor.default\">\n\t\t\t\t<div class=\"elementor-widget-container\">\n\t\t\t\t\t\t\t<p><b><i>Comunica\u00e7\u00f5es orais livres<\/i><\/b><\/p><p><span style=\"color: #ff0000;\"><strong>Treino_teste para avalia\u00e7\u00e3o e controlo<\/strong><\/span><\/p><p>Confer\u00eancia <span style=\"color: #ff0000;\">B3.1<\/span> <em><strong>10&#215;25 all-out: v\u00e1lido para determinar a velocidade cr\u00edtica e sens\u00edvel ao treino em nadadores juvenis?<\/strong><\/em> | Morgado JP; Curto D, Matias CN, Monteiro CP, Reis JF<\/p><p>Confer\u00eancia <span style=\"color: #ff0000;\">B3.2 <\/span><em><strong>Validade dos testes 8&#215;25 e 12x25l all-out na determina\u00e7\u00e3o da velocidade cr\u00edtica em nadadores jovens<\/strong><\/em> | Henrique Castro, Catarina Belchior, D\u00e1lia Curto, Tiago Rito, Jos\u00e9 Morgado, Joana F. Reis<\/p><p>Confer\u00eancia <span style=\"color: #ff0000;\">B3.3<\/span> <em><strong>Utiliza\u00e7\u00e3o da velocimetria e do nado amarrado na avalia\u00e7\u00e3o e controlo do treino<\/strong><\/em> | Leandro Vieira, Francisco Ferreira, Jo\u00e3o Paulo Vilas-Boas, Ricardo J. Fernandes, M\u00e1rio J. Costa, Susana Soares<\/p><p>Confer\u00eancia <span style=\"color: #ff0000;\">B3.4<\/span><em><strong> Conte\u00fado informativo de testes velocim\u00e9tricos e de nado amarrado para avalia\u00e7\u00e3o e controlo de treino<\/strong><\/em> | Francisco Ferreira, Leandro Vieira, Jo\u00e3o Paulo Vilas-Boas, Ricardo J. Fernandes, M\u00e1rio J. Costa, Susana Soares<\/p>\t\t\t\t\t\t<\/div>\n\t\t\t\t<\/div>\n\t\t\t\t\t<\/div>\n\t\t<\/div>\n\t\t\t\t<div class=\"elementor-column elementor-col-25 elementor-inner-column elementor-element elementor-element-c3e7404\" data-id=\"c3e7404\" data-element_type=\"column\">\n\t\t\t<div class=\"elementor-widget-wrap elementor-element-populated\">\n\t\t\t\t\t\t\t\t<div class=\"elementor-element elementor-element-a2efcf0 elementor-widget elementor-widget-heading\" data-id=\"a2efcf0\" data-element_type=\"widget\" data-widget_type=\"heading.default\">\n\t\t\t\t<div class=\"elementor-widget-container\">\n\t\t\t<h2 class=\"elementor-heading-title elementor-size-default\">SALA C1<\/h2>\t\t<\/div>\n\t\t\t\t<\/div>\n\t\t\t\t<div class=\"elementor-element elementor-element-4dca983 elementor-widget elementor-widget-heading\" data-id=\"4dca983\" data-element_type=\"widget\" data-widget_type=\"heading.default\">\n\t\t\t\t<div class=\"elementor-widget-container\">\n\t\t\t<h2 class=\"elementor-heading-title elementor-size-default\">14.30 - 15.30 | Sess\u00e3o C3<\/h2>\t\t<\/div>\n\t\t\t\t<\/div>\n\t\t\t\t<div class=\"elementor-element elementor-element-d55919c elementor-widget elementor-widget-text-editor\" data-id=\"d55919c\" data-element_type=\"widget\" data-widget_type=\"text-editor.default\">\n\t\t\t\t<div class=\"elementor-widget-container\">\n\t\t\t\t\t\t\t<p><b><i>Comunica\u00e7\u00f5es orais livres<\/i><\/b><\/p><p><span style=\"color: #ff0000;\"><strong>Treino_outras disciplinas<\/strong><\/span><\/p><p>Confer\u00eancia <span style=\"color: #ff0000;\">C3.1<\/span> <em><strong>An\u00e1lise dos par\u00e2metros cinem\u00e1ticos da t\u00e9cnica de crol em nadadores de \u00e1guas aberta<\/strong><\/em>s | Diana Torres, Carlos Silva, Hugo Louro, Jan Stastny, Jo\u00e3o Freitas, Tiago Barbosa, Daniel A. Marinho, Aldo M. Costa e Ana Concei\u00e7\u00e3o<\/p><p>Confer\u00eancia <span style=\"color: #ff0000;\">C3.2 <\/span><em><strong>Variabilidade dos resultados nas provas de 100 e de 200m livres do campeonato nacional master<\/strong><\/em> | Margarida Peres, Ricardo J. Fernandes, Susana Soares, M\u00e1rio J. Costa<\/p><p>Confer\u00eancia <span style=\"color: #ff0000;\">C3.3<\/span> <em><strong>Efeito do sexo na precis\u00e3o manual de jogadores de polo aqu\u00e1tico<\/strong><\/em> | Tavares, I.; Castro, R.; Freitas, J.; Soares, S.; Vasconcelos, O.; Rodrigues, P.<\/p>\t\t\t\t\t\t<\/div>\n\t\t\t\t<\/div>\n\t\t\t\t\t<\/div>\n\t\t<\/div>\n\t\t\t\t<div class=\"elementor-column elementor-col-25 elementor-inner-column elementor-element elementor-element-90d8cd9\" data-id=\"90d8cd9\" data-element_type=\"column\">\n\t\t\t<div class=\"elementor-widget-wrap elementor-element-populated\">\n\t\t\t\t\t\t\t\t<div class=\"elementor-element elementor-element-2a858ab elementor-widget elementor-widget-heading\" data-id=\"2a858ab\" data-element_type=\"widget\" data-widget_type=\"heading.default\">\n\t\t\t\t<div class=\"elementor-widget-container\">\n\t\t\t<h2 class=\"elementor-heading-title elementor-size-default\">SALA C2<\/h2>\t\t<\/div>\n\t\t\t\t<\/div>\n\t\t\t\t<div class=\"elementor-element elementor-element-0cc091f elementor-widget elementor-widget-heading\" data-id=\"0cc091f\" data-element_type=\"widget\" data-widget_type=\"heading.default\">\n\t\t\t\t<div class=\"elementor-widget-container\">\n\t\t\t<h2 class=\"elementor-heading-title elementor-size-default\">14.30 - 15.30 | Sess\u00e3o C4<\/h2>\t\t<\/div>\n\t\t\t\t<\/div>\n\t\t\t\t<div class=\"elementor-element elementor-element-e7cfc7d elementor-widget elementor-widget-text-editor\" data-id=\"e7cfc7d\" data-element_type=\"widget\" data-widget_type=\"text-editor.default\">\n\t\t\t\t<div class=\"elementor-widget-container\">\n\t\t\t\t\t\t\t<p><b><i>Comunica\u00e7\u00f5es orais livres<\/i><\/b><\/p><p><strong><span style=\"color: #ff0000;\">Ensino, Fitness e Terapia Aqu\u00e1tica<\/span><\/strong><\/p><p>Confer\u00eancia <span style=\"color: #ff0000;\">C4.1<\/span> <em><strong>124 questions to build \u00abidentity card\u00bb of aquatic education programs in Europe<\/strong><\/em> | L\u00e9a Mekkaoui, Tobias\u00a0Vogt, Ilka Staub and Fran\u00e7ois Potdevin<\/p><p>Confer\u00eancia <span style=\"color: #ff0000;\">C4.2<\/span> <em><strong>International Curriculum Comparison of the Changes in Hungarian School Swimming Lessons<\/strong> <\/em>| Zs\u00f3fia Kov\u00e1cs, Gy\u00f6ngyv\u00e9r Priszt\u00f3ka<\/p><p>Confer\u00eancia <span style=\"color: #ff0000;\">C4.3 <\/span><em><strong>Comparison of in-water kinetic behaviour during arm flexion by the elbow between middle-aged and older women<\/strong><\/em> | Catarina C. Santos, M\u00e1rio J. Costa<\/p>\t\t\t\t\t\t<\/div>\n\t\t\t\t<\/div>\n\t\t\t\t\t<\/div>\n\t\t<\/div>\n\t\t\t\t\t\t\t<\/div>\n\t\t<\/section>\n\t\t\t\t<div class=\"elementor-element elementor-element-3cc3127 elementor-widget elementor-widget-spacer\" data-id=\"3cc3127\" data-element_type=\"widget\" data-widget_type=\"spacer.default\">\n\t\t\t\t<div class=\"elementor-widget-container\">\n\t\t\t\t\t<div class=\"elementor-spacer\">\n\t\t\t<div class=\"elementor-spacer-inner\"><\/div>\n\t\t<\/div>\n\t\t\t\t<\/div>\n\t\t\t\t<\/div>\n\t\t\t\t<section class=\"elementor-section elementor-inner-section elementor-element elementor-element-04a5d0e elementor-section-boxed elementor-section-height-default elementor-section-height-default\" data-id=\"04a5d0e\" data-element_type=\"section\" data-settings=\"{&quot;_ha_eqh_enable&quot;:false}\">\n\t\t\t\t\t\t<div class=\"elementor-container elementor-column-gap-default\">\n\t\t\t\t\t<div class=\"elementor-column elementor-col-50 elementor-inner-column elementor-element elementor-element-4d47363\" data-id=\"4d47363\" data-element_type=\"column\">\n\t\t\t<div class=\"elementor-widget-wrap elementor-element-populated\">\n\t\t\t\t\t\t\t\t<div class=\"elementor-element elementor-element-d9c8d92 elementor-widget elementor-widget-heading\" data-id=\"d9c8d92\" data-element_type=\"widget\" data-widget_type=\"heading.default\">\n\t\t\t\t<div class=\"elementor-widget-container\">\n\t\t\t<h2 class=\"elementor-heading-title elementor-size-default\">AUDIT\u00d3RIO A <\/h2>\t\t<\/div>\n\t\t\t\t<\/div>\n\t\t\t\t<div class=\"elementor-element elementor-element-2f99dfe elementor-widget elementor-widget-heading\" data-id=\"2f99dfe\" data-element_type=\"widget\" data-widget_type=\"heading.default\">\n\t\t\t\t<div class=\"elementor-widget-container\">\n\t\t\t<h2 class=\"elementor-heading-title elementor-size-default\">15.30 - 16.45 | Sess\u00e3o A4<\/h2>\t\t<\/div>\n\t\t\t\t<\/div>\n\t\t\t\t<div class=\"elementor-element elementor-element-92e02c7 elementor-widget elementor-widget-text-editor\" data-id=\"92e02c7\" data-element_type=\"widget\" data-widget_type=\"text-editor.default\">\n\t\t\t\t<div class=\"elementor-widget-container\">\n\t\t\t\t\t\t\t<p><em><strong>Nata\u00e7\u00e3o Paral\u00edmpica: que adapta\u00e7\u00f5es para o sucesso?<\/strong><\/em><\/p><p>Modera\u00e7\u00e3o: Leila Marques Mota | <span style=\"color: #ff0000;\">Comit\u00e9 Paral\u00edmpico de Portugal<\/span><\/p><p>Mesa redonda: Daniel Videira |<span style=\"color: #ff0000;\"> atleta paral\u00edmpico<\/span>; Gon\u00e7alo Neves |<span style=\"color: #ff0000;\">\u00a0Assoc. Louzan Nata\u00e7\u00e3o<\/span>; Nuno Quintanilha | <span style=\"color: #ff0000;\">Col\u00e9gio Vasco da Gama<\/span><\/p><p>Apoio institucional do Comit\u00e9 Paral\u00edmpico Portugu\u00eas<\/p>\t\t\t\t\t\t<\/div>\n\t\t\t\t<\/div>\n\t\t\t\t\t<\/div>\n\t\t<\/div>\n\t\t\t\t<div class=\"elementor-column elementor-col-50 elementor-inner-column elementor-element elementor-element-4585c9f\" data-id=\"4585c9f\" data-element_type=\"column\">\n\t\t\t<div class=\"elementor-widget-wrap elementor-element-populated\">\n\t\t\t\t\t\t\t\t<div class=\"elementor-element elementor-element-952ad68 elementor-widget elementor-widget-heading\" data-id=\"952ad68\" data-element_type=\"widget\" data-widget_type=\"heading.default\">\n\t\t\t\t<div class=\"elementor-widget-container\">\n\t\t\t<h2 class=\"elementor-heading-title elementor-size-default\">AUDIT\u00d3RIO B<\/h2>\t\t<\/div>\n\t\t\t\t<\/div>\n\t\t\t\t<div class=\"elementor-element elementor-element-e7dcd06 elementor-widget elementor-widget-heading\" data-id=\"e7dcd06\" data-element_type=\"widget\" data-widget_type=\"heading.default\">\n\t\t\t\t<div class=\"elementor-widget-container\">\n\t\t\t<h2 class=\"elementor-heading-title elementor-size-default\">15.30 - 16.45 | Sess\u00e3o B4<\/h2>\t\t<\/div>\n\t\t\t\t<\/div>\n\t\t\t\t<div class=\"elementor-element elementor-element-50c2b04 elementor-widget elementor-widget-text-editor\" data-id=\"50c2b04\" data-element_type=\"widget\" data-widget_type=\"text-editor.default\">\n\t\t\t\t<div class=\"elementor-widget-container\">\n\t\t\t\t\t\t\t<p><em><strong>Como (trans)formar a sua escola de nata\u00e7\u00e3o de \u00e1guas abertas?<\/strong><\/em><\/p><p>Modera\u00e7\u00e3o: Daniel Viegas | <span style=\"color: #ff0000;\">Diretor T\u00e9cnico Nacional (DTN) para as\u00a0\u00c1guas<b>\u00a0<\/b>Abertas<\/span><\/p><p>Mesa redonda: Andr\u00e9 Santos | <span style=\"color: #ff0000;\">SwimTogether<\/span>; Bianca Accioly | <span style=\"color: #ff0000;\">Clube Ol\u00edmpico de Oeiras<\/span>; Miguel D\u00e1brio | <span style=\"color: #ff0000;\">Complexo de Piscinas dos Salesianos de Manique<\/span><\/p><p>Apoio institucional da Federa\u00e7\u00e3o Portuguesa de Nata\u00e7\u00e3o<\/p>\t\t\t\t\t\t<\/div>\n\t\t\t\t<\/div>\n\t\t\t\t\t<\/div>\n\t\t<\/div>\n\t\t\t\t\t\t\t<\/div>\n\t\t<\/section>\n\t\t\t\t<div class=\"elementor-element elementor-element-113a33f elementor-widget elementor-widget-spacer\" data-id=\"113a33f\" data-element_type=\"widget\" data-widget_type=\"spacer.default\">\n\t\t\t\t<div class=\"elementor-widget-container\">\n\t\t\t\t\t<div class=\"elementor-spacer\">\n\t\t\t<div class=\"elementor-spacer-inner\"><\/div>\n\t\t<\/div>\n\t\t\t\t<\/div>\n\t\t\t\t<\/div>\n\t\t\t\t<div class=\"elementor-element elementor-element-1fe301b elementor-widget elementor-widget-heading\" data-id=\"1fe301b\" data-element_type=\"widget\" data-widget_type=\"heading.default\">\n\t\t\t\t<div class=\"elementor-widget-container\">\n\t\t\t<h2 class=\"elementor-heading-title elementor-size-default\">16.45 - 17.00 | Pausa<\/h2>\t\t<\/div>\n\t\t\t\t<\/div>\n\t\t\t\t<div class=\"elementor-element elementor-element-8e28184 elementor-widget elementor-widget-spacer\" data-id=\"8e28184\" data-element_type=\"widget\" data-widget_type=\"spacer.default\">\n\t\t\t\t<div class=\"elementor-widget-container\">\n\t\t\t\t\t<div class=\"elementor-spacer\">\n\t\t\t<div class=\"elementor-spacer-inner\"><\/div>\n\t\t<\/div>\n\t\t\t\t<\/div>\n\t\t\t\t<\/div>\n\t\t\t\t<section class=\"elementor-section elementor-inner-section elementor-element elementor-element-1396987 elementor-section-boxed elementor-section-height-default elementor-section-height-default\" data-id=\"1396987\" data-element_type=\"section\" data-settings=\"{&quot;_ha_eqh_enable&quot;:false}\">\n\t\t\t\t\t\t<div class=\"elementor-container elementor-column-gap-default\">\n\t\t\t\t\t<div class=\"elementor-column elementor-col-50 elementor-inner-column elementor-element elementor-element-7380e18\" data-id=\"7380e18\" data-element_type=\"column\">\n\t\t\t<div class=\"elementor-widget-wrap elementor-element-populated\">\n\t\t\t\t\t\t\t\t<div class=\"elementor-element elementor-element-838a19c elementor-widget elementor-widget-heading\" data-id=\"838a19c\" data-element_type=\"widget\" data-widget_type=\"heading.default\">\n\t\t\t\t<div class=\"elementor-widget-container\">\n\t\t\t<h2 class=\"elementor-heading-title elementor-size-default\">AUDIT\u00d3RIO A <\/h2>\t\t<\/div>\n\t\t\t\t<\/div>\n\t\t\t\t<div class=\"elementor-element elementor-element-abc718b elementor-widget elementor-widget-heading\" data-id=\"abc718b\" data-element_type=\"widget\" data-widget_type=\"heading.default\">\n\t\t\t\t<div class=\"elementor-widget-container\">\n\t\t\t<h2 class=\"elementor-heading-title elementor-size-default\">17.00 - 18.15 | Sess\u00e3o A5<\/h2>\t\t<\/div>\n\t\t\t\t<\/div>\n\t\t\t\t<div class=\"elementor-element elementor-element-fe5621a elementor-widget elementor-widget-text-editor\" data-id=\"fe5621a\" data-element_type=\"widget\" data-widget_type=\"text-editor.default\">\n\t\t\t\t<div class=\"elementor-widget-container\">\n\t\t\t\t\t\t\t<p><em><strong>\u00c9 poss\u00edvel encontrar o equil\u00edbrio em equipas com estrelas?<\/strong><\/em><\/p><p>Modera\u00e7\u00e3o: Pedro Roque | <span style=\"color: #ff0000;\">Comit\u00e9 Ol\u00edmpico de Portugal<\/span><\/p><p>Mesa redonda: Ricardo Santos | <span style=\"color: #ff0000;\">SLB <\/span>; Lu\u00eds Cameira | <span style=\"color: #ff0000;\">SCB ; <span style=\"color: #ffffff;\">V\u00edtor Ferreira<\/span> | Louzan Nata\u00e7\u00e3o<\/span><\/p><p>Apoio institucional do Comit\u00e9 Ol\u00edmpico de Portugal<\/p>\t\t\t\t\t\t<\/div>\n\t\t\t\t<\/div>\n\t\t\t\t\t<\/div>\n\t\t<\/div>\n\t\t\t\t<div class=\"elementor-column elementor-col-50 elementor-inner-column elementor-element elementor-element-2a9c00f\" data-id=\"2a9c00f\" data-element_type=\"column\">\n\t\t\t<div class=\"elementor-widget-wrap elementor-element-populated\">\n\t\t\t\t\t\t\t\t<div class=\"elementor-element elementor-element-1104638 elementor-widget elementor-widget-heading\" data-id=\"1104638\" data-element_type=\"widget\" data-widget_type=\"heading.default\">\n\t\t\t\t<div class=\"elementor-widget-container\">\n\t\t\t<h2 class=\"elementor-heading-title elementor-size-default\">AUDIT\u00d3RIO B<\/h2>\t\t<\/div>\n\t\t\t\t<\/div>\n\t\t\t\t<div class=\"elementor-element elementor-element-3097661 elementor-widget elementor-widget-heading\" data-id=\"3097661\" data-element_type=\"widget\" data-widget_type=\"heading.default\">\n\t\t\t\t<div class=\"elementor-widget-container\">\n\t\t\t<h2 class=\"elementor-heading-title elementor-size-default\">17.00 - 18.15 | Sess\u00e3o B5<\/h2>\t\t<\/div>\n\t\t\t\t<\/div>\n\t\t\t\t<div class=\"elementor-element elementor-element-e7ac9f8 elementor-widget elementor-widget-text-editor\" data-id=\"e7ac9f8\" data-element_type=\"widget\" data-widget_type=\"text-editor.default\">\n\t\t\t\t<div class=\"elementor-widget-container\">\n\t\t\t\t\t\t\t<p><em><strong>Na realidade, o que faz um coordenador t\u00e9cnico, um diretor t\u00e9cnico e um gestor de piscinas em Portugal?<\/strong><\/em><\/p><p>Modera\u00e7\u00e3o: Carlos Cust\u00f3dio &amp; Rui Santos | <span style=\"color: #ff0000;\">APTN Gest\u00e3o<\/span><\/p><p>Mesa redonda: Rita Fernandes | <span style=\"color: #ff0000;\">FCP<\/span> ; Nuno Ferraz | <span style=\"color: #ff0000;\">Clube Fluvial Portuense<\/span>; Pedro Morais | <span style=\"color: #ff0000;\">Gespa\u00e7os<\/span><\/p>\t\t\t\t\t\t<\/div>\n\t\t\t\t<\/div>\n\t\t\t\t\t<\/div>\n\t\t<\/div>\n\t\t\t\t\t\t\t<\/div>\n\t\t<\/section>\n\t\t\t\t<div class=\"elementor-element elementor-element-908f5b9 elementor-widget elementor-widget-spacer\" data-id=\"908f5b9\" data-element_type=\"widget\" data-widget_type=\"spacer.default\">\n\t\t\t\t<div class=\"elementor-widget-container\">\n\t\t\t\t\t<div class=\"elementor-spacer\">\n\t\t\t<div class=\"elementor-spacer-inner\"><\/div>\n\t\t<\/div>\n\t\t\t\t<\/div>\n\t\t\t\t<\/div>\n\t\t\t\t<div class=\"elementor-element elementor-element-3ee1263 elementor-widget elementor-widget-heading\" data-id=\"3ee1263\" data-element_type=\"widget\" data-widget_type=\"heading.default\">\n\t\t\t\t<div class=\"elementor-widget-container\">\n\t\t\t<h2 class=\"elementor-heading-title elementor-size-default\">18.15 - 18.30 | Pausa<\/h2>\t\t<\/div>\n\t\t\t\t<\/div>\n\t\t\t\t<div class=\"elementor-element elementor-element-5264321 elementor-widget elementor-widget-spacer\" data-id=\"5264321\" data-element_type=\"widget\" data-widget_type=\"spacer.default\">\n\t\t\t\t<div class=\"elementor-widget-container\">\n\t\t\t\t\t<div class=\"elementor-spacer\">\n\t\t\t<div class=\"elementor-spacer-inner\"><\/div>\n\t\t<\/div>\n\t\t\t\t<\/div>\n\t\t\t\t<\/div>\n\t\t\t\t<div class=\"elementor-element elementor-element-726622b elementor-widget elementor-widget-heading\" data-id=\"726622b\" data-element_type=\"widget\" data-widget_type=\"heading.default\">\n\t\t\t\t<div class=\"elementor-widget-container\">\n\t\t\t<h2 class=\"elementor-heading-title elementor-size-default\">18.30 | Cerim\u00f3nia oficial de Abertura   |     Audit\u00f3rio A<\/h2>\t\t<\/div>\n\t\t\t\t<\/div>\n\t\t\t\t<div class=\"elementor-element elementor-element-53498fa elementor-widget elementor-widget-heading\" data-id=\"53498fa\" data-element_type=\"widget\" data-widget_type=\"heading.default\">\n\t\t\t\t<div class=\"elementor-widget-container\">\n\t\t\t<h3 class=\"elementor-heading-title elementor-size-default\">Momento art\u00edstico e foto de grupo<\/h3>\t\t<\/div>\n\t\t\t\t<\/div>\n\t\t\t\t<div class=\"elementor-element elementor-element-0e8edd6 elementor-widget elementor-widget-spacer\" data-id=\"0e8edd6\" data-element_type=\"widget\" data-widget_type=\"spacer.default\">\n\t\t\t\t<div class=\"elementor-widget-container\">\n\t\t\t\t\t<div class=\"elementor-spacer\">\n\t\t\t<div class=\"elementor-spacer-inner\"><\/div>\n\t\t<\/div>\n\t\t\t\t<\/div>\n\t\t\t\t<\/div>\n\t\t\t\t<div class=\"elementor-element elementor-element-3fe3f53 elementor-widget elementor-widget-heading\" data-id=\"3fe3f53\" data-element_type=\"widget\" data-widget_type=\"heading.default\">\n\t\t\t\t<div class=\"elementor-widget-container\">\n\t\t\t<h2 class=\"elementor-heading-title elementor-size-default\">20.00 | Jantar oficial e Gala de Reconhecimento de M\u00e9rito | Quinta do Paul<\/h2>\t\t<\/div>\n\t\t\t\t<\/div>\n\t\t\t\t\t<\/div>\n\t\t<\/div>\n\t\t\t\t\t\t\t<\/div>\n\t\t<\/section>\n\t\t\t\t<section class=\"elementor-section elementor-top-section elementor-element elementor-element-a1d104f elementor-hidden-desktop elementor-hidden-tablet elementor-hidden-mobile elementor-section-boxed elementor-section-height-default elementor-section-height-default\" data-id=\"a1d104f\" data-element_type=\"section\" data-settings=\"{&quot;background_background&quot;:&quot;classic&quot;,&quot;_ha_eqh_enable&quot;:false}\">\n\t\t\t\t\t\t<div class=\"elementor-container elementor-column-gap-default\">\n\t\t\t\t\t<div class=\"elementor-column elementor-col-100 elementor-top-column elementor-element elementor-element-1cce5d8\" data-id=\"1cce5d8\" data-element_type=\"column\">\n\t\t\t<div class=\"elementor-widget-wrap elementor-element-populated\">\n\t\t\t\t\t\t\t\t<div class=\"elementor-element elementor-element-5612c5d elementor-widget elementor-widget-heading\" data-id=\"5612c5d\" data-element_type=\"widget\" data-widget_type=\"heading.default\">\n\t\t\t\t<div class=\"elementor-widget-container\">\n\t\t\t<h2 class=\"elementor-heading-title elementor-size-default\">16 DE OUTUBRO<\/h2>\t\t<\/div>\n\t\t\t\t<\/div>\n\t\t\t\t<div class=\"elementor-element elementor-element-34b32af elementor-widget elementor-widget-spacer\" data-id=\"34b32af\" data-element_type=\"widget\" data-widget_type=\"spacer.default\">\n\t\t\t\t<div class=\"elementor-widget-container\">\n\t\t\t\t\t<div class=\"elementor-spacer\">\n\t\t\t<div class=\"elementor-spacer-inner\"><\/div>\n\t\t<\/div>\n\t\t\t\t<\/div>\n\t\t\t\t<\/div>\n\t\t\t\t<div class=\"elementor-element elementor-element-e867331 elementor-widget elementor-widget-heading\" data-id=\"e867331\" data-element_type=\"widget\" data-widget_type=\"heading.default\">\n\t\t\t\t<div class=\"elementor-widget-container\">\n\t\t\t<h2 class=\"elementor-heading-title elementor-size-default\">09.30 | Rece\u00e7\u00e3o e acredita\u00e7\u00e3o<\/h2>\t\t<\/div>\n\t\t\t\t<\/div>\n\t\t\t\t<div class=\"elementor-element elementor-element-16198ab elementor-widget elementor-widget-spacer\" data-id=\"16198ab\" data-element_type=\"widget\" data-widget_type=\"spacer.default\">\n\t\t\t\t<div class=\"elementor-widget-container\">\n\t\t\t\t\t<div class=\"elementor-spacer\">\n\t\t\t<div class=\"elementor-spacer-inner\"><\/div>\n\t\t<\/div>\n\t\t\t\t<\/div>\n\t\t\t\t<\/div>\n\t\t\t\t<section class=\"elementor-section elementor-inner-section elementor-element elementor-element-88f8be8 elementor-section-boxed elementor-section-height-default elementor-section-height-default\" data-id=\"88f8be8\" data-element_type=\"section\" data-settings=\"{&quot;_ha_eqh_enable&quot;:false}\">\n\t\t\t\t\t\t<div class=\"elementor-container elementor-column-gap-default\">\n\t\t\t\t\t<div class=\"elementor-column elementor-col-50 elementor-inner-column elementor-element elementor-element-9b1e123\" data-id=\"9b1e123\" data-element_type=\"column\">\n\t\t\t<div class=\"elementor-widget-wrap elementor-element-populated\">\n\t\t\t\t\t\t\t\t<div class=\"elementor-element elementor-element-25f1846 elementor-widget elementor-widget-heading\" data-id=\"25f1846\" data-element_type=\"widget\" data-widget_type=\"heading.default\">\n\t\t\t\t<div class=\"elementor-widget-container\">\n\t\t\t<h2 class=\"elementor-heading-title elementor-size-default\">AUDIT\u00d3RIO A<\/h2>\t\t<\/div>\n\t\t\t\t<\/div>\n\t\t\t\t<div class=\"elementor-element elementor-element-e9a018a elementor-widget elementor-widget-heading\" data-id=\"e9a018a\" data-element_type=\"widget\" data-widget_type=\"heading.default\">\n\t\t\t\t<div class=\"elementor-widget-container\">\n\t\t\t<h2 class=\"elementor-heading-title elementor-size-default\">10.15 - 11.30 | Sess\u00e3o A6<\/h2>\t\t<\/div>\n\t\t\t\t<\/div>\n\t\t\t\t<div class=\"elementor-element elementor-element-68583d4 elementor-widget elementor-widget-text-editor\" data-id=\"68583d4\" data-element_type=\"widget\" data-widget_type=\"text-editor.default\">\n\t\t\t\t<div class=\"elementor-widget-container\">\n\t\t\t\t\t\t\t<p><em><strong>Como construir for\u00e7a e pot\u00eancia nas diferentes fases da carreira?<\/strong><\/em><\/p><p>Modera\u00e7\u00e3o: M\u00e1rio Costa |\u00a0<span style=\"color: #ff0000;\">FADEUP<\/span><\/p><p>Confer\u00eancia: Jos\u00e9 Vila\u00e7a | <span style=\"color: #ff0000;\">UTAD<\/span><\/p>\t\t\t\t\t\t<\/div>\n\t\t\t\t<\/div>\n\t\t\t\t\t<\/div>\n\t\t<\/div>\n\t\t\t\t<div class=\"elementor-column elementor-col-50 elementor-inner-column elementor-element elementor-element-c83bb49\" data-id=\"c83bb49\" data-element_type=\"column\">\n\t\t\t<div class=\"elementor-widget-wrap elementor-element-populated\">\n\t\t\t\t\t\t\t\t<div class=\"elementor-element elementor-element-0e290f5 elementor-widget elementor-widget-heading\" data-id=\"0e290f5\" data-element_type=\"widget\" data-widget_type=\"heading.default\">\n\t\t\t\t<div class=\"elementor-widget-container\">\n\t\t\t<h2 class=\"elementor-heading-title elementor-size-default\">AUDIT\u00d3RIO B<\/h2>\t\t<\/div>\n\t\t\t\t<\/div>\n\t\t\t\t<div class=\"elementor-element elementor-element-64420f4 elementor-widget elementor-widget-heading\" data-id=\"64420f4\" data-element_type=\"widget\" data-widget_type=\"heading.default\">\n\t\t\t\t<div class=\"elementor-widget-container\">\n\t\t\t<h2 class=\"elementor-heading-title elementor-size-default\">10.15 - 11.30 | Sess\u00e3o B6<\/h2>\t\t<\/div>\n\t\t\t\t<\/div>\n\t\t\t\t<div class=\"elementor-element elementor-element-116678f elementor-widget elementor-widget-text-editor\" data-id=\"116678f\" data-element_type=\"widget\" data-widget_type=\"text-editor.default\">\n\t\t\t\t<div class=\"elementor-widget-container\">\n\t\t\t\t\t\t\t<p><em><strong>Ensino multidisciplinar &#8211; que mudan\u00e7as organizacionais e metodol\u00f3gicas?<\/strong><\/em><\/p><p>Moderador: Nuno Batalha | <span style=\"color: #ff0000;\">Federa\u00e7\u00e3o Portuguesa de Nata\u00e7\u00e3o<\/span><\/p><p>Mesa redonda: Pedro Morais | <span style=\"color: #ff0000;\">Gespa\u00e7os<\/span> ; Sim\u00e3o Marinho | <span style=\"color: #ff0000;\">FOCA<\/span>; Carla Romaneiro | <span style=\"color: #ff0000;\">AMINATA<\/span><\/p><p>Apoio institucional da Federa\u00e7\u00e3o Portuguesa de Nata\u00e7\u00e3o<\/p>\t\t\t\t\t\t<\/div>\n\t\t\t\t<\/div>\n\t\t\t\t\t<\/div>\n\t\t<\/div>\n\t\t\t\t\t\t\t<\/div>\n\t\t<\/section>\n\t\t\t\t<div class=\"elementor-element elementor-element-d158514 elementor-widget elementor-widget-spacer\" data-id=\"d158514\" data-element_type=\"widget\" data-widget_type=\"spacer.default\">\n\t\t\t\t<div class=\"elementor-widget-container\">\n\t\t\t\t\t<div class=\"elementor-spacer\">\n\t\t\t<div class=\"elementor-spacer-inner\"><\/div>\n\t\t<\/div>\n\t\t\t\t<\/div>\n\t\t\t\t<\/div>\n\t\t\t\t<div class=\"elementor-element elementor-element-7b3a377 elementor-widget elementor-widget-heading\" data-id=\"7b3a377\" data-element_type=\"widget\" data-widget_type=\"heading.default\">\n\t\t\t\t<div class=\"elementor-widget-container\">\n\t\t\t<h2 class=\"elementor-heading-title elementor-size-default\">11.30 - 11.45 | Pausa<\/h2>\t\t<\/div>\n\t\t\t\t<\/div>\n\t\t\t\t<div class=\"elementor-element elementor-element-36bb133 elementor-widget elementor-widget-spacer\" data-id=\"36bb133\" data-element_type=\"widget\" data-widget_type=\"spacer.default\">\n\t\t\t\t<div class=\"elementor-widget-container\">\n\t\t\t\t\t<div class=\"elementor-spacer\">\n\t\t\t<div class=\"elementor-spacer-inner\"><\/div>\n\t\t<\/div>\n\t\t\t\t<\/div>\n\t\t\t\t<\/div>\n\t\t\t\t<section class=\"elementor-section elementor-inner-section elementor-element elementor-element-08711e8 elementor-section-boxed elementor-section-height-default elementor-section-height-default\" data-id=\"08711e8\" data-element_type=\"section\" data-settings=\"{&quot;_ha_eqh_enable&quot;:false}\">\n\t\t\t\t\t\t<div class=\"elementor-container elementor-column-gap-default\">\n\t\t\t\t\t<div class=\"elementor-column elementor-col-50 elementor-inner-column elementor-element elementor-element-04cd787\" data-id=\"04cd787\" data-element_type=\"column\">\n\t\t\t<div class=\"elementor-widget-wrap elementor-element-populated\">\n\t\t\t\t\t\t\t\t<div class=\"elementor-element elementor-element-9228513 elementor-widget elementor-widget-heading\" data-id=\"9228513\" data-element_type=\"widget\" data-widget_type=\"heading.default\">\n\t\t\t\t<div class=\"elementor-widget-container\">\n\t\t\t<h2 class=\"elementor-heading-title elementor-size-default\">AUDIT\u00d3RIO A <\/h2>\t\t<\/div>\n\t\t\t\t<\/div>\n\t\t\t\t<div class=\"elementor-element elementor-element-f74ab4c elementor-widget elementor-widget-heading\" data-id=\"f74ab4c\" data-element_type=\"widget\" data-widget_type=\"heading.default\">\n\t\t\t\t<div class=\"elementor-widget-container\">\n\t\t\t<h2 class=\"elementor-heading-title elementor-size-default\">11.45 - 13.00 | Sess\u00e3o A7<\/h2>\t\t<\/div>\n\t\t\t\t<\/div>\n\t\t\t\t<div class=\"elementor-element elementor-element-6928fa1 elementor-widget elementor-widget-text-editor\" data-id=\"6928fa1\" data-element_type=\"widget\" data-widget_type=\"text-editor.default\">\n\t\t\t\t<div class=\"elementor-widget-container\">\n\t\t\t\t\t\t\t<p><em><strong>Quais as evid\u00eancias mais recentes sobre a periodiza\u00e7\u00e3o do treino em nata\u00e7\u00e3o pura e a an\u00e1lise de prova?\u00a0<\/strong><\/em><\/p><p>Confer\u00eancia <span style=\"color: #ff0000;\">A7.1<\/span> <strong><em>A base dos novos modelos de periodiza\u00e7\u00e3o na nata\u00e7\u00e3o<\/em><\/strong><\/p><p>Confer\u00eancia <span style=\"color: #ff0000;\">A7.2<\/span> <em><strong>A an\u00e1lise da competi\u00e7\u00e3o contribui para melhorar o desempenho da nata\u00e7\u00e3o?<\/strong><\/em><\/p><p>Modera\u00e7\u00e3o: Ricardo Fernandes | <span style=\"color: #ff0000;\">FADEUP<\/span><\/p><p>Confer\u00eancia <span style=\"color: #ff0000;\">A7.1<\/span>: Vicente Clemente | <span style=\"color: #ff0000;\">Universidade Europeia de Madrid<\/span><\/p><p>Confer\u00eancia <span style=\"color: #ff0000;\">A7.2<\/span>: Ana Gay P\u00e1rraga | <span style=\"color: #ff0000;\">Universidade de Granada<\/span><\/p>\t\t\t\t\t\t<\/div>\n\t\t\t\t<\/div>\n\t\t\t\t\t<\/div>\n\t\t<\/div>\n\t\t\t\t<div class=\"elementor-column elementor-col-50 elementor-inner-column elementor-element elementor-element-0c81992\" data-id=\"0c81992\" data-element_type=\"column\">\n\t\t\t<div class=\"elementor-widget-wrap elementor-element-populated\">\n\t\t\t\t\t\t\t\t<div class=\"elementor-element elementor-element-8669adc elementor-widget elementor-widget-heading\" data-id=\"8669adc\" data-element_type=\"widget\" data-widget_type=\"heading.default\">\n\t\t\t\t<div class=\"elementor-widget-container\">\n\t\t\t<h2 class=\"elementor-heading-title elementor-size-default\">AUDIT\u00d3RIO B<\/h2>\t\t<\/div>\n\t\t\t\t<\/div>\n\t\t\t\t<div class=\"elementor-element elementor-element-0de34d0 elementor-widget elementor-widget-heading\" data-id=\"0de34d0\" data-element_type=\"widget\" data-widget_type=\"heading.default\">\n\t\t\t\t<div class=\"elementor-widget-container\">\n\t\t\t<h2 class=\"elementor-heading-title elementor-size-default\">11.45 - 13.00 | Sess\u00e3o B7<\/h2>\t\t<\/div>\n\t\t\t\t<\/div>\n\t\t\t\t<div class=\"elementor-element elementor-element-615b8fd elementor-widget elementor-widget-text-editor\" data-id=\"615b8fd\" data-element_type=\"widget\" data-widget_type=\"text-editor.default\">\n\t\t\t\t<div class=\"elementor-widget-container\">\n\t\t\t\t\t\t\t<p><em><strong>Que novas estrat\u00e9gias de preven\u00e7\u00e3o de afogamento devemos usar nas aulas de nata\u00e7\u00e3o infantil?<\/strong><\/em><\/p><p>Confer\u00eancias <span style=\"color: #ff0000;\">B7.1<\/span> <em><strong>Estat\u00edstica de Afogamento e Estrat\u00e9gias de Preven\u00e7\u00e3o<\/strong><\/em><\/p><p>Confer\u00eancia <span style=\"color: #ff0000;\">B7.2<\/span> <em><strong>Que estrat\u00e9gias para crian\u00e7as de 4-6 anos em termos de preven\u00e7\u00e3o de afogamento?<\/strong><\/em><\/p><p>Confer\u00eancia <span style=\"color: #ff0000;\">B7.3<\/span> <em><strong>ALFAC project: How to develop aquatic literacy level of children aged 6 to 12 in Europe<\/strong><\/em><\/p><p>Modera\u00e7\u00e3o: Nuno Garrido | <span style=\"color: #ff0000;\">APTN<\/span><\/p><p>Confer\u00eancia <span style=\"color: #ff0000;\">B7.1<\/span>: Alexandre Tadeia | <span style=\"color: #ff0000;\">Federa\u00e7\u00e3o Portuguesa de Nadadores Salvadores<\/span><\/p><p>Confer\u00eancia <span style=\"color: #ff0000;\">B7.2<\/span>: Ana de Sousa Rosa Corisco | <span style=\"color: #ff0000;\">Federa\u00e7\u00e3o Francesa de Nata\u00e7\u00e3o<\/span><\/p><p>Confer\u00eancia <span style=\"color: #ff0000;\">B7.3<\/span>: L\u00e9a Mekkaoui | <span style=\"color: #ff0000;\">Universidade de Lille<\/span><\/p>\t\t\t\t\t\t<\/div>\n\t\t\t\t<\/div>\n\t\t\t\t\t<\/div>\n\t\t<\/div>\n\t\t\t\t\t\t\t<\/div>\n\t\t<\/section>\n\t\t\t\t<div class=\"elementor-element elementor-element-1cc874e elementor-widget elementor-widget-spacer\" data-id=\"1cc874e\" data-element_type=\"widget\" data-widget_type=\"spacer.default\">\n\t\t\t\t<div class=\"elementor-widget-container\">\n\t\t\t\t\t<div class=\"elementor-spacer\">\n\t\t\t<div class=\"elementor-spacer-inner\"><\/div>\n\t\t<\/div>\n\t\t\t\t<\/div>\n\t\t\t\t<\/div>\n\t\t\t\t<div class=\"elementor-element elementor-element-ee919f2 elementor-widget elementor-widget-heading\" data-id=\"ee919f2\" data-element_type=\"widget\" data-widget_type=\"heading.default\">\n\t\t\t\t<div class=\"elementor-widget-container\">\n\t\t\t<h2 class=\"elementor-heading-title elementor-size-default\">13.00 | Almo\u00e7o<\/h2>\t\t<\/div>\n\t\t\t\t<\/div>\n\t\t\t\t<div class=\"elementor-element elementor-element-089d8ff elementor-widget elementor-widget-spacer\" data-id=\"089d8ff\" data-element_type=\"widget\" data-widget_type=\"spacer.default\">\n\t\t\t\t<div class=\"elementor-widget-container\">\n\t\t\t\t\t<div class=\"elementor-spacer\">\n\t\t\t<div class=\"elementor-spacer-inner\"><\/div>\n\t\t<\/div>\n\t\t\t\t<\/div>\n\t\t\t\t<\/div>\n\t\t\t\t<section class=\"elementor-section elementor-inner-section elementor-element elementor-element-198e36c elementor-section-boxed elementor-section-height-default elementor-section-height-default\" data-id=\"198e36c\" data-element_type=\"section\" data-settings=\"{&quot;_ha_eqh_enable&quot;:false}\">\n\t\t\t\t\t\t<div class=\"elementor-container elementor-column-gap-default\">\n\t\t\t\t\t<div class=\"elementor-column elementor-col-50 elementor-inner-column elementor-element elementor-element-508f310\" data-id=\"508f310\" data-element_type=\"column\">\n\t\t\t<div class=\"elementor-widget-wrap elementor-element-populated\">\n\t\t\t\t\t\t\t\t<div class=\"elementor-element elementor-element-ef07574 elementor-widget elementor-widget-heading\" data-id=\"ef07574\" data-element_type=\"widget\" data-widget_type=\"heading.default\">\n\t\t\t\t<div class=\"elementor-widget-container\">\n\t\t\t<h2 class=\"elementor-heading-title elementor-size-default\">AUDIT\u00d3RIO A <\/h2>\t\t<\/div>\n\t\t\t\t<\/div>\n\t\t\t\t<div class=\"elementor-element elementor-element-0f1ab36 elementor-widget elementor-widget-heading\" data-id=\"0f1ab36\" data-element_type=\"widget\" data-widget_type=\"heading.default\">\n\t\t\t\t<div class=\"elementor-widget-container\">\n\t\t\t<h2 class=\"elementor-heading-title elementor-size-default\">14.30 - 15.45 | Sess\u00e3o A8<\/h2>\t\t<\/div>\n\t\t\t\t<\/div>\n\t\t\t\t<div class=\"elementor-element elementor-element-a01a348 elementor-widget elementor-widget-text-editor\" data-id=\"a01a348\" data-element_type=\"widget\" data-widget_type=\"text-editor.default\">\n\t\t\t\t<div class=\"elementor-widget-container\">\n\t\t\t\t\t\t\t<p><em><strong>Alto rendimento e Sa\u00fade: que Di\u00e1logo?<\/strong><\/em><\/p><p>Confer\u00eancia <span style=\"color: #ff0000;\">A8.1<\/span> <em><strong>Alta Performance e Sa\u00fade: Living On the Edge<\/strong><\/em><\/p><p>Confer\u00eancia <span style=\"color: #ff0000;\">A8.2<\/span> <strong><em>Estrat\u00e9gias nutricionais para o rendimento desportivo<\/em><\/strong><\/p><p>Modera\u00e7\u00e3o: Pedro Morou\u00e7o | <span style=\"color: #ff0000;\">ESECS, IPL<\/span><\/p><p>Confer\u00eancia <span style=\"color: #ff0000;\">A8.1<\/span> Rui Escaleira | <span style=\"color: #ff0000;\">Federa\u00e7\u00e3o Portuguesa de Nata\u00e7\u00e3o<\/span><\/p><p>Confer\u00eancia <span style=\"color: #ff0000;\">A8.2<\/span> Cl\u00e1udia Minderico | <span style=\"color: #ff0000;\">FMH; COP<\/span><\/p><p>Apoio institucional Escola Superior de Educa\u00e7\u00e3o e Ci\u00eancias Sociais do IP Leiria<\/p>\t\t\t\t\t\t<\/div>\n\t\t\t\t<\/div>\n\t\t\t\t\t<\/div>\n\t\t<\/div>\n\t\t\t\t<div class=\"elementor-column elementor-col-50 elementor-inner-column elementor-element elementor-element-d559aef\" data-id=\"d559aef\" data-element_type=\"column\">\n\t\t\t<div class=\"elementor-widget-wrap elementor-element-populated\">\n\t\t\t\t\t\t\t\t<div class=\"elementor-element elementor-element-e38fb32 elementor-widget elementor-widget-heading\" data-id=\"e38fb32\" data-element_type=\"widget\" data-widget_type=\"heading.default\">\n\t\t\t\t<div class=\"elementor-widget-container\">\n\t\t\t<h2 class=\"elementor-heading-title elementor-size-default\">AUDIT\u00d3RIO B<\/h2>\t\t<\/div>\n\t\t\t\t<\/div>\n\t\t\t\t<div class=\"elementor-element elementor-element-a00e3f2 elementor-widget elementor-widget-heading\" data-id=\"a00e3f2\" data-element_type=\"widget\" data-widget_type=\"heading.default\">\n\t\t\t\t<div class=\"elementor-widget-container\">\n\t\t\t<h2 class=\"elementor-heading-title elementor-size-default\">14.30 - 15.45 | Sess\u00e3o B8<\/h2>\t\t<\/div>\n\t\t\t\t<\/div>\n\t\t\t\t<div class=\"elementor-element elementor-element-6fed3a5 elementor-widget elementor-widget-text-editor\" data-id=\"6fed3a5\" data-element_type=\"widget\" data-widget_type=\"text-editor.default\">\n\t\t\t\t<div class=\"elementor-widget-container\">\n\t\t\t\t\t\t\t<p><em><strong>Qual o impacto dos programas aqu\u00e1ticos na sa\u00fade das popula\u00e7\u00f5es especiais?<\/strong><\/em><\/p><p>Confer\u00eancia <span style=\"color: #ff0000;\">B8.1<\/span> <em><strong>Atividade f\u00edsica e exerc\u00edcio aqu\u00e1tico durante a gravidez<\/strong><\/em><\/p><p>Confer\u00eancia <span style=\"color: #ff0000;\">B8.2<\/span> <em><strong>Papel da Hidrogin\u00e1stica na sa\u00fade de pessoas idosas<\/strong><\/em><\/p><p>Modera\u00e7\u00e3o: Nuno Amaro | <span style=\"color: #ff0000;\">IPLeiria<\/span><\/p><p>Confer\u00eancia <span style=\"color: #ff0000;\">B8.1<\/span> S\u00f3nia Vicente | <span style=\"color: #ff0000;\">Escola Sup. Sa\u00fade Egas Moniz<\/span><\/p><p>Confer\u00eancia <span style=\"color: #ff0000;\">B8.2<\/span> Fl\u00e1via Yazigi | <span style=\"color: #ff0000;\">FMH<\/span><\/p>\t\t\t\t\t\t<\/div>\n\t\t\t\t<\/div>\n\t\t\t\t\t<\/div>\n\t\t<\/div>\n\t\t\t\t\t\t\t<\/div>\n\t\t<\/section>\n\t\t\t\t<div class=\"elementor-element elementor-element-ca3bcc0 elementor-widget elementor-widget-spacer\" data-id=\"ca3bcc0\" data-element_type=\"widget\" data-widget_type=\"spacer.default\">\n\t\t\t\t<div class=\"elementor-widget-container\">\n\t\t\t\t\t<div class=\"elementor-spacer\">\n\t\t\t<div class=\"elementor-spacer-inner\"><\/div>\n\t\t<\/div>\n\t\t\t\t<\/div>\n\t\t\t\t<\/div>\n\t\t\t\t<div class=\"elementor-element elementor-element-e4f4468 elementor-widget elementor-widget-heading\" data-id=\"e4f4468\" data-element_type=\"widget\" data-widget_type=\"heading.default\">\n\t\t\t\t<div class=\"elementor-widget-container\">\n\t\t\t<h2 class=\"elementor-heading-title elementor-size-default\">15.45 - 16.00 | Pausa<\/h2>\t\t<\/div>\n\t\t\t\t<\/div>\n\t\t\t\t<div class=\"elementor-element elementor-element-03b5ac5 elementor-widget elementor-widget-spacer\" data-id=\"03b5ac5\" data-element_type=\"widget\" data-widget_type=\"spacer.default\">\n\t\t\t\t<div class=\"elementor-widget-container\">\n\t\t\t\t\t<div class=\"elementor-spacer\">\n\t\t\t<div class=\"elementor-spacer-inner\"><\/div>\n\t\t<\/div>\n\t\t\t\t<\/div>\n\t\t\t\t<\/div>\n\t\t\t\t<section class=\"elementor-section elementor-inner-section elementor-element elementor-element-4e29e15 elementor-section-boxed elementor-section-height-default elementor-section-height-default\" data-id=\"4e29e15\" data-element_type=\"section\" data-settings=\"{&quot;_ha_eqh_enable&quot;:false}\">\n\t\t\t\t\t\t<div class=\"elementor-container elementor-column-gap-default\">\n\t\t\t\t\t<div class=\"elementor-column elementor-col-50 elementor-inner-column elementor-element elementor-element-d2c52b3\" data-id=\"d2c52b3\" data-element_type=\"column\">\n\t\t\t<div class=\"elementor-widget-wrap elementor-element-populated\">\n\t\t\t\t\t\t\t\t<div class=\"elementor-element elementor-element-8ade122 elementor-widget elementor-widget-heading\" data-id=\"8ade122\" data-element_type=\"widget\" data-widget_type=\"heading.default\">\n\t\t\t\t<div class=\"elementor-widget-container\">\n\t\t\t<h2 class=\"elementor-heading-title elementor-size-default\">AUDIT\u00d3RIO A <\/h2>\t\t<\/div>\n\t\t\t\t<\/div>\n\t\t\t\t<div class=\"elementor-element elementor-element-2d900ee elementor-widget elementor-widget-heading\" data-id=\"2d900ee\" data-element_type=\"widget\" data-widget_type=\"heading.default\">\n\t\t\t\t<div class=\"elementor-widget-container\">\n\t\t\t<h2 class=\"elementor-heading-title elementor-size-default\">16.00 - 17.30 | Sess\u00e3o A9<\/h2>\t\t<\/div>\n\t\t\t\t<\/div>\n\t\t\t\t<div class=\"elementor-element elementor-element-707699a elementor-widget elementor-widget-text-editor\" data-id=\"707699a\" data-element_type=\"widget\" data-widget_type=\"text-editor.default\">\n\t\t\t\t<div class=\"elementor-widget-container\">\n\t\t\t\t\t\t\t<p><em><strong>Que modelo para o Polo-Aqu\u00e1tico Nacional?<\/strong><\/em><\/p><p>Modera\u00e7\u00e3o: H\u00e9lder Freitas | <span style=\"color: #ff0000;\">Vit\u00f3ria Sport Clube<\/span>\u00a0<\/p><p>Mesa redonda: Ant\u00f3nio Machado | <span style=\"color: #ff0000;\">SLB<\/span> ; Tiago Santos | <span style=\"color: #ff0000;\">Club Nataci\u00f3n Rubi<\/span>; V\u00edtor Macedo | <span style=\"color: #ff0000;\">Vit\u00f3ria Sport Clube<\/span><\/p>\t\t\t\t\t\t<\/div>\n\t\t\t\t<\/div>\n\t\t\t\t\t<\/div>\n\t\t<\/div>\n\t\t\t\t<div class=\"elementor-column elementor-col-50 elementor-inner-column elementor-element elementor-element-df110d0\" data-id=\"df110d0\" data-element_type=\"column\">\n\t\t\t<div class=\"elementor-widget-wrap elementor-element-populated\">\n\t\t\t\t\t\t\t\t<div class=\"elementor-element elementor-element-2ac2cb0 elementor-widget elementor-widget-heading\" data-id=\"2ac2cb0\" data-element_type=\"widget\" data-widget_type=\"heading.default\">\n\t\t\t\t<div class=\"elementor-widget-container\">\n\t\t\t<h2 class=\"elementor-heading-title elementor-size-default\">AUDIT\u00d3RIO B<\/h2>\t\t<\/div>\n\t\t\t\t<\/div>\n\t\t\t\t<div class=\"elementor-element elementor-element-cf69227 elementor-widget elementor-widget-heading\" data-id=\"cf69227\" data-element_type=\"widget\" data-widget_type=\"heading.default\">\n\t\t\t\t<div class=\"elementor-widget-container\">\n\t\t\t<h2 class=\"elementor-heading-title elementor-size-default\">16.00 - 17.30 | Sess\u00e3o B9<\/h2>\t\t<\/div>\n\t\t\t\t<\/div>\n\t\t\t\t<div class=\"elementor-element elementor-element-55da4f6 elementor-widget elementor-widget-text-editor\" data-id=\"55da4f6\" data-element_type=\"widget\" data-widget_type=\"text-editor.default\">\n\t\t\t\t<div class=\"elementor-widget-container\">\n\t\t\t\t\t\t\t<p><em><strong>Quais as possibilidades de interven\u00e7\u00e3o psicomotora em meio aqu\u00e1tico?<\/strong><\/em><\/p><p>Confer\u00eancia <span style=\"color: #ff0000;\">B9.1<\/span> <strong><em>O meio aqu\u00e1tico \u00e9 para todos? A vis\u00e3o psicomotora<\/em><\/strong><\/p><p>Confer\u00eancia <span style=\"color: #ff0000;\">B9.2<\/span> <em><strong>Os desafios da interven\u00e7\u00e3o do Psicomotricista em Meio Aqu\u00e1tico. Um olhar de quem est\u00e1 no terreno.<\/strong><\/em><\/p><p>Modera\u00e7\u00e3o: Carla Santos | <span style=\"color: #ff0000;\">AquaInnovation<\/span><\/p><p>Confer\u00eancia <span style=\"color: #ff0000;\">B9.1<\/span> Ana Rita Matias | <span style=\"color: #ff0000;\">Universidade de \u00c9vora<\/span><\/p><p>Confer\u00eancia <span style=\"color: #ff0000;\">B9.2<\/span> Susana Caseiro | <span style=\"color: #ff0000;\">APPC Leiria<\/span><\/p><p>Apoio institucional da AquaInnovation<\/p>\t\t\t\t\t\t<\/div>\n\t\t\t\t<\/div>\n\t\t\t\t\t<\/div>\n\t\t<\/div>\n\t\t\t\t\t\t\t<\/div>\n\t\t<\/section>\n\t\t\t\t<div class=\"elementor-element elementor-element-5e3ab58 elementor-widget elementor-widget-spacer\" data-id=\"5e3ab58\" data-element_type=\"widget\" data-widget_type=\"spacer.default\">\n\t\t\t\t<div class=\"elementor-widget-container\">\n\t\t\t\t\t<div class=\"elementor-spacer\">\n\t\t\t<div class=\"elementor-spacer-inner\"><\/div>\n\t\t<\/div>\n\t\t\t\t<\/div>\n\t\t\t\t<\/div>\n\t\t\t\t<div class=\"elementor-element elementor-element-80102b1 elementor-widget elementor-widget-heading\" data-id=\"80102b1\" data-element_type=\"widget\" data-widget_type=\"heading.default\">\n\t\t\t\t<div class=\"elementor-widget-container\">\n\t\t\t<h2 class=\"elementor-heading-title elementor-size-default\">17.45 | Conclus\u00f5es e Mensagem de Encerramento      |     Audit\u00f3rio A<\/h2>\t\t<\/div>\n\t\t\t\t<\/div>\n\t\t\t\t\t<\/div>\n\t\t<\/div>\n\t\t\t\t\t\t\t<\/div>\n\t\t<\/section>\n\t\t\t\t<section class=\"elementor-section elementor-top-section elementor-element elementor-element-5d9d1ea elementor-section-boxed elementor-section-height-default elementor-section-height-default\" data-id=\"5d9d1ea\" data-element_type=\"section\" data-settings=\"{&quot;_ha_eqh_enable&quot;:false}\">\n\t\t\t\t\t\t<div class=\"elementor-container elementor-column-gap-default\">\n\t\t\t\t\t<div class=\"elementor-column elementor-col-100 elementor-top-column elementor-element elementor-element-26229b3\" data-id=\"26229b3\" data-element_type=\"column\">\n\t\t\t<div class=\"elementor-widget-wrap\">\n\t\t\t\t\t\t\t\t\t<\/div>\n\t\t<\/div>\n\t\t\t\t\t\t\t<\/div>\n\t\t<\/section>\n\t\t\t\t<section class=\"elementor-section elementor-top-section elementor-element elementor-element-bc28171 elementor-section-boxed elementor-section-height-default elementor-section-height-default\" data-id=\"bc28171\" data-element_type=\"section\" data-settings=\"{&quot;background_background&quot;:&quot;classic&quot;,&quot;_ha_eqh_enable&quot;:false}\">\n\t\t\t\t\t\t<div class=\"elementor-container elementor-column-gap-default\">\n\t\t\t\t\t<div class=\"elementor-column elementor-col-100 elementor-top-column elementor-element elementor-element-fe33881\" data-id=\"fe33881\" data-element_type=\"column\">\n\t\t\t<div class=\"elementor-widget-wrap elementor-element-populated\">\n\t\t\t\t\t\t\t\t<div class=\"elementor-element elementor-element-eb9d1d5 elementor-widget elementor-widget-heading\" data-id=\"eb9d1d5\" data-element_type=\"widget\" data-widget_type=\"heading.default\">\n\t\t\t\t<div class=\"elementor-widget-container\">\n\t\t\t<h1 class=\"elementor-heading-title elementor-size-default\">14 DE OUTUBRO<\/h1>\t\t<\/div>\n\t\t\t\t<\/div>\n\t\t\t\t<div class=\"elementor-element elementor-element-b01ed34 elementor-widget elementor-widget-spacer\" data-id=\"b01ed34\" data-element_type=\"widget\" data-widget_type=\"spacer.default\">\n\t\t\t\t<div class=\"elementor-widget-container\">\n\t\t\t\t\t<div class=\"elementor-spacer\">\n\t\t\t<div class=\"elementor-spacer-inner\"><\/div>\n\t\t<\/div>\n\t\t\t\t<\/div>\n\t\t\t\t<\/div>\n\t\t\t\t<div class=\"elementor-element elementor-element-e0986b7 elementor-widget elementor-widget-heading\" data-id=\"e0986b7\" data-element_type=\"widget\" data-widget_type=\"heading.default\">\n\t\t\t\t<div class=\"elementor-widget-container\">\n\t\t\t<h2 class=\"elementor-heading-title elementor-size-default\">09.00 | Rece\u00e7\u00e3o e acredita\u00e7\u00e3o<\/h2>\t\t<\/div>\n\t\t\t\t<\/div>\n\t\t\t\t<div class=\"elementor-element elementor-element-52e4f50 elementor-widget elementor-widget-spacer\" data-id=\"52e4f50\" data-element_type=\"widget\" data-widget_type=\"spacer.default\">\n\t\t\t\t<div class=\"elementor-widget-container\">\n\t\t\t\t\t<div class=\"elementor-spacer\">\n\t\t\t<div class=\"elementor-spacer-inner\"><\/div>\n\t\t<\/div>\n\t\t\t\t<\/div>\n\t\t\t\t<\/div>\n\t\t\t\t<section class=\"elementor-section elementor-inner-section elementor-element elementor-element-382506b elementor-section-boxed elementor-section-height-default elementor-section-height-default\" data-id=\"382506b\" data-element_type=\"section\" data-settings=\"{&quot;_ha_eqh_enable&quot;:false}\">\n\t\t\t\t\t\t<div class=\"elementor-container elementor-column-gap-default\">\n\t\t\t\t\t<div class=\"elementor-column elementor-col-50 elementor-inner-column elementor-element elementor-element-ec3e650\" data-id=\"ec3e650\" data-element_type=\"column\">\n\t\t\t<div class=\"elementor-widget-wrap elementor-element-populated\">\n\t\t\t\t\t\t\t\t<div class=\"elementor-element elementor-element-7f2d4f5 elementor-widget elementor-widget-heading\" data-id=\"7f2d4f5\" data-element_type=\"widget\" data-widget_type=\"heading.default\">\n\t\t\t\t<div class=\"elementor-widget-container\">\n\t\t\t<h2 class=\"elementor-heading-title elementor-size-default\">Centro Cultural <\/h2>\t\t<\/div>\n\t\t\t\t<\/div>\n\t\t\t\t<div class=\"elementor-element elementor-element-32d048c elementor-widget elementor-widget-heading\" data-id=\"32d048c\" data-element_type=\"widget\" data-widget_type=\"heading.default\">\n\t\t\t\t<div class=\"elementor-widget-container\">\n\t\t\t<h2 class=\"elementor-heading-title elementor-size-default\">09.45 | Evento<\/h2>\t\t<\/div>\n\t\t\t\t<\/div>\n\t\t\t\t<div class=\"elementor-element elementor-element-bd29f4f elementor-widget elementor-widget-text-editor\" data-id=\"bd29f4f\" data-element_type=\"widget\" data-widget_type=\"text-editor.default\">\n\t\t\t\t<div class=\"elementor-widget-container\">\n\t\t\t\t\t\t\t<p><b><i>Cerim\u00f3nia Oficial de Abertura do 46\u00ba Congresso e 16\u00ba Congresso Ib\u00e9rico de Nata\u00e7\u00e3o<\/i><\/b><\/p>\t\t\t\t\t\t<\/div>\n\t\t\t\t<\/div>\n\t\t\t\t<div class=\"elementor-element elementor-element-ba049c5 elementor-widget elementor-widget-heading\" data-id=\"ba049c5\" data-element_type=\"widget\" data-widget_type=\"heading.default\">\n\t\t\t\t<div class=\"elementor-widget-container\">\n\t\t\t<h2 class=\"elementor-heading-title elementor-size-default\">10.15 - 11.00 | Confer\u00eancia plen\u00e1ria<\/h2>\t\t<\/div>\n\t\t\t\t<\/div>\n\t\t\t\t<div class=\"elementor-element elementor-element-1eeace7 elementor-widget elementor-widget-text-editor\" data-id=\"1eeace7\" data-element_type=\"widget\" data-widget_type=\"text-editor.default\">\n\t\t\t\t<div class=\"elementor-widget-container\">\n\t\t\t\t\t\t\t<p>Introdu\u00e7\u00e3o: Jo\u00e3o Paulo Vilas Boas\u00a0<\/p><p><b><i>O Treino de Alta Performance de David Popovici\u00a0<\/i><\/b><\/p><p>Orador:\u00a0Adrian Radulescu<span style=\"font-size: 14px;\">\u00a0<\/span><\/p>\t\t\t\t\t\t<\/div>\n\t\t\t\t<\/div>\n\t\t\t\t<div class=\"elementor-element elementor-element-eb4de60 elementor-widget elementor-widget-button\" data-id=\"eb4de60\" data-element_type=\"widget\" data-widget_type=\"button.default\">\n\t\t\t\t<div class=\"elementor-widget-container\">\n\t\t\t\t\t<div class=\"elementor-button-wrapper\">\n\t\t\t<a href=\"https:\/\/comiteolimpicoportugal.pt\/\" class=\"elementor-button-link elementor-button elementor-size-sm elementor-animation-push\" role=\"button\">\n\t\t\t\t\t\t<span class=\"elementor-button-content-wrapper\">\n\t\t\t\t\t\t<span class=\"elementor-button-icon elementor-align-icon-left\">\n\t\t\t\t<i aria-hidden=\"true\" class=\"fas fa-handshake\"><\/i>\t\t\t<\/span>\n\t\t\t\t\t\t<span class=\"elementor-button-text\">Sess\u00e3o com o apoio institucional do Comit\u00e9 Ol\u00edmpico de Portugal<\/span>\n\t\t<\/span>\n\t\t\t\t\t<\/a>\n\t\t<\/div>\n\t\t\t\t<\/div>\n\t\t\t\t<\/div>\n\t\t\t\t\t<\/div>\n\t\t<\/div>\n\t\t\t\t<div class=\"elementor-column elementor-col-50 elementor-inner-column elementor-element elementor-element-d73be9a\" data-id=\"d73be9a\" data-element_type=\"column\">\n\t\t\t<div class=\"elementor-widget-wrap\">\n\t\t\t\t\t\t\t\t\t<\/div>\n\t\t<\/div>\n\t\t\t\t\t\t\t<\/div>\n\t\t<\/section>\n\t\t\t\t<div class=\"elementor-element elementor-element-a03bafc elementor-widget elementor-widget-heading\" data-id=\"a03bafc\" data-element_type=\"widget\" data-widget_type=\"heading.default\">\n\t\t\t\t<div class=\"elementor-widget-container\">\n\t\t\t<h2 class=\"elementor-heading-title elementor-size-default\">11.00 - 11.15 | Pausa<\/h2>\t\t<\/div>\n\t\t\t\t<\/div>\n\t\t\t\t<section class=\"elementor-section elementor-inner-section elementor-element elementor-element-dfcc0b1 elementor-section-boxed elementor-section-height-default elementor-section-height-default\" data-id=\"dfcc0b1\" data-element_type=\"section\" data-settings=\"{&quot;_ha_eqh_enable&quot;:false}\">\n\t\t\t\t\t\t<div class=\"elementor-container elementor-column-gap-default\">\n\t\t\t\t\t<div class=\"elementor-column elementor-col-50 elementor-inner-column elementor-element elementor-element-a3a2471\" data-id=\"a3a2471\" data-element_type=\"column\">\n\t\t\t<div class=\"elementor-widget-wrap elementor-element-populated\">\n\t\t\t\t\t\t\t\t<div class=\"elementor-element elementor-element-aeb9afd elementor-widget elementor-widget-heading\" data-id=\"aeb9afd\" data-element_type=\"widget\" data-widget_type=\"heading.default\">\n\t\t\t\t<div class=\"elementor-widget-container\">\n\t\t\t<h2 class=\"elementor-heading-title elementor-size-default\">Centro Cultural <\/h2>\t\t<\/div>\n\t\t\t\t<\/div>\n\t\t\t\t<div class=\"elementor-element elementor-element-88e0f54 elementor-widget elementor-widget-heading\" data-id=\"88e0f54\" data-element_type=\"widget\" data-widget_type=\"heading.default\">\n\t\t\t\t<div class=\"elementor-widget-container\">\n\t\t\t<h2 class=\"elementor-heading-title elementor-size-default\">11.15 - 12.30 | Mesa redonda<\/h2>\t\t<\/div>\n\t\t\t\t<\/div>\n\t\t\t\t<div class=\"elementor-element elementor-element-0b803a1 elementor-widget elementor-widget-text-editor\" data-id=\"0b803a1\" data-element_type=\"widget\" data-widget_type=\"text-editor.default\">\n\t\t\t\t<div class=\"elementor-widget-container\">\n\t\t\t\t\t\t\t<p><em><strong>Mulheres no comando: Como elas lideram as suas equipas?<\/strong><\/em><\/p><p>Introdu\u00e7\u00e3o: Joaquim Sousa<\/p><p>Mesa redonda: V\u00e2nia Neves | In\u00eas Braga | S\u00edlvia Pinto<br \/>| Carla Cardoso<span style=\"color: #ff0000;\">\u00a0<\/span><\/p>\t\t\t\t\t\t<\/div>\n\t\t\t\t<\/div>\n\t\t\t\t<div class=\"elementor-element elementor-element-988508e elementor-widget elementor-widget-button\" data-id=\"988508e\" data-element_type=\"widget\" data-widget_type=\"button.default\">\n\t\t\t\t<div class=\"elementor-widget-container\">\n\t\t\t\t\t<div class=\"elementor-button-wrapper\">\n\t\t\t<a href=\"https:\/\/www.chlorus.pt\/\" class=\"elementor-button-link elementor-button elementor-size-sm elementor-animation-push\" role=\"button\">\n\t\t\t\t\t\t<span class=\"elementor-button-content-wrapper\">\n\t\t\t\t\t\t<span class=\"elementor-button-icon elementor-align-icon-left\">\n\t\t\t\t<i aria-hidden=\"true\" class=\"fas fa-handshake\"><\/i>\t\t\t<\/span>\n\t\t\t\t\t\t<span class=\"elementor-button-text\">Sess\u00e3o com o apoio institucional do jornal Chlorus<\/span>\n\t\t<\/span>\n\t\t\t\t\t<\/a>\n\t\t<\/div>\n\t\t\t\t<\/div>\n\t\t\t\t<\/div>\n\t\t\t\t\t<\/div>\n\t\t<\/div>\n\t\t\t\t<div class=\"elementor-column elementor-col-50 elementor-inner-column elementor-element elementor-element-5c11d9b\" data-id=\"5c11d9b\" data-element_type=\"column\">\n\t\t\t<div class=\"elementor-widget-wrap elementor-element-populated\">\n\t\t\t\t\t\t\t\t<div class=\"elementor-element elementor-element-d49cdd0 elementor-widget elementor-widget-heading\" data-id=\"d49cdd0\" data-element_type=\"widget\" data-widget_type=\"heading.default\">\n\t\t\t\t<div class=\"elementor-widget-container\">\n\t\t\t<h2 class=\"elementor-heading-title elementor-size-default\">Antigos Pa\u00e7os do Concelho <\/h2>\t\t<\/div>\n\t\t\t\t<\/div>\n\t\t\t\t<div class=\"elementor-element elementor-element-8207ec1 elementor-widget elementor-widget-heading\" data-id=\"8207ec1\" data-element_type=\"widget\" data-widget_type=\"heading.default\">\n\t\t\t\t<div class=\"elementor-widget-container\">\n\t\t\t<h2 class=\"elementor-heading-title elementor-size-default\">11.15 - 12.30 | Confer\u00eancias paralelas<\/h2>\t\t<\/div>\n\t\t\t\t<\/div>\n\t\t\t\t<div class=\"elementor-element elementor-element-b6edd00 elementor-widget elementor-widget-text-editor\" data-id=\"b6edd00\" data-element_type=\"widget\" data-widget_type=\"text-editor.default\">\n\t\t\t\t<div class=\"elementor-widget-container\">\n\t\t\t\t\t\t\t<p><b><i>Iniciativas de Diagn\u00f3stico e Capacita\u00e7\u00e3o Aqu\u00e1tica<\/i><\/b><\/p><p>Introdu\u00e7\u00e3o: Lu\u00eds Cardoso<\/p><p>Confer\u00eancia 1: <em><strong>brevemente<\/strong><\/em><\/p><p>Orador: Jorge Campani\u00e7o<\/p><p>Confer\u00eancia 2: <em><strong>Programa \u201cEnsino Multidisciplinar\u201d FPN:diagn\u00f3stico e desafios futuros<\/strong><\/em><\/p><p>Orador: Nuno Batalha<\/p>\t\t\t\t\t\t<\/div>\n\t\t\t\t<\/div>\n\t\t\t\t\t<\/div>\n\t\t<\/div>\n\t\t\t\t\t\t\t<\/div>\n\t\t<\/section>\n\t\t\t\t<div class=\"elementor-element elementor-element-6dee681 elementor-widget elementor-widget-spacer\" data-id=\"6dee681\" data-element_type=\"widget\" data-widget_type=\"spacer.default\">\n\t\t\t\t<div class=\"elementor-widget-container\">\n\t\t\t\t\t<div class=\"elementor-spacer\">\n\t\t\t<div class=\"elementor-spacer-inner\"><\/div>\n\t\t<\/div>\n\t\t\t\t<\/div>\n\t\t\t\t<\/div>\n\t\t\t\t<div class=\"elementor-element elementor-element-974850a elementor-widget elementor-widget-heading\" data-id=\"974850a\" data-element_type=\"widget\" data-widget_type=\"heading.default\">\n\t\t\t\t<div class=\"elementor-widget-container\">\n\t\t\t<h2 class=\"elementor-heading-title elementor-size-default\">13.00 | Almo\u00e7o<\/h2>\t\t<\/div>\n\t\t\t\t<\/div>\n\t\t\t\t<div class=\"elementor-element elementor-element-56801c8 elementor-widget elementor-widget-spacer\" data-id=\"56801c8\" data-element_type=\"widget\" data-widget_type=\"spacer.default\">\n\t\t\t\t<div class=\"elementor-widget-container\">\n\t\t\t\t\t<div class=\"elementor-spacer\">\n\t\t\t<div class=\"elementor-spacer-inner\"><\/div>\n\t\t<\/div>\n\t\t\t\t<\/div>\n\t\t\t\t<\/div>\n\t\t\t\t<section class=\"elementor-section elementor-inner-section elementor-element elementor-element-b3188ae elementor-section-boxed elementor-section-height-default elementor-section-height-default\" data-id=\"b3188ae\" data-element_type=\"section\" data-settings=\"{&quot;_ha_eqh_enable&quot;:false}\">\n\t\t\t\t\t\t<div class=\"elementor-container elementor-column-gap-default\">\n\t\t\t\t\t<div class=\"elementor-column elementor-col-50 elementor-inner-column elementor-element elementor-element-916d0ae\" data-id=\"916d0ae\" data-element_type=\"column\">\n\t\t\t<div class=\"elementor-widget-wrap elementor-element-populated\">\n\t\t\t\t\t\t\t\t<div class=\"elementor-element elementor-element-71ecbca elementor-widget elementor-widget-heading\" data-id=\"71ecbca\" data-element_type=\"widget\" data-widget_type=\"heading.default\">\n\t\t\t\t<div class=\"elementor-widget-container\">\n\t\t\t<h2 class=\"elementor-heading-title elementor-size-default\">Centro Cultural<\/h2>\t\t<\/div>\n\t\t\t\t<\/div>\n\t\t\t\t<div class=\"elementor-element elementor-element-83b7d6c elementor-widget elementor-widget-heading\" data-id=\"83b7d6c\" data-element_type=\"widget\" data-widget_type=\"heading.default\">\n\t\t\t\t<div class=\"elementor-widget-container\">\n\t\t\t<h2 class=\"elementor-heading-title elementor-size-default\">14.15 - 15.45 | Sess\u00e3o A3<\/h2>\t\t<\/div>\n\t\t\t\t<\/div>\n\t\t\t\t<div class=\"elementor-element elementor-element-1f848fd elementor-widget elementor-widget-text-editor\" data-id=\"1f848fd\" data-element_type=\"widget\" data-widget_type=\"text-editor.default\">\n\t\t\t\t<div class=\"elementor-widget-container\">\n\t\t\t\t\t\t\t<p><b><i>Comunica\u00e7\u00f5es orais livres &#8211; Treino Desportivo<\/i><\/b><\/p><p><em><strong>Comparison of key performance indicators in different techniques at different intensities in swimming<\/strong><\/em><\/p><p>Autores: Gon\u00e7alo Torres, F\u00e1bio Nakamura, Teresa Figueiras, Ana Sousa<\/p><p><em><strong>An\u00e1lise e compreens\u00e3o das estrat\u00e9gias de velocidade dos parciais da prova de 200 costas em nadadores de elite<\/strong><\/em><\/p><p>Autores: Sebasti\u00e3o Santos, Cristiano Santos<\/p><p><em><strong>An\u00e1lise da varia\u00e7\u00e3o de rendimento entre eliminat\u00f3rias e finais no World Aquatics Championships Fukuoka 2023<\/strong><\/em><\/p><p>Autores: Mafalda P. Pinto, Jorge E. Morais, Henrique P. Neiva, Daniel A. Marinho<\/p><p><em><strong>Controlo de treino em nadadores cadetes na forma\u00e7\u00e3o de treinadores: an\u00e1lise de caso<\/strong><\/em><\/p><p>Autores: In\u00eas Lemos, Paulo Nascimento, Jo\u00e3o Paulo Vilas-Boas, M\u00e1rio J. Costa, Ricardo J. Fernandes, Susana Soares<\/p><p><em><strong>Aquecimento e reaquecimento em competi\u00e7\u00f5es de nata\u00e7\u00e3o: Carateriza\u00e7\u00e3o das estrat\u00e9gias utilizadas pelos treinadores portugueses em fun\u00e7\u00e3o do Escal\u00e3o Et\u00e1rio <\/strong><\/em><\/p><p>Autores: Daniel Paiva, Daniel A. Marinho, Henrique Neiva, Lu\u00eds Rama<\/p><p><em><strong>Perceptions and practices of swimming coaches according to certification level: a preliminary study on biomechanical assessmen<\/strong><\/em>t<\/p><p>Autores: Catarina C. Santos, Daniel A. Marinho, Aldo M. Costa, M\u00e1rio J. Costa<\/p>\t\t\t\t\t\t<\/div>\n\t\t\t\t<\/div>\n\t\t\t\t<div class=\"elementor-element elementor-element-96225a6 elementor-widget elementor-widget-button\" data-id=\"96225a6\" data-element_type=\"widget\" data-widget_type=\"button.default\">\n\t\t\t\t<div class=\"elementor-widget-container\">\n\t\t\t\t\t<div class=\"elementor-button-wrapper\">\n\t\t\t<a href=\"https:\/\/www.golfinho.eu\/inicio\" class=\"elementor-button-link elementor-button elementor-size-sm elementor-animation-push\" role=\"button\">\n\t\t\t\t\t\t<span class=\"elementor-button-content-wrapper\">\n\t\t\t\t\t\t<span class=\"elementor-button-icon elementor-align-icon-left\">\n\t\t\t\t<i aria-hidden=\"true\" class=\"fas fa-handshake\"><\/i>\t\t\t<\/span>\n\t\t\t\t\t\t<span class=\"elementor-button-text\">Sess\u00e3o com o apoio institucional da Golfinho Sports<\/span>\n\t\t<\/span>\n\t\t\t\t\t<\/a>\n\t\t<\/div>\n\t\t\t\t<\/div>\n\t\t\t\t<\/div>\n\t\t\t\t\t<\/div>\n\t\t<\/div>\n\t\t\t\t<div class=\"elementor-column elementor-col-50 elementor-inner-column elementor-element elementor-element-a6b70a7\" data-id=\"a6b70a7\" data-element_type=\"column\">\n\t\t\t<div class=\"elementor-widget-wrap elementor-element-populated\">\n\t\t\t\t\t\t\t\t<div class=\"elementor-element elementor-element-af4bfe2 elementor-widget elementor-widget-heading\" data-id=\"af4bfe2\" data-element_type=\"widget\" data-widget_type=\"heading.default\">\n\t\t\t\t<div class=\"elementor-widget-container\">\n\t\t\t<h2 class=\"elementor-heading-title elementor-size-default\">Antigos Pa\u00e7os do Concelho<\/h2>\t\t<\/div>\n\t\t\t\t<\/div>\n\t\t\t\t<div class=\"elementor-element elementor-element-64aba8c elementor-widget elementor-widget-heading\" data-id=\"64aba8c\" data-element_type=\"widget\" data-widget_type=\"heading.default\">\n\t\t\t\t<div class=\"elementor-widget-container\">\n\t\t\t<h2 class=\"elementor-heading-title elementor-size-default\">14.15 - 15.45 | Sess\u00e3o B3<\/h2>\t\t<\/div>\n\t\t\t\t<\/div>\n\t\t\t\t<div class=\"elementor-element elementor-element-13a7f6d elementor-widget elementor-widget-text-editor\" data-id=\"13a7f6d\" data-element_type=\"widget\" data-widget_type=\"text-editor.default\">\n\t\t\t\t<div class=\"elementor-widget-container\">\n\t\t\t\t\t\t\t<p><b><i>Comunica\u00e7\u00f5es orais livres &#8211; Fitness Aqu\u00e1tico &amp; Ensino da Nata\u00e7\u00e3o<\/i><\/b><\/p><p><em><strong>The effect of different buoyant dumbbells in heart rate and perceived exertion of older women during a water fitness exercise<\/strong><\/em><\/p><p>Autores: Catarina C. Santos, Carlos Farinha, M\u00e1rio J. Costa<\/p><p><em><strong>Compara\u00e7\u00e3o cinem\u00e1tica do movimento Cross Country Ski em hidrogin\u00e1stica coreografada e n\u00e3o coreografada <\/strong><\/em><\/p><p>Autores: Nuno Pereira, Catarina C. Santos, M\u00e1rio J. Costa, Paula Santos, Susana Soares<\/p><p><em><strong>Diferen\u00e7as culturais entre os pa\u00edses ibero-americanos nos m\u00e9todos de ensino, MAC e percep\u00e7\u00e3o de autoefic\u00e1cia<\/strong><\/em><\/p><p>Autores: Rita Fonseca-Pinto, Juan Antonio Moreno Murcia<\/p><p><em><strong>The content analysis of school swimming education in Hungary<\/strong><\/em><\/p><p>Autores: Zs\u00f3fia Kov\u00e1cs, P\u00e9ter Szab\u00f3, Gy\u00f6ngyv\u00e9r Priszt\u00f3ka<\/p><p><em><strong>Utiliza\u00e7\u00e3o de drills para o aperfei\u00e7oamento da t\u00e9cnica de crol<\/strong><\/em><\/p><p>Autores: Marta Machado, Ana Espingardeiro, Luana Domingues, Francisco A. Ferreira, Susana Soares, M\u00e1rio J. Costa, Ricardo J. Fernandes<\/p>\t\t\t\t\t\t<\/div>\n\t\t\t\t<\/div>\n\t\t\t\t<div class=\"elementor-element elementor-element-4ceac56 elementor-widget elementor-widget-button\" data-id=\"4ceac56\" data-element_type=\"widget\" data-widget_type=\"button.default\">\n\t\t\t\t<div class=\"elementor-widget-container\">\n\t\t\t\t\t<div class=\"elementor-button-wrapper\">\n\t\t\t<a href=\"https:\/\/www.golfinho.eu\/inicio\" class=\"elementor-button-link elementor-button elementor-size-sm elementor-animation-push\" role=\"button\">\n\t\t\t\t\t\t<span class=\"elementor-button-content-wrapper\">\n\t\t\t\t\t\t<span class=\"elementor-button-icon elementor-align-icon-left\">\n\t\t\t\t<i aria-hidden=\"true\" class=\"fas fa-handshake\"><\/i>\t\t\t<\/span>\n\t\t\t\t\t\t<span class=\"elementor-button-text\">Sess\u00e3o com o apoio institucional da Golfinho Sports<\/span>\n\t\t<\/span>\n\t\t\t\t\t<\/a>\n\t\t<\/div>\n\t\t\t\t<\/div>\n\t\t\t\t<\/div>\n\t\t\t\t\t<\/div>\n\t\t<\/div>\n\t\t\t\t\t\t\t<\/div>\n\t\t<\/section>\n\t\t\t\t<div class=\"elementor-element elementor-element-f7e5cf8 elementor-widget elementor-widget-spacer\" data-id=\"f7e5cf8\" data-element_type=\"widget\" data-widget_type=\"spacer.default\">\n\t\t\t\t<div class=\"elementor-widget-container\">\n\t\t\t\t\t<div class=\"elementor-spacer\">\n\t\t\t<div class=\"elementor-spacer-inner\"><\/div>\n\t\t<\/div>\n\t\t\t\t<\/div>\n\t\t\t\t<\/div>\n\t\t\t\t<section class=\"elementor-section elementor-inner-section elementor-element elementor-element-ba4dda4 elementor-section-boxed elementor-section-height-default elementor-section-height-default\" data-id=\"ba4dda4\" data-element_type=\"section\" data-settings=\"{&quot;_ha_eqh_enable&quot;:false}\">\n\t\t\t\t\t\t<div class=\"elementor-container elementor-column-gap-default\">\n\t\t\t\t\t<div class=\"elementor-column elementor-col-50 elementor-inner-column elementor-element elementor-element-6aa4044\" data-id=\"6aa4044\" data-element_type=\"column\">\n\t\t\t<div class=\"elementor-widget-wrap elementor-element-populated\">\n\t\t\t\t\t\t\t\t<div class=\"elementor-element elementor-element-9728d08 elementor-widget elementor-widget-heading\" data-id=\"9728d08\" data-element_type=\"widget\" data-widget_type=\"heading.default\">\n\t\t\t\t<div class=\"elementor-widget-container\">\n\t\t\t<h2 class=\"elementor-heading-title elementor-size-default\">Centro Cultural<\/h2>\t\t<\/div>\n\t\t\t\t<\/div>\n\t\t\t\t<div class=\"elementor-element elementor-element-6e26e92 elementor-widget elementor-widget-heading\" data-id=\"6e26e92\" data-element_type=\"widget\" data-widget_type=\"heading.default\">\n\t\t\t\t<div class=\"elementor-widget-container\">\n\t\t\t<h2 class=\"elementor-heading-title elementor-size-default\">15.45 - 17.00 | Confer\u00eancias paralelas<\/h2>\t\t<\/div>\n\t\t\t\t<\/div>\n\t\t\t\t<div class=\"elementor-element elementor-element-897cf0e elementor-widget elementor-widget-text-editor\" data-id=\"897cf0e\" data-element_type=\"widget\" data-widget_type=\"text-editor.default\">\n\t\t\t\t<div class=\"elementor-widget-container\">\n\t\t\t\t\t\t\t<p><b><i>Gin\u00e1sio &#8211; o aqu\u00e1rio do nadador de sucesso<\/i><\/b><\/p><p>Introdu\u00e7\u00e3o: Daniel Marinho<\/p><p>Confer\u00eancia 1: <em><strong>Evid\u00eancias de Treino de For\u00e7a<\/strong><\/em><\/p><p>Orador: Rodrigo Campillo Rodriguez<\/p><p>Confer\u00eancia 2: <em><strong>Evid\u00eancias da Aplica\u00e7\u00e3o de Alongamentos\u00a0<\/strong><\/em><\/p><p>Orador: Jos\u00e9 Afonso<\/p>\t\t\t\t\t\t<\/div>\n\t\t\t\t<\/div>\n\t\t\t\t<div class=\"elementor-element elementor-element-3c4b64d elementor-mobile-align-center elementor-widget elementor-widget-button\" data-id=\"3c4b64d\" data-element_type=\"widget\" data-widget_type=\"button.default\">\n\t\t\t\t<div class=\"elementor-widget-container\">\n\t\t\t\t\t<div class=\"elementor-button-wrapper\">\n\t\t\t<a href=\"https:\/\/cidesd.pt\/\" class=\"elementor-button-link elementor-button elementor-size-sm elementor-animation-push\" role=\"button\">\n\t\t\t\t\t\t<span class=\"elementor-button-content-wrapper\">\n\t\t\t\t\t\t<span class=\"elementor-button-icon elementor-align-icon-left\">\n\t\t\t\t<i aria-hidden=\"true\" class=\"fas fa-handshake\"><\/i>\t\t\t<\/span>\n\t\t\t\t\t\t<span class=\"elementor-button-text\">Sess\u00e3o com o apoio institucional do CIDESD<\/span>\n\t\t<\/span>\n\t\t\t\t\t<\/a>\n\t\t<\/div>\n\t\t\t\t<\/div>\n\t\t\t\t<\/div>\n\t\t\t\t\t<\/div>\n\t\t<\/div>\n\t\t\t\t<div class=\"elementor-column elementor-col-50 elementor-inner-column elementor-element elementor-element-bea3d0b\" data-id=\"bea3d0b\" data-element_type=\"column\">\n\t\t\t<div class=\"elementor-widget-wrap elementor-element-populated\">\n\t\t\t\t\t\t\t\t<div class=\"elementor-element elementor-element-06cdaa6 elementor-widget elementor-widget-heading\" data-id=\"06cdaa6\" data-element_type=\"widget\" data-widget_type=\"heading.default\">\n\t\t\t\t<div class=\"elementor-widget-container\">\n\t\t\t<h2 class=\"elementor-heading-title elementor-size-default\">Antigos Pa\u00e7os do Concelho<\/h2>\t\t<\/div>\n\t\t\t\t<\/div>\n\t\t\t\t<div class=\"elementor-element elementor-element-0629c17 elementor-widget elementor-widget-heading\" data-id=\"0629c17\" data-element_type=\"widget\" data-widget_type=\"heading.default\">\n\t\t\t\t<div class=\"elementor-widget-container\">\n\t\t\t<h2 class=\"elementor-heading-title elementor-size-default\">15.45 - 17.00 | Confer\u00eancias paralelas<br><\/h2>\t\t<\/div>\n\t\t\t\t<\/div>\n\t\t\t\t<div class=\"elementor-element elementor-element-367cbe6 elementor-widget elementor-widget-text-editor\" data-id=\"367cbe6\" data-element_type=\"widget\" data-widget_type=\"text-editor.default\">\n\t\t\t\t<div class=\"elementor-widget-container\">\n\t\t\t\t\t\t\t<p><strong>Literacia Aqu\u00e1tica &#8211; um des\u00edgnio internacional?<\/strong><\/p><p>Introdu\u00e7\u00e3o: Nuno Garrido<\/p><p>Confer\u00eancia 1: <em><strong>Diagn\u00f3stico pedag\u00f3gico em nata\u00e7\u00e3o: a necessidade de forma\u00e7\u00e3o integral<\/strong><\/em><\/p><p>Orador: Ilka Staub (GER)<\/p><p>Confer\u00eancia 2: <em><strong>Precisamos do conceito de Alfabetiza\u00e7\u00e3o Aqu\u00e1tica para orientar educadores, treinadores e formuladores de pol\u00edticas na nata\u00e7\u00e3o?<\/strong><\/em><\/p><p>Orador: Francois Potdevin\u00a0 (FR)<\/p>\t\t\t\t\t\t<\/div>\n\t\t\t\t<\/div>\n\t\t\t\t<div class=\"elementor-element elementor-element-0dd5a6a elementor-widget elementor-widget-button\" data-id=\"0dd5a6a\" data-element_type=\"widget\" data-widget_type=\"button.default\">\n\t\t\t\t<div class=\"elementor-widget-container\">\n\t\t\t\t\t<div class=\"elementor-button-wrapper\">\n\t\t\t<a href=\"https:\/\/www.revistamotricidade.com\/pt\/\" class=\"elementor-button-link elementor-button elementor-size-xs elementor-animation-push\" role=\"button\">\n\t\t\t\t\t\t<span class=\"elementor-button-content-wrapper\">\n\t\t\t\t\t\t<span class=\"elementor-button-icon elementor-align-icon-left\">\n\t\t\t\t<i aria-hidden=\"true\" class=\"fas fa-handshake\"><\/i>\t\t\t<\/span>\n\t\t\t\t\t\t<span class=\"elementor-button-text\">Sess\u00e3o com o apoio institucional da Revista Motricidade<\/span>\n\t\t<\/span>\n\t\t\t\t\t<\/a>\n\t\t<\/div>\n\t\t\t\t<\/div>\n\t\t\t\t<\/div>\n\t\t\t\t\t<\/div>\n\t\t<\/div>\n\t\t\t\t\t\t\t<\/div>\n\t\t<\/section>\n\t\t\t\t<div class=\"elementor-element elementor-element-d27b8fc elementor-widget elementor-widget-spacer\" data-id=\"d27b8fc\" data-element_type=\"widget\" data-widget_type=\"spacer.default\">\n\t\t\t\t<div class=\"elementor-widget-container\">\n\t\t\t\t\t<div class=\"elementor-spacer\">\n\t\t\t<div class=\"elementor-spacer-inner\"><\/div>\n\t\t<\/div>\n\t\t\t\t<\/div>\n\t\t\t\t<\/div>\n\t\t\t\t<div class=\"elementor-element elementor-element-e474280 elementor-widget elementor-widget-heading\" data-id=\"e474280\" data-element_type=\"widget\" data-widget_type=\"heading.default\">\n\t\t\t\t<div class=\"elementor-widget-container\">\n\t\t\t<h2 class=\"elementor-heading-title elementor-size-default\">16h45-17h15 | Pausa<\/h2>\t\t<\/div>\n\t\t\t\t<\/div>\n\t\t\t\t<div class=\"elementor-element elementor-element-320e840 elementor-widget elementor-widget-spacer\" data-id=\"320e840\" data-element_type=\"widget\" data-widget_type=\"spacer.default\">\n\t\t\t\t<div class=\"elementor-widget-container\">\n\t\t\t\t\t<div class=\"elementor-spacer\">\n\t\t\t<div class=\"elementor-spacer-inner\"><\/div>\n\t\t<\/div>\n\t\t\t\t<\/div>\n\t\t\t\t<\/div>\n\t\t\t\t<section class=\"elementor-section elementor-inner-section elementor-element elementor-element-9c8c0a9 elementor-section-boxed elementor-section-height-default elementor-section-height-default\" data-id=\"9c8c0a9\" data-element_type=\"section\" data-settings=\"{&quot;_ha_eqh_enable&quot;:false}\">\n\t\t\t\t\t\t<div class=\"elementor-container elementor-column-gap-default\">\n\t\t\t\t\t<div class=\"elementor-column elementor-col-100 elementor-inner-column elementor-element elementor-element-2147131\" data-id=\"2147131\" data-element_type=\"column\">\n\t\t\t<div class=\"elementor-widget-wrap elementor-element-populated\">\n\t\t\t\t\t\t\t\t<div class=\"elementor-element elementor-element-6917bba elementor-widget elementor-widget-heading\" data-id=\"6917bba\" data-element_type=\"widget\" data-widget_type=\"heading.default\">\n\t\t\t\t<div class=\"elementor-widget-container\">\n\t\t\t<h2 class=\"elementor-heading-title elementor-size-default\">Centro Cultural<\/h2>\t\t<\/div>\n\t\t\t\t<\/div>\n\t\t\t\t<div class=\"elementor-element elementor-element-335eb33 elementor-widget elementor-widget-heading\" data-id=\"335eb33\" data-element_type=\"widget\" data-widget_type=\"heading.default\">\n\t\t\t\t<div class=\"elementor-widget-container\">\n\t\t\t<h2 class=\"elementor-heading-title elementor-size-default\">17.15 - 17.30 | Apresenta\u00e7\u00e3o do Livro<br><\/h2>\t\t<\/div>\n\t\t\t\t<\/div>\n\t\t\t\t<div class=\"elementor-element elementor-element-fcbbf16 elementor-widget elementor-widget-text-editor\" data-id=\"fcbbf16\" data-element_type=\"widget\" data-widget_type=\"text-editor.default\">\n\t\t\t\t<div class=\"elementor-widget-container\">\n\t\t\t\t\t\t\t<p>Introdu\u00e7\u00e3o: Ricardo Fernandes<\/p>\t\t\t\t\t\t<\/div>\n\t\t\t\t<\/div>\n\t\t\t\t<div class=\"elementor-element elementor-element-3bfb179 elementor-widget elementor-widget-button\" data-id=\"3bfb179\" data-element_type=\"widget\" data-widget_type=\"button.default\">\n\t\t\t\t<div class=\"elementor-widget-container\">\n\t\t\t\t\t<div class=\"elementor-button-wrapper\">\n\t\t\t<a href=\"https:\/\/quanticaeditora.pt\/\" class=\"elementor-button-link elementor-button elementor-size-sm elementor-animation-push\" role=\"button\">\n\t\t\t\t\t\t<span class=\"elementor-button-content-wrapper\">\n\t\t\t\t\t\t<span class=\"elementor-button-icon elementor-align-icon-left\">\n\t\t\t\t<i aria-hidden=\"true\" class=\"fas fa-handshake\"><\/i>\t\t\t<\/span>\n\t\t\t\t\t\t<span class=\"elementor-button-text\">Sess\u00e3o com o apoio institucional da Quantica Editora<\/span>\n\t\t<\/span>\n\t\t\t\t\t<\/a>\n\t\t<\/div>\n\t\t\t\t<\/div>\n\t\t\t\t<\/div>\n\t\t\t\t\t<\/div>\n\t\t<\/div>\n\t\t\t\t\t\t\t<\/div>\n\t\t<\/section>\n\t\t\t\t<section class=\"elementor-section elementor-inner-section elementor-element elementor-element-4e6edc5 elementor-section-boxed elementor-section-height-default elementor-section-height-default\" data-id=\"4e6edc5\" data-element_type=\"section\" data-settings=\"{&quot;_ha_eqh_enable&quot;:false}\">\n\t\t\t\t\t\t<div class=\"elementor-container elementor-column-gap-default\">\n\t\t\t\t\t<div class=\"elementor-column elementor-col-50 elementor-inner-column elementor-element elementor-element-518629c\" data-id=\"518629c\" data-element_type=\"column\">\n\t\t\t<div class=\"elementor-widget-wrap elementor-element-populated\">\n\t\t\t\t\t\t\t\t<div class=\"elementor-element elementor-element-0dc3142 elementor-widget elementor-widget-heading\" data-id=\"0dc3142\" data-element_type=\"widget\" data-widget_type=\"heading.default\">\n\t\t\t\t<div class=\"elementor-widget-container\">\n\t\t\t<h2 class=\"elementor-heading-title elementor-size-default\">Centro Cultural<\/h2>\t\t<\/div>\n\t\t\t\t<\/div>\n\t\t\t\t<div class=\"elementor-element elementor-element-1bd6f68 elementor-widget elementor-widget-heading\" data-id=\"1bd6f68\" data-element_type=\"widget\" data-widget_type=\"heading.default\">\n\t\t\t\t<div class=\"elementor-widget-container\">\n\t\t\t<h2 class=\"elementor-heading-title elementor-size-default\">17.30 - 18.45 | Mesa redonda<\/h2>\t\t<\/div>\n\t\t\t\t<\/div>\n\t\t\t\t<div class=\"elementor-element elementor-element-cf7b55b elementor-widget elementor-widget-text-editor\" data-id=\"cf7b55b\" data-element_type=\"widget\" data-widget_type=\"text-editor.default\">\n\t\t\t\t<div class=\"elementor-widget-container\">\n\t\t\t\t\t\t\t<p><strong>Reconhecer, valorizar e treinar o treinador &#8211; qual o futuro da profiss\u00e3o?<\/strong><\/p><p>Introdu\u00e7\u00e3o:\u00a0Cesar Santos<span style=\"font-size: 14px;\">\u00a0<\/span><\/p><p>Oradores:\u00a0M\u00e1rio Moreira | Pedro Sequeira | Lu\u00eds Cameira<\/p>\t\t\t\t\t\t<\/div>\n\t\t\t\t<\/div>\n\t\t\t\t<div class=\"elementor-element elementor-element-90892c8 elementor-widget elementor-widget-button\" data-id=\"90892c8\" data-element_type=\"widget\" data-widget_type=\"button.default\">\n\t\t\t\t<div class=\"elementor-widget-container\">\n\t\t\t\t\t<div class=\"elementor-button-wrapper\">\n\t\t\t<a href=\"https:\/\/sportmagazine.pt\/\" class=\"elementor-button-link elementor-button elementor-size-sm elementor-animation-push\" role=\"button\">\n\t\t\t\t\t\t<span class=\"elementor-button-content-wrapper\">\n\t\t\t\t\t\t<span class=\"elementor-button-icon elementor-align-icon-left\">\n\t\t\t\t<i aria-hidden=\"true\" class=\"fas fa-handshake\"><\/i>\t\t\t<\/span>\n\t\t\t\t\t\t<span class=\"elementor-button-text\">Sess\u00e3o com o apoio institucional da SportMagazine<\/span>\n\t\t<\/span>\n\t\t\t\t\t<\/a>\n\t\t<\/div>\n\t\t\t\t<\/div>\n\t\t\t\t<\/div>\n\t\t\t\t\t<\/div>\n\t\t<\/div>\n\t\t\t\t<div class=\"elementor-column elementor-col-50 elementor-inner-column elementor-element elementor-element-f59bd35\" data-id=\"f59bd35\" data-element_type=\"column\">\n\t\t\t<div class=\"elementor-widget-wrap elementor-element-populated\">\n\t\t\t\t\t\t\t\t<div class=\"elementor-element elementor-element-c6a14d4 elementor-widget elementor-widget-heading\" data-id=\"c6a14d4\" data-element_type=\"widget\" data-widget_type=\"heading.default\">\n\t\t\t\t<div class=\"elementor-widget-container\">\n\t\t\t<h2 class=\"elementor-heading-title elementor-size-default\">Antigos Pa\u00e7os do Concelho<\/h2>\t\t<\/div>\n\t\t\t\t<\/div>\n\t\t\t\t<div class=\"elementor-element elementor-element-1d4a445 elementor-widget elementor-widget-heading\" data-id=\"1d4a445\" data-element_type=\"widget\" data-widget_type=\"heading.default\">\n\t\t\t\t<div class=\"elementor-widget-container\">\n\t\t\t<h2 class=\"elementor-heading-title elementor-size-default\">17.30 - 18.45 | Confer\u00eancias paralelas<br><\/h2>\t\t<\/div>\n\t\t\t\t<\/div>\n\t\t\t\t<div class=\"elementor-element elementor-element-207bd5f elementor-widget elementor-widget-text-editor\" data-id=\"207bd5f\" data-element_type=\"widget\" data-widget_type=\"text-editor.default\">\n\t\t\t\t<div class=\"elementor-widget-container\">\n\t\t\t\t\t\t\t<p><strong>A caixa de ferramentas do professor de nata\u00e7\u00e3o. O que ter e como usar?<\/strong><\/p><p>Introdu\u00e7\u00e3o: Susana Soares<\/p><p>Confer\u00eancia 1: <em><strong>Multidisciplinaridade: um verdadeiro canivete su\u00ed\u00e7o<\/strong><\/em><\/p><p>Orador: Carlos Santos\u00a0<\/p><p>Confer\u00eancia 2: <em><strong>Ajusta-te! Usa a chave-inglesa no ensino<\/strong><\/em><\/p><p>Oradora: Rita Pinto<\/p>\t\t\t\t\t\t<\/div>\n\t\t\t\t<\/div>\n\t\t\t\t\t<\/div>\n\t\t<\/div>\n\t\t\t\t\t\t\t<\/div>\n\t\t<\/section>\n\t\t\t\t<div class=\"elementor-element elementor-element-aca0f80 elementor-widget elementor-widget-spacer\" data-id=\"aca0f80\" data-element_type=\"widget\" data-widget_type=\"spacer.default\">\n\t\t\t\t<div class=\"elementor-widget-container\">\n\t\t\t\t\t<div class=\"elementor-spacer\">\n\t\t\t<div class=\"elementor-spacer-inner\"><\/div>\n\t\t<\/div>\n\t\t\t\t<\/div>\n\t\t\t\t<\/div>\n\t\t\t\t<div class=\"elementor-element elementor-element-267b14f elementor-widget elementor-widget-heading\" data-id=\"267b14f\" data-element_type=\"widget\" data-widget_type=\"heading.default\">\n\t\t\t\t<div class=\"elementor-widget-container\">\n\t\t\t<h2 class=\"elementor-heading-title elementor-size-default\">18.45 | Evento\t<\/h2>\t\t<\/div>\n\t\t\t\t<\/div>\n\t\t\t\t<div class=\"elementor-element elementor-element-40b3d3f elementor-widget elementor-widget-heading\" data-id=\"40b3d3f\" data-element_type=\"widget\" data-widget_type=\"heading.default\">\n\t\t\t\t<div class=\"elementor-widget-container\">\n\t\t\t<h2 class=\"elementor-heading-title elementor-size-default\">Gala de Reconhecimento de M\u00e9rito APTN 2023<\/h2>\t\t<\/div>\n\t\t\t\t<\/div>\n\t\t\t\t<div class=\"elementor-element elementor-element-725db19 elementor-widget elementor-widget-heading\" data-id=\"725db19\" data-element_type=\"widget\" data-widget_type=\"heading.default\">\n\t\t\t\t<div class=\"elementor-widget-container\">\n\t\t\t<h2 class=\"elementor-heading-title elementor-size-default\">20.15 | Evento<\/h2>\t\t<\/div>\n\t\t\t\t<\/div>\n\t\t\t\t<div class=\"elementor-element elementor-element-aa29202 elementor-widget elementor-widget-heading\" data-id=\"aa29202\" data-element_type=\"widget\" data-widget_type=\"heading.default\">\n\t\t\t\t<div class=\"elementor-widget-container\">\n\t\t\t<h2 class=\"elementor-heading-title elementor-size-default\">Jantar oficial do congresso<\/h2>\t\t<\/div>\n\t\t\t\t<\/div>\n\t\t\t\t\t<\/div>\n\t\t<\/div>\n\t\t\t\t\t\t\t<\/div>\n\t\t<\/section>\n\t\t\t\t<section class=\"elementor-section elementor-top-section elementor-element elementor-element-fa3aedc elementor-section-boxed elementor-section-height-default elementor-section-height-default\" data-id=\"fa3aedc\" data-element_type=\"section\" data-settings=\"{&quot;background_background&quot;:&quot;classic&quot;,&quot;_ha_eqh_enable&quot;:false}\">\n\t\t\t\t\t\t<div class=\"elementor-container elementor-column-gap-default\">\n\t\t\t\t\t<div class=\"elementor-column elementor-col-100 elementor-top-column elementor-element elementor-element-2fba1dc\" data-id=\"2fba1dc\" data-element_type=\"column\">\n\t\t\t<div class=\"elementor-widget-wrap elementor-element-populated\">\n\t\t\t\t\t\t\t\t<div class=\"elementor-element elementor-element-c61e962 elementor-widget elementor-widget-heading\" data-id=\"c61e962\" data-element_type=\"widget\" data-widget_type=\"heading.default\">\n\t\t\t\t<div class=\"elementor-widget-container\">\n\t\t\t<h2 class=\"elementor-heading-title elementor-size-default\">15 DE OUTUBRO<\/h2>\t\t<\/div>\n\t\t\t\t<\/div>\n\t\t\t\t<div class=\"elementor-element elementor-element-2b6af78 elementor-widget elementor-widget-spacer\" data-id=\"2b6af78\" data-element_type=\"widget\" data-widget_type=\"spacer.default\">\n\t\t\t\t<div class=\"elementor-widget-container\">\n\t\t\t\t\t<div class=\"elementor-spacer\">\n\t\t\t<div class=\"elementor-spacer-inner\"><\/div>\n\t\t<\/div>\n\t\t\t\t<\/div>\n\t\t\t\t<\/div>\n\t\t\t\t<div class=\"elementor-element elementor-element-6526891 elementor-widget elementor-widget-heading\" data-id=\"6526891\" data-element_type=\"widget\" data-widget_type=\"heading.default\">\n\t\t\t\t<div class=\"elementor-widget-container\">\n\t\t\t<h2 class=\"elementor-heading-title elementor-size-default\">09.00 | Rece\u00e7\u00e3o e acredita\u00e7\u00e3o<\/h2>\t\t<\/div>\n\t\t\t\t<\/div>\n\t\t\t\t<div class=\"elementor-element elementor-element-010cb49 elementor-widget elementor-widget-spacer\" data-id=\"010cb49\" data-element_type=\"widget\" data-widget_type=\"spacer.default\">\n\t\t\t\t<div class=\"elementor-widget-container\">\n\t\t\t\t\t<div class=\"elementor-spacer\">\n\t\t\t<div class=\"elementor-spacer-inner\"><\/div>\n\t\t<\/div>\n\t\t\t\t<\/div>\n\t\t\t\t<\/div>\n\t\t\t\t<section class=\"elementor-section elementor-inner-section elementor-element elementor-element-17760ce elementor-section-boxed elementor-section-height-default elementor-section-height-default\" data-id=\"17760ce\" data-element_type=\"section\" data-settings=\"{&quot;_ha_eqh_enable&quot;:false}\">\n\t\t\t\t\t\t<div class=\"elementor-container elementor-column-gap-default\">\n\t\t\t\t\t<div class=\"elementor-column elementor-col-50 elementor-inner-column elementor-element elementor-element-4b72ccb\" data-id=\"4b72ccb\" data-element_type=\"column\">\n\t\t\t<div class=\"elementor-widget-wrap elementor-element-populated\">\n\t\t\t\t\t\t\t\t<div class=\"elementor-element elementor-element-7273585 elementor-widget elementor-widget-heading\" data-id=\"7273585\" data-element_type=\"widget\" data-widget_type=\"heading.default\">\n\t\t\t\t<div class=\"elementor-widget-container\">\n\t\t\t<h2 class=\"elementor-heading-title elementor-size-default\">Centro Cultural <\/h2>\t\t<\/div>\n\t\t\t\t<\/div>\n\t\t\t\t<div class=\"elementor-element elementor-element-2053743 elementor-widget elementor-widget-heading\" data-id=\"2053743\" data-element_type=\"widget\" data-widget_type=\"heading.default\">\n\t\t\t\t<div class=\"elementor-widget-container\">\n\t\t\t<h2 class=\"elementor-heading-title elementor-size-default\">09.30 - 10.45 | Sess\u00e3o A4<\/h2>\t\t<\/div>\n\t\t\t\t<\/div>\n\t\t\t\t<div class=\"elementor-element elementor-element-b038041 elementor-widget elementor-widget-text-editor\" data-id=\"b038041\" data-element_type=\"widget\" data-widget_type=\"text-editor.default\">\n\t\t\t\t<div class=\"elementor-widget-container\">\n\t\t\t\t\t\t\t<p><b><i>Comunica\u00e7\u00f5es orais livres &#8211; Treino Desportivo<\/i><\/b><\/p><p><em><strong>A rela\u00e7\u00e3o da Frequ\u00eancia Card\u00edaca com a escala subjetiva de esfor\u00e7o nas tarefas de 10x100m nado crol nos nadadores masters<\/strong><\/em><\/p><p>Autores: Miguel Santos, Rafael Oliveira, Jo\u00e3o Paulo Brito<\/p><p><em><strong>Rela\u00e7\u00e3o entre o coeficiente de arrasto passivo e ativo na t\u00e9cnica de crol<\/strong><\/em><\/p><p>Autores: Tatiana Sampaio, Jo\u00e3o P Oliveira, Daniel A Marinho, Tiago M Barbosa, Jorge E Morais<\/p><p><em><strong>Compara\u00e7\u00e3o das caracter\u00edsticas esp\u00e1cio-temporais entre duas variantes da a\u00e7\u00e3o subaqu\u00e1tica na t\u00e9cnica de bru\u00e7os<\/strong><\/em><\/p><p>Autores: Francisco A. Ferreira, Catarina C. Santos, Susana Soares, Ricardo J. Fernandes, Jo\u00e3o Paulo Vilas-Boas, M\u00e1rio J. Costa<\/p><p><em><strong>Compara\u00e7\u00e3o da velocidade intraciclica de nado obtida por unidade inercial e por veloc\u00edmetro<\/strong><\/em><\/p><p>Autores: Leandro Vieira, Susana Soares, M\u00e1rio J. Costa, Ricardo J. Fernandes; Francisco A. Ferreira; M\u00e1rcio Goethel, Jo\u00e3o Paulo Vilas-Boas<\/p>\t\t\t\t\t\t<\/div>\n\t\t\t\t<\/div>\n\t\t\t\t<div class=\"elementor-element elementor-element-ccf978a elementor-widget elementor-widget-button\" data-id=\"ccf978a\" data-element_type=\"widget\" data-widget_type=\"button.default\">\n\t\t\t\t<div class=\"elementor-widget-container\">\n\t\t\t\t\t<div class=\"elementor-button-wrapper\">\n\t\t\t<a href=\"https:\/\/www.golfinho.eu\/inicio\" class=\"elementor-button-link elementor-button elementor-size-sm elementor-animation-push\" role=\"button\">\n\t\t\t\t\t\t<span class=\"elementor-button-content-wrapper\">\n\t\t\t\t\t\t<span class=\"elementor-button-icon elementor-align-icon-left\">\n\t\t\t\t<i aria-hidden=\"true\" class=\"fas fa-handshake\"><\/i>\t\t\t<\/span>\n\t\t\t\t\t\t<span class=\"elementor-button-text\">Sess\u00e3o com o apoio institucional da Golfinho Sports<\/span>\n\t\t<\/span>\n\t\t\t\t\t<\/a>\n\t\t<\/div>\n\t\t\t\t<\/div>\n\t\t\t\t<\/div>\n\t\t\t\t\t<\/div>\n\t\t<\/div>\n\t\t\t\t<div class=\"elementor-column elementor-col-50 elementor-inner-column elementor-element elementor-element-604da81\" data-id=\"604da81\" data-element_type=\"column\">\n\t\t\t<div class=\"elementor-widget-wrap elementor-element-populated\">\n\t\t\t\t\t\t\t\t<div class=\"elementor-element elementor-element-965d277 elementor-widget elementor-widget-heading\" data-id=\"965d277\" data-element_type=\"widget\" data-widget_type=\"heading.default\">\n\t\t\t\t<div class=\"elementor-widget-container\">\n\t\t\t<h2 class=\"elementor-heading-title elementor-size-default\">Antigos Pa\u00e7os do Concelho<\/h2>\t\t<\/div>\n\t\t\t\t<\/div>\n\t\t\t\t<div class=\"elementor-element elementor-element-3f22339 elementor-widget elementor-widget-heading\" data-id=\"3f22339\" data-element_type=\"widget\" data-widget_type=\"heading.default\">\n\t\t\t\t<div class=\"elementor-widget-container\">\n\t\t\t<h2 class=\"elementor-heading-title elementor-size-default\">09h30-10h45 | Confer\u00eancias paralelas<\/h2>\t\t<\/div>\n\t\t\t\t<\/div>\n\t\t\t\t<div class=\"elementor-element elementor-element-204e311 elementor-widget elementor-widget-text-editor\" data-id=\"204e311\" data-element_type=\"widget\" data-widget_type=\"text-editor.default\">\n\t\t\t\t<div class=\"elementor-widget-container\">\n\t\t\t\t\t\t\t<p><strong>A Nata\u00e7\u00e3o para todos<\/strong><\/p><p>Introdu\u00e7\u00e3o: M\u00e1rio Espada<\/p><p>Confer\u00eancia 1: <em><strong>A crian\u00e7a com Transtorno do Espectro do Autismo (TEA) e a aprendizagem da nata\u00e7\u00e3o<\/strong><\/em><\/p><p>Oradora: T\u00e2nia Mira\u00a0<\/p><p>Confer\u00eancia 2: <em><strong>Forma\u00e7\u00e3o postural para os professores de nata\u00e7\u00e3o<\/strong><\/em><\/p><p>Orador: Fr\u00e9d\u00e9ric Lefevre<\/p>\t\t\t\t\t\t<\/div>\n\t\t\t\t<\/div>\n\t\t\t\t<div class=\"elementor-element elementor-element-0c8a768 elementor-widget elementor-widget-button\" data-id=\"0c8a768\" data-element_type=\"widget\" data-widget_type=\"button.default\">\n\t\t\t\t<div class=\"elementor-widget-container\">\n\t\t\t\t\t<div class=\"elementor-button-wrapper\">\n\t\t\t<a href=\"https:\/\/paralimpicos.pt\/\" class=\"elementor-button-link elementor-button elementor-size-sm elementor-animation-push\" role=\"button\">\n\t\t\t\t\t\t<span class=\"elementor-button-content-wrapper\">\n\t\t\t\t\t\t<span class=\"elementor-button-icon elementor-align-icon-left\">\n\t\t\t\t<i aria-hidden=\"true\" class=\"fas fa-handshake\"><\/i>\t\t\t<\/span>\n\t\t\t\t\t\t<span class=\"elementor-button-text\">Sess\u00e3o com o apoio institucional do Comit\u00e9 Paral\u00edmpico de Portugal<\/span>\n\t\t<\/span>\n\t\t\t\t\t<\/a>\n\t\t<\/div>\n\t\t\t\t<\/div>\n\t\t\t\t<\/div>\n\t\t\t\t\t<\/div>\n\t\t<\/div>\n\t\t\t\t\t\t\t<\/div>\n\t\t<\/section>\n\t\t\t\t<section class=\"elementor-section elementor-inner-section elementor-element elementor-element-c2297e5 elementor-section-boxed elementor-section-height-default elementor-section-height-default\" data-id=\"c2297e5\" data-element_type=\"section\" data-settings=\"{&quot;_ha_eqh_enable&quot;:false}\">\n\t\t\t\t\t\t<div class=\"elementor-container elementor-column-gap-default\">\n\t\t\t\t\t<div class=\"elementor-column elementor-col-50 elementor-inner-column elementor-element elementor-element-1f36482\" data-id=\"1f36482\" data-element_type=\"column\">\n\t\t\t<div class=\"elementor-widget-wrap elementor-element-populated\">\n\t\t\t\t\t\t\t\t<div class=\"elementor-element elementor-element-f318b65 elementor-widget elementor-widget-heading\" data-id=\"f318b65\" data-element_type=\"widget\" data-widget_type=\"heading.default\">\n\t\t\t\t<div class=\"elementor-widget-container\">\n\t\t\t<h2 class=\"elementor-heading-title elementor-size-default\">Centro Cultural <\/h2>\t\t<\/div>\n\t\t\t\t<\/div>\n\t\t\t\t<div class=\"elementor-element elementor-element-8523ead elementor-widget elementor-widget-heading\" data-id=\"8523ead\" data-element_type=\"widget\" data-widget_type=\"heading.default\">\n\t\t\t\t<div class=\"elementor-widget-container\">\n\t\t\t<h2 class=\"elementor-heading-title elementor-size-default\">10.45 - 11.45 | Evento<\/h2>\t\t<\/div>\n\t\t\t\t<\/div>\n\t\t\t\t<div class=\"elementor-element elementor-element-4e74fa7 elementor-widget elementor-widget-text-editor\" data-id=\"4e74fa7\" data-element_type=\"widget\" data-widget_type=\"text-editor.default\">\n\t\t\t\t<div class=\"elementor-widget-container\">\n\t\t\t\t\t\t\t<p><em><strong>Treinar para competir, treinar para ganhar<\/strong><\/em><\/p><p>Modera\u00e7\u00e3o: M\u00e1rio Costa<\/p><p>Confer\u00eancia 1: <em><strong>Um projeto nacional para a melhoria dos fundamentos t\u00e9cnicos de jovens nadadores<\/strong><\/em><\/p><p>Orador: Santiago Veiga (ex-RFEN)<\/p><p>Confer\u00eancia 2: <em><strong>Nos bastidores das avalia\u00e7\u00f5es: A trajet\u00f3ria longitudinal de jovens nadadores competitivos.<\/strong><\/em><\/p><p>Oradora: Catarina Santos<\/p>\t\t\t\t\t\t<\/div>\n\t\t\t\t<\/div>\n\t\t\t\t<div class=\"elementor-element elementor-element-111a93b elementor-widget elementor-widget-button\" data-id=\"111a93b\" data-element_type=\"widget\" data-widget_type=\"button.default\">\n\t\t\t\t<div class=\"elementor-widget-container\">\n\t\t\t\t\t<div class=\"elementor-button-wrapper\">\n\t\t\t<a href=\"http:\/\/www.aetn.es\/\" class=\"elementor-button-link elementor-button elementor-size-sm elementor-animation-push\" role=\"button\">\n\t\t\t\t\t\t<span class=\"elementor-button-content-wrapper\">\n\t\t\t\t\t\t<span class=\"elementor-button-icon elementor-align-icon-left\">\n\t\t\t\t<i aria-hidden=\"true\" class=\"fas fa-handshake\"><\/i>\t\t\t<\/span>\n\t\t\t\t\t\t<span class=\"elementor-button-text\">Sess\u00e3o com o apoio institucional da AETN<\/span>\n\t\t<\/span>\n\t\t\t\t\t<\/a>\n\t\t<\/div>\n\t\t\t\t<\/div>\n\t\t\t\t<\/div>\n\t\t\t\t\t<\/div>\n\t\t<\/div>\n\t\t\t\t<div class=\"elementor-column elementor-col-50 elementor-inner-column elementor-element elementor-element-059e32b\" data-id=\"059e32b\" data-element_type=\"column\">\n\t\t\t<div class=\"elementor-widget-wrap elementor-element-populated\">\n\t\t\t\t\t\t\t\t<div class=\"elementor-element elementor-element-e1832fe elementor-widget elementor-widget-heading\" data-id=\"e1832fe\" data-element_type=\"widget\" data-widget_type=\"heading.default\">\n\t\t\t\t<div class=\"elementor-widget-container\">\n\t\t\t<h2 class=\"elementor-heading-title elementor-size-default\">Antigos Pa\u00e7os do Concelho<\/h2>\t\t<\/div>\n\t\t\t\t<\/div>\n\t\t\t\t<div class=\"elementor-element elementor-element-bc51e0b elementor-widget elementor-widget-heading\" data-id=\"bc51e0b\" data-element_type=\"widget\" data-widget_type=\"heading.default\">\n\t\t\t\t<div class=\"elementor-widget-container\">\n\t\t\t<h2 class=\"elementor-heading-title elementor-size-default\">10h45-11h45 | Mesa redonda<\/h2>\t\t<\/div>\n\t\t\t\t<\/div>\n\t\t\t\t<div class=\"elementor-element elementor-element-be05f1c elementor-widget elementor-widget-text-editor\" data-id=\"be05f1c\" data-element_type=\"widget\" data-widget_type=\"text-editor.default\">\n\t\t\t\t<div class=\"elementor-widget-container\">\n\t\t\t\t\t\t\t<p><em><strong>Piscina que vai \u00e0 frente alumia duas vezes<\/strong><\/em><\/p><p>Introdu\u00e7\u00e3o: Carlos Cust\u00f3dio e Rui Santos<\/p><p>Oradores: Miguel Pacheco e Ricardo Batista\u00a0<\/p>\t\t\t\t\t\t<\/div>\n\t\t\t\t<\/div>\n\t\t\t\t\t<\/div>\n\t\t<\/div>\n\t\t\t\t\t\t\t<\/div>\n\t\t<\/section>\n\t\t\t\t<div class=\"elementor-element elementor-element-c0a426e elementor-widget elementor-widget-spacer\" data-id=\"c0a426e\" data-element_type=\"widget\" data-widget_type=\"spacer.default\">\n\t\t\t\t<div class=\"elementor-widget-container\">\n\t\t\t\t\t<div class=\"elementor-spacer\">\n\t\t\t<div class=\"elementor-spacer-inner\"><\/div>\n\t\t<\/div>\n\t\t\t\t<\/div>\n\t\t\t\t<\/div>\n\t\t\t\t<div class=\"elementor-element elementor-element-192cb20 elementor-widget elementor-widget-spacer\" data-id=\"192cb20\" data-element_type=\"widget\" data-widget_type=\"spacer.default\">\n\t\t\t\t<div class=\"elementor-widget-container\">\n\t\t\t\t\t<div class=\"elementor-spacer\">\n\t\t\t<div class=\"elementor-spacer-inner\"><\/div>\n\t\t<\/div>\n\t\t\t\t<\/div>\n\t\t\t\t<\/div>\n\t\t\t\t<div class=\"elementor-element elementor-element-cb166de elementor-widget elementor-widget-heading\" data-id=\"cb166de\" data-element_type=\"widget\" data-widget_type=\"heading.default\">\n\t\t\t\t<div class=\"elementor-widget-container\">\n\t\t\t<h2 class=\"elementor-heading-title elementor-size-default\">11h45-12h00 | Pausa<\/h2>\t\t<\/div>\n\t\t\t\t<\/div>\n\t\t\t\t<div class=\"elementor-element elementor-element-2e8d87f elementor-widget elementor-widget-spacer\" data-id=\"2e8d87f\" data-element_type=\"widget\" data-widget_type=\"spacer.default\">\n\t\t\t\t<div class=\"elementor-widget-container\">\n\t\t\t\t\t<div class=\"elementor-spacer\">\n\t\t\t<div class=\"elementor-spacer-inner\"><\/div>\n\t\t<\/div>\n\t\t\t\t<\/div>\n\t\t\t\t<\/div>\n\t\t\t\t<section class=\"elementor-section elementor-inner-section elementor-element elementor-element-33231da elementor-section-boxed elementor-section-height-default elementor-section-height-default\" data-id=\"33231da\" data-element_type=\"section\" data-settings=\"{&quot;_ha_eqh_enable&quot;:false}\">\n\t\t\t\t\t\t<div class=\"elementor-container elementor-column-gap-default\">\n\t\t\t\t\t<div class=\"elementor-column elementor-col-100 elementor-inner-column elementor-element elementor-element-570aa09\" data-id=\"570aa09\" data-element_type=\"column\">\n\t\t\t<div class=\"elementor-widget-wrap elementor-element-populated\">\n\t\t\t\t\t\t\t\t<div class=\"elementor-element elementor-element-604fe40 elementor-widget elementor-widget-heading\" data-id=\"604fe40\" data-element_type=\"widget\" data-widget_type=\"heading.default\">\n\t\t\t\t<div class=\"elementor-widget-container\">\n\t\t\t<h2 class=\"elementor-heading-title elementor-size-default\">Centro Cultural<\/h2>\t\t<\/div>\n\t\t\t\t<\/div>\n\t\t\t\t<div class=\"elementor-element elementor-element-96ddf54 elementor-widget elementor-widget-heading\" data-id=\"96ddf54\" data-element_type=\"widget\" data-widget_type=\"heading.default\">\n\t\t\t\t<div class=\"elementor-widget-container\">\n\t\t\t<h2 class=\"elementor-heading-title elementor-size-default\">12h00-12h45 | Confer\u00eancia plen\u00e1ria<\/h2>\t\t<\/div>\n\t\t\t\t<\/div>\n\t\t\t\t<div class=\"elementor-element elementor-element-f41f9c0 elementor-widget elementor-widget-text-editor\" data-id=\"f41f9c0\" data-element_type=\"widget\" data-widget_type=\"text-editor.default\">\n\t\t\t\t<div class=\"elementor-widget-container\">\n\t\t\t\t\t\t\t<p><em><strong>O papel do Fisioterapeuta numa Equipa Multidisciplinar: da Avalia\u00e7\u00e3o \u00e1 Interven\u00e7\u00e3o<\/strong><\/em><\/p><p>Introdu\u00e7\u00e3o: Tiago Barbosa<\/p><p>Orador: Daniel Moedas<\/p>\t\t\t\t\t\t<\/div>\n\t\t\t\t<\/div>\n\t\t\t\t<div class=\"elementor-element elementor-element-264224b elementor-widget elementor-widget-button\" data-id=\"264224b\" data-element_type=\"widget\" data-widget_type=\"button.default\">\n\t\t\t\t<div class=\"elementor-widget-container\">\n\t\t\t\t\t<div class=\"elementor-button-wrapper\">\n\t\t\t<a href=\"https:\/\/fpnatacao.pt\/\" class=\"elementor-button-link elementor-button elementor-size-sm elementor-animation-push\" role=\"button\">\n\t\t\t\t\t\t<span class=\"elementor-button-content-wrapper\">\n\t\t\t\t\t\t<span class=\"elementor-button-icon elementor-align-icon-left\">\n\t\t\t\t<i aria-hidden=\"true\" class=\"fas fa-handshake\"><\/i>\t\t\t<\/span>\n\t\t\t\t\t\t<span class=\"elementor-button-text\">Sess\u00e3o com o apoio institucional da FPN<\/span>\n\t\t<\/span>\n\t\t\t\t\t<\/a>\n\t\t<\/div>\n\t\t\t\t<\/div>\n\t\t\t\t<\/div>\n\t\t\t\t\t<\/div>\n\t\t<\/div>\n\t\t\t\t\t\t\t<\/div>\n\t\t<\/section>\n\t\t\t\t<div class=\"elementor-element elementor-element-8e9c433 elementor-widget elementor-widget-spacer\" data-id=\"8e9c433\" data-element_type=\"widget\" data-widget_type=\"spacer.default\">\n\t\t\t\t<div class=\"elementor-widget-container\">\n\t\t\t\t\t<div class=\"elementor-spacer\">\n\t\t\t<div class=\"elementor-spacer-inner\"><\/div>\n\t\t<\/div>\n\t\t\t\t<\/div>\n\t\t\t\t<\/div>\n\t\t\t\t<div class=\"elementor-element elementor-element-7108b36 elementor-widget elementor-widget-heading\" data-id=\"7108b36\" data-element_type=\"widget\" data-widget_type=\"heading.default\">\n\t\t\t\t<div class=\"elementor-widget-container\">\n\t\t\t<h2 class=\"elementor-heading-title elementor-size-default\">12h45 | Conclus\u00f5es<\/h2>\t\t<\/div>\n\t\t\t\t<\/div>\n\t\t\t\t<div class=\"elementor-element elementor-element-27e3940 elementor-widget elementor-widget-heading\" data-id=\"27e3940\" data-element_type=\"widget\" data-widget_type=\"heading.default\">\n\t\t\t\t<div class=\"elementor-widget-container\">\n\t\t\t<h2 class=\"elementor-heading-title elementor-size-default\">Tarde | Assembleia Geral da APTN<\/h2>\t\t<\/div>\n\t\t\t\t<\/div>\n\t\t\t\t\t<\/div>\n\t\t<\/div>\n\t\t\t\t\t\t\t<\/div>\n\t\t<\/section>\n\t\t\t\t<section class=\"elementor-section elementor-top-section elementor-element elementor-element-5939c5e elementor-section-boxed elementor-section-height-default elementor-section-height-default\" data-id=\"5939c5e\" data-element_type=\"section\" data-settings=\"{&quot;_ha_eqh_enable&quot;:false}\">\n\t\t\t\t\t\t<div class=\"elementor-container elementor-column-gap-default\">\n\t\t\t\t\t<div class=\"elementor-column elementor-col-33 elementor-top-column elementor-element elementor-element-af54bcf\" data-id=\"af54bcf\" data-element_type=\"column\">\n\t\t\t<div class=\"elementor-widget-wrap\">\n\t\t\t\t\t\t\t\t\t<\/div>\n\t\t<\/div>\n\t\t\t\t<div class=\"elementor-column elementor-col-33 elementor-top-column elementor-element elementor-element-f0f20e0\" data-id=\"f0f20e0\" data-element_type=\"column\">\n\t\t\t<div class=\"elementor-widget-wrap elementor-element-populated\">\n\t\t\t\t\t\t\t\t<div class=\"elementor-element elementor-element-9e84df6 elementor-align-center elementor-widget elementor-widget-button\" data-id=\"9e84df6\" data-element_type=\"widget\" data-widget_type=\"button.default\">\n\t\t\t\t<div class=\"elementor-widget-container\">\n\t\t\t\t\t<div class=\"elementor-button-wrapper\">\n\t\t\t<a href=\"https:\/\/aptn.pt\/46congresso\/pt\/ingressos\/\" class=\"elementor-button-link elementor-button elementor-size-sm elementor-animation-grow\" role=\"button\">\n\t\t\t\t\t\t<span class=\"elementor-button-content-wrapper\">\n\t\t\t\t\t\t<span class=\"elementor-button-text\">COMPRAR INGRESSO<\/span>\n\t\t<\/span>\n\t\t\t\t\t<\/a>\n\t\t<\/div>\n\t\t\t\t<\/div>\n\t\t\t\t<\/div>\n\t\t\t\t\t<\/div>\n\t\t<\/div>\n\t\t\t\t<div class=\"elementor-column elementor-col-33 elementor-top-column elementor-element elementor-element-dc3e070\" data-id=\"dc3e070\" data-element_type=\"column\">\n\t\t\t<div class=\"elementor-widget-wrap\">\n\t\t\t\t\t\t\t\t\t<\/div>\n\t\t<\/div>\n\t\t\t\t\t\t\t<\/div>\n\t\t<\/section>\n\t\t\t\t\t\t<\/div>\n\t\t\t\t\t<\/div>\n\t\t","protected":false},"excerpt":{"rendered":"<p>46\u00ba Congresso APTN &#038; 16\u00ba Congresso Ib\u00e9rico de Nata\u00e7\u00e3o Centro Cultural &#038; Antigos Pa\u00e7os do Concelho | Viana do Castelo 14 E 15 DE OUTUBRO DE 2023 PROGRAMA 15 DE OUTUBRO 09.00 | Rece\u00e7\u00e3o e acredita\u00e7\u00e3o 10.00 | Mensagem de Boas Vindas e Abertura | Audit\u00f3rio A AUDIT\u00d3RIO A 10.15 &#8211; 11.30 | Sess\u00e3o A1 [&hellip;]<\/p>\n","protected":false},"author":1,"featured_media":0,"parent":0,"menu_order":5,"comment_status":"closed","ping_status":"closed","template":"elementor_canvas","meta":[],"_links":{"self":[{"href":"https:\/\/aptn.pt\/46congresso\/wp-json\/wp\/v2\/pages\/225"}],"collection":[{"href":"https:\/\/aptn.pt\/46congresso\/wp-json\/wp\/v2\/pages"}],"about":[{"href":"https:\/\/aptn.pt\/46congresso\/wp-json\/wp\/v2\/types\/page"}],"author":[{"embeddable":true,"href":"https:\/\/aptn.pt\/46congresso\/wp-json\/wp\/v2\/users\/1"}],"replies":[{"embeddable":true,"href":"https:\/\/aptn.pt\/46congresso\/wp-json\/wp\/v2\/comments?post=225"}],"version-history":[{"count":698,"href":"https:\/\/aptn.pt\/46congresso\/wp-json\/wp\/v2\/pages\/225\/revisions"}],"predecessor-version":[{"id":4824,"href":"https:\/\/aptn.pt\/46congresso\/wp-json\/wp\/v2\/pages\/225\/revisions\/4824"}],"wp:attachment":[{"href":"https:\/\/aptn.pt\/46congresso\/wp-json\/wp\/v2\/media?parent=225"}],"curies":[{"name":"wp","href":"https:\/\/api.w.org\/{rel}","templated":true}]}}