{"id":5747,"date":"2025-05-09T15:00:23","date_gmt":"2025-05-09T15:00:23","guid":{"rendered":"https:\/\/aptn.pt\/2convencaogestao\/?page_id=5747"},"modified":"2025-06-11T18:44:35","modified_gmt":"2025-06-11T18:44:35","slug":"feira-aptn-2025","status":"publish","type":"page","link":"https:\/\/aptn.pt\/2convencaogestao\/pt\/feira-aptn-2025\/","title":{"rendered":"Feira APTN 2025"},"content":{"rendered":"\t\t<div data-elementor-type=\"wp-page\" data-elementor-id=\"5747\" class=\"elementor elementor-5747\" data-elementor-settings=\"[]\">\n\t\t\t\t\t\t\t<div class=\"elementor-section-wrap\">\n\t\t\t\t\t\t\t<section class=\"elementor-section elementor-top-section elementor-element elementor-element-c9ba51c elementor-section-boxed elementor-section-height-default elementor-section-height-default\" data-id=\"c9ba51c\" data-element_type=\"section\" data-settings=\"{&quot;_ha_eqh_enable&quot;:false}\">\n\t\t\t\t\t\t<div class=\"elementor-container elementor-column-gap-default\">\n\t\t\t\t\t<div class=\"elementor-column elementor-col-100 elementor-top-column elementor-element elementor-element-dbb0707\" data-id=\"dbb0707\" data-element_type=\"column\">\n\t\t\t<div class=\"elementor-widget-wrap elementor-element-populated\">\n\t\t\t\t\t\t\t\t<div class=\"elementor-element elementor-element-4361612 elementor-widget elementor-widget-image\" data-id=\"4361612\" data-element_type=\"widget\" data-widget_type=\"image.default\">\n\t\t\t\t<div class=\"elementor-widget-container\">\n\t\t\t\t\t\t\t\t\t\t\t\t\t\t\t<img width=\"1024\" height=\"683\" src=\"https:\/\/aptn.pt\/2convencaogestao\/wp-content\/uploads\/2025\/05\/IMG_2332-1024x683.jpg\" class=\"attachment-large size-large\" alt=\"\" loading=\"lazy\" srcset=\"https:\/\/aptn.pt\/2convencaogestao\/wp-content\/uploads\/2025\/05\/IMG_2332-1024x683.jpg 1024w, https:\/\/aptn.pt\/2convencaogestao\/wp-content\/uploads\/2025\/05\/IMG_2332-300x200.jpg 300w, https:\/\/aptn.pt\/2convencaogestao\/wp-content\/uploads\/2025\/05\/IMG_2332-768x512.jpg 768w, https:\/\/aptn.pt\/2convencaogestao\/wp-content\/uploads\/2025\/05\/IMG_2332-1536x1024.jpg 1536w, https:\/\/aptn.pt\/2convencaogestao\/wp-content\/uploads\/2025\/05\/IMG_2332-2048x1365.jpg 2048w\" sizes=\"(max-width: 1024px) 100vw, 1024px\" \/>\t\t\t\t\t\t\t\t\t\t\t\t\t\t\t<\/div>\n\t\t\t\t<\/div>\n\t\t\t\t\t<\/div>\n\t\t<\/div>\n\t\t\t\t\t\t\t<\/div>\n\t\t<\/section>\n\t\t\t\t<section class=\"elementor-section elementor-top-section elementor-element elementor-element-0c1921b elementor-section-boxed elementor-section-height-default elementor-section-height-default\" data-id=\"0c1921b\" data-element_type=\"section\" data-settings=\"{&quot;_ha_eqh_enable&quot;:false}\">\n\t\t\t\t\t\t<div class=\"elementor-container elementor-column-gap-default\">\n\t\t\t\t\t<div class=\"elementor-column elementor-col-100 elementor-top-column elementor-element elementor-element-4053290\" data-id=\"4053290\" data-element_type=\"column\">\n\t\t\t<div class=\"elementor-widget-wrap elementor-element-populated\">\n\t\t\t\t\t\t\t\t<div class=\"elementor-element elementor-element-4c0fbd9 elementor-widget elementor-widget-heading\" data-id=\"4c0fbd9\" data-element_type=\"widget\" data-widget_type=\"heading.default\">\n\t\t\t\t<div class=\"elementor-widget-container\">\n\t\t\t<h2 class=\"elementor-heading-title elementor-size-large\">FEIRA APTN 2025<\/h2>\t\t<\/div>\n\t\t\t\t<\/div>\n\t\t\t\t\t<\/div>\n\t\t<\/div>\n\t\t\t\t\t\t\t<\/div>\n\t\t<\/section>\n\t\t\t\t<section class=\"elementor-section elementor-top-section elementor-element elementor-element-c0325d6 elementor-section-boxed elementor-section-height-default elementor-section-height-default\" data-id=\"c0325d6\" data-element_type=\"section\" data-settings=\"{&quot;_ha_eqh_enable&quot;:false}\">\n\t\t\t\t\t\t<div class=\"elementor-container elementor-column-gap-default\">\n\t\t\t\t\t<div class=\"elementor-column elementor-col-33 elementor-top-column elementor-element elementor-element-f3ecfa4\" data-id=\"f3ecfa4\" data-element_type=\"column\">\n\t\t\t<div class=\"elementor-widget-wrap elementor-element-populated\">\n\t\t\t\t\t\t\t\t<div class=\"elementor-element elementor-element-260bba2 elementor-widget elementor-widget-image\" data-id=\"260bba2\" data-element_type=\"widget\" data-widget_type=\"image.default\">\n\t\t\t\t<div class=\"elementor-widget-container\">\n\t\t\t\t\t\t\t\t\t\t\t\t\t\t\t<img width=\"1024\" height=\"1024\" src=\"https:\/\/aptn.pt\/2convencaogestao\/wp-content\/uploads\/2025\/05\/FLOTY-01-1024x1024.jpg\" class=\"attachment-large size-large\" alt=\"\" loading=\"lazy\" srcset=\"https:\/\/aptn.pt\/2convencaogestao\/wp-content\/uploads\/2025\/05\/FLOTY-01-1024x1024.jpg 1024w, https:\/\/aptn.pt\/2convencaogestao\/wp-content\/uploads\/2025\/05\/FLOTY-01-300x300.jpg 300w, https:\/\/aptn.pt\/2convencaogestao\/wp-content\/uploads\/2025\/05\/FLOTY-01-150x150.jpg 150w, https:\/\/aptn.pt\/2convencaogestao\/wp-content\/uploads\/2025\/05\/FLOTY-01-768x768.jpg 768w, https:\/\/aptn.pt\/2convencaogestao\/wp-content\/uploads\/2025\/05\/FLOTY-01.jpg 1077w\" sizes=\"(max-width: 1024px) 100vw, 1024px\" \/>\t\t\t\t\t\t\t\t\t\t\t\t\t\t\t<\/div>\n\t\t\t\t<\/div>\n\t\t\t\t\t<\/div>\n\t\t<\/div>\n\t\t\t\t<div class=\"elementor-column elementor-col-66 elementor-top-column elementor-element elementor-element-490af73\" data-id=\"490af73\" data-element_type=\"column\">\n\t\t\t<div class=\"elementor-widget-wrap elementor-element-populated\">\n\t\t\t\t\t\t\t\t<div class=\"elementor-element elementor-element-f139dd3 elementor-widget elementor-widget-heading\" data-id=\"f139dd3\" data-element_type=\"widget\" data-widget_type=\"heading.default\">\n\t\t\t\t<div class=\"elementor-widget-container\">\n\t\t\t<h2 class=\"elementor-heading-title elementor-size-default\"><a href=\"https:\/\/www.floty.com\/default.asp\">FLOTY _ Aquafitness & Health<\/a><\/h2>\t\t<\/div>\n\t\t\t\t<\/div>\n\t\t\t\t<div class=\"elementor-element elementor-element-7f9aff8 elementor-widget elementor-widget-text-editor\" data-id=\"7f9aff8\" data-element_type=\"widget\" data-widget_type=\"text-editor.default\">\n\t\t\t\t<div class=\"elementor-widget-container\">\n\t\t\t\t\t\t\t<div>Com origem em Barcelona, na Espanha, a Floty Aquafitness &amp; Health, foi fundada em 1992. Desde ent\u00e3o, ao longo destes anos, a Floty construiu um hist\u00f3rico pautado pela inova\u00e7\u00e3o e pela qualidade.<\/div><div>\u00a0<\/div><div>Sua expertise e paix\u00e3o por desportos aqu\u00e1ticos,\u00a0 posicionaram-na sempre \u00e0 frente, lan\u00e7ando tend\u00eancias.<\/div><div>Dedica\u00e7\u00e3o e experi\u00eancia resultaram numa completa linha, que constantemente \u00e9 atualizada, e que conta com cerca de 450 produtos, para todas as idades, essencialmente nas modalidades da nata\u00e7\u00e3o, hidrogin\u00e1stica, hidroterapia, jogos aqu\u00e1ticos, fitness, assim como equipamentos e acess\u00f3rios para as piscinas e vesti\u00e1rios.<\/div>\t\t\t\t\t\t<\/div>\n\t\t\t\t<\/div>\n\t\t\t\t\t<\/div>\n\t\t<\/div>\n\t\t\t\t\t\t\t<\/div>\n\t\t<\/section>\n\t\t\t\t<section class=\"elementor-section elementor-top-section elementor-element elementor-element-0a74e6b elementor-section-boxed elementor-section-height-default elementor-section-height-default\" data-id=\"0a74e6b\" data-element_type=\"section\" data-settings=\"{&quot;_ha_eqh_enable&quot;:false}\">\n\t\t\t\t\t\t<div class=\"elementor-container elementor-column-gap-default\">\n\t\t\t\t\t<div class=\"elementor-column elementor-col-33 elementor-top-column elementor-element elementor-element-14bede6\" data-id=\"14bede6\" data-element_type=\"column\">\n\t\t\t<div class=\"elementor-widget-wrap elementor-element-populated\">\n\t\t\t\t\t\t\t\t<div class=\"elementor-element elementor-element-65d4daf elementor-widget elementor-widget-image\" data-id=\"65d4daf\" data-element_type=\"widget\" data-widget_type=\"image.default\">\n\t\t\t\t<div class=\"elementor-widget-container\">\n\t\t\t\t\t\t\t\t\t\t\t\t\t\t\t<img width=\"1024\" height=\"1024\" src=\"https:\/\/aptn.pt\/2convencaogestao\/wp-content\/uploads\/2025\/05\/sincelo-01-1024x1024.jpg\" class=\"attachment-large size-large\" alt=\"\" loading=\"lazy\" srcset=\"https:\/\/aptn.pt\/2convencaogestao\/wp-content\/uploads\/2025\/05\/sincelo-01-1024x1024.jpg 1024w, https:\/\/aptn.pt\/2convencaogestao\/wp-content\/uploads\/2025\/05\/sincelo-01-300x300.jpg 300w, https:\/\/aptn.pt\/2convencaogestao\/wp-content\/uploads\/2025\/05\/sincelo-01-150x150.jpg 150w, https:\/\/aptn.pt\/2convencaogestao\/wp-content\/uploads\/2025\/05\/sincelo-01-768x768.jpg 768w, https:\/\/aptn.pt\/2convencaogestao\/wp-content\/uploads\/2025\/05\/sincelo-01.jpg 1077w\" sizes=\"(max-width: 1024px) 100vw, 1024px\" \/>\t\t\t\t\t\t\t\t\t\t\t\t\t\t\t<\/div>\n\t\t\t\t<\/div>\n\t\t\t\t\t<\/div>\n\t\t<\/div>\n\t\t\t\t<div class=\"elementor-column elementor-col-66 elementor-top-column elementor-element elementor-element-cc68057\" data-id=\"cc68057\" data-element_type=\"column\">\n\t\t\t<div class=\"elementor-widget-wrap elementor-element-populated\">\n\t\t\t\t\t\t\t\t<div class=\"elementor-element elementor-element-6378479 elementor-widget elementor-widget-heading\" data-id=\"6378479\" data-element_type=\"widget\" data-widget_type=\"heading.default\">\n\t\t\t\t<div class=\"elementor-widget-container\">\n\t\t\t<h2 class=\"elementor-heading-title elementor-size-default\"><a href=\"https:\/\/sincelo.pt\/\">SINCELO<\/a><\/h2>\t\t<\/div>\n\t\t\t\t<\/div>\n\t\t\t\t<div class=\"elementor-element elementor-element-598f37e elementor-widget elementor-widget-text-editor\" data-id=\"598f37e\" data-element_type=\"widget\" data-widget_type=\"text-editor.default\">\n\t\t\t\t<div class=\"elementor-widget-container\">\n\t\t\t\t\t\t\t<p>a Sincelo \u00e9 especializada em consultoria e solu\u00e7\u00f5es tecnol\u00f3gicas inovadoras nas \u00e1reas do desporto e da educa\u00e7\u00e3o. Com 10 anos de experi\u00eancia, oferece solu\u00e7\u00f5es que garantem uma gest\u00e3o integrada e eficiente dos neg\u00f3cios dos seus clientes. Destaca-se pela cria\u00e7\u00e3o de produtos e solu\u00e7\u00f5es que centralizam e otimizam a gest\u00e3o de processos em diversas \u00e1reas. Oferece uma gama de val\u00eancias para garantir a implementa\u00e7\u00e3o e funcionamento eficaz das solu\u00e7\u00f5es tecnol\u00f3gicas.<\/p>\t\t\t\t\t\t<\/div>\n\t\t\t\t<\/div>\n\t\t\t\t\t<\/div>\n\t\t<\/div>\n\t\t\t\t\t\t\t<\/div>\n\t\t<\/section>\n\t\t\t\t<section class=\"elementor-section elementor-top-section elementor-element elementor-element-12b46a3 elementor-section-boxed elementor-section-height-default elementor-section-height-default\" data-id=\"12b46a3\" data-element_type=\"section\" data-settings=\"{&quot;_ha_eqh_enable&quot;:false}\">\n\t\t\t\t\t\t<div class=\"elementor-container elementor-column-gap-default\">\n\t\t\t\t\t<div class=\"elementor-column elementor-col-33 elementor-top-column elementor-element elementor-element-bd9b0df\" data-id=\"bd9b0df\" data-element_type=\"column\">\n\t\t\t<div class=\"elementor-widget-wrap elementor-element-populated\">\n\t\t\t\t\t\t\t\t<div class=\"elementor-element elementor-element-9cc3126 elementor-widget elementor-widget-image\" data-id=\"9cc3126\" data-element_type=\"widget\" data-widget_type=\"image.default\">\n\t\t\t\t<div class=\"elementor-widget-container\">\n\t\t\t\t\t\t\t\t\t\t\t\t\t\t\t<img width=\"518\" height=\"518\" src=\"https:\/\/aptn.pt\/2convencaogestao\/wp-content\/uploads\/2021\/06\/parceiro-estator-01.jpg\" class=\"attachment-large size-large\" alt=\"\" loading=\"lazy\" srcset=\"https:\/\/aptn.pt\/2convencaogestao\/wp-content\/uploads\/2021\/06\/parceiro-estator-01.jpg 518w, https:\/\/aptn.pt\/2convencaogestao\/wp-content\/uploads\/2021\/06\/parceiro-estator-01-300x300.jpg 300w, https:\/\/aptn.pt\/2convencaogestao\/wp-content\/uploads\/2021\/06\/parceiro-estator-01-150x150.jpg 150w\" sizes=\"(max-width: 518px) 100vw, 518px\" \/>\t\t\t\t\t\t\t\t\t\t\t\t\t\t\t<\/div>\n\t\t\t\t<\/div>\n\t\t\t\t\t<\/div>\n\t\t<\/div>\n\t\t\t\t<div class=\"elementor-column elementor-col-66 elementor-top-column elementor-element elementor-element-f26dada\" data-id=\"f26dada\" data-element_type=\"column\">\n\t\t\t<div class=\"elementor-widget-wrap elementor-element-populated\">\n\t\t\t\t\t\t\t\t<div class=\"elementor-element elementor-element-fc11172 elementor-widget elementor-widget-heading\" data-id=\"fc11172\" data-element_type=\"widget\" data-widget_type=\"heading.default\">\n\t\t\t\t<div class=\"elementor-widget-container\">\n\t\t\t<h2 class=\"elementor-heading-title elementor-size-default\"><a href=\"https:\/\/www.estator.pt\/\">ESTATOR Engenharia<\/a><\/h2>\t\t<\/div>\n\t\t\t\t<\/div>\n\t\t\t\t<div class=\"elementor-element elementor-element-68b5c2c elementor-widget elementor-widget-text-editor\" data-id=\"68b5c2c\" data-element_type=\"widget\" data-widget_type=\"text-editor.default\">\n\t\t\t\t<div class=\"elementor-widget-container\">\n\t\t\t\t\t\t\t<p>\u00c9 uma empresa portuguesa, com sede no Barreiro, fundada em 2018 e \u00e9 uma organiza\u00e7\u00e3o dedicada \u00e0 presta\u00e7\u00e3o de servi\u00e7os especializados nas \u00e1reas de projeto, instala\u00e7\u00e3o e manuten\u00e7\u00e3o de sistemas hidr\u00e1ulicos, el\u00e9tricos, mec\u00e2nicos, de tratamento de \u00e1guas e AVAC.<\/p><p>Com um forte compromisso com a qualidade e a excel\u00eancia, foca-se em partilhar o conhecimento com clientes e parceiros atrav\u00e9s de uma equipa altamente especializada nestas \u00e1reas.<\/p>\t\t\t\t\t\t<\/div>\n\t\t\t\t<\/div>\n\t\t\t\t\t<\/div>\n\t\t<\/div>\n\t\t\t\t\t\t\t<\/div>\n\t\t<\/section>\n\t\t\t\t<section class=\"elementor-section elementor-top-section elementor-element elementor-element-ac2efbb elementor-section-boxed elementor-section-height-default elementor-section-height-default\" data-id=\"ac2efbb\" data-element_type=\"section\" data-settings=\"{&quot;_ha_eqh_enable&quot;:false}\">\n\t\t\t\t\t\t<div class=\"elementor-container elementor-column-gap-default\">\n\t\t\t\t\t<div class=\"elementor-column elementor-col-33 elementor-top-column elementor-element elementor-element-9bb09e5\" data-id=\"9bb09e5\" data-element_type=\"column\">\n\t\t\t<div class=\"elementor-widget-wrap elementor-element-populated\">\n\t\t\t\t\t\t\t\t<div class=\"elementor-element elementor-element-561f50c elementor-widget elementor-widget-image\" data-id=\"561f50c\" data-element_type=\"widget\" data-widget_type=\"image.default\">\n\t\t\t\t<div class=\"elementor-widget-container\">\n\t\t\t\t\t\t\t\t\t\t\t\t\t\t\t<img width=\"1000\" height=\"1000\" src=\"https:\/\/aptn.pt\/2convencaogestao\/wp-content\/uploads\/2021\/06\/patrocinio-Gnosies-01.jpg\" class=\"attachment-large size-large\" alt=\"\" loading=\"lazy\" srcset=\"https:\/\/aptn.pt\/2convencaogestao\/wp-content\/uploads\/2021\/06\/patrocinio-Gnosies-01.jpg 1000w, https:\/\/aptn.pt\/2convencaogestao\/wp-content\/uploads\/2021\/06\/patrocinio-Gnosies-01-300x300.jpg 300w, https:\/\/aptn.pt\/2convencaogestao\/wp-content\/uploads\/2021\/06\/patrocinio-Gnosies-01-150x150.jpg 150w, https:\/\/aptn.pt\/2convencaogestao\/wp-content\/uploads\/2021\/06\/patrocinio-Gnosies-01-768x768.jpg 768w\" sizes=\"(max-width: 1000px) 100vw, 1000px\" \/>\t\t\t\t\t\t\t\t\t\t\t\t\t\t\t<\/div>\n\t\t\t\t<\/div>\n\t\t\t\t\t<\/div>\n\t\t<\/div>\n\t\t\t\t<div class=\"elementor-column elementor-col-66 elementor-top-column elementor-element elementor-element-24f3ebd\" data-id=\"24f3ebd\" data-element_type=\"column\">\n\t\t\t<div class=\"elementor-widget-wrap elementor-element-populated\">\n\t\t\t\t\t\t\t\t<div class=\"elementor-element elementor-element-81f0c9e elementor-widget elementor-widget-heading\" data-id=\"81f0c9e\" data-element_type=\"widget\" data-widget_type=\"heading.default\">\n\t\t\t\t<div class=\"elementor-widget-container\">\n\t\t\t<h2 class=\"elementor-heading-title elementor-size-default\"><a href=\"https:\/\/www.gnosies.pt\/\">GNOSIES<\/a><\/h2>\t\t<\/div>\n\t\t\t\t<\/div>\n\t\t\t\t<div class=\"elementor-element elementor-element-daeb04f elementor-widget elementor-widget-text-editor\" data-id=\"daeb04f\" data-element_type=\"widget\" data-widget_type=\"text-editor.default\">\n\t\t\t\t<div class=\"elementor-widget-container\">\n\t\t\t\t\t\t\t<p>Entidade formadora acreditada pela Dire\u00e7\u00e3o-Geral de Acredita\u00e7\u00e3o e Qualidade da Dire\u00e7\u00e3o-Geral do Emprego e das Rela\u00e7\u00f5es de Trabalho\u00a0(<a href=\"https:\/\/www.dgert.gov.pt\/\" target=\"_blank\" rel=\"noopener noreferrer\">DGERT<\/a>), com a\u00e7\u00f5es de forma\u00e7\u00e3o cont\u00ednuas homologadas pelo Instituto Portugu\u00eas do Desporto e Juventude, I.P.\u00a0(<a href=\"https:\/\/ipdj.gov.pt\/\" target=\"_blank\" rel=\"noopener noreferrer\">IPDJ<\/a>).<\/p><p>A GNOSIES tem a miss\u00e3o de implementar pr\u00e1ticas formativas e de suporte de excel\u00eancia a profissionais da Atividade f\u00edsica, Exerc\u00edcio F\u00edsico e Desporto, assente na mais atual e v\u00e1lida evid\u00eancia cient\u00edfica, que reforcem atividade profissional proeficiente.<\/p>\t\t\t\t\t\t<\/div>\n\t\t\t\t<\/div>\n\t\t\t\t\t<\/div>\n\t\t<\/div>\n\t\t\t\t\t\t\t<\/div>\n\t\t<\/section>\n\t\t\t\t<section class=\"elementor-section elementor-top-section elementor-element elementor-element-cae9f59 elementor-section-boxed elementor-section-height-default elementor-section-height-default\" data-id=\"cae9f59\" data-element_type=\"section\" data-settings=\"{&quot;_ha_eqh_enable&quot;:false}\">\n\t\t\t\t\t\t<div class=\"elementor-container elementor-column-gap-default\">\n\t\t\t\t\t<div class=\"elementor-column elementor-col-33 elementor-top-column elementor-element elementor-element-3c37438\" data-id=\"3c37438\" data-element_type=\"column\">\n\t\t\t<div class=\"elementor-widget-wrap elementor-element-populated\">\n\t\t\t\t\t\t\t\t<div class=\"elementor-element elementor-element-bdedf89 elementor-widget elementor-widget-image\" data-id=\"bdedf89\" data-element_type=\"widget\" data-widget_type=\"image.default\">\n\t\t\t\t<div class=\"elementor-widget-container\">\n\t\t\t\t\t\t\t\t\t\t\t\t\t\t\t<img width=\"1024\" height=\"1024\" src=\"https:\/\/aptn.pt\/2convencaogestao\/wp-content\/uploads\/2025\/06\/cimai-e-ecopool-01-1024x1024.jpg\" class=\"attachment-large size-large\" alt=\"\" loading=\"lazy\" srcset=\"https:\/\/aptn.pt\/2convencaogestao\/wp-content\/uploads\/2025\/06\/cimai-e-ecopool-01-1024x1024.jpg 1024w, https:\/\/aptn.pt\/2convencaogestao\/wp-content\/uploads\/2025\/06\/cimai-e-ecopool-01-300x300.jpg 300w, https:\/\/aptn.pt\/2convencaogestao\/wp-content\/uploads\/2025\/06\/cimai-e-ecopool-01-150x150.jpg 150w, https:\/\/aptn.pt\/2convencaogestao\/wp-content\/uploads\/2025\/06\/cimai-e-ecopool-01-768x768.jpg 768w, https:\/\/aptn.pt\/2convencaogestao\/wp-content\/uploads\/2025\/06\/cimai-e-ecopool-01-1536x1536.jpg 1536w, https:\/\/aptn.pt\/2convencaogestao\/wp-content\/uploads\/2025\/06\/cimai-e-ecopool-01-2048x2048.jpg 2048w\" sizes=\"(max-width: 1024px) 100vw, 1024px\" \/>\t\t\t\t\t\t\t\t\t\t\t\t\t\t\t<\/div>\n\t\t\t\t<\/div>\n\t\t\t\t\t<\/div>\n\t\t<\/div>\n\t\t\t\t<div class=\"elementor-column elementor-col-66 elementor-top-column elementor-element elementor-element-659ac1c\" data-id=\"659ac1c\" data-element_type=\"column\">\n\t\t\t<div class=\"elementor-widget-wrap elementor-element-populated\">\n\t\t\t\t\t\t\t\t<div class=\"elementor-element elementor-element-01db1db elementor-widget elementor-widget-heading\" data-id=\"01db1db\" data-element_type=\"widget\" data-widget_type=\"heading.default\">\n\t\t\t\t<div class=\"elementor-widget-container\">\n\t\t\t<h2 class=\"elementor-heading-title elementor-size-default\"><a href=\"https:\/\/ecopool.pt\/\">ECOPOOL + CIMAI<\/a><\/h2>\t\t<\/div>\n\t\t\t\t<\/div>\n\t\t\t\t<div class=\"elementor-element elementor-element-956029e elementor-widget elementor-widget-text-editor\" data-id=\"956029e\" data-element_type=\"widget\" data-widget_type=\"text-editor.default\">\n\t\t\t\t<div class=\"elementor-widget-container\">\n\t\t\t\t\t\t\t<p>A ECOPOOL \u00e9 uma empresa de refer\u00eancia nacional na distribui\u00e7\u00e3o de produtos especializados para piscinas. Integralmente desenvolvida em Portugal, \u00e9 uma marca reconhecida pelo seu compromisso com a qualidade, a inova\u00e7\u00e3o tecnol\u00f3gica e a sustentabilidade ambiental. Anteriormente integrada na Ecocomp\u00f3sitos, a Ecopool<br \/>tornou-se recentemente uma empresa independente, refor\u00e7ando o seu foco exclusivo na distribui\u00e7\u00e3o e no acompanhamento personalizado dos seus parceiros comerciais e integra agora a CIMAI, uma empresa portuguesa l\u00edder no desenvolvimento e fabrica\u00e7\u00e3o de produtos qu\u00edmicos. Com uma equipa de cerca de 40 profissionais, a CIMAI desenvolve e fabrica produtos qu\u00edmicos profissionais de alta performance para tratamento de \u00e1guas, manuten\u00e7\u00e3o industrial e higiene profissional. A Unidade de Engenharia da CIMAI presta servi\u00e7os de manuten\u00e7\u00e3o integrada, projeto e instala\u00e7\u00e3o de equipamentos, na \u00e1rea do tratamento de \u00e1guas.<\/p>\t\t\t\t\t\t<\/div>\n\t\t\t\t<\/div>\n\t\t\t\t\t<\/div>\n\t\t<\/div>\n\t\t\t\t\t\t\t<\/div>\n\t\t<\/section>\n\t\t\t\t\t\t<\/div>\n\t\t\t\t\t<\/div>\n\t\t","protected":false},"excerpt":{"rendered":"<p>FEIRA APTN 2025 FLOTY _ Aquafitness &#038; Health Com origem em Barcelona, na Espanha, a Floty Aquafitness &amp; Health, foi fundada em 1992. Desde ent\u00e3o, ao longo destes anos, a Floty construiu um hist\u00f3rico pautado pela inova\u00e7\u00e3o e pela qualidade.\u00a0Sua expertise e paix\u00e3o por desportos aqu\u00e1ticos,\u00a0 posicionaram-na sempre \u00e0 frente, lan\u00e7ando tend\u00eancias.Dedica\u00e7\u00e3o e experi\u00eancia resultaram [&hellip;]<\/p>\n","protected":false},"author":1,"featured_media":0,"parent":0,"menu_order":0,"comment_status":"closed","ping_status":"closed","template":"","meta":[],"_links":{"self":[{"href":"https:\/\/aptn.pt\/2convencaogestao\/wp-json\/wp\/v2\/pages\/5747"}],"collection":[{"href":"https:\/\/aptn.pt\/2convencaogestao\/wp-json\/wp\/v2\/pages"}],"about":[{"href":"https:\/\/aptn.pt\/2convencaogestao\/wp-json\/wp\/v2\/types\/page"}],"author":[{"embeddable":true,"href":"https:\/\/aptn.pt\/2convencaogestao\/wp-json\/wp\/v2\/users\/1"}],"replies":[{"embeddable":true,"href":"https:\/\/aptn.pt\/2convencaogestao\/wp-json\/wp\/v2\/comments?post=5747"}],"version-history":[{"count":20,"href":"https:\/\/aptn.pt\/2convencaogestao\/wp-json\/wp\/v2\/pages\/5747\/revisions"}],"predecessor-version":[{"id":5895,"href":"https:\/\/aptn.pt\/2convencaogestao\/wp-json\/wp\/v2\/pages\/5747\/revisions\/5895"}],"wp:attachment":[{"href":"https:\/\/aptn.pt\/2convencaogestao\/wp-json\/wp\/v2\/media?parent=5747"}],"curies":[{"name":"wp","href":"https:\/\/api.w.org\/{rel}","templated":true}]}}